{"id":2789,"date":"2022-06-28T09:25:16","date_gmt":"2022-06-28T07:25:16","guid":{"rendered":"https:\/\/yesilcember.eu\/?page_id=2789"},"modified":"2023-12-18T14:02:36","modified_gmt":"2023-12-18T13:02:36","slug":"gecmis-etkinlikler-2","status":"publish","type":"page","link":"https:\/\/yesilcember.eu\/tr\/gecmis-etkinlikler-2\/","title":{"rendered":"Ge\u00e7mi\u015f Etkinlikler2"},"content":{"rendered":"\t\t<div data-elementor-type=\"wp-page\" data-elementor-id=\"2789\" class=\"elementor elementor-2789 elementor-716\">\n\t\t\t\t\t\t<section class=\"elementor-section elementor-top-section elementor-element elementor-element-3e7fd362 elementor-section-full_width qode_elementor_container_inner elementor-section-height-default elementor-section-height-default parallax_section_no\" data-id=\"3e7fd362\" data-element_type=\"section\">\n\t\t\t\t\t\t<div class=\"elementor-container elementor-column-gap-default\">\n\t\t\t\t\t<div class=\"elementor-column elementor-col-100 elementor-top-column elementor-element elementor-element-2b6ad0fd\" data-id=\"2b6ad0fd\" data-element_type=\"column\">\n\t\t\t<div class=\"elementor-widget-wrap elementor-element-populated\">\n\t\t\t\t\t\t<div class=\"elementor-element elementor-element-3f019b51 elementor-widget elementor-widget-heading\" data-id=\"3f019b51\" data-element_type=\"widget\" data-widget_type=\"heading.default\">\n\t\t\t\t<div class=\"elementor-widget-container\">\n\t\t\t\t\t<h1 class=\"elementor-heading-title elementor-size-default\">Ge\u00e7mi\u015f Etkinliklerimiz<\/h1>\t\t\t\t<\/div>\n\t\t\t\t<\/div>\n\t\t\t\t<div class=\"elementor-element elementor-element-58ade62 elementor-widget elementor-widget-spacer\" data-id=\"58ade62\" data-element_type=\"widget\" data-widget_type=\"spacer.default\">\n\t\t\t\t<div class=\"elementor-widget-container\">\n\t\t\t\t\t\t\t<div class=\"elementor-spacer\">\n\t\t\t<div class=\"elementor-spacer-inner\"><\/div>\n\t\t<\/div>\n\t\t\t\t\t\t<\/div>\n\t\t\t\t<\/div>\n\t\t\t\t\t<\/div>\n\t\t<\/div>\n\t\t\t\t\t<\/div>\n\t\t<\/section>\n\t\t\t\t<section class=\"elementor-section elementor-top-section elementor-element elementor-element-c25f28e elementor-section-full_width elementor-section-content-middle qode_elementor_container_inner elementor-section-height-default elementor-section-height-default parallax_section_no\" data-id=\"c25f28e\" data-element_type=\"section\">\n\t\t\t\t\t\t<div class=\"elementor-container elementor-column-gap-default\">\n\t\t\t\t\t<div class=\"elementor-column elementor-col-50 elementor-top-column elementor-element elementor-element-a28df16\" data-id=\"a28df16\" data-element_type=\"column\">\n\t\t\t<div class=\"elementor-widget-wrap elementor-element-populated\">\n\t\t\t\t\t\t<div class=\"elementor-element elementor-element-9e0d21f elementor-widget elementor-widget-image\" data-id=\"9e0d21f\" data-element_type=\"widget\" data-widget_type=\"image.default\">\n\t\t\t\t<div class=\"elementor-widget-container\">\n\t\t\t\t\t\t\t\t\t\t\t\t\t\t\t<img fetchpriority=\"high\" decoding=\"async\" width=\"1024\" height=\"576\" src=\"https:\/\/yesilcember.eu\/wp-content\/uploads\/2023\/11\/1696282616097-1024x576.png\" class=\"attachment-large size-large wp-image-5929\" alt=\"\" srcset=\"https:\/\/yesilcember.eu\/wp-content\/uploads\/2023\/11\/1696282616097-1024x576.png 1024w, https:\/\/yesilcember.eu\/wp-content\/uploads\/2023\/11\/1696282616097-300x169.png 300w, https:\/\/yesilcember.eu\/wp-content\/uploads\/2023\/11\/1696282616097-768x432.png 768w, https:\/\/yesilcember.eu\/wp-content\/uploads\/2023\/11\/1696282616097-700x394.png 700w, https:\/\/yesilcember.eu\/wp-content\/uploads\/2023\/11\/1696282616097-539x303.png 539w, https:\/\/yesilcember.eu\/wp-content\/uploads\/2023\/11\/1696282616097.png 1280w\" sizes=\"(max-width: 1024px) 100vw, 1024px\" \/>\t\t\t\t\t\t\t\t\t\t\t\t\t\t\t<\/div>\n\t\t\t\t<\/div>\n\t\t\t\t\t<\/div>\n\t\t<\/div>\n\t\t\t\t<div class=\"elementor-column elementor-col-50 elementor-top-column elementor-element elementor-element-38909a0\" data-id=\"38909a0\" data-element_type=\"column\">\n\t\t\t<div class=\"elementor-widget-wrap elementor-element-populated\">\n\t\t\t\t\t\t<div class=\"elementor-element elementor-element-921e8a6 elementor-widget elementor-widget-heading\" data-id=\"921e8a6\" data-element_type=\"widget\" data-widget_type=\"heading.default\">\n\t\t\t\t<div class=\"elementor-widget-container\">\n\t\t\t\t\t<h2 class=\"elementor-heading-title elementor-size-default\">\u00c7evre ve \u0130klim Adaleti Transatlantik Forumu\n<\/h2>\t\t\t\t<\/div>\n\t\t\t\t<\/div>\n\t\t\t\t<div class=\"elementor-element elementor-element-ca8762c elementor-widget elementor-widget-spacer\" data-id=\"ca8762c\" data-element_type=\"widget\" data-widget_type=\"spacer.default\">\n\t\t\t\t<div class=\"elementor-widget-container\">\n\t\t\t\t\t\t\t<div class=\"elementor-spacer\">\n\t\t\t<div class=\"elementor-spacer-inner\"><\/div>\n\t\t<\/div>\n\t\t\t\t\t\t<\/div>\n\t\t\t\t<\/div>\n\t\t\t\t<div class=\"elementor-element elementor-element-7ab8184 elementor-widget elementor-widget-heading\" data-id=\"7ab8184\" data-element_type=\"widget\" data-widget_type=\"heading.default\">\n\t\t\t\t<div class=\"elementor-widget-container\">\n\t\t\t\t\t<h5 class=\"elementor-heading-title elementor-size-default\">27 Ekim tarihinde Washington'da, ABD ve Almanya'da \u00e7evresel ve iklim adaleti konusunda \u00e7al\u0131\u015fmalar y\u00fcr\u00fcten organizat\u00f6r, aktivist, akademisyen ve politika uzmanlar\u0131n\u0131n kat\u0131l\u0131m\u0131yla ger\u00e7ekle\u015fen t\u00fcm g\u00fcn s\u00fcren etkinlik b\u00fcy\u00fck ilgi g\u00f6rd\u00fc. Medyada, iklim ile \u00e7evre eylemi fikirleri ve adalet aras\u0131ndaki ayr\u0131lmaz ba\u011flar\u0131, daha \u00f6nce hi\u00e7 olmad\u0131\u011f\u0131 kadar net bir \u015fekilde g\u00f6rmemize olanak sa\u011flad\u0131. \n\nYe\u015fil \u00c7ember\u2019in kurucusu ve y\u00f6neticisi olan G\u00fclcan Nitsch de Ye\u015fil \u00c7ember\u2019in \u00e7al\u0131\u015fmalar\u0131n\u0131 tan\u0131tan online bir sunum yapt\u0131. \u00d6zellikle g\u00f6\u00e7men k\u00f6kenli insanlar\u0131n \u00e7evre bilincini art\u0131rmak i\u00e7in kulland\u0131\u011f\u0131m\u0131z metotlar\u0131 ve konseptleri tan\u0131tt\u0131. <\/h5>\t\t\t\t<\/div>\n\t\t\t\t<\/div>\n\t\t\t\t<div class=\"elementor-element elementor-element-73d8fb8 elementor-widget elementor-widget-spacer\" data-id=\"73d8fb8\" data-element_type=\"widget\" data-widget_type=\"spacer.default\">\n\t\t\t\t<div class=\"elementor-widget-container\">\n\t\t\t\t\t\t\t<div class=\"elementor-spacer\">\n\t\t\t<div class=\"elementor-spacer-inner\"><\/div>\n\t\t<\/div>\n\t\t\t\t\t\t<\/div>\n\t\t\t\t<\/div>\n\t\t\t\t\t<\/div>\n\t\t<\/div>\n\t\t\t\t\t<\/div>\n\t\t<\/section>\n\t\t\t\t<section class=\"elementor-section elementor-top-section elementor-element elementor-element-f03a4cc elementor-section-full_width elementor-section-content-middle qode_elementor_container_inner elementor-section-height-default elementor-section-height-default parallax_section_no\" data-id=\"f03a4cc\" data-element_type=\"section\">\n\t\t\t\t\t\t<div class=\"elementor-container elementor-column-gap-default\">\n\t\t\t\t\t<div class=\"elementor-column elementor-col-50 elementor-top-column elementor-element elementor-element-57c544e\" data-id=\"57c544e\" data-element_type=\"column\">\n\t\t\t<div class=\"elementor-widget-wrap elementor-element-populated\">\n\t\t\t\t\t\t<div class=\"elementor-element elementor-element-d53076b elementor-widget elementor-widget-image\" data-id=\"d53076b\" data-element_type=\"widget\" data-widget_type=\"image.default\">\n\t\t\t\t<div class=\"elementor-widget-container\">\n\t\t\t\t\t\t\t\t\t\t\t\t\t\t\t<img decoding=\"async\" width=\"497\" height=\"596\" src=\"https:\/\/yesilcember.eu\/wp-content\/uploads\/2023\/11\/Screenshot_10.png\" class=\"attachment-large size-large wp-image-5922\" alt=\"\" srcset=\"https:\/\/yesilcember.eu\/wp-content\/uploads\/2023\/11\/Screenshot_10.png 497w, https:\/\/yesilcember.eu\/wp-content\/uploads\/2023\/11\/Screenshot_10-250x300.png 250w\" sizes=\"(max-width: 497px) 100vw, 497px\" \/>\t\t\t\t\t\t\t\t\t\t\t\t\t\t\t<\/div>\n\t\t\t\t<\/div>\n\t\t\t\t\t<\/div>\n\t\t<\/div>\n\t\t\t\t<div class=\"elementor-column elementor-col-50 elementor-top-column elementor-element elementor-element-ef3608e\" data-id=\"ef3608e\" data-element_type=\"column\">\n\t\t\t<div class=\"elementor-widget-wrap elementor-element-populated\">\n\t\t\t\t\t\t<div class=\"elementor-element elementor-element-bbae376 elementor-widget elementor-widget-heading\" data-id=\"bbae376\" data-element_type=\"widget\" data-widget_type=\"heading.default\">\n\t\t\t\t<div class=\"elementor-widget-container\">\n\t\t\t\t\t<h2 class=\"elementor-heading-title elementor-size-default\">Maybachufer Pazar\u0131nda \u00c7anta Takas \u0130stasyonu\n<\/h2>\t\t\t\t<\/div>\n\t\t\t\t<\/div>\n\t\t\t\t<div class=\"elementor-element elementor-element-45df3c6 elementor-widget elementor-widget-spacer\" data-id=\"45df3c6\" data-element_type=\"widget\" data-widget_type=\"spacer.default\">\n\t\t\t\t<div class=\"elementor-widget-container\">\n\t\t\t\t\t\t\t<div class=\"elementor-spacer\">\n\t\t\t<div class=\"elementor-spacer-inner\"><\/div>\n\t\t<\/div>\n\t\t\t\t\t\t<\/div>\n\t\t\t\t<\/div>\n\t\t\t\t<div class=\"elementor-element elementor-element-3e06aa2 elementor-widget elementor-widget-heading\" data-id=\"3e06aa2\" data-element_type=\"widget\" data-widget_type=\"heading.default\">\n\t\t\t\t<div class=\"elementor-widget-container\">\n\t\t\t\t\t<h5 class=\"elementor-heading-title elementor-size-default\">Neuk\u00f6lln Beldiyesi, die Marktplaner ve Ye\u015fil \u00c7emberin katk\u0131lar\u0131yla ger\u00e7ekle\u015fen bu \u00e7evre dostu giri\u015fim, semt sakinlerinin evlerinde kullanmad\u0131klar\u0131 bez, ka\u011f\u0131t ve yeniden kullan\u0131labilir plastik po\u015fetleri, de\u011ferlendirerek, \u00e7\u00f6p t\u00fcketiminin azalt\u0131lmas\u0131n\u0131 ama\u00e7l\u0131yor. Pazar yerine kurulan \u201cTorba \u0130stasyonu\u201d, insanlar\u0131n fazla ve kullanmad\u0131\u011f\u0131 al\u0131\u015fveri\u015f torbalar\u0131n\u0131 b\u0131rakabilece\u011fi ve ihtiyac\u0131 olanlar\u0131n da \u00fccretsiz bir \u015fekilde alabilece\u011fi bir platform sunuyor. Semt halk\u0131, bu \u00e7evre dostu giri\u015fimi b\u00fcy\u00fck bir co\u015fkuyla kar\u015f\u0131lad\u0131. Bir\u00e7ok pazar ziyaret\u00e7isi, bu projenin plastik kullan\u0131m\u0131n\u0131 azaltma amac\u0131na katk\u0131da bulunmaktan mutluluk duyacaklar\u0131n\u0131 ifade etti. \u00c7evremizi koruma konusundaki bu olumlu tepkiler, semt pazarlar\u0131n\u0131n sadece al\u0131\u015fveri\u015f yapma yeri olman\u0131n \u00f6tesinde, toplumsal de\u011fi\u015fimin ve \u00e7evre bilinci geli\u015ftirmenin bir arac\u0131 olarak da hizmet verdi\u011fini g\u00f6steriyor.\n\nMaybachufer Pazar\u0131nda Torba \u0130stasyonu<\/h5>\t\t\t\t<\/div>\n\t\t\t\t<\/div>\n\t\t\t\t<div class=\"elementor-element elementor-element-4644de3 elementor-widget elementor-widget-spacer\" data-id=\"4644de3\" data-element_type=\"widget\" data-widget_type=\"spacer.default\">\n\t\t\t\t<div class=\"elementor-widget-container\">\n\t\t\t\t\t\t\t<div class=\"elementor-spacer\">\n\t\t\t<div class=\"elementor-spacer-inner\"><\/div>\n\t\t<\/div>\n\t\t\t\t\t\t<\/div>\n\t\t\t\t<\/div>\n\t\t\t\t\t<\/div>\n\t\t<\/div>\n\t\t\t\t\t<\/div>\n\t\t<\/section>\n\t\t\t\t<section class=\"elementor-section elementor-top-section elementor-element elementor-element-3248317 elementor-section-full_width elementor-section-content-middle qode_elementor_container_inner elementor-section-height-default elementor-section-height-default parallax_section_no\" data-id=\"3248317\" data-element_type=\"section\">\n\t\t\t\t\t\t<div class=\"elementor-container elementor-column-gap-default\">\n\t\t\t\t\t<div class=\"elementor-column elementor-col-50 elementor-top-column elementor-element elementor-element-8a7a109\" data-id=\"8a7a109\" data-element_type=\"column\">\n\t\t\t<div class=\"elementor-widget-wrap elementor-element-populated\">\n\t\t\t\t\t\t<div class=\"elementor-element elementor-element-9748555 elementor-widget elementor-widget-image\" data-id=\"9748555\" data-element_type=\"widget\" data-widget_type=\"image.default\">\n\t\t\t\t<div class=\"elementor-widget-container\">\n\t\t\t\t\t\t\t\t\t\t\t\t\t\t\t<img decoding=\"async\" width=\"1024\" height=\"1017\" src=\"https:\/\/yesilcember.eu\/wp-content\/uploads\/2023\/11\/20231018_152104-scaled-e1698915983344-1024x1017.jpg\" class=\"attachment-large size-large wp-image-5919\" alt=\"\" srcset=\"https:\/\/yesilcember.eu\/wp-content\/uploads\/2023\/11\/20231018_152104-scaled-e1698915983344-1024x1017.jpg 1024w, https:\/\/yesilcember.eu\/wp-content\/uploads\/2023\/11\/20231018_152104-scaled-e1698915983344-300x298.jpg 300w, https:\/\/yesilcember.eu\/wp-content\/uploads\/2023\/11\/20231018_152104-scaled-e1698915983344-150x150.jpg 150w, https:\/\/yesilcember.eu\/wp-content\/uploads\/2023\/11\/20231018_152104-scaled-e1698915983344-768x763.jpg 768w, https:\/\/yesilcember.eu\/wp-content\/uploads\/2023\/11\/20231018_152104-scaled-e1698915983344-700x695.jpg 700w, https:\/\/yesilcember.eu\/wp-content\/uploads\/2023\/11\/20231018_152104-scaled-e1698915983344.jpg 1181w\" sizes=\"(max-width: 1024px) 100vw, 1024px\" \/>\t\t\t\t\t\t\t\t\t\t\t\t\t\t\t<\/div>\n\t\t\t\t<\/div>\n\t\t\t\t\t<\/div>\n\t\t<\/div>\n\t\t\t\t<div class=\"elementor-column elementor-col-50 elementor-top-column elementor-element elementor-element-61b4cf6\" data-id=\"61b4cf6\" data-element_type=\"column\">\n\t\t\t<div class=\"elementor-widget-wrap elementor-element-populated\">\n\t\t\t\t\t\t<div class=\"elementor-element elementor-element-dc7a7d3 elementor-widget elementor-widget-heading\" data-id=\"dc7a7d3\" data-element_type=\"widget\" data-widget_type=\"heading.default\">\n\t\t\t\t<div class=\"elementor-widget-container\">\n\t\t\t\t\t<h2 class=\"elementor-heading-title elementor-size-default\">Biom\u00fcll Aksiyonlar\u0131<\/h2>\t\t\t\t<\/div>\n\t\t\t\t<\/div>\n\t\t\t\t<div class=\"elementor-element elementor-element-932ce08 elementor-widget elementor-widget-spacer\" data-id=\"932ce08\" data-element_type=\"widget\" data-widget_type=\"spacer.default\">\n\t\t\t\t<div class=\"elementor-widget-container\">\n\t\t\t\t\t\t\t<div class=\"elementor-spacer\">\n\t\t\t<div class=\"elementor-spacer-inner\"><\/div>\n\t\t<\/div>\n\t\t\t\t\t\t<\/div>\n\t\t\t\t<\/div>\n\t\t\t\t<div class=\"elementor-element elementor-element-3e8c88a elementor-widget elementor-widget-heading\" data-id=\"3e8c88a\" data-element_type=\"widget\" data-widget_type=\"heading.default\">\n\t\t\t\t<div class=\"elementor-widget-container\">\n\t\t\t\t\t<h5 class=\"elementor-heading-title elementor-size-default\">Evlerimizden \u00e7\u0131kan \u00e7\u00f6p ve at\u0131klar hala bir\u00e7ok de\u011ferli hammadde i\u00e7ermektedir. Bu nedenle biz t\u00fcketiciler olarak bu at\u0131klar\u0131 ayr\u0131\u015ft\u0131rmam\u0131z ve m\u00fcmk\u00fcn oldu\u011funca at\u0131ktan ka\u00e7\u0131nmam\u0131z gerekmekte. Bu \u015fekilde \u00e7evre \u00fczerindeki y\u00fck\u00fcn azalt\u0131lmas\u0131na katk\u0131da bulunabilir ve ayn\u0131 zamanda  bolca tasarruf edebiliriz. Bu konuya dikkat \u00e7ekmek i\u00e7in Gewobag ev b\u00fcrosu \u00f6nc\u00fcl\u00fc\u011f\u00fcnde ger\u00e7ekle\u015ftirilen aksiyonlara kat\u0131larak Kreuzberg, Pankow ve Spandau'da at\u0131klar\u0131n do\u011fru ayr\u0131\u015ft\u0131r\u0131lmas\u0131yla ilgili bilgiler verdik ve \u00f6\u011fretici oyunlar oynad\u0131k ve  hediye da\u011f\u0131tt\u0131k.\n\nMaybachufer Pazar\u0131nda Torba \u0130stasyonu<\/h5>\t\t\t\t<\/div>\n\t\t\t\t<\/div>\n\t\t\t\t<div class=\"elementor-element elementor-element-e74903e elementor-widget elementor-widget-spacer\" data-id=\"e74903e\" data-element_type=\"widget\" data-widget_type=\"spacer.default\">\n\t\t\t\t<div class=\"elementor-widget-container\">\n\t\t\t\t\t\t\t<div class=\"elementor-spacer\">\n\t\t\t<div class=\"elementor-spacer-inner\"><\/div>\n\t\t<\/div>\n\t\t\t\t\t\t<\/div>\n\t\t\t\t<\/div>\n\t\t\t\t\t<\/div>\n\t\t<\/div>\n\t\t\t\t\t<\/div>\n\t\t<\/section>\n\t\t\t\t<section class=\"elementor-section elementor-top-section elementor-element elementor-element-edec703 elementor-section-full_width elementor-section-content-middle qode_elementor_container_inner elementor-section-height-default elementor-section-height-default parallax_section_no\" data-id=\"edec703\" data-element_type=\"section\">\n\t\t\t\t\t\t<div class=\"elementor-container elementor-column-gap-default\">\n\t\t\t\t\t<div class=\"elementor-column elementor-col-50 elementor-top-column elementor-element elementor-element-705203e\" data-id=\"705203e\" data-element_type=\"column\">\n\t\t\t<div class=\"elementor-widget-wrap elementor-element-populated\">\n\t\t\t\t\t\t<div class=\"elementor-element elementor-element-6137337 elementor-widget elementor-widget-image\" data-id=\"6137337\" data-element_type=\"widget\" data-widget_type=\"image.default\">\n\t\t\t\t<div class=\"elementor-widget-container\">\n\t\t\t\t\t\t\t\t\t\t\t\t\t\t\t<img loading=\"lazy\" decoding=\"async\" width=\"1024\" height=\"485\" src=\"https:\/\/yesilcember.eu\/wp-content\/uploads\/2023\/11\/IMG_7162-e1698915843198-1024x485.jpg\" class=\"attachment-large size-large wp-image-5916\" alt=\"\" srcset=\"https:\/\/yesilcember.eu\/wp-content\/uploads\/2023\/11\/IMG_7162-e1698915843198-1024x485.jpg 1024w, https:\/\/yesilcember.eu\/wp-content\/uploads\/2023\/11\/IMG_7162-e1698915843198-300x142.jpg 300w, https:\/\/yesilcember.eu\/wp-content\/uploads\/2023\/11\/IMG_7162-e1698915843198-768x363.jpg 768w, https:\/\/yesilcember.eu\/wp-content\/uploads\/2023\/11\/IMG_7162-e1698915843198-1536x727.jpg 1536w, https:\/\/yesilcember.eu\/wp-content\/uploads\/2023\/11\/IMG_7162-e1698915843198-700x331.jpg 700w, https:\/\/yesilcember.eu\/wp-content\/uploads\/2023\/11\/IMG_7162-e1698915843198.jpg 2016w\" sizes=\"(max-width: 1024px) 100vw, 1024px\" \/>\t\t\t\t\t\t\t\t\t\t\t\t\t\t\t<\/div>\n\t\t\t\t<\/div>\n\t\t\t\t\t<\/div>\n\t\t<\/div>\n\t\t\t\t<div class=\"elementor-column elementor-col-50 elementor-top-column elementor-element elementor-element-399444c\" data-id=\"399444c\" data-element_type=\"column\">\n\t\t\t<div class=\"elementor-widget-wrap elementor-element-populated\">\n\t\t\t\t\t\t<div class=\"elementor-element elementor-element-97d93dd elementor-widget elementor-widget-heading\" data-id=\"97d93dd\" data-element_type=\"widget\" data-widget_type=\"heading.default\">\n\t\t\t\t<div class=\"elementor-widget-container\">\n\t\t\t\t\t<h2 class=\"elementor-heading-title elementor-size-default\">Park Cafe Rehberge Aksiyonu<\/h2>\t\t\t\t<\/div>\n\t\t\t\t<\/div>\n\t\t\t\t<div class=\"elementor-element elementor-element-e694e9d elementor-widget elementor-widget-spacer\" data-id=\"e694e9d\" data-element_type=\"widget\" data-widget_type=\"spacer.default\">\n\t\t\t\t<div class=\"elementor-widget-container\">\n\t\t\t\t\t\t\t<div class=\"elementor-spacer\">\n\t\t\t<div class=\"elementor-spacer-inner\"><\/div>\n\t\t<\/div>\n\t\t\t\t\t\t<\/div>\n\t\t\t\t<\/div>\n\t\t\t\t<div class=\"elementor-element elementor-element-3f831f5 elementor-widget elementor-widget-heading\" data-id=\"3f831f5\" data-element_type=\"widget\" data-widget_type=\"heading.default\">\n\t\t\t\t<div class=\"elementor-widget-container\">\n\t\t\t\t\t<h5 class=\"elementor-heading-title elementor-size-default\">15 Ekim Pazar g\u00fcn\u00fc, Ye\u015fil \u00c7ember ve y\u0131llard\u0131r bo\u015f duran bu cafe\u2019nin tekrardan halka kazand\u0131r\u0131lmas\u0131 i\u00e7in \u00e7al\u0131\u015fan \"Parkcaf\u00e9 Rehberge inisiyatifi\" ile birlikte biraraya geldik ve  organize etti\u011fimiz aksiyonlarla b\u00f6lgede yeni a\u011flar kurmak, bu b\u00f6lgeyi benimsemek ve do\u011fa koruma konusunda sohbet etmeyi hedefledik. Bu aksiyonumuzda Sanat\u00e7\u0131 \u015eafak Y\u00fcreklik\u2018in katk\u0131lar\u0131yla t\u00fcketim \u00fcr\u00fcnlerinden olu\u015fan bir mandala performans\u0131 ger\u00e7ekle\u015ftirildi. Ayn\u0131 zamanda haz\u0131rlad\u0131\u011f\u0131m\u0131z leziz balkaba\u011f\u0131 \u00e7orbas\u0131 ikram ettik.<\/h5>\t\t\t\t<\/div>\n\t\t\t\t<\/div>\n\t\t\t\t<div class=\"elementor-element elementor-element-69f48de elementor-widget elementor-widget-spacer\" data-id=\"69f48de\" data-element_type=\"widget\" data-widget_type=\"spacer.default\">\n\t\t\t\t<div class=\"elementor-widget-container\">\n\t\t\t\t\t\t\t<div class=\"elementor-spacer\">\n\t\t\t<div class=\"elementor-spacer-inner\"><\/div>\n\t\t<\/div>\n\t\t\t\t\t\t<\/div>\n\t\t\t\t<\/div>\n\t\t\t\t\t<\/div>\n\t\t<\/div>\n\t\t\t\t\t<\/div>\n\t\t<\/section>\n\t\t\t\t<section class=\"elementor-section elementor-top-section elementor-element elementor-element-e7e0503 elementor-section-full_width elementor-section-content-middle qode_elementor_container_inner elementor-section-height-default elementor-section-height-default parallax_section_no\" data-id=\"e7e0503\" data-element_type=\"section\">\n\t\t\t\t\t\t<div class=\"elementor-container elementor-column-gap-default\">\n\t\t\t\t\t<div class=\"elementor-column elementor-col-50 elementor-top-column elementor-element elementor-element-2e29ea0\" data-id=\"2e29ea0\" data-element_type=\"column\">\n\t\t\t<div class=\"elementor-widget-wrap elementor-element-populated\">\n\t\t\t\t\t\t<div class=\"elementor-element elementor-element-5f191c0 elementor-widget elementor-widget-image\" data-id=\"5f191c0\" data-element_type=\"widget\" data-widget_type=\"image.default\">\n\t\t\t\t<div class=\"elementor-widget-container\">\n\t\t\t\t\t\t\t\t\t\t\t\t\t\t\t<img loading=\"lazy\" decoding=\"async\" width=\"1024\" height=\"1021\" src=\"https:\/\/yesilcember.eu\/wp-content\/uploads\/2023\/11\/IMG_20231012_1723561-scaled-e1698915724569-1024x1021.jpg\" class=\"attachment-large size-large wp-image-5912\" alt=\"\" srcset=\"https:\/\/yesilcember.eu\/wp-content\/uploads\/2023\/11\/IMG_20231012_1723561-scaled-e1698915724569-1024x1021.jpg 1024w, https:\/\/yesilcember.eu\/wp-content\/uploads\/2023\/11\/IMG_20231012_1723561-scaled-e1698915724569-300x300.jpg 300w, https:\/\/yesilcember.eu\/wp-content\/uploads\/2023\/11\/IMG_20231012_1723561-scaled-e1698915724569-150x150.jpg 150w, https:\/\/yesilcember.eu\/wp-content\/uploads\/2023\/11\/IMG_20231012_1723561-scaled-e1698915724569-768x766.jpg 768w, https:\/\/yesilcember.eu\/wp-content\/uploads\/2023\/11\/IMG_20231012_1723561-scaled-e1698915724569-1536x1532.jpg 1536w, https:\/\/yesilcember.eu\/wp-content\/uploads\/2023\/11\/IMG_20231012_1723561-scaled-e1698915724569-500x500.jpg 500w, https:\/\/yesilcember.eu\/wp-content\/uploads\/2023\/11\/IMG_20231012_1723561-scaled-e1698915724569-700x698.jpg 700w, https:\/\/yesilcember.eu\/wp-content\/uploads\/2023\/11\/IMG_20231012_1723561-scaled-e1698915724569.jpg 1920w\" sizes=\"(max-width: 1024px) 100vw, 1024px\" \/>\t\t\t\t\t\t\t\t\t\t\t\t\t\t\t<\/div>\n\t\t\t\t<\/div>\n\t\t\t\t\t<\/div>\n\t\t<\/div>\n\t\t\t\t<div class=\"elementor-column elementor-col-50 elementor-top-column elementor-element elementor-element-2ee08ce\" data-id=\"2ee08ce\" data-element_type=\"column\">\n\t\t\t<div class=\"elementor-widget-wrap elementor-element-populated\">\n\t\t\t\t\t\t<div class=\"elementor-element elementor-element-ce93872 elementor-widget elementor-widget-heading\" data-id=\"ce93872\" data-element_type=\"widget\" data-widget_type=\"heading.default\">\n\t\t\t\t<div class=\"elementor-widget-container\">\n\t\t\t\t\t<h2 class=\"elementor-heading-title elementor-size-default\">Kotti Mahallesinde \u00c7evreye Duyarl\u0131l\u0131k: Upcycling At\u00f6lyesi<\/h2>\t\t\t\t<\/div>\n\t\t\t\t<\/div>\n\t\t\t\t<div class=\"elementor-element elementor-element-0fab735 elementor-widget elementor-widget-spacer\" data-id=\"0fab735\" data-element_type=\"widget\" data-widget_type=\"spacer.default\">\n\t\t\t\t<div class=\"elementor-widget-container\">\n\t\t\t\t\t\t\t<div class=\"elementor-spacer\">\n\t\t\t<div class=\"elementor-spacer-inner\"><\/div>\n\t\t<\/div>\n\t\t\t\t\t\t<\/div>\n\t\t\t\t<\/div>\n\t\t\t\t<div class=\"elementor-element elementor-element-d342ca4 elementor-widget elementor-widget-heading\" data-id=\"d342ca4\" data-element_type=\"widget\" data-widget_type=\"heading.default\">\n\t\t\t\t<div class=\"elementor-widget-container\">\n\t\t\t\t\t<h5 class=\"elementor-heading-title elementor-size-default\">\"Umweltcheck am Kotti-Kiez\" projesinin bir par\u00e7as\u0131 olarak Neues Kreuzberger Zentrum'da iki upcycling at\u00f6lyesi ger\u00e7ekle\u015ftirdik. Eskiyi yeniden de\u011ferlendirme prensibini izleyerek eski \u00e7oraplardan \u00e7ok g\u00fczel bebekler yapt\u0131k. Ayr\u0131ca Kottbusser Tor \u00e7evresindeki \u00e7\u00f6p sorununu konu\u015ftuk. Uzun bir zamand\u0131r geri d\u00f6n\u00fc\u015f\u00fcm at\u00f6lyeleri ger\u00e7ekle\u015ftiren Afife Han\u0131m da kendi tecr\u00fcbeleri ile bu bulu\u015fmam\u0131za renk katt\u0131. Kottbusser Tor \u00e7evresinde daha 2 y\u0131l s\u00fcrecek olan bu projemizde at\u00f6lye \u00e7al\u0131\u015fmalar\u0131n\u0131n yan\u0131s\u0131ra, \u00e7\u00f6p toplama etkinlikleri, , \u201cBah\u00e7emizi G\u00fczelle\u015ftiriyoruz\u201d etkinlikleri ve takas pazarlar\u0131m\u0131z olacak.<\/h5>\t\t\t\t<\/div>\n\t\t\t\t<\/div>\n\t\t\t\t<div class=\"elementor-element elementor-element-f6be04c elementor-widget elementor-widget-spacer\" data-id=\"f6be04c\" data-element_type=\"widget\" data-widget_type=\"spacer.default\">\n\t\t\t\t<div class=\"elementor-widget-container\">\n\t\t\t\t\t\t\t<div class=\"elementor-spacer\">\n\t\t\t<div class=\"elementor-spacer-inner\"><\/div>\n\t\t<\/div>\n\t\t\t\t\t\t<\/div>\n\t\t\t\t<\/div>\n\t\t\t\t\t<\/div>\n\t\t<\/div>\n\t\t\t\t\t<\/div>\n\t\t<\/section>\n\t\t\t\t<section class=\"elementor-section elementor-top-section elementor-element elementor-element-c5e1c1a elementor-section-full_width elementor-section-content-middle qode_elementor_container_inner elementor-section-height-default elementor-section-height-default parallax_section_no\" data-id=\"c5e1c1a\" data-element_type=\"section\">\n\t\t\t\t\t\t<div class=\"elementor-container elementor-column-gap-default\">\n\t\t\t\t\t<div class=\"elementor-column elementor-col-50 elementor-top-column elementor-element elementor-element-9ca83c6\" data-id=\"9ca83c6\" data-element_type=\"column\">\n\t\t\t<div class=\"elementor-widget-wrap elementor-element-populated\">\n\t\t\t\t\t\t<div class=\"elementor-element elementor-element-be68c68 elementor-widget elementor-widget-image\" data-id=\"be68c68\" data-element_type=\"widget\" data-widget_type=\"image.default\">\n\t\t\t\t<div class=\"elementor-widget-container\">\n\t\t\t\t\t\t\t\t\t\t\t\t\t\t\t<img loading=\"lazy\" decoding=\"async\" width=\"1024\" height=\"576\" src=\"https:\/\/yesilcember.eu\/wp-content\/uploads\/2023\/11\/Yesil-Cember-DaMigra-GKB-1024x576.jpeg\" class=\"attachment-large size-large wp-image-5909\" alt=\"\" srcset=\"https:\/\/yesilcember.eu\/wp-content\/uploads\/2023\/11\/Yesil-Cember-DaMigra-GKB-1024x576.jpeg 1024w, https:\/\/yesilcember.eu\/wp-content\/uploads\/2023\/11\/Yesil-Cember-DaMigra-GKB-300x169.jpeg 300w, https:\/\/yesilcember.eu\/wp-content\/uploads\/2023\/11\/Yesil-Cember-DaMigra-GKB-768x432.jpeg 768w, https:\/\/yesilcember.eu\/wp-content\/uploads\/2023\/11\/Yesil-Cember-DaMigra-GKB-1536x864.jpeg 1536w, https:\/\/yesilcember.eu\/wp-content\/uploads\/2023\/11\/Yesil-Cember-DaMigra-GKB-700x394.jpeg 700w, https:\/\/yesilcember.eu\/wp-content\/uploads\/2023\/11\/Yesil-Cember-DaMigra-GKB-539x303.jpeg 539w, https:\/\/yesilcember.eu\/wp-content\/uploads\/2023\/11\/Yesil-Cember-DaMigra-GKB.jpeg 2048w\" sizes=\"(max-width: 1024px) 100vw, 1024px\" \/>\t\t\t\t\t\t\t\t\t\t\t\t\t\t\t<\/div>\n\t\t\t\t<\/div>\n\t\t\t\t\t<\/div>\n\t\t<\/div>\n\t\t\t\t<div class=\"elementor-column elementor-col-50 elementor-top-column elementor-element elementor-element-735e204\" data-id=\"735e204\" data-element_type=\"column\">\n\t\t\t<div class=\"elementor-widget-wrap elementor-element-populated\">\n\t\t\t\t\t\t<div class=\"elementor-element elementor-element-6cc9146 elementor-widget elementor-widget-heading\" data-id=\"6cc9146\" data-element_type=\"widget\" data-widget_type=\"heading.default\">\n\t\t\t\t<div class=\"elementor-widget-container\">\n\t\t\t\t\t<h2 class=\"elementor-heading-title elementor-size-default\">Evimizin Sa\u011fl\u0131k El\u00e7ileri E\u011fitimlerimiz Ba\u015flad\u0131<\/h2>\t\t\t\t<\/div>\n\t\t\t\t<\/div>\n\t\t\t\t<div class=\"elementor-element elementor-element-e088ba4 elementor-widget elementor-widget-spacer\" data-id=\"e088ba4\" data-element_type=\"widget\" data-widget_type=\"spacer.default\">\n\t\t\t\t<div class=\"elementor-widget-container\">\n\t\t\t\t\t\t\t<div class=\"elementor-spacer\">\n\t\t\t<div class=\"elementor-spacer-inner\"><\/div>\n\t\t<\/div>\n\t\t\t\t\t\t<\/div>\n\t\t\t\t<\/div>\n\t\t\t\t<div class=\"elementor-element elementor-element-853f6bf elementor-widget elementor-widget-heading\" data-id=\"853f6bf\" data-element_type=\"widget\" data-widget_type=\"heading.default\">\n\t\t\t\t<div class=\"elementor-widget-container\">\n\t\t\t\t\t<h5 class=\"elementor-heading-title elementor-size-default\">Sa\u011fl\u0131\u011f\u0131n\u0131z\u0131 korumak ve ayn\u0131 zamanda \u00e7evrenin korunmas\u0131 i\u00e7in aktif mi olmak istiyorsunuz? O halde sizin i\u00e7in do\u011fru programa sahibiz. E\u011fitimlerimizle beraber hanelerdeki zararl\u0131 maddelerin izine d\u00fc\u015f\u00fcp, bilhassa mutfak ve banyolarda kulland\u0131\u011f\u0131m\u0131z, fakat zararlar\u0131ndan haberdar olmad\u0131\u011f\u0131m\u0131z kimyasallar\u0131n kontrollerini yapmay\u0131 \u00f6\u011freniyoruz. Ayr\u0131ca \"Kendin Yap - Do it yourself\" at\u00f6lye \u00e7al\u0131\u015fmalar\u0131 ile birlikte pratik bilgiler de alan kat\u0131l\u0131mc\u0131lar\u0131m\u0131z, , tan\u0131d\u0131klar\u0131n\u0131n evlerine gidip bu kontrolleri beraber yapacak ve bilgi payla\u015f\u0131m\u0131nda bulunacaklar. Daha 2 y\u0131l s\u00fcrecek olan bu projemizde e\u011fitimlerin yan\u0131 s\u0131ra, bu konuyla ilgili bir\u00e7ok etkinlik ve at\u00f6lye \u00e7al\u0131\u015fmas\u0131 sunaca\u011f\u0131z.<\/h5>\t\t\t\t<\/div>\n\t\t\t\t<\/div>\n\t\t\t\t<div class=\"elementor-element elementor-element-87c0545 elementor-widget elementor-widget-spacer\" data-id=\"87c0545\" data-element_type=\"widget\" data-widget_type=\"spacer.default\">\n\t\t\t\t<div class=\"elementor-widget-container\">\n\t\t\t\t\t\t\t<div class=\"elementor-spacer\">\n\t\t\t<div class=\"elementor-spacer-inner\"><\/div>\n\t\t<\/div>\n\t\t\t\t\t\t<\/div>\n\t\t\t\t<\/div>\n\t\t\t\t\t<\/div>\n\t\t<\/div>\n\t\t\t\t\t<\/div>\n\t\t<\/section>\n\t\t\t\t<section class=\"elementor-section elementor-top-section elementor-element elementor-element-fd8b896 elementor-section-full_width elementor-section-content-middle qode_elementor_container_inner elementor-section-height-default elementor-section-height-default parallax_section_no\" data-id=\"fd8b896\" data-element_type=\"section\">\n\t\t\t\t\t\t<div class=\"elementor-container elementor-column-gap-default\">\n\t\t\t\t\t<div class=\"elementor-column elementor-col-50 elementor-top-column elementor-element elementor-element-b826e89\" data-id=\"b826e89\" data-element_type=\"column\">\n\t\t\t<div class=\"elementor-widget-wrap elementor-element-populated\">\n\t\t\t\t\t\t<div class=\"elementor-element elementor-element-8b941f5 elementor-widget elementor-widget-image\" data-id=\"8b941f5\" data-element_type=\"widget\" data-widget_type=\"image.default\">\n\t\t\t\t<div class=\"elementor-widget-container\">\n\t\t\t\t\t\t\t\t\t\t\t\t\t\t\t<img loading=\"lazy\" decoding=\"async\" width=\"369\" height=\"405\" src=\"https:\/\/yesilcember.eu\/wp-content\/uploads\/2023\/10\/unnamed5.png\" class=\"attachment-large size-large wp-image-5810\" alt=\"\" srcset=\"https:\/\/yesilcember.eu\/wp-content\/uploads\/2023\/10\/unnamed5.png 369w, https:\/\/yesilcember.eu\/wp-content\/uploads\/2023\/10\/unnamed5-273x300.png 273w\" sizes=\"(max-width: 369px) 100vw, 369px\" \/>\t\t\t\t\t\t\t\t\t\t\t\t\t\t\t<\/div>\n\t\t\t\t<\/div>\n\t\t\t\t\t<\/div>\n\t\t<\/div>\n\t\t\t\t<div class=\"elementor-column elementor-col-50 elementor-top-column elementor-element elementor-element-8d50c7e\" data-id=\"8d50c7e\" data-element_type=\"column\">\n\t\t\t<div class=\"elementor-widget-wrap elementor-element-populated\">\n\t\t\t\t\t\t<div class=\"elementor-element elementor-element-6d56fbc elementor-widget elementor-widget-heading\" data-id=\"6d56fbc\" data-element_type=\"widget\" data-widget_type=\"heading.default\">\n\t\t\t\t<div class=\"elementor-widget-container\">\n\t\t\t\t\t<h2 class=\"elementor-heading-title elementor-size-default\">Pankow Hasat Festivali<\/h2>\t\t\t\t<\/div>\n\t\t\t\t<\/div>\n\t\t\t\t<div class=\"elementor-element elementor-element-e7da601 elementor-widget elementor-widget-spacer\" data-id=\"e7da601\" data-element_type=\"widget\" data-widget_type=\"spacer.default\">\n\t\t\t\t<div class=\"elementor-widget-container\">\n\t\t\t\t\t\t\t<div class=\"elementor-spacer\">\n\t\t\t<div class=\"elementor-spacer-inner\"><\/div>\n\t\t<\/div>\n\t\t\t\t\t\t<\/div>\n\t\t\t\t<\/div>\n\t\t\t\t<div class=\"elementor-element elementor-element-5c6253c elementor-widget elementor-widget-heading\" data-id=\"5c6253c\" data-element_type=\"widget\" data-widget_type=\"heading.default\">\n\t\t\t\t<div class=\"elementor-widget-container\">\n\t\t\t\t\t<h5 class=\"elementor-heading-title elementor-size-default\">Berlin Blankenfelde-Pankow Botanik Halk Park\u0131'nda d\u00fczenlenecek b\u00fcy\u00fck hasat \u015fenli\u011fine kat\u0131ld\u0131k.\n\n30 Eyl\u00fcl g\u00fcn\u00fc, Pankow ve Berlin'den bir\u00e7ok \u00e7evre dostu kurumla birlikte unutulmaz bir g\u00fcn ge\u00e7irdik. S\u00fcrd\u00fcr\u00fclebilirlik ve tar\u0131m ile ilgili bilgi dolu konu\u015fmalar\u0131n yan\u0131 s\u0131ra organik fasulye ikramlar\u0131 yap\u0131ld\u0131. E\u011flenceli ve bilgilendirici oyunlar\u0131m\u0131zla \u00e7ocuklar\u0131n g\u00f6zdesi ise yine Ye\u015fil \u00c7ember stand\u0131m\u0131zd\u0131.<\/h5>\t\t\t\t<\/div>\n\t\t\t\t<\/div>\n\t\t\t\t<div class=\"elementor-element elementor-element-857da82 elementor-widget elementor-widget-spacer\" data-id=\"857da82\" data-element_type=\"widget\" data-widget_type=\"spacer.default\">\n\t\t\t\t<div class=\"elementor-widget-container\">\n\t\t\t\t\t\t\t<div class=\"elementor-spacer\">\n\t\t\t<div class=\"elementor-spacer-inner\"><\/div>\n\t\t<\/div>\n\t\t\t\t\t\t<\/div>\n\t\t\t\t<\/div>\n\t\t\t\t\t<\/div>\n\t\t<\/div>\n\t\t\t\t\t<\/div>\n\t\t<\/section>\n\t\t\t\t<section class=\"elementor-section elementor-top-section elementor-element elementor-element-e0b9604 elementor-section-full_width elementor-section-content-middle qode_elementor_container_inner elementor-section-height-default elementor-section-height-default parallax_section_no\" data-id=\"e0b9604\" data-element_type=\"section\">\n\t\t\t\t\t\t<div class=\"elementor-container elementor-column-gap-default\">\n\t\t\t\t\t<div class=\"elementor-column elementor-col-50 elementor-top-column elementor-element elementor-element-cdc6dbe\" data-id=\"cdc6dbe\" data-element_type=\"column\">\n\t\t\t<div class=\"elementor-widget-wrap elementor-element-populated\">\n\t\t\t\t\t\t<div class=\"elementor-element elementor-element-229bfca elementor-widget elementor-widget-image\" data-id=\"229bfca\" data-element_type=\"widget\" data-widget_type=\"image.default\">\n\t\t\t\t<div class=\"elementor-widget-container\">\n\t\t\t\t\t\t\t\t\t\t\t\t\t\t\t<img loading=\"lazy\" decoding=\"async\" width=\"514\" height=\"373\" src=\"https:\/\/yesilcember.eu\/wp-content\/uploads\/2023\/10\/unnamed4.png\" class=\"attachment-large size-large wp-image-5807\" alt=\"\" srcset=\"https:\/\/yesilcember.eu\/wp-content\/uploads\/2023\/10\/unnamed4.png 514w, https:\/\/yesilcember.eu\/wp-content\/uploads\/2023\/10\/unnamed4-300x218.png 300w\" sizes=\"(max-width: 514px) 100vw, 514px\" \/>\t\t\t\t\t\t\t\t\t\t\t\t\t\t\t<\/div>\n\t\t\t\t<\/div>\n\t\t\t\t\t<\/div>\n\t\t<\/div>\n\t\t\t\t<div class=\"elementor-column elementor-col-50 elementor-top-column elementor-element elementor-element-66a2c64\" data-id=\"66a2c64\" data-element_type=\"column\">\n\t\t\t<div class=\"elementor-widget-wrap elementor-element-populated\">\n\t\t\t\t\t\t<div class=\"elementor-element elementor-element-b0149c1 elementor-widget elementor-widget-heading\" data-id=\"b0149c1\" data-element_type=\"widget\" data-widget_type=\"heading.default\">\n\t\t\t\t<div class=\"elementor-widget-container\">\n\t\t\t\t\t<h2 class=\"elementor-heading-title elementor-size-default\">K\u00fclt\u00fcrler aras\u0131 At\u00f6lye \u00c7al\u0131\u015fmas\u0131<\/h2>\t\t\t\t<\/div>\n\t\t\t\t<\/div>\n\t\t\t\t<div class=\"elementor-element elementor-element-6a0f5dd elementor-widget elementor-widget-spacer\" data-id=\"6a0f5dd\" data-element_type=\"widget\" data-widget_type=\"spacer.default\">\n\t\t\t\t<div class=\"elementor-widget-container\">\n\t\t\t\t\t\t\t<div class=\"elementor-spacer\">\n\t\t\t<div class=\"elementor-spacer-inner\"><\/div>\n\t\t<\/div>\n\t\t\t\t\t\t<\/div>\n\t\t\t\t<\/div>\n\t\t\t\t<div class=\"elementor-element elementor-element-c960f66 elementor-widget elementor-widget-heading\" data-id=\"c960f66\" data-element_type=\"widget\" data-widget_type=\"heading.default\">\n\t\t\t\t<div class=\"elementor-widget-container\">\n\t\t\t\t\t<h5 class=\"elementor-heading-title elementor-size-default\">Klima Allianz ve di\u011fer payda\u015flarla (Life e.V. ve Trimum e. V.) i\u015fbirli\u011fi \u00e7er\u00e7evesinde 22 Eyl\u00fcl g\u00fcn\u00fc Berlin Wedding'de \u00e7ok ilgin\u00e7 bir g\u00fcn ge\u00e7irdik. Birlikte k\u00fclt\u00fcr\u00fcm\u00fcz\u00fcn iklim adaletine do\u011fru d\u00f6n\u00fc\u015f\u00fcm\u00fc hakk\u0131nda kapsay\u0131c\u0131 ve canl\u0131 bir sosyal tart\u0131\u015fma ba\u015flatarak, mevcut bilgileri payla\u015ft\u0131k. Bu ama\u00e7la yakla\u015f\u0131k otuz kat\u0131l\u0131mc\u0131 ile birlikte k\u00fc\u00e7\u00fck gruplar halinde farkl\u0131 rotalarda k\u00fclt\u00fcrleraras\u0131 bir mahalle gezisi ger\u00e7ekle\u015ftirdik. Bu te\u015fvik edici y\u00fcr\u00fcy\u00fc\u015f farkl\u0131 k\u00fclt\u00fcrlerin nas\u0131l birlikte ya\u015fayabilece\u011fini g\u00f6stermeyi ama\u00e7l\u0131yordu. Ard\u0131ndan iklim de\u011fi\u015fikli\u011fi sahnesini nas\u0131l daha k\u00fclt\u00fcrleraras\u0131 hale getirebilece\u011fimizi tart\u0131\u015fmadan \u00f6nce, Kiezanker Derne\u011finin haz\u0131rlad\u0131\u011f\u0131 harika bir \u00f6\u011fle yeme\u011fi yedik.<\/h5>\t\t\t\t<\/div>\n\t\t\t\t<\/div>\n\t\t\t\t<div class=\"elementor-element elementor-element-91ab964 elementor-widget elementor-widget-spacer\" data-id=\"91ab964\" data-element_type=\"widget\" data-widget_type=\"spacer.default\">\n\t\t\t\t<div class=\"elementor-widget-container\">\n\t\t\t\t\t\t\t<div class=\"elementor-spacer\">\n\t\t\t<div class=\"elementor-spacer-inner\"><\/div>\n\t\t<\/div>\n\t\t\t\t\t\t<\/div>\n\t\t\t\t<\/div>\n\t\t\t\t\t<\/div>\n\t\t<\/div>\n\t\t\t\t\t<\/div>\n\t\t<\/section>\n\t\t\t\t<section class=\"elementor-section elementor-top-section elementor-element elementor-element-398e4cd elementor-section-full_width elementor-section-content-middle qode_elementor_container_inner elementor-section-height-default elementor-section-height-default parallax_section_no\" data-id=\"398e4cd\" data-element_type=\"section\">\n\t\t\t\t\t\t<div class=\"elementor-container elementor-column-gap-default\">\n\t\t\t\t\t<div class=\"elementor-column elementor-col-50 elementor-top-column elementor-element elementor-element-6f9d3cd\" data-id=\"6f9d3cd\" data-element_type=\"column\">\n\t\t\t<div class=\"elementor-widget-wrap elementor-element-populated\">\n\t\t\t\t\t\t<div class=\"elementor-element elementor-element-acd82ac elementor-widget elementor-widget-image\" data-id=\"acd82ac\" data-element_type=\"widget\" data-widget_type=\"image.default\">\n\t\t\t\t<div class=\"elementor-widget-container\">\n\t\t\t\t\t\t\t\t\t\t\t\t\t\t\t<img loading=\"lazy\" decoding=\"async\" width=\"686\" height=\"228\" src=\"https:\/\/yesilcember.eu\/wp-content\/uploads\/2023\/10\/unnamed3.png\" class=\"attachment-large size-large wp-image-5804\" alt=\"\" srcset=\"https:\/\/yesilcember.eu\/wp-content\/uploads\/2023\/10\/unnamed3.png 686w, https:\/\/yesilcember.eu\/wp-content\/uploads\/2023\/10\/unnamed3-300x100.png 300w\" sizes=\"(max-width: 686px) 100vw, 686px\" \/>\t\t\t\t\t\t\t\t\t\t\t\t\t\t\t<\/div>\n\t\t\t\t<\/div>\n\t\t\t\t\t<\/div>\n\t\t<\/div>\n\t\t\t\t<div class=\"elementor-column elementor-col-50 elementor-top-column elementor-element elementor-element-a872405\" data-id=\"a872405\" data-element_type=\"column\">\n\t\t\t<div class=\"elementor-widget-wrap elementor-element-populated\">\n\t\t\t\t\t\t<div class=\"elementor-element elementor-element-1c5cb02 elementor-widget elementor-widget-heading\" data-id=\"1c5cb02\" data-element_type=\"widget\" data-widget_type=\"heading.default\">\n\t\t\t\t<div class=\"elementor-widget-container\">\n\t\t\t\t\t<h2 class=\"elementor-heading-title elementor-size-default\">BSR, Senato ve Kiezanker Bulu\u015fmas\u0131<\/h2>\t\t\t\t<\/div>\n\t\t\t\t<\/div>\n\t\t\t\t<div class=\"elementor-element elementor-element-91a77cb elementor-widget elementor-widget-spacer\" data-id=\"91a77cb\" data-element_type=\"widget\" data-widget_type=\"spacer.default\">\n\t\t\t\t<div class=\"elementor-widget-container\">\n\t\t\t\t\t\t\t<div class=\"elementor-spacer\">\n\t\t\t<div class=\"elementor-spacer-inner\"><\/div>\n\t\t<\/div>\n\t\t\t\t\t\t<\/div>\n\t\t\t\t<\/div>\n\t\t\t\t<div class=\"elementor-element elementor-element-447cbcb elementor-widget elementor-widget-heading\" data-id=\"447cbcb\" data-element_type=\"widget\" data-widget_type=\"heading.default\">\n\t\t\t\t<div class=\"elementor-widget-container\">\n\t\t\t\t\t<h5 class=\"elementor-heading-title elementor-size-default\">Berliner Stadtreinigung ve Berlin \u00c7evre Senatosu ile birlikte Neuk\u00f6lln'deki \"Kiezanker\" derne\u011fini ziyaret ettik. Bu dernek, bizimde uzunca bir s\u00fcredir i\u015fbirli\u011fi i\u00e7inde oldu\u011fumuz Rollbergkiez'den gelen g\u00f6\u00e7men k\u00f6kenli insanlar i\u00e7in bir irtibat noktas\u0131d\u0131r. O g\u00fcn, t\u00fcm kat\u0131l\u0131mc\u0131lar\u0131n birbirlerini daha iyi tan\u0131yabilecekleri, kendi ihtiya\u00e7lar\u0131n\u0131 ve birbirlerinin potansiyellerini ke\u015ffedebilecekleri s\u0131cak bir bulu\u015fma alan\u0131 yaratt\u0131k. Sohbetlerimizi ise birlikte k\u0131s\u0131r, b\u00f6rek ve helva yaparak ger\u00e7ekle\u015ftirdik.<\/h5>\t\t\t\t<\/div>\n\t\t\t\t<\/div>\n\t\t\t\t<div class=\"elementor-element elementor-element-dbed605 elementor-widget elementor-widget-spacer\" data-id=\"dbed605\" data-element_type=\"widget\" data-widget_type=\"spacer.default\">\n\t\t\t\t<div class=\"elementor-widget-container\">\n\t\t\t\t\t\t\t<div class=\"elementor-spacer\">\n\t\t\t<div class=\"elementor-spacer-inner\"><\/div>\n\t\t<\/div>\n\t\t\t\t\t\t<\/div>\n\t\t\t\t<\/div>\n\t\t\t\t\t<\/div>\n\t\t<\/div>\n\t\t\t\t\t<\/div>\n\t\t<\/section>\n\t\t\t\t<section class=\"elementor-section elementor-top-section elementor-element elementor-element-4d2925c elementor-section-full_width elementor-section-content-middle qode_elementor_container_inner elementor-section-height-default elementor-section-height-default parallax_section_no\" data-id=\"4d2925c\" data-element_type=\"section\">\n\t\t\t\t\t\t<div class=\"elementor-container elementor-column-gap-default\">\n\t\t\t\t\t<div class=\"elementor-column elementor-col-50 elementor-top-column elementor-element elementor-element-d0db4aa\" data-id=\"d0db4aa\" data-element_type=\"column\">\n\t\t\t<div class=\"elementor-widget-wrap elementor-element-populated\">\n\t\t\t\t\t\t<div class=\"elementor-element elementor-element-21156ca elementor-widget elementor-widget-image\" data-id=\"21156ca\" data-element_type=\"widget\" data-widget_type=\"image.default\">\n\t\t\t\t<div class=\"elementor-widget-container\">\n\t\t\t\t\t\t\t\t\t\t\t\t\t\t\t<img loading=\"lazy\" decoding=\"async\" width=\"1024\" height=\"768\" src=\"https:\/\/yesilcember.eu\/wp-content\/uploads\/2023\/10\/unnamed6-1024x768.jpg\" class=\"attachment-large size-large wp-image-5801\" alt=\"\" srcset=\"https:\/\/yesilcember.eu\/wp-content\/uploads\/2023\/10\/unnamed6-1024x768.jpg 1024w, https:\/\/yesilcember.eu\/wp-content\/uploads\/2023\/10\/unnamed6-300x225.jpg 300w, https:\/\/yesilcember.eu\/wp-content\/uploads\/2023\/10\/unnamed6-768x576.jpg 768w, https:\/\/yesilcember.eu\/wp-content\/uploads\/2023\/10\/unnamed6-1536x1152.jpg 1536w, https:\/\/yesilcember.eu\/wp-content\/uploads\/2023\/10\/unnamed6-2048x1536.jpg 2048w, https:\/\/yesilcember.eu\/wp-content\/uploads\/2023\/10\/unnamed6-800x600.jpg 800w, https:\/\/yesilcember.eu\/wp-content\/uploads\/2023\/10\/unnamed6-700x525.jpg 700w\" sizes=\"(max-width: 1024px) 100vw, 1024px\" \/>\t\t\t\t\t\t\t\t\t\t\t\t\t\t\t<\/div>\n\t\t\t\t<\/div>\n\t\t\t\t\t<\/div>\n\t\t<\/div>\n\t\t\t\t<div class=\"elementor-column elementor-col-50 elementor-top-column elementor-element elementor-element-b636ea8\" data-id=\"b636ea8\" data-element_type=\"column\">\n\t\t\t<div class=\"elementor-widget-wrap elementor-element-populated\">\n\t\t\t\t\t\t<div class=\"elementor-element elementor-element-d03413a elementor-widget elementor-widget-heading\" data-id=\"d03413a\" data-element_type=\"widget\" data-widget_type=\"heading.default\">\n\t\t\t\t<div class=\"elementor-widget-container\">\n\t\t\t\t\t<h2 class=\"elementor-heading-title elementor-size-default\">Limoliebe Aksiyonu<\/h2>\t\t\t\t<\/div>\n\t\t\t\t<\/div>\n\t\t\t\t<div class=\"elementor-element elementor-element-570690c elementor-widget elementor-widget-spacer\" data-id=\"570690c\" data-element_type=\"widget\" data-widget_type=\"spacer.default\">\n\t\t\t\t<div class=\"elementor-widget-container\">\n\t\t\t\t\t\t\t<div class=\"elementor-spacer\">\n\t\t\t<div class=\"elementor-spacer-inner\"><\/div>\n\t\t<\/div>\n\t\t\t\t\t\t<\/div>\n\t\t\t\t<\/div>\n\t\t\t\t<div class=\"elementor-element elementor-element-9e5ad74 elementor-widget elementor-widget-heading\" data-id=\"9e5ad74\" data-element_type=\"widget\" data-widget_type=\"heading.default\">\n\t\t\t\t<div class=\"elementor-widget-container\">\n\t\t\t\t\t<h5 class=\"elementor-heading-title elementor-size-default\">Art\u0131k \u00e7ocuklar sa\u011fl\u0131kl\u0131 ve lezzetli i\u00e7ecek alternatiflerinin olduklar\u0131n\u0131 biliyor! 11 Eyl\u00fcl tarihinde Ritterburg Aile Merkezinde ger\u00e7ekle\u015ftirdi\u011fimiz bu etkinlikte \u00e7ocuklarla birlikte interaktif olarak \u015fekersiz, sa\u011fl\u0131kl\u0131 ve bir o kadar lezzetli limonatalar, so\u011fuk \u00e7aylar ve meyve sular\u0131 haz\u0131rlad\u0131k. Birlikte haz\u0131rlad\u0131\u011f\u0131m\u0131z bu i\u00e7ecekleri ailelerde \u00e7ok be\u011fenirken bizden i\u00e7eceklerin tariflerini almay\u0131 da ihmal etmediler. <\/h5>\t\t\t\t<\/div>\n\t\t\t\t<\/div>\n\t\t\t\t<div class=\"elementor-element elementor-element-a8ea99d elementor-widget elementor-widget-spacer\" data-id=\"a8ea99d\" data-element_type=\"widget\" data-widget_type=\"spacer.default\">\n\t\t\t\t<div class=\"elementor-widget-container\">\n\t\t\t\t\t\t\t<div class=\"elementor-spacer\">\n\t\t\t<div class=\"elementor-spacer-inner\"><\/div>\n\t\t<\/div>\n\t\t\t\t\t\t<\/div>\n\t\t\t\t<\/div>\n\t\t\t\t\t<\/div>\n\t\t<\/div>\n\t\t\t\t\t<\/div>\n\t\t<\/section>\n\t\t\t\t<section class=\"elementor-section elementor-top-section elementor-element elementor-element-fa6215e elementor-section-full_width elementor-section-content-middle qode_elementor_container_inner elementor-section-height-default elementor-section-height-default parallax_section_no\" data-id=\"fa6215e\" data-element_type=\"section\">\n\t\t\t\t\t\t<div class=\"elementor-container elementor-column-gap-default\">\n\t\t\t\t\t<div class=\"elementor-column elementor-col-50 elementor-top-column elementor-element elementor-element-499181b\" data-id=\"499181b\" data-element_type=\"column\">\n\t\t\t<div class=\"elementor-widget-wrap elementor-element-populated\">\n\t\t\t\t\t\t<div class=\"elementor-element elementor-element-455e269 elementor-widget elementor-widget-image\" data-id=\"455e269\" data-element_type=\"widget\" data-widget_type=\"image.default\">\n\t\t\t\t<div class=\"elementor-widget-container\">\n\t\t\t\t\t\t\t\t\t\t\t\t\t\t\t<img loading=\"lazy\" decoding=\"async\" width=\"640\" height=\"304\" src=\"https:\/\/yesilcember.eu\/wp-content\/uploads\/2023\/10\/unnamed5-e1696850972492.jpg\" class=\"attachment-large size-large wp-image-5798\" alt=\"\" srcset=\"https:\/\/yesilcember.eu\/wp-content\/uploads\/2023\/10\/unnamed5-e1696850972492.jpg 640w, https:\/\/yesilcember.eu\/wp-content\/uploads\/2023\/10\/unnamed5-e1696850972492-300x143.jpg 300w\" sizes=\"(max-width: 640px) 100vw, 640px\" \/>\t\t\t\t\t\t\t\t\t\t\t\t\t\t\t<\/div>\n\t\t\t\t<\/div>\n\t\t\t\t\t<\/div>\n\t\t<\/div>\n\t\t\t\t<div class=\"elementor-column elementor-col-50 elementor-top-column elementor-element elementor-element-24295e5\" data-id=\"24295e5\" data-element_type=\"column\">\n\t\t\t<div class=\"elementor-widget-wrap elementor-element-populated\">\n\t\t\t\t\t\t<div class=\"elementor-element elementor-element-582b361 elementor-widget elementor-widget-heading\" data-id=\"582b361\" data-element_type=\"widget\" data-widget_type=\"heading.default\">\n\t\t\t\t<div class=\"elementor-widget-container\">\n\t\t\t\t\t<h2 class=\"elementor-heading-title elementor-size-default\">Cleanup Day: Kotti'yi Birlikte Temizledik<\/h2>\t\t\t\t<\/div>\n\t\t\t\t<\/div>\n\t\t\t\t<div class=\"elementor-element elementor-element-6757578 elementor-widget elementor-widget-spacer\" data-id=\"6757578\" data-element_type=\"widget\" data-widget_type=\"spacer.default\">\n\t\t\t\t<div class=\"elementor-widget-container\">\n\t\t\t\t\t\t\t<div class=\"elementor-spacer\">\n\t\t\t<div class=\"elementor-spacer-inner\"><\/div>\n\t\t<\/div>\n\t\t\t\t\t\t<\/div>\n\t\t\t\t<\/div>\n\t\t\t\t<div class=\"elementor-element elementor-element-189f885 elementor-widget elementor-widget-heading\" data-id=\"189f885\" data-element_type=\"widget\" data-widget_type=\"heading.default\">\n\t\t\t\t<div class=\"elementor-widget-container\">\n\t\t\t\t\t<h5 class=\"elementor-heading-title elementor-size-default\">D\u00fcnya Temizlik G\u00fcn\u00fc olan 16 Eyl\u00fcl tarihi itibariyle Kotti\u2019de plastiksiz ve ayn\u0131 zamanda sa\u011fl\u0131kl\u0131, vejetaryen bir piknik etkinli\u011fi d\u00fczenledik ve do\u011fan\u0131n tad\u0131n\u0131 \u00e7\u0131kard\u0131k. Piknik sonras\u0131 ise \u00e7evre temizli\u011fi amac\u0131yla bir araya geldik. Herkes el birli\u011fiyle \u00e7\u00f6pleri toplad\u0131 ve mahalleyi temiz tutmaya katk\u0131 sa\u011flad\u0131lar. Do\u011faya ve \u00e7evreye duyarl\u0131l\u0131\u011f\u0131m\u0131z\u0131 g\u00f6stererek, temiz bir \u00e7evre i\u00e7in birlikte \u00e7al\u0131\u015ft\u0131k. Bu etkinlik mahalle dayan\u0131\u015fmam\u0131z\u0131 g\u00fc\u00e7lendirdi ve do\u011fal g\u00fczelliklerimizi koruma konusundaki kararl\u0131l\u0131\u011f\u0131m\u0131z\u0131 g\u00f6sterdi. <\/h5>\t\t\t\t<\/div>\n\t\t\t\t<\/div>\n\t\t\t\t<div class=\"elementor-element elementor-element-6e41175 elementor-widget elementor-widget-spacer\" data-id=\"6e41175\" data-element_type=\"widget\" data-widget_type=\"spacer.default\">\n\t\t\t\t<div class=\"elementor-widget-container\">\n\t\t\t\t\t\t\t<div class=\"elementor-spacer\">\n\t\t\t<div class=\"elementor-spacer-inner\"><\/div>\n\t\t<\/div>\n\t\t\t\t\t\t<\/div>\n\t\t\t\t<\/div>\n\t\t\t\t\t<\/div>\n\t\t<\/div>\n\t\t\t\t\t<\/div>\n\t\t<\/section>\n\t\t\t\t<section class=\"elementor-section elementor-top-section elementor-element elementor-element-855c16f elementor-section-full_width elementor-section-content-middle qode_elementor_container_inner elementor-section-height-default elementor-section-height-default parallax_section_no\" data-id=\"855c16f\" data-element_type=\"section\">\n\t\t\t\t\t\t<div class=\"elementor-container elementor-column-gap-default\">\n\t\t\t\t\t<div class=\"elementor-column elementor-col-50 elementor-top-column elementor-element elementor-element-2c11ca9\" data-id=\"2c11ca9\" data-element_type=\"column\">\n\t\t\t<div class=\"elementor-widget-wrap elementor-element-populated\">\n\t\t\t\t\t\t<div class=\"elementor-element elementor-element-24c6fcf elementor-widget elementor-widget-image\" data-id=\"24c6fcf\" data-element_type=\"widget\" data-widget_type=\"image.default\">\n\t\t\t\t<div class=\"elementor-widget-container\">\n\t\t\t\t\t\t\t\t\t\t\t\t\t\t\t<img loading=\"lazy\" decoding=\"async\" width=\"1024\" height=\"934\" src=\"https:\/\/yesilcember.eu\/wp-content\/uploads\/2023\/10\/unnamed4-1024x934.jpg\" class=\"attachment-large size-large wp-image-5795\" alt=\"\" srcset=\"https:\/\/yesilcember.eu\/wp-content\/uploads\/2023\/10\/unnamed4-1024x934.jpg 1024w, https:\/\/yesilcember.eu\/wp-content\/uploads\/2023\/10\/unnamed4-300x274.jpg 300w, https:\/\/yesilcember.eu\/wp-content\/uploads\/2023\/10\/unnamed4-768x700.jpg 768w, https:\/\/yesilcember.eu\/wp-content\/uploads\/2023\/10\/unnamed4-700x638.jpg 700w, https:\/\/yesilcember.eu\/wp-content\/uploads\/2023\/10\/unnamed4.jpg 1121w\" sizes=\"(max-width: 1024px) 100vw, 1024px\" \/>\t\t\t\t\t\t\t\t\t\t\t\t\t\t\t<\/div>\n\t\t\t\t<\/div>\n\t\t\t\t\t<\/div>\n\t\t<\/div>\n\t\t\t\t<div class=\"elementor-column elementor-col-50 elementor-top-column elementor-element elementor-element-2e0d58e\" data-id=\"2e0d58e\" data-element_type=\"column\">\n\t\t\t<div class=\"elementor-widget-wrap elementor-element-populated\">\n\t\t\t\t\t\t<div class=\"elementor-element elementor-element-85edccb elementor-widget elementor-widget-heading\" data-id=\"85edccb\" data-element_type=\"widget\" data-widget_type=\"heading.default\">\n\t\t\t\t<div class=\"elementor-widget-container\">\n\t\t\t\t\t<h2 class=\"elementor-heading-title elementor-size-default\">G\u00e4rten der Welt Gezisi<\/h2>\t\t\t\t<\/div>\n\t\t\t\t<\/div>\n\t\t\t\t<div class=\"elementor-element elementor-element-cffc06e elementor-widget elementor-widget-spacer\" data-id=\"cffc06e\" data-element_type=\"widget\" data-widget_type=\"spacer.default\">\n\t\t\t\t<div class=\"elementor-widget-container\">\n\t\t\t\t\t\t\t<div class=\"elementor-spacer\">\n\t\t\t<div class=\"elementor-spacer-inner\"><\/div>\n\t\t<\/div>\n\t\t\t\t\t\t<\/div>\n\t\t\t\t<\/div>\n\t\t\t\t<div class=\"elementor-element elementor-element-adf2d3f elementor-widget elementor-widget-heading\" data-id=\"adf2d3f\" data-element_type=\"widget\" data-widget_type=\"heading.default\">\n\t\t\t\t<div class=\"elementor-widget-container\">\n\t\t\t\t\t<h5 class=\"elementor-heading-title elementor-size-default\">Aile gezilerimiz devam ediyor! 9 Eyl\u00fcl'de  Berlin'in gizli g\u00fczelliklerinden biri olan Garten der Welt\u2019i ziyaret ettik. Aileler ve \u00e7ocuklarla birlikte, d\u00fcnyan\u0131n d\u00f6rt bir yan\u0131ndan ilham al\u0131narak olu\u015fturulmu\u015f muhte\u015fem bah\u00e7eleri dola\u015ft\u0131k ve farkl\u0131 k\u00fclt\u00fcrlerin do\u011fal g\u00fczelliklerini seyrettik.<\/h5>\t\t\t\t<\/div>\n\t\t\t\t<\/div>\n\t\t\t\t<div class=\"elementor-element elementor-element-50bad1e elementor-widget elementor-widget-spacer\" data-id=\"50bad1e\" data-element_type=\"widget\" data-widget_type=\"spacer.default\">\n\t\t\t\t<div class=\"elementor-widget-container\">\n\t\t\t\t\t\t\t<div class=\"elementor-spacer\">\n\t\t\t<div class=\"elementor-spacer-inner\"><\/div>\n\t\t<\/div>\n\t\t\t\t\t\t<\/div>\n\t\t\t\t<\/div>\n\t\t\t\t\t<\/div>\n\t\t<\/div>\n\t\t\t\t\t<\/div>\n\t\t<\/section>\n\t\t\t\t<section class=\"elementor-section elementor-top-section elementor-element elementor-element-13a92f6 elementor-section-full_width elementor-section-content-middle qode_elementor_container_inner elementor-section-height-default elementor-section-height-default parallax_section_no\" data-id=\"13a92f6\" data-element_type=\"section\">\n\t\t\t\t\t\t<div class=\"elementor-container elementor-column-gap-default\">\n\t\t\t\t\t<div class=\"elementor-column elementor-col-50 elementor-top-column elementor-element elementor-element-fbb8f29\" data-id=\"fbb8f29\" data-element_type=\"column\">\n\t\t\t<div class=\"elementor-widget-wrap elementor-element-populated\">\n\t\t\t\t\t\t<div class=\"elementor-element elementor-element-3460abe elementor-widget elementor-widget-image\" data-id=\"3460abe\" data-element_type=\"widget\" data-widget_type=\"image.default\">\n\t\t\t\t<div class=\"elementor-widget-container\">\n\t\t\t\t\t\t\t\t\t\t\t\t\t\t\t<img loading=\"lazy\" decoding=\"async\" width=\"488\" height=\"491\" src=\"https:\/\/yesilcember.eu\/wp-content\/uploads\/2023\/10\/unnamed2.png\" class=\"attachment-large size-large wp-image-5792\" alt=\"\" srcset=\"https:\/\/yesilcember.eu\/wp-content\/uploads\/2023\/10\/unnamed2.png 488w, https:\/\/yesilcember.eu\/wp-content\/uploads\/2023\/10\/unnamed2-298x300.png 298w, https:\/\/yesilcember.eu\/wp-content\/uploads\/2023\/10\/unnamed2-150x150.png 150w\" sizes=\"(max-width: 488px) 100vw, 488px\" \/>\t\t\t\t\t\t\t\t\t\t\t\t\t\t\t<\/div>\n\t\t\t\t<\/div>\n\t\t\t\t\t<\/div>\n\t\t<\/div>\n\t\t\t\t<div class=\"elementor-column elementor-col-50 elementor-top-column elementor-element elementor-element-81e83d1\" data-id=\"81e83d1\" data-element_type=\"column\">\n\t\t\t<div class=\"elementor-widget-wrap elementor-element-populated\">\n\t\t\t\t\t\t<div class=\"elementor-element elementor-element-59e923b elementor-widget elementor-widget-heading\" data-id=\"59e923b\" data-element_type=\"widget\" data-widget_type=\"heading.default\">\n\t\t\t\t<div class=\"elementor-widget-container\">\n\t\t\t\t\t<h2 class=\"elementor-heading-title elementor-size-default\">Soldiner Kiez Kom\u015fuluk ve Takas Pazar\u0131<\/h2>\t\t\t\t<\/div>\n\t\t\t\t<\/div>\n\t\t\t\t<div class=\"elementor-element elementor-element-5ec8321 elementor-widget elementor-widget-spacer\" data-id=\"5ec8321\" data-element_type=\"widget\" data-widget_type=\"spacer.default\">\n\t\t\t\t<div class=\"elementor-widget-container\">\n\t\t\t\t\t\t\t<div class=\"elementor-spacer\">\n\t\t\t<div class=\"elementor-spacer-inner\"><\/div>\n\t\t<\/div>\n\t\t\t\t\t\t<\/div>\n\t\t\t\t<\/div>\n\t\t\t\t<div class=\"elementor-element elementor-element-ea69371 elementor-widget elementor-widget-heading\" data-id=\"ea69371\" data-element_type=\"widget\" data-widget_type=\"heading.default\">\n\t\t\t\t<div class=\"elementor-widget-container\">\n\t\t\t\t\t<h5 class=\"elementor-heading-title elementor-size-default\">8 Eyl\u00fcl g\u00fcn\u00fc kat\u0131l\u0131mc\u0131lar\u0131n yemek kitaplar\u0131, yiyecekler, tarifler, mutfak gere\u00e7leri ve \u00e7evre dostu beslenme ipu\u00e7lar\u0131 gibi bir\u00e7ok farkl\u0131 \u015feyi takas etme f\u0131rsat\u0131 bulduklar\u0131 bu etkinlikte biz de Ye\u015fil \u00c7ember olarak yer ald\u0131k. S\u00fcrd\u00fcr\u00fclebilirlik ve sa\u011fl\u0131kl\u0131 beslenme konular\u0131ndaki \u00e7al\u0131\u015fmalar\u0131m\u0131zla bu festivale renk katt\u0131k. Kom\u015fular\u0131m\u0131zla tan\u0131\u015fma ve i\u015fbirli\u011fi \u00e7al\u0131\u015fmalar\u0131 ger\u00e7ekle\u015ftirirken \u00e7ocuklarla sa\u011fl\u0131kl\u0131 beslenme temal\u0131 oyunlar oynamay\u0131 da ihmal etmedik.<\/h5>\t\t\t\t<\/div>\n\t\t\t\t<\/div>\n\t\t\t\t<div class=\"elementor-element elementor-element-1a06dca elementor-widget elementor-widget-spacer\" data-id=\"1a06dca\" data-element_type=\"widget\" data-widget_type=\"spacer.default\">\n\t\t\t\t<div class=\"elementor-widget-container\">\n\t\t\t\t\t\t\t<div class=\"elementor-spacer\">\n\t\t\t<div class=\"elementor-spacer-inner\"><\/div>\n\t\t<\/div>\n\t\t\t\t\t\t<\/div>\n\t\t\t\t<\/div>\n\t\t\t\t\t<\/div>\n\t\t<\/div>\n\t\t\t\t\t<\/div>\n\t\t<\/section>\n\t\t\t\t<section class=\"elementor-section elementor-top-section elementor-element elementor-element-bb4c11a elementor-section-full_width elementor-section-content-middle qode_elementor_container_inner elementor-section-height-default elementor-section-height-default parallax_section_no\" data-id=\"bb4c11a\" data-element_type=\"section\">\n\t\t\t\t\t\t<div class=\"elementor-container elementor-column-gap-default\">\n\t\t\t\t\t<div class=\"elementor-column elementor-col-50 elementor-top-column elementor-element elementor-element-d9a31a2\" data-id=\"d9a31a2\" data-element_type=\"column\">\n\t\t\t<div class=\"elementor-widget-wrap elementor-element-populated\">\n\t\t\t\t\t\t<div class=\"elementor-element elementor-element-f7502ee elementor-widget elementor-widget-image\" data-id=\"f7502ee\" data-element_type=\"widget\" data-widget_type=\"image.default\">\n\t\t\t\t<div class=\"elementor-widget-container\">\n\t\t\t\t\t\t\t\t\t\t\t\t\t\t\t<img loading=\"lazy\" decoding=\"async\" width=\"1024\" height=\"614\" src=\"https:\/\/yesilcember.eu\/wp-content\/uploads\/2023\/08\/23-07-07-scaled-e1692784798100-1024x614.jpg\" class=\"attachment-large size-large wp-image-5511\" alt=\"\" srcset=\"https:\/\/yesilcember.eu\/wp-content\/uploads\/2023\/08\/23-07-07-scaled-e1692784798100-1024x614.jpg 1024w, https:\/\/yesilcember.eu\/wp-content\/uploads\/2023\/08\/23-07-07-scaled-e1692784798100-300x180.jpg 300w, https:\/\/yesilcember.eu\/wp-content\/uploads\/2023\/08\/23-07-07-scaled-e1692784798100-768x461.jpg 768w, https:\/\/yesilcember.eu\/wp-content\/uploads\/2023\/08\/23-07-07-scaled-e1692784798100-1536x922.jpg 1536w, https:\/\/yesilcember.eu\/wp-content\/uploads\/2023\/08\/23-07-07-scaled-e1692784798100-2048x1229.jpg 2048w, https:\/\/yesilcember.eu\/wp-content\/uploads\/2023\/08\/23-07-07-scaled-e1692784798100-700x420.jpg 700w\" sizes=\"(max-width: 1024px) 100vw, 1024px\" \/>\t\t\t\t\t\t\t\t\t\t\t\t\t\t\t<\/div>\n\t\t\t\t<\/div>\n\t\t\t\t\t<\/div>\n\t\t<\/div>\n\t\t\t\t<div class=\"elementor-column elementor-col-50 elementor-top-column elementor-element elementor-element-36ebff9\" data-id=\"36ebff9\" data-element_type=\"column\">\n\t\t\t<div class=\"elementor-widget-wrap elementor-element-populated\">\n\t\t\t\t\t\t<div class=\"elementor-element elementor-element-b6ad916 elementor-widget elementor-widget-heading\" data-id=\"b6ad916\" data-element_type=\"widget\" data-widget_type=\"heading.default\">\n\t\t\t\t<div class=\"elementor-widget-container\">\n\t\t\t\t\t<h2 class=\"elementor-heading-title elementor-size-default\">Howoge Kom\u015fuluk Festivali<\/h2>\t\t\t\t<\/div>\n\t\t\t\t<\/div>\n\t\t\t\t<div class=\"elementor-element elementor-element-5157d81 elementor-widget elementor-widget-spacer\" data-id=\"5157d81\" data-element_type=\"widget\" data-widget_type=\"spacer.default\">\n\t\t\t\t<div class=\"elementor-widget-container\">\n\t\t\t\t\t\t\t<div class=\"elementor-spacer\">\n\t\t\t<div class=\"elementor-spacer-inner\"><\/div>\n\t\t<\/div>\n\t\t\t\t\t\t<\/div>\n\t\t\t\t<\/div>\n\t\t\t\t<div class=\"elementor-element elementor-element-08d57ed elementor-widget elementor-widget-heading\" data-id=\"08d57ed\" data-element_type=\"widget\" data-widget_type=\"heading.default\">\n\t\t\t\t<div class=\"elementor-widget-container\">\n\t\t\t\t\t<h5 class=\"elementor-heading-title elementor-size-default\">7 Temmuzda Kottbusser Tor\u00b4daki Kom\u015fu H\u00fctte\u00b4nin oldugu bah\u00e7ede HOWOGE Komsuluk Festivali ger\u00e7ekle\u015ftirdi. Bu festivaldeki stand\u0131m\u0131zda, bilgilendirici i\u00e7eriklerimiz ile beraber haz\u0131rd\u0131k! Ayn\u0131 zamanda \u00e7evrede ya\u015fayan kom\u015fular\u0131m\u0131z\u0131n istek ve problemlerini, HOWOGE'ye iletmek \u00fczere not ald\u0131k. <\/h5>\t\t\t\t<\/div>\n\t\t\t\t<\/div>\n\t\t\t\t<div class=\"elementor-element elementor-element-c2788aa elementor-widget elementor-widget-spacer\" data-id=\"c2788aa\" data-element_type=\"widget\" data-widget_type=\"spacer.default\">\n\t\t\t\t<div class=\"elementor-widget-container\">\n\t\t\t\t\t\t\t<div class=\"elementor-spacer\">\n\t\t\t<div class=\"elementor-spacer-inner\"><\/div>\n\t\t<\/div>\n\t\t\t\t\t\t<\/div>\n\t\t\t\t<\/div>\n\t\t\t\t\t<\/div>\n\t\t<\/div>\n\t\t\t\t\t<\/div>\n\t\t<\/section>\n\t\t\t\t<section class=\"elementor-section elementor-top-section elementor-element elementor-element-bd28a8a elementor-section-full_width elementor-section-content-middle qode_elementor_container_inner elementor-section-height-default elementor-section-height-default parallax_section_no\" data-id=\"bd28a8a\" data-element_type=\"section\">\n\t\t\t\t\t\t<div class=\"elementor-container elementor-column-gap-default\">\n\t\t\t\t\t<div class=\"elementor-column elementor-col-50 elementor-top-column elementor-element elementor-element-f127d7b\" data-id=\"f127d7b\" data-element_type=\"column\">\n\t\t\t<div class=\"elementor-widget-wrap elementor-element-populated\">\n\t\t\t\t\t\t<div class=\"elementor-element elementor-element-de217b5 elementor-widget elementor-widget-image\" data-id=\"de217b5\" data-element_type=\"widget\" data-widget_type=\"image.default\">\n\t\t\t\t<div class=\"elementor-widget-container\">\n\t\t\t\t\t\t\t\t\t\t\t\t\t\t\t<img loading=\"lazy\" decoding=\"async\" width=\"1024\" height=\"996\" src=\"https:\/\/yesilcember.eu\/wp-content\/uploads\/2023\/08\/23-07-03_CleanUp2-scaled-e1692784576101-1024x996.jpg\" class=\"attachment-large size-large wp-image-5508\" alt=\"\" srcset=\"https:\/\/yesilcember.eu\/wp-content\/uploads\/2023\/08\/23-07-03_CleanUp2-scaled-e1692784576101-1024x996.jpg 1024w, https:\/\/yesilcember.eu\/wp-content\/uploads\/2023\/08\/23-07-03_CleanUp2-scaled-e1692784576101-300x292.jpg 300w, https:\/\/yesilcember.eu\/wp-content\/uploads\/2023\/08\/23-07-03_CleanUp2-scaled-e1692784576101-768x747.jpg 768w, https:\/\/yesilcember.eu\/wp-content\/uploads\/2023\/08\/23-07-03_CleanUp2-scaled-e1692784576101-1536x1494.jpg 1536w, https:\/\/yesilcember.eu\/wp-content\/uploads\/2023\/08\/23-07-03_CleanUp2-scaled-e1692784576101-700x681.jpg 700w, https:\/\/yesilcember.eu\/wp-content\/uploads\/2023\/08\/23-07-03_CleanUp2-scaled-e1692784576101.jpg 1920w\" sizes=\"(max-width: 1024px) 100vw, 1024px\" \/>\t\t\t\t\t\t\t\t\t\t\t\t\t\t\t<\/div>\n\t\t\t\t<\/div>\n\t\t\t\t\t<\/div>\n\t\t<\/div>\n\t\t\t\t<div class=\"elementor-column elementor-col-50 elementor-top-column elementor-element elementor-element-d0d87c1\" data-id=\"d0d87c1\" data-element_type=\"column\">\n\t\t\t<div class=\"elementor-widget-wrap elementor-element-populated\">\n\t\t\t\t\t\t<div class=\"elementor-element elementor-element-cad6ed9 elementor-widget elementor-widget-heading\" data-id=\"cad6ed9\" data-element_type=\"widget\" data-widget_type=\"heading.default\">\n\t\t\t\t<div class=\"elementor-widget-container\">\n\t\t\t\t\t<h2 class=\"elementor-heading-title elementor-size-default\">Kotti-Kiez'de \u00c7evre Denetimi<\/h2>\t\t\t\t<\/div>\n\t\t\t\t<\/div>\n\t\t\t\t<div class=\"elementor-element elementor-element-036f1cb elementor-widget elementor-widget-spacer\" data-id=\"036f1cb\" data-element_type=\"widget\" data-widget_type=\"spacer.default\">\n\t\t\t\t<div class=\"elementor-widget-container\">\n\t\t\t\t\t\t\t<div class=\"elementor-spacer\">\n\t\t\t<div class=\"elementor-spacer-inner\"><\/div>\n\t\t<\/div>\n\t\t\t\t\t\t<\/div>\n\t\t\t\t<\/div>\n\t\t\t\t<div class=\"elementor-element elementor-element-735eea3 elementor-widget elementor-widget-heading\" data-id=\"735eea3\" data-element_type=\"widget\" data-widget_type=\"heading.default\">\n\t\t\t\t<div class=\"elementor-widget-container\">\n\t\t\t\t\t<h5 class=\"elementor-heading-title elementor-size-default\"> 3 Temmuz\u00b4da Kottbusser Tor \u00e7evresinde ger\u00e7eklestirdigimiz \u201cKotti-Kiez'de \u00c7evre Denetimi\u201d projemiz b\u00fcnyesinde Naunynplatz\u00b4da Curioso derne\u011fi ile bulu\u015fup at\u0131k de\u011ferlendirme at\u00f6lyesi ve \u00e7\u00f6p toplama etkinli\u011fi ger\u00e7eklestirdik. Temizlik \u00e7al\u0131\u015fmas\u0131na kat\u0131lan minikler i\u00e7in yelek, eldiven ve s\u00fcp\u00fcrgelerimiz haz\u0131r bekliyordu!<\/h5>\t\t\t\t<\/div>\n\t\t\t\t<\/div>\n\t\t\t\t<div class=\"elementor-element elementor-element-383ba5c elementor-widget elementor-widget-spacer\" data-id=\"383ba5c\" data-element_type=\"widget\" data-widget_type=\"spacer.default\">\n\t\t\t\t<div class=\"elementor-widget-container\">\n\t\t\t\t\t\t\t<div class=\"elementor-spacer\">\n\t\t\t<div class=\"elementor-spacer-inner\"><\/div>\n\t\t<\/div>\n\t\t\t\t\t\t<\/div>\n\t\t\t\t<\/div>\n\t\t\t\t\t<\/div>\n\t\t<\/div>\n\t\t\t\t\t<\/div>\n\t\t<\/section>\n\t\t\t\t<section class=\"elementor-section elementor-top-section elementor-element elementor-element-0d50ece elementor-section-full_width elementor-section-content-middle qode_elementor_container_inner elementor-section-height-default elementor-section-height-default parallax_section_no\" data-id=\"0d50ece\" data-element_type=\"section\">\n\t\t\t\t\t\t<div class=\"elementor-container elementor-column-gap-default\">\n\t\t\t\t\t<div class=\"elementor-column elementor-col-50 elementor-top-column elementor-element elementor-element-fd455f3\" data-id=\"fd455f3\" data-element_type=\"column\">\n\t\t\t<div class=\"elementor-widget-wrap elementor-element-populated\">\n\t\t\t\t\t\t<div class=\"elementor-element elementor-element-7c5560f elementor-widget elementor-widget-image\" data-id=\"7c5560f\" data-element_type=\"widget\" data-widget_type=\"image.default\">\n\t\t\t\t<div class=\"elementor-widget-container\">\n\t\t\t\t\t\t\t\t\t\t\t\t\t\t\t<img loading=\"lazy\" decoding=\"async\" width=\"1024\" height=\"617\" src=\"https:\/\/yesilcember.eu\/wp-content\/uploads\/2023\/07\/20230625_130010-1024x617.jpg\" class=\"attachment-large size-large wp-image-5362\" alt=\"\" srcset=\"https:\/\/yesilcember.eu\/wp-content\/uploads\/2023\/07\/20230625_130010-1024x617.jpg 1024w, https:\/\/yesilcember.eu\/wp-content\/uploads\/2023\/07\/20230625_130010-300x181.jpg 300w, https:\/\/yesilcember.eu\/wp-content\/uploads\/2023\/07\/20230625_130010-768x462.jpg 768w, https:\/\/yesilcember.eu\/wp-content\/uploads\/2023\/07\/20230625_130010-1536x925.jpg 1536w, https:\/\/yesilcember.eu\/wp-content\/uploads\/2023\/07\/20230625_130010-2048x1233.jpg 2048w, https:\/\/yesilcember.eu\/wp-content\/uploads\/2023\/07\/20230625_130010-700x421.jpg 700w\" sizes=\"(max-width: 1024px) 100vw, 1024px\" \/>\t\t\t\t\t\t\t\t\t\t\t\t\t\t\t<\/div>\n\t\t\t\t<\/div>\n\t\t\t\t\t<\/div>\n\t\t<\/div>\n\t\t\t\t<div class=\"elementor-column elementor-col-50 elementor-top-column elementor-element elementor-element-dd42fdf\" data-id=\"dd42fdf\" data-element_type=\"column\">\n\t\t\t<div class=\"elementor-widget-wrap elementor-element-populated\">\n\t\t\t\t\t\t<div class=\"elementor-element elementor-element-d837dce elementor-widget elementor-widget-heading\" data-id=\"d837dce\" data-element_type=\"widget\" data-widget_type=\"heading.default\">\n\t\t\t\t<div class=\"elementor-widget-container\">\n\t\t\t\t\t<h2 class=\"elementor-heading-title elementor-size-default\">Dom\u00e4ne Dahlem Gezisi<\/h2>\t\t\t\t<\/div>\n\t\t\t\t<\/div>\n\t\t\t\t<div class=\"elementor-element elementor-element-013b295 elementor-widget elementor-widget-spacer\" data-id=\"013b295\" data-element_type=\"widget\" data-widget_type=\"spacer.default\">\n\t\t\t\t<div class=\"elementor-widget-container\">\n\t\t\t\t\t\t\t<div class=\"elementor-spacer\">\n\t\t\t<div class=\"elementor-spacer-inner\"><\/div>\n\t\t<\/div>\n\t\t\t\t\t\t<\/div>\n\t\t\t\t<\/div>\n\t\t\t\t<div class=\"elementor-element elementor-element-b78a777 elementor-widget elementor-widget-heading\" data-id=\"b78a777\" data-element_type=\"widget\" data-widget_type=\"heading.default\">\n\t\t\t\t<div class=\"elementor-widget-container\">\n\t\t\t\t\t<h5 class=\"elementor-heading-title elementor-size-default\">25 Haziran tarihinde Fitoterapist ve sa\u011fl\u0131kl\u0131 ya\u015fam ko\u00e7u \u015eaduman Karaca'n\u0131n rehberli\u011finde aile ve \u00e7ocuklarla beraber unutulmaz bir geziye \u00e7\u0131kt\u0131k. Hedefimiz, do\u011fayla i\u00e7 i\u00e7e olmak, organik tar\u0131m\u0131 ke\u015ffetmek ve sa\u011fl\u0131kl\u0131 ya\u015fam\u0131n temellerini atmakt\u0131 ve bu nedenle Dom\u00e4ne Dahlem'i tercih ettik. Hep beraber do\u011fal \u015fifal\u0131 bitkilerin g\u00fcc\u00fcn\u00fc ke\u015ffettik ve bunlar\u0131n sa\u011fl\u0131\u011f\u0131m\u0131z \u00fczerindeki olumlu etkilerini \u00f6\u011frendik.\n\n<\/h5>\t\t\t\t<\/div>\n\t\t\t\t<\/div>\n\t\t\t\t<div class=\"elementor-element elementor-element-a52ee09 elementor-widget elementor-widget-spacer\" data-id=\"a52ee09\" data-element_type=\"widget\" data-widget_type=\"spacer.default\">\n\t\t\t\t<div class=\"elementor-widget-container\">\n\t\t\t\t\t\t\t<div class=\"elementor-spacer\">\n\t\t\t<div class=\"elementor-spacer-inner\"><\/div>\n\t\t<\/div>\n\t\t\t\t\t\t<\/div>\n\t\t\t\t<\/div>\n\t\t\t\t\t<\/div>\n\t\t<\/div>\n\t\t\t\t\t<\/div>\n\t\t<\/section>\n\t\t\t\t<section class=\"elementor-section elementor-top-section elementor-element elementor-element-96099ed elementor-section-full_width elementor-section-content-middle qode_elementor_container_inner elementor-section-height-default elementor-section-height-default parallax_section_no\" data-id=\"96099ed\" data-element_type=\"section\">\n\t\t\t\t\t\t<div class=\"elementor-container elementor-column-gap-default\">\n\t\t\t\t\t<div class=\"elementor-column elementor-col-50 elementor-top-column elementor-element elementor-element-38ee079\" data-id=\"38ee079\" data-element_type=\"column\">\n\t\t\t<div class=\"elementor-widget-wrap elementor-element-populated\">\n\t\t\t\t\t\t<div class=\"elementor-element elementor-element-463d0e8 elementor-widget elementor-widget-image\" data-id=\"463d0e8\" data-element_type=\"widget\" data-widget_type=\"image.default\">\n\t\t\t\t<div class=\"elementor-widget-container\">\n\t\t\t\t\t\t\t\t\t\t\t\t\t\t\t<img loading=\"lazy\" decoding=\"async\" width=\"1024\" height=\"880\" src=\"https:\/\/yesilcember.eu\/wp-content\/uploads\/2023\/07\/20230613_114901-scaled-e1688552411331-1024x880.jpg\" class=\"attachment-large size-large wp-image-5359\" alt=\"\" srcset=\"https:\/\/yesilcember.eu\/wp-content\/uploads\/2023\/07\/20230613_114901-scaled-e1688552411331-1024x880.jpg 1024w, https:\/\/yesilcember.eu\/wp-content\/uploads\/2023\/07\/20230613_114901-scaled-e1688552411331-300x258.jpg 300w, https:\/\/yesilcember.eu\/wp-content\/uploads\/2023\/07\/20230613_114901-scaled-e1688552411331-768x660.jpg 768w, https:\/\/yesilcember.eu\/wp-content\/uploads\/2023\/07\/20230613_114901-scaled-e1688552411331-1536x1320.jpg 1536w, https:\/\/yesilcember.eu\/wp-content\/uploads\/2023\/07\/20230613_114901-scaled-e1688552411331-700x602.jpg 700w, https:\/\/yesilcember.eu\/wp-content\/uploads\/2023\/07\/20230613_114901-scaled-e1688552411331.jpg 1772w\" sizes=\"(max-width: 1024px) 100vw, 1024px\" \/>\t\t\t\t\t\t\t\t\t\t\t\t\t\t\t<\/div>\n\t\t\t\t<\/div>\n\t\t\t\t\t<\/div>\n\t\t<\/div>\n\t\t\t\t<div class=\"elementor-column elementor-col-50 elementor-top-column elementor-element elementor-element-d8c9b93\" data-id=\"d8c9b93\" data-element_type=\"column\">\n\t\t\t<div class=\"elementor-widget-wrap elementor-element-populated\">\n\t\t\t\t\t\t<div class=\"elementor-element elementor-element-d04214f elementor-widget elementor-widget-heading\" data-id=\"d04214f\" data-element_type=\"widget\" data-widget_type=\"heading.default\">\n\t\t\t\t<div class=\"elementor-widget-container\">\n\t\t\t\t\t<h2 class=\"elementor-heading-title elementor-size-default\">Maybachufer Plastiksiz Pazar Etkinlikleri<\/h2>\t\t\t\t<\/div>\n\t\t\t\t<\/div>\n\t\t\t\t<div class=\"elementor-element elementor-element-dd06888 elementor-widget elementor-widget-spacer\" data-id=\"dd06888\" data-element_type=\"widget\" data-widget_type=\"spacer.default\">\n\t\t\t\t<div class=\"elementor-widget-container\">\n\t\t\t\t\t\t\t<div class=\"elementor-spacer\">\n\t\t\t<div class=\"elementor-spacer-inner\"><\/div>\n\t\t<\/div>\n\t\t\t\t\t\t<\/div>\n\t\t\t\t<\/div>\n\t\t\t\t<div class=\"elementor-element elementor-element-915fa99 elementor-widget elementor-widget-heading\" data-id=\"915fa99\" data-element_type=\"widget\" data-widget_type=\"heading.default\">\n\t\t\t\t<div class=\"elementor-widget-container\">\n\t\t\t\t\t<h5 class=\"elementor-heading-title elementor-size-default\">Plastikle sava\u015fmaya devam ediyoruz! 13 ve 16 Haziran tarihlerinde \u201cSch\u00f6n Wie Wir\u201d kampanyas\u0131 kapsam\u0131nda Maybachufer pazar\u0131ndaki stand\u0131m\u0131zda geri d\u00f6n\u00fc\u015ft\u00fcr\u00fclm\u00fc\u015f pazar \u00e7antalar\u0131m\u0131z\u0131 ziyaret\u00e7ilerimizle bulu\u015fturduk. Onlara plastik torbalarla yap\u0131lan al\u0131\u015fveri\u015fin do\u011faya verdi\u011fi zarar\u0131 a\u00e7\u0131klad\u0131k .\nAyr\u0131ca 16 Haziran tarihinde tek kullan\u0131ml\u0131k ka\u011f\u0131t - plastik bardaklar\u0131n \u00e7evreye verdi\u011fi b\u00fcy\u00fck zarara de\u011finerek ziyaret\u00e7ilerimize s\u00fcrekli olarak kullanabilecekleri \u201cRecup\u201d\u2019lar da\u011f\u0131tt\u0131k. \n\n<\/h5>\t\t\t\t<\/div>\n\t\t\t\t<\/div>\n\t\t\t\t<div class=\"elementor-element elementor-element-66ae409 elementor-widget elementor-widget-spacer\" data-id=\"66ae409\" data-element_type=\"widget\" data-widget_type=\"spacer.default\">\n\t\t\t\t<div class=\"elementor-widget-container\">\n\t\t\t\t\t\t\t<div class=\"elementor-spacer\">\n\t\t\t<div class=\"elementor-spacer-inner\"><\/div>\n\t\t<\/div>\n\t\t\t\t\t\t<\/div>\n\t\t\t\t<\/div>\n\t\t\t\t\t<\/div>\n\t\t<\/div>\n\t\t\t\t\t<\/div>\n\t\t<\/section>\n\t\t\t\t<section class=\"elementor-section elementor-top-section elementor-element elementor-element-ef35c50 elementor-section-full_width elementor-section-content-middle qode_elementor_container_inner elementor-section-height-default elementor-section-height-default parallax_section_no\" data-id=\"ef35c50\" data-element_type=\"section\">\n\t\t\t\t\t\t<div class=\"elementor-container elementor-column-gap-default\">\n\t\t\t\t\t<div class=\"elementor-column elementor-col-50 elementor-top-column elementor-element elementor-element-9974069\" data-id=\"9974069\" data-element_type=\"column\">\n\t\t\t<div class=\"elementor-widget-wrap elementor-element-populated\">\n\t\t\t\t\t\t<div class=\"elementor-element elementor-element-3269dcc elementor-widget elementor-widget-image\" data-id=\"3269dcc\" data-element_type=\"widget\" data-widget_type=\"image.default\">\n\t\t\t\t<div class=\"elementor-widget-container\">\n\t\t\t\t\t\t\t\t\t\t\t\t\t\t\t<img loading=\"lazy\" decoding=\"async\" width=\"1024\" height=\"918\" src=\"https:\/\/yesilcember.eu\/wp-content\/uploads\/2023\/07\/20230607_155701-scaled-e1688552177619-1024x918.jpg\" class=\"attachment-large size-large wp-image-5356\" alt=\"\" srcset=\"https:\/\/yesilcember.eu\/wp-content\/uploads\/2023\/07\/20230607_155701-scaled-e1688552177619-1024x918.jpg 1024w, https:\/\/yesilcember.eu\/wp-content\/uploads\/2023\/07\/20230607_155701-scaled-e1688552177619-300x269.jpg 300w, https:\/\/yesilcember.eu\/wp-content\/uploads\/2023\/07\/20230607_155701-scaled-e1688552177619-768x688.jpg 768w, https:\/\/yesilcember.eu\/wp-content\/uploads\/2023\/07\/20230607_155701-scaled-e1688552177619-1536x1377.jpg 1536w, https:\/\/yesilcember.eu\/wp-content\/uploads\/2023\/07\/20230607_155701-scaled-e1688552177619-700x627.jpg 700w, https:\/\/yesilcember.eu\/wp-content\/uploads\/2023\/07\/20230607_155701-scaled-e1688552177619.jpg 1920w\" sizes=\"(max-width: 1024px) 100vw, 1024px\" \/>\t\t\t\t\t\t\t\t\t\t\t\t\t\t\t<\/div>\n\t\t\t\t<\/div>\n\t\t\t\t\t<\/div>\n\t\t<\/div>\n\t\t\t\t<div class=\"elementor-column elementor-col-50 elementor-top-column elementor-element elementor-element-cec68b6\" data-id=\"cec68b6\" data-element_type=\"column\">\n\t\t\t<div class=\"elementor-widget-wrap elementor-element-populated\">\n\t\t\t\t\t\t<div class=\"elementor-element elementor-element-809d8ce elementor-widget elementor-widget-heading\" data-id=\"809d8ce\" data-element_type=\"widget\" data-widget_type=\"heading.default\">\n\t\t\t\t<div class=\"elementor-widget-container\">\n\t\t\t\t\t<h2 class=\"elementor-heading-title elementor-size-default\">\u00c7ar\u015famba Etkinliklerimiz Devam Ediyor\n<\/h2>\t\t\t\t<\/div>\n\t\t\t\t<\/div>\n\t\t\t\t<div class=\"elementor-element elementor-element-fea65fe elementor-widget elementor-widget-spacer\" data-id=\"fea65fe\" data-element_type=\"widget\" data-widget_type=\"spacer.default\">\n\t\t\t\t<div class=\"elementor-widget-container\">\n\t\t\t\t\t\t\t<div class=\"elementor-spacer\">\n\t\t\t<div class=\"elementor-spacer-inner\"><\/div>\n\t\t<\/div>\n\t\t\t\t\t\t<\/div>\n\t\t\t\t<\/div>\n\t\t\t\t<div class=\"elementor-element elementor-element-0ea6402 elementor-widget elementor-widget-heading\" data-id=\"0ea6402\" data-element_type=\"widget\" data-widget_type=\"heading.default\">\n\t\t\t\t<div class=\"elementor-widget-container\">\n\t\t\t\t\t<h5 class=\"elementor-heading-title elementor-size-default\">7 Haziranda, \u201cDaha temiz Neuk\u00f6lln\u201d mottosuyla yola \u00e7\u0131kan \"Sch\u00f6n wie wir\" projesinin \u00c7ar\u015famba etkinli\u011fi i\u00e7in Boddinplatz\u2019ta yerimizi ald\u0131k. Bu sefer yan\u0131m\u0131zda \u00e7ocuklar\u0131n geri d\u00f6n\u00fc\u015f\u00fcm ve Upcycling kavramlar\u0131n\u0131 e\u011flenceli \u015fekilde \u00f6\u011frenebilmeleri i\u00e7in boya ve geri d\u00f6n\u00fc\u015ft\u00fcr\u00fclm\u00fc\u015f ka\u011f\u0131tlar vard\u0131. 21 Haziranda ise ma\u015fa ve kovalarla birlikte \u00e7\u00f6p toplad\u0131k ve insanlar\u0131 \u00e7evrelerini daha g\u00fczel hale getirmeye te\u015fvik ettik. Eski tuvalet ka\u011f\u0131d\u0131 rulolar\u0131n\u0131 kalem kutular\u0131na d\u00f6n\u00fc\u015ft\u00fcrd\u00fck.\n\n<\/h5>\t\t\t\t<\/div>\n\t\t\t\t<\/div>\n\t\t\t\t<div class=\"elementor-element elementor-element-1bb5fce elementor-widget elementor-widget-spacer\" data-id=\"1bb5fce\" data-element_type=\"widget\" data-widget_type=\"spacer.default\">\n\t\t\t\t<div class=\"elementor-widget-container\">\n\t\t\t\t\t\t\t<div class=\"elementor-spacer\">\n\t\t\t<div class=\"elementor-spacer-inner\"><\/div>\n\t\t<\/div>\n\t\t\t\t\t\t<\/div>\n\t\t\t\t<\/div>\n\t\t\t\t\t<\/div>\n\t\t<\/div>\n\t\t\t\t\t<\/div>\n\t\t<\/section>\n\t\t\t\t<section class=\"elementor-section elementor-top-section elementor-element elementor-element-1933de9 elementor-section-full_width elementor-section-content-middle qode_elementor_container_inner elementor-section-height-default elementor-section-height-default parallax_section_no\" data-id=\"1933de9\" data-element_type=\"section\">\n\t\t\t\t\t\t<div class=\"elementor-container elementor-column-gap-default\">\n\t\t\t\t\t<div class=\"elementor-column elementor-col-50 elementor-top-column elementor-element elementor-element-0441069\" data-id=\"0441069\" data-element_type=\"column\">\n\t\t\t<div class=\"elementor-widget-wrap elementor-element-populated\">\n\t\t\t\t\t\t<div class=\"elementor-element elementor-element-97a8819 elementor-widget elementor-widget-image\" data-id=\"97a8819\" data-element_type=\"widget\" data-widget_type=\"image.default\">\n\t\t\t\t<div class=\"elementor-widget-container\">\n\t\t\t\t\t\t\t\t\t\t\t\t\t\t\t<img loading=\"lazy\" decoding=\"async\" width=\"1024\" height=\"565\" src=\"https:\/\/yesilcember.eu\/wp-content\/uploads\/2023\/07\/WhatsApp-Image-2023-06-28-at-13.59.07-e1688552063213.jpeg\" class=\"attachment-large size-large wp-image-5352\" alt=\"\" srcset=\"https:\/\/yesilcember.eu\/wp-content\/uploads\/2023\/07\/WhatsApp-Image-2023-06-28-at-13.59.07-e1688552063213.jpeg 1024w, https:\/\/yesilcember.eu\/wp-content\/uploads\/2023\/07\/WhatsApp-Image-2023-06-28-at-13.59.07-e1688552063213-300x166.jpeg 300w, https:\/\/yesilcember.eu\/wp-content\/uploads\/2023\/07\/WhatsApp-Image-2023-06-28-at-13.59.07-e1688552063213-768x424.jpeg 768w, https:\/\/yesilcember.eu\/wp-content\/uploads\/2023\/07\/WhatsApp-Image-2023-06-28-at-13.59.07-e1688552063213-700x386.jpeg 700w\" sizes=\"(max-width: 1024px) 100vw, 1024px\" \/>\t\t\t\t\t\t\t\t\t\t\t\t\t\t\t<\/div>\n\t\t\t\t<\/div>\n\t\t\t\t\t<\/div>\n\t\t<\/div>\n\t\t\t\t<div class=\"elementor-column elementor-col-50 elementor-top-column elementor-element elementor-element-5d5856a\" data-id=\"5d5856a\" data-element_type=\"column\">\n\t\t\t<div class=\"elementor-widget-wrap elementor-element-populated\">\n\t\t\t\t\t\t<div class=\"elementor-element elementor-element-8287180 elementor-widget elementor-widget-heading\" data-id=\"8287180\" data-element_type=\"widget\" data-widget_type=\"heading.default\">\n\t\t\t\t<div class=\"elementor-widget-container\">\n\t\t\t\t\t<h2 class=\"elementor-heading-title elementor-size-default\">Brandenburger Tor\u2019da \u00c7evre Festivali\n<\/h2>\t\t\t\t<\/div>\n\t\t\t\t<\/div>\n\t\t\t\t<div class=\"elementor-element elementor-element-cf9a4a4 elementor-widget elementor-widget-spacer\" data-id=\"cf9a4a4\" data-element_type=\"widget\" data-widget_type=\"spacer.default\">\n\t\t\t\t<div class=\"elementor-widget-container\">\n\t\t\t\t\t\t\t<div class=\"elementor-spacer\">\n\t\t\t<div class=\"elementor-spacer-inner\"><\/div>\n\t\t<\/div>\n\t\t\t\t\t\t<\/div>\n\t\t\t\t<\/div>\n\t\t\t\t<div class=\"elementor-element elementor-element-4b85a22 elementor-widget elementor-widget-heading\" data-id=\"4b85a22\" data-element_type=\"widget\" data-widget_type=\"heading.default\">\n\t\t\t\t<div class=\"elementor-widget-container\">\n\t\t\t\t\t<h5 class=\"elementor-heading-title elementor-size-default\">Her y\u0131l kutlanan ve bu y\u0131l ortalama 60.000 ziyaret\u00e7inin ziyaret etti\u011fi avrupan\u0131n en b\u00fcy\u00fck \u00e7evre festivallerinden biri olan \u201cBerlin Umwelt Fest\u201d, yakla\u015f\u0131k 250 stant ve iki sahnede \u00e7evre, do\u011fa, s\u00fcrd\u00fcr\u00fclebilirlik ve daha bir\u00e7ok konuda insanlar\u0131 bilgilendirmeye devam ediyor ! 4 Haziran'da d\u00fczenlenen \u00e7evre festivalinde bizde Ye\u015fil \u00c7ember olarak projelerimizle ilgili bro\u015f\u00fcrler da\u011f\u0131tt\u0131k ve ziyaret\u00e7ilerin dikkatini \u00e7e\u015fitli \u00e7evre sorunlar\u0131na \u00e7ektik. \u0130klim de\u011fi\u015fikli\u011fi ve at\u0131k sorunlar\u0131 gibi konular hakk\u0131nda s\u0131k s\u0131k konu\u015ftuk.\n<\/h5>\t\t\t\t<\/div>\n\t\t\t\t<\/div>\n\t\t\t\t<div class=\"elementor-element elementor-element-60d3e8c elementor-widget elementor-widget-spacer\" data-id=\"60d3e8c\" data-element_type=\"widget\" data-widget_type=\"spacer.default\">\n\t\t\t\t<div class=\"elementor-widget-container\">\n\t\t\t\t\t\t\t<div class=\"elementor-spacer\">\n\t\t\t<div class=\"elementor-spacer-inner\"><\/div>\n\t\t<\/div>\n\t\t\t\t\t\t<\/div>\n\t\t\t\t<\/div>\n\t\t\t\t\t<\/div>\n\t\t<\/div>\n\t\t\t\t\t<\/div>\n\t\t<\/section>\n\t\t\t\t<section class=\"elementor-section elementor-top-section elementor-element elementor-element-2692a98 elementor-section-full_width elementor-section-content-middle qode_elementor_container_inner elementor-section-height-default elementor-section-height-default parallax_section_no\" data-id=\"2692a98\" data-element_type=\"section\">\n\t\t\t\t\t\t<div class=\"elementor-container elementor-column-gap-default\">\n\t\t\t\t\t<div class=\"elementor-column elementor-col-50 elementor-top-column elementor-element elementor-element-96ff069\" data-id=\"96ff069\" data-element_type=\"column\">\n\t\t\t<div class=\"elementor-widget-wrap elementor-element-populated\">\n\t\t\t\t\t\t<div class=\"elementor-element elementor-element-aadc15a elementor-widget elementor-widget-image\" data-id=\"aadc15a\" data-element_type=\"widget\" data-widget_type=\"image.default\">\n\t\t\t\t<div class=\"elementor-widget-container\">\n\t\t\t\t\t\t\t\t\t\t\t\t\t\t\t<img loading=\"lazy\" decoding=\"async\" width=\"1024\" height=\"768\" src=\"https:\/\/yesilcember.eu\/wp-content\/uploads\/2023\/06\/IMG-20230527-WA0029.jpg\" class=\"attachment-large size-large wp-image-5309\" alt=\"\" srcset=\"https:\/\/yesilcember.eu\/wp-content\/uploads\/2023\/06\/IMG-20230527-WA0029.jpg 1024w, https:\/\/yesilcember.eu\/wp-content\/uploads\/2023\/06\/IMG-20230527-WA0029-300x225.jpg 300w, https:\/\/yesilcember.eu\/wp-content\/uploads\/2023\/06\/IMG-20230527-WA0029-768x576.jpg 768w, https:\/\/yesilcember.eu\/wp-content\/uploads\/2023\/06\/IMG-20230527-WA0029-800x600.jpg 800w, https:\/\/yesilcember.eu\/wp-content\/uploads\/2023\/06\/IMG-20230527-WA0029-700x525.jpg 700w\" sizes=\"(max-width: 1024px) 100vw, 1024px\" \/>\t\t\t\t\t\t\t\t\t\t\t\t\t\t\t<\/div>\n\t\t\t\t<\/div>\n\t\t\t\t\t<\/div>\n\t\t<\/div>\n\t\t\t\t<div class=\"elementor-column elementor-col-50 elementor-top-column elementor-element elementor-element-adcd578\" data-id=\"adcd578\" data-element_type=\"column\">\n\t\t\t<div class=\"elementor-widget-wrap elementor-element-populated\">\n\t\t\t\t\t\t<div class=\"elementor-element elementor-element-2b4a1f7 elementor-widget elementor-widget-heading\" data-id=\"2b4a1f7\" data-element_type=\"widget\" data-widget_type=\"heading.default\">\n\t\t\t\t<div class=\"elementor-widget-container\">\n\t\t\t\t\t<h2 class=\"elementor-heading-title elementor-size-default\">Potsdam Biyosferi Gezisi\n<\/h2>\t\t\t\t<\/div>\n\t\t\t\t<\/div>\n\t\t\t\t<div class=\"elementor-element elementor-element-bac6bb6 elementor-widget elementor-widget-spacer\" data-id=\"bac6bb6\" data-element_type=\"widget\" data-widget_type=\"spacer.default\">\n\t\t\t\t<div class=\"elementor-widget-container\">\n\t\t\t\t\t\t\t<div class=\"elementor-spacer\">\n\t\t\t<div class=\"elementor-spacer-inner\"><\/div>\n\t\t<\/div>\n\t\t\t\t\t\t<\/div>\n\t\t\t\t<\/div>\n\t\t\t\t<div class=\"elementor-element elementor-element-c72b8d6 elementor-widget elementor-widget-heading\" data-id=\"c72b8d6\" data-element_type=\"widget\" data-widget_type=\"heading.default\">\n\t\t\t\t<div class=\"elementor-widget-container\">\n\t\t\t\t\t<h5 class=\"elementor-heading-title elementor-size-default\">27 May\u0131s tarihinde aileler ile birlikte Potsdam Biyosferi\u2019ni ziyaret ettik. \u00c7ocuklar ve yeti\u015fkinlerle birlikte 20.000\u2019den fazla tropik bitki ve 140 \u00e7e\u015fit hayvan t\u00fcr\u00fcn\u00fcn yer ald\u0131\u011f\u0131 alan\u0131 birlikte ke\u015ffettik. \n<\/h5>\t\t\t\t<\/div>\n\t\t\t\t<\/div>\n\t\t\t\t<div class=\"elementor-element elementor-element-e4c9a34 elementor-widget elementor-widget-spacer\" data-id=\"e4c9a34\" data-element_type=\"widget\" data-widget_type=\"spacer.default\">\n\t\t\t\t<div class=\"elementor-widget-container\">\n\t\t\t\t\t\t\t<div class=\"elementor-spacer\">\n\t\t\t<div class=\"elementor-spacer-inner\"><\/div>\n\t\t<\/div>\n\t\t\t\t\t\t<\/div>\n\t\t\t\t<\/div>\n\t\t\t\t\t<\/div>\n\t\t<\/div>\n\t\t\t\t\t<\/div>\n\t\t<\/section>\n\t\t\t\t<section class=\"elementor-section elementor-top-section elementor-element elementor-element-a20a144 elementor-section-full_width elementor-section-content-middle qode_elementor_container_inner elementor-section-height-default elementor-section-height-default parallax_section_no\" data-id=\"a20a144\" data-element_type=\"section\">\n\t\t\t\t\t\t<div class=\"elementor-container elementor-column-gap-default\">\n\t\t\t\t\t<div class=\"elementor-column elementor-col-50 elementor-top-column elementor-element elementor-element-4a46be1\" data-id=\"4a46be1\" data-element_type=\"column\">\n\t\t\t<div class=\"elementor-widget-wrap elementor-element-populated\">\n\t\t\t\t\t\t<div class=\"elementor-element elementor-element-0071a59 elementor-widget elementor-widget-image\" data-id=\"0071a59\" data-element_type=\"widget\" data-widget_type=\"image.default\">\n\t\t\t\t<div class=\"elementor-widget-container\">\n\t\t\t\t\t\t\t\t\t\t\t\t\t\t\t<img loading=\"lazy\" decoding=\"async\" width=\"655\" height=\"364\" src=\"https:\/\/yesilcember.eu\/wp-content\/uploads\/2023\/06\/Screenshot_3.png\" class=\"attachment-large size-large wp-image-5306\" alt=\"\" srcset=\"https:\/\/yesilcember.eu\/wp-content\/uploads\/2023\/06\/Screenshot_3.png 655w, https:\/\/yesilcember.eu\/wp-content\/uploads\/2023\/06\/Screenshot_3-300x167.png 300w\" sizes=\"(max-width: 655px) 100vw, 655px\" \/>\t\t\t\t\t\t\t\t\t\t\t\t\t\t\t<\/div>\n\t\t\t\t<\/div>\n\t\t\t\t\t<\/div>\n\t\t<\/div>\n\t\t\t\t<div class=\"elementor-column elementor-col-50 elementor-top-column elementor-element elementor-element-a6c934d\" data-id=\"a6c934d\" data-element_type=\"column\">\n\t\t\t<div class=\"elementor-widget-wrap elementor-element-populated\">\n\t\t\t\t\t\t<div class=\"elementor-element elementor-element-96964fc elementor-widget elementor-widget-heading\" data-id=\"96964fc\" data-element_type=\"widget\" data-widget_type=\"heading.default\">\n\t\t\t\t<div class=\"elementor-widget-container\">\n\t\t\t\t\t<h2 class=\"elementor-heading-title elementor-size-default\">Mehrgenerationenplatz Hacimli At\u0131k Pazar\u0131\n<\/h2>\t\t\t\t<\/div>\n\t\t\t\t<\/div>\n\t\t\t\t<div class=\"elementor-element elementor-element-8d39c4b elementor-widget elementor-widget-spacer\" data-id=\"8d39c4b\" data-element_type=\"widget\" data-widget_type=\"spacer.default\">\n\t\t\t\t<div class=\"elementor-widget-container\">\n\t\t\t\t\t\t\t<div class=\"elementor-spacer\">\n\t\t\t<div class=\"elementor-spacer-inner\"><\/div>\n\t\t<\/div>\n\t\t\t\t\t\t<\/div>\n\t\t\t\t<\/div>\n\t\t\t\t<div class=\"elementor-element elementor-element-1f9012c elementor-widget elementor-widget-heading\" data-id=\"1f9012c\" data-element_type=\"widget\" data-widget_type=\"heading.default\">\n\t\t\t\t<div class=\"elementor-widget-container\">\n\t\t\t\t\t<h5 class=\"elementor-heading-title elementor-size-default\">27 May\u0131s Cumartesi g\u00fcn\u00fc Mehrgenerationenplatz\u2019daki Sch\u00f6n wie wir projesi kapsam\u0131ndaki hacimli at\u0131k pazar\u0131ndayd\u0131k. Mahalle sakinlerinin evlerindeki hacimli at\u0131klar\u0131 getirip b\u0131rakabildikleri, ayn\u0131 zamanda da e\u015fya de\u011fi\u015f toku\u015fu yapabildikleri bu bulu\u015fmada biz de Ye\u015fil \u00c7ember olarak Sch\u00f6n wie wir stand\u0131nda yerimizi ald\u0131k, gelen ziyaret\u00e7ilere temiz Neuk\u00f6lln projemizi anlatt\u0131k.\n<\/h5>\t\t\t\t<\/div>\n\t\t\t\t<\/div>\n\t\t\t\t<div class=\"elementor-element elementor-element-fdc4c6f elementor-widget elementor-widget-spacer\" data-id=\"fdc4c6f\" data-element_type=\"widget\" data-widget_type=\"spacer.default\">\n\t\t\t\t<div class=\"elementor-widget-container\">\n\t\t\t\t\t\t\t<div class=\"elementor-spacer\">\n\t\t\t<div class=\"elementor-spacer-inner\"><\/div>\n\t\t<\/div>\n\t\t\t\t\t\t<\/div>\n\t\t\t\t<\/div>\n\t\t\t\t\t<\/div>\n\t\t<\/div>\n\t\t\t\t\t<\/div>\n\t\t<\/section>\n\t\t\t\t<section class=\"elementor-section elementor-top-section elementor-element elementor-element-75814fc elementor-section-full_width elementor-section-content-middle qode_elementor_container_inner elementor-section-height-default elementor-section-height-default parallax_section_no\" data-id=\"75814fc\" data-element_type=\"section\">\n\t\t\t\t\t\t<div class=\"elementor-container elementor-column-gap-default\">\n\t\t\t\t\t<div class=\"elementor-column elementor-col-50 elementor-top-column elementor-element elementor-element-6adf5e2\" data-id=\"6adf5e2\" data-element_type=\"column\">\n\t\t\t<div class=\"elementor-widget-wrap elementor-element-populated\">\n\t\t\t\t\t\t<div class=\"elementor-element elementor-element-3d6dbe3 elementor-widget elementor-widget-image\" data-id=\"3d6dbe3\" data-element_type=\"widget\" data-widget_type=\"image.default\">\n\t\t\t\t<div class=\"elementor-widget-container\">\n\t\t\t\t\t\t\t\t\t\t\t\t\t\t\t<img loading=\"lazy\" decoding=\"async\" width=\"812\" height=\"1024\" src=\"https:\/\/yesilcember.eu\/wp-content\/uploads\/2023\/06\/WhatsApp-Image-2023-05-31-at-11.08.081-812x1024.jpeg\" class=\"attachment-large size-large wp-image-5303\" alt=\"\" srcset=\"https:\/\/yesilcember.eu\/wp-content\/uploads\/2023\/06\/WhatsApp-Image-2023-05-31-at-11.08.081-812x1024.jpeg 812w, https:\/\/yesilcember.eu\/wp-content\/uploads\/2023\/06\/WhatsApp-Image-2023-05-31-at-11.08.081-238x300.jpeg 238w, https:\/\/yesilcember.eu\/wp-content\/uploads\/2023\/06\/WhatsApp-Image-2023-05-31-at-11.08.081-768x969.jpeg 768w, https:\/\/yesilcember.eu\/wp-content\/uploads\/2023\/06\/WhatsApp-Image-2023-05-31-at-11.08.081-700x883.jpeg 700w, https:\/\/yesilcember.eu\/wp-content\/uploads\/2023\/06\/WhatsApp-Image-2023-05-31-at-11.08.081.jpeg 980w\" sizes=\"(max-width: 812px) 100vw, 812px\" \/>\t\t\t\t\t\t\t\t\t\t\t\t\t\t\t<\/div>\n\t\t\t\t<\/div>\n\t\t\t\t\t<\/div>\n\t\t<\/div>\n\t\t\t\t<div class=\"elementor-column elementor-col-50 elementor-top-column elementor-element elementor-element-c072dcc\" data-id=\"c072dcc\" data-element_type=\"column\">\n\t\t\t<div class=\"elementor-widget-wrap elementor-element-populated\">\n\t\t\t\t\t\t<div class=\"elementor-element elementor-element-6396fa8 elementor-widget elementor-widget-heading\" data-id=\"6396fa8\" data-element_type=\"widget\" data-widget_type=\"heading.default\">\n\t\t\t\t<div class=\"elementor-widget-container\">\n\t\t\t\t\t<h2 class=\"elementor-heading-title elementor-size-default\">Nettelbeckplatz Kom\u015fuluk Bulu\u015fmas\u0131\n<\/h2>\t\t\t\t<\/div>\n\t\t\t\t<\/div>\n\t\t\t\t<div class=\"elementor-element elementor-element-7c1fcf0 elementor-widget elementor-widget-spacer\" data-id=\"7c1fcf0\" data-element_type=\"widget\" data-widget_type=\"spacer.default\">\n\t\t\t\t<div class=\"elementor-widget-container\">\n\t\t\t\t\t\t\t<div class=\"elementor-spacer\">\n\t\t\t<div class=\"elementor-spacer-inner\"><\/div>\n\t\t<\/div>\n\t\t\t\t\t\t<\/div>\n\t\t\t\t<\/div>\n\t\t\t\t<div class=\"elementor-element elementor-element-ddb5ac8 elementor-widget elementor-widget-heading\" data-id=\"ddb5ac8\" data-element_type=\"widget\" data-widget_type=\"heading.default\">\n\t\t\t\t<div class=\"elementor-widget-container\">\n\t\t\t\t\t<h5 class=\"elementor-heading-title elementor-size-default\">25 May\u0131sta SuperCoop\u2019un organize etti\u011fi Nettelbeckplatz\u2019daki kom\u015fuluk bulu\u015fmas\u0131na kat\u0131l\u0131p mahallemizdeki \u00f6nemli akt\u00f6rlerle bir araya geldik. Stand\u0131m\u0131zda s\u00fcrd\u00fcr\u00fclebilirlik ve \u00e7evre konular\u0131yla ilgili bilgilere yer verdik ve \u00e7ocuklarla tohum bombalar\u0131 yapt\u0131k.\n<\/h5>\t\t\t\t<\/div>\n\t\t\t\t<\/div>\n\t\t\t\t<div class=\"elementor-element elementor-element-dccb073 elementor-widget elementor-widget-spacer\" data-id=\"dccb073\" data-element_type=\"widget\" data-widget_type=\"spacer.default\">\n\t\t\t\t<div class=\"elementor-widget-container\">\n\t\t\t\t\t\t\t<div class=\"elementor-spacer\">\n\t\t\t<div class=\"elementor-spacer-inner\"><\/div>\n\t\t<\/div>\n\t\t\t\t\t\t<\/div>\n\t\t\t\t<\/div>\n\t\t\t\t\t<\/div>\n\t\t<\/div>\n\t\t\t\t\t<\/div>\n\t\t<\/section>\n\t\t\t\t<section class=\"elementor-section elementor-top-section elementor-element elementor-element-1478bdb elementor-section-full_width elementor-section-content-middle qode_elementor_container_inner elementor-section-height-default elementor-section-height-default parallax_section_no\" data-id=\"1478bdb\" data-element_type=\"section\">\n\t\t\t\t\t\t<div class=\"elementor-container elementor-column-gap-default\">\n\t\t\t\t\t<div class=\"elementor-column elementor-col-50 elementor-top-column elementor-element elementor-element-4086562\" data-id=\"4086562\" data-element_type=\"column\">\n\t\t\t<div class=\"elementor-widget-wrap elementor-element-populated\">\n\t\t\t\t\t\t<div class=\"elementor-element elementor-element-cb23f55 elementor-widget elementor-widget-image\" data-id=\"cb23f55\" data-element_type=\"widget\" data-widget_type=\"image.default\">\n\t\t\t\t<div class=\"elementor-widget-container\">\n\t\t\t\t\t\t\t\t\t\t\t\t\t\t\t<img loading=\"lazy\" decoding=\"async\" width=\"1024\" height=\"771\" src=\"https:\/\/yesilcember.eu\/wp-content\/uploads\/2023\/06\/WhatsApp-Image-2023-05-31-at-11.10.5911-1024x771.jpeg\" class=\"attachment-large size-large wp-image-5300\" alt=\"\" srcset=\"https:\/\/yesilcember.eu\/wp-content\/uploads\/2023\/06\/WhatsApp-Image-2023-05-31-at-11.10.5911-1024x771.jpeg 1024w, https:\/\/yesilcember.eu\/wp-content\/uploads\/2023\/06\/WhatsApp-Image-2023-05-31-at-11.10.5911-300x226.jpeg 300w, https:\/\/yesilcember.eu\/wp-content\/uploads\/2023\/06\/WhatsApp-Image-2023-05-31-at-11.10.5911-768x578.jpeg 768w, https:\/\/yesilcember.eu\/wp-content\/uploads\/2023\/06\/WhatsApp-Image-2023-05-31-at-11.10.5911-1536x1156.jpeg 1536w, https:\/\/yesilcember.eu\/wp-content\/uploads\/2023\/06\/WhatsApp-Image-2023-05-31-at-11.10.5911-700x527.jpeg 700w, https:\/\/yesilcember.eu\/wp-content\/uploads\/2023\/06\/WhatsApp-Image-2023-05-31-at-11.10.5911.jpeg 1600w\" sizes=\"(max-width: 1024px) 100vw, 1024px\" \/>\t\t\t\t\t\t\t\t\t\t\t\t\t\t\t<\/div>\n\t\t\t\t<\/div>\n\t\t\t\t\t<\/div>\n\t\t<\/div>\n\t\t\t\t<div class=\"elementor-column elementor-col-50 elementor-top-column elementor-element elementor-element-5fb84b2\" data-id=\"5fb84b2\" data-element_type=\"column\">\n\t\t\t<div class=\"elementor-widget-wrap elementor-element-populated\">\n\t\t\t\t\t\t<div class=\"elementor-element elementor-element-e48886e elementor-widget elementor-widget-heading\" data-id=\"e48886e\" data-element_type=\"widget\" data-widget_type=\"heading.default\">\n\t\t\t\t<div class=\"elementor-widget-container\">\n\t\t\t\t\t<h2 class=\"elementor-heading-title elementor-size-default\">Maybachufer Plastiksiz Pazar Etkinli\u011fi<\/h2>\t\t\t\t<\/div>\n\t\t\t\t<\/div>\n\t\t\t\t<div class=\"elementor-element elementor-element-b9c0adb elementor-widget elementor-widget-spacer\" data-id=\"b9c0adb\" data-element_type=\"widget\" data-widget_type=\"spacer.default\">\n\t\t\t\t<div class=\"elementor-widget-container\">\n\t\t\t\t\t\t\t<div class=\"elementor-spacer\">\n\t\t\t<div class=\"elementor-spacer-inner\"><\/div>\n\t\t<\/div>\n\t\t\t\t\t\t<\/div>\n\t\t\t\t<\/div>\n\t\t\t\t<div class=\"elementor-element elementor-element-435e4eb elementor-widget elementor-widget-heading\" data-id=\"435e4eb\" data-element_type=\"widget\" data-widget_type=\"heading.default\">\n\t\t\t\t<div class=\"elementor-widget-container\">\n\t\t\t\t\t<h5 class=\"elementor-heading-title elementor-size-default\">23 ve 26 May\u0131s tarihlerinde \u201cSch\u00f6n Wie Wir\u201d kampanyas\u0131 kapsam\u0131nda Maybachufer pazar\u0131ndaki stand\u0131m\u0131zda geri d\u00f6n\u00fc\u015ft\u00fcr\u00fclm\u00fc\u015f pazar \u00e7antalar\u0131m\u0131z\u0131 ve sebze-meyve torbalar\u0131m\u0131z\u0131 al\u0131\u015fveri\u015fe gelen ziyaret\u00e7ilere da\u011f\u0131tt\u0131k. Onlara plastik torbalarla yap\u0131lan al\u0131\u015fveri\u015fin do\u011faya verdi\u011fi zarar\u0131 a\u00e7\u0131klad\u0131k. \n<\/h5>\t\t\t\t<\/div>\n\t\t\t\t<\/div>\n\t\t\t\t<div class=\"elementor-element elementor-element-2928a5b elementor-widget elementor-widget-spacer\" data-id=\"2928a5b\" data-element_type=\"widget\" data-widget_type=\"spacer.default\">\n\t\t\t\t<div class=\"elementor-widget-container\">\n\t\t\t\t\t\t\t<div class=\"elementor-spacer\">\n\t\t\t<div class=\"elementor-spacer-inner\"><\/div>\n\t\t<\/div>\n\t\t\t\t\t\t<\/div>\n\t\t\t\t<\/div>\n\t\t\t\t\t<\/div>\n\t\t<\/div>\n\t\t\t\t\t<\/div>\n\t\t<\/section>\n\t\t\t\t<section class=\"elementor-section elementor-top-section elementor-element elementor-element-e58309a elementor-section-full_width elementor-section-content-middle qode_elementor_container_inner elementor-section-height-default elementor-section-height-default parallax_section_no\" data-id=\"e58309a\" data-element_type=\"section\">\n\t\t\t\t\t\t<div class=\"elementor-container elementor-column-gap-default\">\n\t\t\t\t\t<div class=\"elementor-column elementor-col-50 elementor-top-column elementor-element elementor-element-2897a08\" data-id=\"2897a08\" data-element_type=\"column\">\n\t\t\t<div class=\"elementor-widget-wrap elementor-element-populated\">\n\t\t\t\t\t\t<div class=\"elementor-element elementor-element-8f6d6b7 elementor-widget elementor-widget-image\" data-id=\"8f6d6b7\" data-element_type=\"widget\" data-widget_type=\"image.default\">\n\t\t\t\t<div class=\"elementor-widget-container\">\n\t\t\t\t\t\t\t\t\t\t\t\t\t\t\t<img loading=\"lazy\" decoding=\"async\" width=\"1024\" height=\"768\" src=\"https:\/\/yesilcember.eu\/wp-content\/uploads\/2023\/06\/WhatsApp-Gorsel-2023-05-31-saat-10.14.23.jpg\" class=\"attachment-large size-large wp-image-5296\" alt=\"\" srcset=\"https:\/\/yesilcember.eu\/wp-content\/uploads\/2023\/06\/WhatsApp-Gorsel-2023-05-31-saat-10.14.23.jpg 1024w, https:\/\/yesilcember.eu\/wp-content\/uploads\/2023\/06\/WhatsApp-Gorsel-2023-05-31-saat-10.14.23-300x225.jpg 300w, https:\/\/yesilcember.eu\/wp-content\/uploads\/2023\/06\/WhatsApp-Gorsel-2023-05-31-saat-10.14.23-768x576.jpg 768w, https:\/\/yesilcember.eu\/wp-content\/uploads\/2023\/06\/WhatsApp-Gorsel-2023-05-31-saat-10.14.23-800x600.jpg 800w, https:\/\/yesilcember.eu\/wp-content\/uploads\/2023\/06\/WhatsApp-Gorsel-2023-05-31-saat-10.14.23-700x525.jpg 700w\" sizes=\"(max-width: 1024px) 100vw, 1024px\" \/>\t\t\t\t\t\t\t\t\t\t\t\t\t\t\t<\/div>\n\t\t\t\t<\/div>\n\t\t\t\t\t<\/div>\n\t\t<\/div>\n\t\t\t\t<div class=\"elementor-column elementor-col-50 elementor-top-column elementor-element elementor-element-22bf8c3\" data-id=\"22bf8c3\" data-element_type=\"column\">\n\t\t\t<div class=\"elementor-widget-wrap elementor-element-populated\">\n\t\t\t\t\t\t<div class=\"elementor-element elementor-element-4ddf6d0 elementor-widget elementor-widget-heading\" data-id=\"4ddf6d0\" data-element_type=\"widget\" data-widget_type=\"heading.default\">\n\t\t\t\t<div class=\"elementor-widget-container\">\n\t\t\t\t\t<h2 class=\"elementor-heading-title elementor-size-default\">Neuk\u00f6lln S\u00fcrd\u00fcr\u00fclebilirlik Festivali \n<\/h2>\t\t\t\t<\/div>\n\t\t\t\t<\/div>\n\t\t\t\t<div class=\"elementor-element elementor-element-d4fb753 elementor-widget elementor-widget-spacer\" data-id=\"d4fb753\" data-element_type=\"widget\" data-widget_type=\"spacer.default\">\n\t\t\t\t<div class=\"elementor-widget-container\">\n\t\t\t\t\t\t\t<div class=\"elementor-spacer\">\n\t\t\t<div class=\"elementor-spacer-inner\"><\/div>\n\t\t<\/div>\n\t\t\t\t\t\t<\/div>\n\t\t\t\t<\/div>\n\t\t\t\t<div class=\"elementor-element elementor-element-9c3137d elementor-widget elementor-widget-heading\" data-id=\"9c3137d\" data-element_type=\"widget\" data-widget_type=\"heading.default\">\n\t\t\t\t<div class=\"elementor-widget-container\">\n\t\t\t\t\t<h5 class=\"elementor-heading-title elementor-size-default\">21 May\u0131s tarihinde Neuk\u00f6lln\u2019de ger\u00e7ekle\u015ftirilen S\u00fcrd\u00fcr\u00fclebilirlik Festivali\u2019nde, s\u00fcrd\u00fcr\u00fclebilirlik \u00e7al\u0131\u015fmalar\u0131m\u0131zla ilgili insanlar\u0131 bilgilendirmek i\u00e7in Ye\u015fil Gelecek stand\u0131m\u0131z\u0131 a\u00e7t\u0131k.\n<\/h5>\t\t\t\t<\/div>\n\t\t\t\t<\/div>\n\t\t\t\t<div class=\"elementor-element elementor-element-6086666 elementor-widget elementor-widget-spacer\" data-id=\"6086666\" data-element_type=\"widget\" data-widget_type=\"spacer.default\">\n\t\t\t\t<div class=\"elementor-widget-container\">\n\t\t\t\t\t\t\t<div class=\"elementor-spacer\">\n\t\t\t<div class=\"elementor-spacer-inner\"><\/div>\n\t\t<\/div>\n\t\t\t\t\t\t<\/div>\n\t\t\t\t<\/div>\n\t\t\t\t\t<\/div>\n\t\t<\/div>\n\t\t\t\t\t<\/div>\n\t\t<\/section>\n\t\t\t\t<section class=\"elementor-section elementor-top-section elementor-element elementor-element-d3f1e81 elementor-section-full_width elementor-section-content-middle qode_elementor_container_inner elementor-section-height-default elementor-section-height-default parallax_section_no\" data-id=\"d3f1e81\" data-element_type=\"section\">\n\t\t\t\t\t\t<div class=\"elementor-container elementor-column-gap-default\">\n\t\t\t\t\t<div class=\"elementor-column elementor-col-50 elementor-top-column elementor-element elementor-element-f25cb96\" data-id=\"f25cb96\" data-element_type=\"column\">\n\t\t\t<div class=\"elementor-widget-wrap elementor-element-populated\">\n\t\t\t\t\t\t<div class=\"elementor-element elementor-element-0c37672 elementor-widget elementor-widget-image\" data-id=\"0c37672\" data-element_type=\"widget\" data-widget_type=\"image.default\">\n\t\t\t\t<div class=\"elementor-widget-container\">\n\t\t\t\t\t\t\t\t\t\t\t\t\t\t\t<img loading=\"lazy\" decoding=\"async\" width=\"768\" height=\"1024\" src=\"https:\/\/yesilcember.eu\/wp-content\/uploads\/2023\/06\/WhatsApp-Gorsel-2023-05-31-saat-11.00.46.jpg\" class=\"attachment-large size-large wp-image-5293\" alt=\"\" srcset=\"https:\/\/yesilcember.eu\/wp-content\/uploads\/2023\/06\/WhatsApp-Gorsel-2023-05-31-saat-11.00.46.jpg 768w, https:\/\/yesilcember.eu\/wp-content\/uploads\/2023\/06\/WhatsApp-Gorsel-2023-05-31-saat-11.00.46-225x300.jpg 225w, https:\/\/yesilcember.eu\/wp-content\/uploads\/2023\/06\/WhatsApp-Gorsel-2023-05-31-saat-11.00.46-600x800.jpg 600w, https:\/\/yesilcember.eu\/wp-content\/uploads\/2023\/06\/WhatsApp-Gorsel-2023-05-31-saat-11.00.46-700x933.jpg 700w\" sizes=\"(max-width: 768px) 100vw, 768px\" \/>\t\t\t\t\t\t\t\t\t\t\t\t\t\t\t<\/div>\n\t\t\t\t<\/div>\n\t\t\t\t\t<\/div>\n\t\t<\/div>\n\t\t\t\t<div class=\"elementor-column elementor-col-50 elementor-top-column elementor-element elementor-element-bde5bc0\" data-id=\"bde5bc0\" data-element_type=\"column\">\n\t\t\t<div class=\"elementor-widget-wrap elementor-element-populated\">\n\t\t\t\t\t\t<div class=\"elementor-element elementor-element-1a98010 elementor-widget elementor-widget-heading\" data-id=\"1a98010\" data-element_type=\"widget\" data-widget_type=\"heading.default\">\n\t\t\t\t<div class=\"elementor-widget-container\">\n\t\t\t\t\t<h2 class=\"elementor-heading-title elementor-size-default\">16 May\u0131s Maybachufer \u00c7ar\u015famba Etkinli\u011fi\n<\/h2>\t\t\t\t<\/div>\n\t\t\t\t<\/div>\n\t\t\t\t<div class=\"elementor-element elementor-element-57c7c8f elementor-widget elementor-widget-spacer\" data-id=\"57c7c8f\" data-element_type=\"widget\" data-widget_type=\"spacer.default\">\n\t\t\t\t<div class=\"elementor-widget-container\">\n\t\t\t\t\t\t\t<div class=\"elementor-spacer\">\n\t\t\t<div class=\"elementor-spacer-inner\"><\/div>\n\t\t<\/div>\n\t\t\t\t\t\t<\/div>\n\t\t\t\t<\/div>\n\t\t\t\t<div class=\"elementor-element elementor-element-e6d3ef7 elementor-widget elementor-widget-heading\" data-id=\"e6d3ef7\" data-element_type=\"widget\" data-widget_type=\"heading.default\">\n\t\t\t\t<div class=\"elementor-widget-container\">\n\t\t\t\t\t<h5 class=\"elementor-heading-title elementor-size-default\">\u201cSch\u00f6n wie wir\u201d projesi kapsam\u0131nda ger\u00e7ekle\u015ftirece\u011fimiz bu aksiyonu 16 May\u0131s tarihinde Maybachufer\u2019de ger\u00e7ekle\u015ftirdik. Temiz Neuk\u00f6lln mottosu ile yola \u00e7\u0131k\u0131lan bu proje gere\u011fince stand\u0131m\u0131zdaki ziyaret\u00e7ilere \u00e7\u00f6plerin ayr\u0131lmas\u0131 hakk\u0131nda bilgiler verdik, bilgilendirici ve \u00f6d\u00fcll\u00fc quizler yapt\u0131k. Ayr\u0131ca Sch\u00f6n wie wir\u2019in yapt\u0131rd\u0131\u011f\u0131 birbirinden g\u00fczel hediyeleri da\u011f\u0131tt\u0131k.\n<\/h5>\t\t\t\t<\/div>\n\t\t\t\t<\/div>\n\t\t\t\t<div class=\"elementor-element elementor-element-0ed5671 elementor-widget elementor-widget-spacer\" data-id=\"0ed5671\" data-element_type=\"widget\" data-widget_type=\"spacer.default\">\n\t\t\t\t<div class=\"elementor-widget-container\">\n\t\t\t\t\t\t\t<div class=\"elementor-spacer\">\n\t\t\t<div class=\"elementor-spacer-inner\"><\/div>\n\t\t<\/div>\n\t\t\t\t\t\t<\/div>\n\t\t\t\t<\/div>\n\t\t\t\t\t<\/div>\n\t\t<\/div>\n\t\t\t\t\t<\/div>\n\t\t<\/section>\n\t\t\t\t<section class=\"elementor-section elementor-top-section elementor-element elementor-element-c89dc2a elementor-section-full_width elementor-section-content-middle qode_elementor_container_inner elementor-section-height-default elementor-section-height-default parallax_section_no\" data-id=\"c89dc2a\" data-element_type=\"section\">\n\t\t\t\t\t\t<div class=\"elementor-container elementor-column-gap-default\">\n\t\t\t\t\t<div class=\"elementor-column elementor-col-50 elementor-top-column elementor-element elementor-element-9be769b\" data-id=\"9be769b\" data-element_type=\"column\">\n\t\t\t<div class=\"elementor-widget-wrap elementor-element-populated\">\n\t\t\t\t\t\t<div class=\"elementor-element elementor-element-83bd481 elementor-widget elementor-widget-image\" data-id=\"83bd481\" data-element_type=\"widget\" data-widget_type=\"image.default\">\n\t\t\t\t<div class=\"elementor-widget-container\">\n\t\t\t\t\t\t\t\t\t\t\t\t\t\t\t<img loading=\"lazy\" decoding=\"async\" width=\"768\" height=\"1024\" src=\"https:\/\/yesilcember.eu\/wp-content\/uploads\/2023\/06\/WhatsApp-Gorsel-2023-05-31-saat-10.57.09.jpg\" class=\"attachment-large size-large wp-image-5290\" alt=\"\" srcset=\"https:\/\/yesilcember.eu\/wp-content\/uploads\/2023\/06\/WhatsApp-Gorsel-2023-05-31-saat-10.57.09.jpg 768w, https:\/\/yesilcember.eu\/wp-content\/uploads\/2023\/06\/WhatsApp-Gorsel-2023-05-31-saat-10.57.09-225x300.jpg 225w, https:\/\/yesilcember.eu\/wp-content\/uploads\/2023\/06\/WhatsApp-Gorsel-2023-05-31-saat-10.57.09-600x800.jpg 600w, https:\/\/yesilcember.eu\/wp-content\/uploads\/2023\/06\/WhatsApp-Gorsel-2023-05-31-saat-10.57.09-700x933.jpg 700w\" sizes=\"(max-width: 768px) 100vw, 768px\" \/>\t\t\t\t\t\t\t\t\t\t\t\t\t\t\t<\/div>\n\t\t\t\t<\/div>\n\t\t\t\t\t<\/div>\n\t\t<\/div>\n\t\t\t\t<div class=\"elementor-column elementor-col-50 elementor-top-column elementor-element elementor-element-111be9f\" data-id=\"111be9f\" data-element_type=\"column\">\n\t\t\t<div class=\"elementor-widget-wrap elementor-element-populated\">\n\t\t\t\t\t\t<div class=\"elementor-element elementor-element-8b508d5 elementor-widget elementor-widget-heading\" data-id=\"8b508d5\" data-element_type=\"widget\" data-widget_type=\"heading.default\">\n\t\t\t\t<div class=\"elementor-widget-container\">\n\t\t\t\t\t<h2 class=\"elementor-heading-title elementor-size-default\">16 May\u0131s Maybachufer Mandala Performans\u0131\n<\/h2>\t\t\t\t<\/div>\n\t\t\t\t<\/div>\n\t\t\t\t<div class=\"elementor-element elementor-element-7077467 elementor-widget elementor-widget-spacer\" data-id=\"7077467\" data-element_type=\"widget\" data-widget_type=\"spacer.default\">\n\t\t\t\t<div class=\"elementor-widget-container\">\n\t\t\t\t\t\t\t<div class=\"elementor-spacer\">\n\t\t\t<div class=\"elementor-spacer-inner\"><\/div>\n\t\t<\/div>\n\t\t\t\t\t\t<\/div>\n\t\t\t\t<\/div>\n\t\t\t\t<div class=\"elementor-element elementor-element-3a3cd4a elementor-widget elementor-widget-heading\" data-id=\"3a3cd4a\" data-element_type=\"widget\" data-widget_type=\"heading.default\">\n\t\t\t\t<div class=\"elementor-widget-container\">\n\t\t\t\t\t<h5 class=\"elementor-heading-title elementor-size-default\">Sanat\u00e7\u0131 Stephanie Senge, Maybachufermarkt'\u0131n izleyici ve ziyaret\u00e7ilerinin g\u00f6zleri \u00f6n\u00fcne t\u00fcketim \u00fcr\u00fcnlerinden olu\u015fan bir mandala serdi. Kendisini ele\u015ftirel bir t\u00fcketici sanat\u00e7\u0131s\u0131 olarak tan\u0131mlayan Senge, sanat\u0131yla, izleyicinin bak\u0131\u015f\u0131n\u0131 g\u00fcndelik t\u00fcketim \u00fcr\u00fcnleri \u00fczerinde keskinle\u015ftirmekte. Bu sanatsal ve g\u00f6rsel \u015f\u00f6len s\u0131ras\u0131nda t\u00fcketim al\u0131\u015fkanl\u0131klar\u0131m\u0131z ve israf edilen besinlerle ilgili bilgilendirmeler yapt\u0131k.\n<\/h5>\t\t\t\t<\/div>\n\t\t\t\t<\/div>\n\t\t\t\t<div class=\"elementor-element elementor-element-975b440 elementor-widget elementor-widget-spacer\" data-id=\"975b440\" data-element_type=\"widget\" data-widget_type=\"spacer.default\">\n\t\t\t\t<div class=\"elementor-widget-container\">\n\t\t\t\t\t\t\t<div class=\"elementor-spacer\">\n\t\t\t<div class=\"elementor-spacer-inner\"><\/div>\n\t\t<\/div>\n\t\t\t\t\t\t<\/div>\n\t\t\t\t<\/div>\n\t\t\t\t\t<\/div>\n\t\t<\/div>\n\t\t\t\t\t<\/div>\n\t\t<\/section>\n\t\t\t\t<section class=\"elementor-section elementor-top-section elementor-element elementor-element-e9c58b7 elementor-section-full_width elementor-section-content-middle qode_elementor_container_inner elementor-section-height-default elementor-section-height-default parallax_section_no\" data-id=\"e9c58b7\" data-element_type=\"section\">\n\t\t\t\t\t\t<div class=\"elementor-container elementor-column-gap-default\">\n\t\t\t\t\t<div class=\"elementor-column elementor-col-50 elementor-top-column elementor-element elementor-element-4c002c5\" data-id=\"4c002c5\" data-element_type=\"column\">\n\t\t\t<div class=\"elementor-widget-wrap elementor-element-populated\">\n\t\t\t\t\t\t<div class=\"elementor-element elementor-element-2147b8e elementor-widget elementor-widget-image\" data-id=\"2147b8e\" data-element_type=\"widget\" data-widget_type=\"image.default\">\n\t\t\t\t<div class=\"elementor-widget-container\">\n\t\t\t\t\t\t\t\t\t\t\t\t\t\t\t<img loading=\"lazy\" decoding=\"async\" width=\"1024\" height=\"681\" src=\"https:\/\/yesilcember.eu\/wp-content\/uploads\/2023\/06\/IMG_5547-1-1024x681.jpg\" class=\"attachment-large size-large wp-image-5287\" alt=\"\" srcset=\"https:\/\/yesilcember.eu\/wp-content\/uploads\/2023\/06\/IMG_5547-1-1024x681.jpg 1024w, https:\/\/yesilcember.eu\/wp-content\/uploads\/2023\/06\/IMG_5547-1-300x200.jpg 300w, https:\/\/yesilcember.eu\/wp-content\/uploads\/2023\/06\/IMG_5547-1-768x511.jpg 768w, https:\/\/yesilcember.eu\/wp-content\/uploads\/2023\/06\/IMG_5547-1-1536x1022.jpg 1536w, https:\/\/yesilcember.eu\/wp-content\/uploads\/2023\/06\/IMG_5547-1-700x466.jpg 700w, https:\/\/yesilcember.eu\/wp-content\/uploads\/2023\/06\/IMG_5547-1.jpg 1936w\" sizes=\"(max-width: 1024px) 100vw, 1024px\" \/>\t\t\t\t\t\t\t\t\t\t\t\t\t\t\t<\/div>\n\t\t\t\t<\/div>\n\t\t\t\t\t<\/div>\n\t\t<\/div>\n\t\t\t\t<div class=\"elementor-column elementor-col-50 elementor-top-column elementor-element elementor-element-6a9f036\" data-id=\"6a9f036\" data-element_type=\"column\">\n\t\t\t<div class=\"elementor-widget-wrap elementor-element-populated\">\n\t\t\t\t\t\t<div class=\"elementor-element elementor-element-02dfab5 elementor-widget elementor-widget-heading\" data-id=\"02dfab5\" data-element_type=\"widget\" data-widget_type=\"heading.default\">\n\t\t\t\t<div class=\"elementor-widget-container\">\n\t\t\t\t\t<h2 class=\"elementor-heading-title elementor-size-default\">13 May\u0131s Berlin Botanik Bah\u00e7esi Gezisi\n<\/h2>\t\t\t\t<\/div>\n\t\t\t\t<\/div>\n\t\t\t\t<div class=\"elementor-element elementor-element-e87872b elementor-widget elementor-widget-spacer\" data-id=\"e87872b\" data-element_type=\"widget\" data-widget_type=\"spacer.default\">\n\t\t\t\t<div class=\"elementor-widget-container\">\n\t\t\t\t\t\t\t<div class=\"elementor-spacer\">\n\t\t\t<div class=\"elementor-spacer-inner\"><\/div>\n\t\t<\/div>\n\t\t\t\t\t\t<\/div>\n\t\t\t\t<\/div>\n\t\t\t\t<div class=\"elementor-element elementor-element-7618086 elementor-widget elementor-widget-heading\" data-id=\"7618086\" data-element_type=\"widget\" data-widget_type=\"heading.default\">\n\t\t\t\t<div class=\"elementor-widget-container\">\n\t\t\t\t\t<h5 class=\"elementor-heading-title elementor-size-default\">13 May\u0131s tarihinde, aile gezilerimizin ilkini ger\u00e7ekle\u015ftirmek \u00fczere Berlin Botanik bah\u00e7esine gittik. \u00c7ocuklar ve yeti\u015fkinlerle birlikte bah\u00e7edeki g\u00f6leti, \u0130talyan Bah\u00e7esi\u2019ni, Sera Evi\u2019ni ziyaret ettik.\n\n<\/h5>\t\t\t\t<\/div>\n\t\t\t\t<\/div>\n\t\t\t\t<div class=\"elementor-element elementor-element-338ec3c elementor-widget elementor-widget-spacer\" data-id=\"338ec3c\" data-element_type=\"widget\" data-widget_type=\"spacer.default\">\n\t\t\t\t<div class=\"elementor-widget-container\">\n\t\t\t\t\t\t\t<div class=\"elementor-spacer\">\n\t\t\t<div class=\"elementor-spacer-inner\"><\/div>\n\t\t<\/div>\n\t\t\t\t\t\t<\/div>\n\t\t\t\t<\/div>\n\t\t\t\t\t<\/div>\n\t\t<\/div>\n\t\t\t\t\t<\/div>\n\t\t<\/section>\n\t\t\t\t<section class=\"elementor-section elementor-top-section elementor-element elementor-element-6cb088b elementor-section-full_width elementor-section-content-middle qode_elementor_container_inner elementor-section-height-default elementor-section-height-default parallax_section_no\" data-id=\"6cb088b\" data-element_type=\"section\">\n\t\t\t\t\t\t<div class=\"elementor-container elementor-column-gap-default\">\n\t\t\t\t\t<div class=\"elementor-column elementor-col-50 elementor-top-column elementor-element elementor-element-8b271ca\" data-id=\"8b271ca\" data-element_type=\"column\">\n\t\t\t<div class=\"elementor-widget-wrap elementor-element-populated\">\n\t\t\t\t\t\t<div class=\"elementor-element elementor-element-bdea21d elementor-widget elementor-widget-image\" data-id=\"bdea21d\" data-element_type=\"widget\" data-widget_type=\"image.default\">\n\t\t\t\t<div class=\"elementor-widget-container\">\n\t\t\t\t\t\t\t\t\t\t\t\t\t\t\t<img loading=\"lazy\" decoding=\"async\" width=\"1024\" height=\"683\" src=\"https:\/\/yesilcember.eu\/wp-content\/uploads\/2023\/06\/MG_5497-1024x683.jpg\" class=\"attachment-large size-large wp-image-5284\" alt=\"\" srcset=\"https:\/\/yesilcember.eu\/wp-content\/uploads\/2023\/06\/MG_5497-1024x683.jpg 1024w, https:\/\/yesilcember.eu\/wp-content\/uploads\/2023\/06\/MG_5497-300x200.jpg 300w, https:\/\/yesilcember.eu\/wp-content\/uploads\/2023\/06\/MG_5497-768x512.jpg 768w, https:\/\/yesilcember.eu\/wp-content\/uploads\/2023\/06\/MG_5497-1536x1024.jpg 1536w, https:\/\/yesilcember.eu\/wp-content\/uploads\/2023\/06\/MG_5497-2048x1365.jpg 2048w, https:\/\/yesilcember.eu\/wp-content\/uploads\/2023\/06\/MG_5497-700x467.jpg 700w\" sizes=\"(max-width: 1024px) 100vw, 1024px\" \/>\t\t\t\t\t\t\t\t\t\t\t\t\t\t\t<\/div>\n\t\t\t\t<\/div>\n\t\t\t\t\t<\/div>\n\t\t<\/div>\n\t\t\t\t<div class=\"elementor-column elementor-col-50 elementor-top-column elementor-element elementor-element-613e3dc\" data-id=\"613e3dc\" data-element_type=\"column\">\n\t\t\t<div class=\"elementor-widget-wrap elementor-element-populated\">\n\t\t\t\t\t\t<div class=\"elementor-element elementor-element-b87cfab elementor-widget elementor-widget-heading\" data-id=\"b87cfab\" data-element_type=\"widget\" data-widget_type=\"heading.default\">\n\t\t\t\t<div class=\"elementor-widget-container\">\n\t\t\t\t\t<h2 class=\"elementor-heading-title elementor-size-default\">9 May\u0131s Kotti Projesi Lansman Toplant\u0131s\u0131\n<\/h2>\t\t\t\t<\/div>\n\t\t\t\t<\/div>\n\t\t\t\t<div class=\"elementor-element elementor-element-388171a elementor-widget elementor-widget-spacer\" data-id=\"388171a\" data-element_type=\"widget\" data-widget_type=\"spacer.default\">\n\t\t\t\t<div class=\"elementor-widget-container\">\n\t\t\t\t\t\t\t<div class=\"elementor-spacer\">\n\t\t\t<div class=\"elementor-spacer-inner\"><\/div>\n\t\t<\/div>\n\t\t\t\t\t\t<\/div>\n\t\t\t\t<\/div>\n\t\t\t\t<div class=\"elementor-element elementor-element-dec37b8 elementor-widget elementor-widget-heading\" data-id=\"dec37b8\" data-element_type=\"widget\" data-widget_type=\"heading.default\">\n\t\t\t\t<div class=\"elementor-widget-container\">\n\t\t\t\t\t<h5 class=\"elementor-heading-title elementor-size-default\">9 May\u0131s tarihinde Kotti Projemizin lansman toplant\u0131s\u0131n\u0131 ger\u00e7ekle\u015ftirdik. Projemiz kapsam\u0131nda; Kotti-Kiez'de ya\u015fayanlar\u0131n maruz kald\u0131\u011f\u0131 g\u00fcr\u00fclt\u00fc kirlili\u011fi, hava kirlili\u011fi ve bunlara ek olarak kamusal alan\u0131n yo\u011fun bir \u015fekilde kirletilmesine kar\u015f\u0131 \u00e7evresel y\u00fck\u00fcn azalt\u0131lmas\u0131n\u0131 ve Kotti Mahallesi\u2019nde bulunanlar\u0131n bilin\u00e7lendirilmesini ama\u00e7l\u0131yoruz. \u00c7e\u015fitli interaktif etkinlikler (\u00f6rne\u011fin mahalle temizli\u011fi, at\u00f6lye \u00e7al\u0131\u015fmalar\u0131, mahalle y\u00fcr\u00fcy\u00fc\u015fleri, takas ve hediye pazar\u0131) d\u00fczenliyor ve \u00e7evre dan\u0131\u015fmanl\u0131\u011f\u0131 sunuyoruz. Ayr\u0131ca bir topluluk bah\u00e7esi kuruyoruz. \n\u0130lgi duyan, bize kat\u0131lmak isteyen herkes kotti@yesilcember.eu adresinden veya +49(0)178 67 46 077 telefon numaras\u0131ndan bize ula\u015fabilir.\n<\/h5>\t\t\t\t<\/div>\n\t\t\t\t<\/div>\n\t\t\t\t<div class=\"elementor-element elementor-element-8f071b0 elementor-widget elementor-widget-spacer\" data-id=\"8f071b0\" data-element_type=\"widget\" data-widget_type=\"spacer.default\">\n\t\t\t\t<div class=\"elementor-widget-container\">\n\t\t\t\t\t\t\t<div class=\"elementor-spacer\">\n\t\t\t<div class=\"elementor-spacer-inner\"><\/div>\n\t\t<\/div>\n\t\t\t\t\t\t<\/div>\n\t\t\t\t<\/div>\n\t\t\t\t\t<\/div>\n\t\t<\/div>\n\t\t\t\t\t<\/div>\n\t\t<\/section>\n\t\t\t\t<section class=\"elementor-section elementor-top-section elementor-element elementor-element-1b57e48 elementor-section-full_width elementor-section-content-middle qode_elementor_container_inner elementor-section-height-default elementor-section-height-default parallax_section_no\" data-id=\"1b57e48\" data-element_type=\"section\">\n\t\t\t\t\t\t<div class=\"elementor-container elementor-column-gap-default\">\n\t\t\t\t\t<div class=\"elementor-column elementor-col-50 elementor-top-column elementor-element elementor-element-ced6dfe\" data-id=\"ced6dfe\" data-element_type=\"column\">\n\t\t\t<div class=\"elementor-widget-wrap elementor-element-populated\">\n\t\t\t\t\t\t<div class=\"elementor-element elementor-element-ed9d297 elementor-widget elementor-widget-image\" data-id=\"ed9d297\" data-element_type=\"widget\" data-widget_type=\"image.default\">\n\t\t\t\t<div class=\"elementor-widget-container\">\n\t\t\t\t\t\t\t\t\t\t\t\t\t\t\t<img loading=\"lazy\" decoding=\"async\" width=\"1024\" height=\"768\" src=\"https:\/\/yesilcember.eu\/wp-content\/uploads\/2023\/06\/IMG_86081-1024x768.jpg\" class=\"attachment-large size-large wp-image-5281\" alt=\"\" srcset=\"https:\/\/yesilcember.eu\/wp-content\/uploads\/2023\/06\/IMG_86081-1024x768.jpg 1024w, https:\/\/yesilcember.eu\/wp-content\/uploads\/2023\/06\/IMG_86081-300x225.jpg 300w, https:\/\/yesilcember.eu\/wp-content\/uploads\/2023\/06\/IMG_86081-768x576.jpg 768w, https:\/\/yesilcember.eu\/wp-content\/uploads\/2023\/06\/IMG_86081-1536x1152.jpg 1536w, https:\/\/yesilcember.eu\/wp-content\/uploads\/2023\/06\/IMG_86081-2048x1536.jpg 2048w, https:\/\/yesilcember.eu\/wp-content\/uploads\/2023\/06\/IMG_86081-800x600.jpg 800w, https:\/\/yesilcember.eu\/wp-content\/uploads\/2023\/06\/IMG_86081-700x525.jpg 700w\" sizes=\"(max-width: 1024px) 100vw, 1024px\" \/>\t\t\t\t\t\t\t\t\t\t\t\t\t\t\t<\/div>\n\t\t\t\t<\/div>\n\t\t\t\t\t<\/div>\n\t\t<\/div>\n\t\t\t\t<div class=\"elementor-column elementor-col-50 elementor-top-column elementor-element elementor-element-127e960\" data-id=\"127e960\" data-element_type=\"column\">\n\t\t\t<div class=\"elementor-widget-wrap elementor-element-populated\">\n\t\t\t\t\t\t<div class=\"elementor-element elementor-element-ee3d7c2 elementor-widget elementor-widget-heading\" data-id=\"ee3d7c2\" data-element_type=\"widget\" data-widget_type=\"heading.default\">\n\t\t\t\t<div class=\"elementor-widget-container\">\n\t\t\t\t\t<h2 class=\"elementor-heading-title elementor-size-default\">3 May\u0131s IFOK\u2019la Beslenme At\u00f6lyesi<\/h2>\t\t\t\t<\/div>\n\t\t\t\t<\/div>\n\t\t\t\t<div class=\"elementor-element elementor-element-c0ca1f7 elementor-widget elementor-widget-spacer\" data-id=\"c0ca1f7\" data-element_type=\"widget\" data-widget_type=\"spacer.default\">\n\t\t\t\t<div class=\"elementor-widget-container\">\n\t\t\t\t\t\t\t<div class=\"elementor-spacer\">\n\t\t\t<div class=\"elementor-spacer-inner\"><\/div>\n\t\t<\/div>\n\t\t\t\t\t\t<\/div>\n\t\t\t\t<\/div>\n\t\t\t\t<div class=\"elementor-element elementor-element-bac3c8f elementor-widget elementor-widget-heading\" data-id=\"bac3c8f\" data-element_type=\"widget\" data-widget_type=\"heading.default\">\n\t\t\t\t<div class=\"elementor-widget-container\">\n\t\t\t\t\t<h5 class=\"elementor-heading-title elementor-size-default\">3 May\u0131s g\u00fcn\u00fc Nauener Platz\u2019daki Familienzentrumda IFOK ile beraber beraber b\u00fct\u00fcn beslenme al\u0131\u015fkanl\u0131klar\u0131m\u0131zla ilgili bir workshop d\u00fczenledik. Bilgilendirici sunumlar\u0131n ard\u0131ndan bitki bazl\u0131 yiyecek ve i\u00e7ecekleri tad\u0131mlad\u0131k ve asl\u0131nda bitki bazl\u0131 g\u0131dalar\u0131 t\u00fcketmeyi se\u00e7erek \u00e7evreye verdi\u011fimiz tahribat\u0131 azaltabilece\u011fimizi ve s\u00fcrd\u00fcr\u00fclebilir bir d\u00fcnya i\u00e7in k\u00fc\u00e7\u00fck ama olduk\u00e7a k\u0131ymetli bir ad\u0131m atabilece\u011fimizi tekrardan hat\u0131rlam\u0131\u015f, hat\u0131rlatm\u0131\u015f olduk. \n<\/h5>\t\t\t\t<\/div>\n\t\t\t\t<\/div>\n\t\t\t\t<div class=\"elementor-element elementor-element-c42a34f elementor-widget elementor-widget-spacer\" data-id=\"c42a34f\" data-element_type=\"widget\" data-widget_type=\"spacer.default\">\n\t\t\t\t<div class=\"elementor-widget-container\">\n\t\t\t\t\t\t\t<div class=\"elementor-spacer\">\n\t\t\t<div class=\"elementor-spacer-inner\"><\/div>\n\t\t<\/div>\n\t\t\t\t\t\t<\/div>\n\t\t\t\t<\/div>\n\t\t\t\t\t<\/div>\n\t\t<\/div>\n\t\t\t\t\t<\/div>\n\t\t<\/section>\n\t\t\t\t<section class=\"elementor-section elementor-top-section elementor-element elementor-element-5f844ff elementor-section-full_width elementor-section-content-middle qode_elementor_container_inner elementor-section-height-default elementor-section-height-default parallax_section_no\" data-id=\"5f844ff\" data-element_type=\"section\">\n\t\t\t\t\t\t<div class=\"elementor-container elementor-column-gap-default\">\n\t\t\t\t\t<div class=\"elementor-column elementor-col-50 elementor-top-column elementor-element elementor-element-e583635\" data-id=\"e583635\" data-element_type=\"column\">\n\t\t\t<div class=\"elementor-widget-wrap elementor-element-populated\">\n\t\t\t\t\t\t<div class=\"elementor-element elementor-element-c10bb03 elementor-widget elementor-widget-image\" data-id=\"c10bb03\" data-element_type=\"widget\" data-widget_type=\"image.default\">\n\t\t\t\t<div class=\"elementor-widget-container\">\n\t\t\t\t\t\t\t\t\t\t\t\t\t\t\t<img loading=\"lazy\" decoding=\"async\" width=\"768\" height=\"1024\" src=\"https:\/\/yesilcember.eu\/wp-content\/uploads\/2023\/06\/bsr1.jpeg\" class=\"attachment-large size-large wp-image-5278\" alt=\"\" srcset=\"https:\/\/yesilcember.eu\/wp-content\/uploads\/2023\/06\/bsr1.jpeg 768w, https:\/\/yesilcember.eu\/wp-content\/uploads\/2023\/06\/bsr1-225x300.jpeg 225w, https:\/\/yesilcember.eu\/wp-content\/uploads\/2023\/06\/bsr1-600x800.jpeg 600w, https:\/\/yesilcember.eu\/wp-content\/uploads\/2023\/06\/bsr1-700x933.jpeg 700w\" sizes=\"(max-width: 768px) 100vw, 768px\" \/>\t\t\t\t\t\t\t\t\t\t\t\t\t\t\t<\/div>\n\t\t\t\t<\/div>\n\t\t\t\t\t<\/div>\n\t\t<\/div>\n\t\t\t\t<div class=\"elementor-column elementor-col-50 elementor-top-column elementor-element elementor-element-adc9a8f\" data-id=\"adc9a8f\" data-element_type=\"column\">\n\t\t\t<div class=\"elementor-widget-wrap elementor-element-populated\">\n\t\t\t\t\t\t<div class=\"elementor-element elementor-element-8ae41de elementor-widget elementor-widget-heading\" data-id=\"8ae41de\" data-element_type=\"widget\" data-widget_type=\"heading.default\">\n\t\t\t\t<div class=\"elementor-widget-container\">\n\t\t\t\t\t<h2 class=\"elementor-heading-title elementor-size-default\">Mariannenplatz\u2019da BSR Mahalle G\u00fcn\u00fcne Kat\u0131ld\u0131k\n<\/h2>\t\t\t\t<\/div>\n\t\t\t\t<\/div>\n\t\t\t\t<div class=\"elementor-element elementor-element-5db2137 elementor-widget elementor-widget-spacer\" data-id=\"5db2137\" data-element_type=\"widget\" data-widget_type=\"spacer.default\">\n\t\t\t\t<div class=\"elementor-widget-container\">\n\t\t\t\t\t\t\t<div class=\"elementor-spacer\">\n\t\t\t<div class=\"elementor-spacer-inner\"><\/div>\n\t\t<\/div>\n\t\t\t\t\t\t<\/div>\n\t\t\t\t<\/div>\n\t\t\t\t<div class=\"elementor-element elementor-element-2218232 elementor-widget elementor-widget-heading\" data-id=\"2218232\" data-element_type=\"widget\" data-widget_type=\"heading.default\">\n\t\t\t\t<div class=\"elementor-widget-container\">\n\t\t\t\t\t<h5 class=\"elementor-heading-title elementor-size-default\">BSR Kieztag \u00e7evre dostu bir ya\u015fam tarz\u0131n\u0131 te\u015fvik etmek ve insanlar\u0131 at\u0131k y\u00f6netimi konular\u0131nda bilin\u00e7lendirme \u00fczerinde odaklan\u0131r. At\u0131k y\u00f6netimi hakk\u0131nda bilgiler verilirken ayn\u0131 zamanda geri d\u00f6n\u00fc\u015f\u00fcm ve \u00e7evre koruma konular\u0131nda da fark\u0131ndal\u0131k yaratmay\u0131 ama\u00e7lar.\nBizde bu ba\u011flamda Ye\u015fil\u00e7ember olarak 20 Nisan tarihinde Mariannenplatz\u2019da ger\u00e7ekle\u015ftirilen BSR Kieztag\u2019te yerimizi ald\u0131k. Geri d\u00f6n\u00fc\u015f\u00fcm ve at\u0131k y\u00f6netimi ile ilgili bilgilendirici i\u00e7erikler, e\u011flenceli quiz ve oyunlar ile harika ve verimli bir g\u00fcn ge\u00e7irdik.\n<\/h5>\t\t\t\t<\/div>\n\t\t\t\t<\/div>\n\t\t\t\t<div class=\"elementor-element elementor-element-3b19719 elementor-widget elementor-widget-spacer\" data-id=\"3b19719\" data-element_type=\"widget\" data-widget_type=\"spacer.default\">\n\t\t\t\t<div class=\"elementor-widget-container\">\n\t\t\t\t\t\t\t<div class=\"elementor-spacer\">\n\t\t\t<div class=\"elementor-spacer-inner\"><\/div>\n\t\t<\/div>\n\t\t\t\t\t\t<\/div>\n\t\t\t\t<\/div>\n\t\t\t\t\t<\/div>\n\t\t<\/div>\n\t\t\t\t\t<\/div>\n\t\t<\/section>\n\t\t\t\t<section class=\"elementor-section elementor-top-section elementor-element elementor-element-bb9f804 elementor-section-full_width elementor-section-content-middle qode_elementor_container_inner elementor-section-height-default elementor-section-height-default parallax_section_no\" data-id=\"bb9f804\" data-element_type=\"section\">\n\t\t\t\t\t\t<div class=\"elementor-container elementor-column-gap-default\">\n\t\t\t\t\t<div class=\"elementor-column elementor-col-50 elementor-top-column elementor-element elementor-element-d5c80bb\" data-id=\"d5c80bb\" data-element_type=\"column\">\n\t\t\t<div class=\"elementor-widget-wrap elementor-element-populated\">\n\t\t\t\t\t\t<div class=\"elementor-element elementor-element-fb92034 elementor-widget elementor-widget-image\" data-id=\"fb92034\" data-element_type=\"widget\" data-widget_type=\"image.default\">\n\t\t\t\t<div class=\"elementor-widget-container\">\n\t\t\t\t\t\t\t\t\t\t\t\t\t\t\t<img loading=\"lazy\" decoding=\"async\" width=\"819\" height=\"1024\" src=\"https:\/\/yesilcember.eu\/wp-content\/uploads\/2023\/04\/29.03-819x1024.jpeg\" class=\"attachment-large size-large wp-image-5067\" alt=\"\" srcset=\"https:\/\/yesilcember.eu\/wp-content\/uploads\/2023\/04\/29.03-819x1024.jpeg 819w, https:\/\/yesilcember.eu\/wp-content\/uploads\/2023\/04\/29.03-240x300.jpeg 240w, https:\/\/yesilcember.eu\/wp-content\/uploads\/2023\/04\/29.03-768x960.jpeg 768w, https:\/\/yesilcember.eu\/wp-content\/uploads\/2023\/04\/29.03-1229x1536.jpeg 1229w, https:\/\/yesilcember.eu\/wp-content\/uploads\/2023\/04\/29.03-700x875.jpeg 700w, https:\/\/yesilcember.eu\/wp-content\/uploads\/2023\/04\/29.03.jpeg 1280w\" sizes=\"(max-width: 819px) 100vw, 819px\" \/>\t\t\t\t\t\t\t\t\t\t\t\t\t\t\t<\/div>\n\t\t\t\t<\/div>\n\t\t\t\t\t<\/div>\n\t\t<\/div>\n\t\t\t\t<div class=\"elementor-column elementor-col-50 elementor-top-column elementor-element elementor-element-7c694ec\" data-id=\"7c694ec\" data-element_type=\"column\">\n\t\t\t<div class=\"elementor-widget-wrap elementor-element-populated\">\n\t\t\t\t\t\t<div class=\"elementor-element elementor-element-9f46506 elementor-widget elementor-widget-heading\" data-id=\"9f46506\" data-element_type=\"widget\" data-widget_type=\"heading.default\">\n\t\t\t\t<div class=\"elementor-widget-container\">\n\t\t\t\t\t<h2 class=\"elementor-heading-title elementor-size-default\">29 Mart \u00c7ar\u015famba Etkinli\u011fini D\u00fczenledik\n\n\n\n\n\n\n\n\n<\/h2>\t\t\t\t<\/div>\n\t\t\t\t<\/div>\n\t\t\t\t<div class=\"elementor-element elementor-element-be9b61b elementor-widget elementor-widget-spacer\" data-id=\"be9b61b\" data-element_type=\"widget\" data-widget_type=\"spacer.default\">\n\t\t\t\t<div class=\"elementor-widget-container\">\n\t\t\t\t\t\t\t<div class=\"elementor-spacer\">\n\t\t\t<div class=\"elementor-spacer-inner\"><\/div>\n\t\t<\/div>\n\t\t\t\t\t\t<\/div>\n\t\t\t\t<\/div>\n\t\t\t\t<div class=\"elementor-element elementor-element-6fc9153 elementor-widget elementor-widget-heading\" data-id=\"6fc9153\" data-element_type=\"widget\" data-widget_type=\"heading.default\">\n\t\t\t\t<div class=\"elementor-widget-container\">\n\t\t\t\t\t<h5 class=\"elementor-heading-title elementor-size-default\">29 Mart'ta, \"Sch\u00f6n wie wir\" projesinin \u00c7ar\u015famba etkinli\u011fi i\u00e7in ikinci kez Neuk\u00f6lln Belediye Binas\u0131 \u00f6n\u00fcndeydik. Bu sefer yan\u0131m\u0131zda \u00e7ocuklar i\u00e7in bir \u00e7\u00f6p yakalama oyunu da vard\u0131. Buna ek olarak, stand ziyaret\u00e7ilerimizi at\u0131k ayr\u0131\u015ft\u0131rma konusunda bilgilendirdik ve projenin \"Temiz Neuk\u00f6lln\" slogan\u0131 do\u011frultusunda Neuk\u00f6lln b\u00f6lgesinde yakla\u015fan hacimli at\u0131k pazarlar\u0131 hakk\u0131nda bilgi verdik.  \"Sch\u00f6n wie wir \"den gelen g\u00fczel hediyeler de yine \u00e7ok sevildi.\n<\/h5>\t\t\t\t<\/div>\n\t\t\t\t<\/div>\n\t\t\t\t<div class=\"elementor-element elementor-element-74b7afd elementor-widget elementor-widget-spacer\" data-id=\"74b7afd\" data-element_type=\"widget\" data-widget_type=\"spacer.default\">\n\t\t\t\t<div class=\"elementor-widget-container\">\n\t\t\t\t\t\t\t<div class=\"elementor-spacer\">\n\t\t\t<div class=\"elementor-spacer-inner\"><\/div>\n\t\t<\/div>\n\t\t\t\t\t\t<\/div>\n\t\t\t\t<\/div>\n\t\t\t\t\t<\/div>\n\t\t<\/div>\n\t\t\t\t\t<\/div>\n\t\t<\/section>\n\t\t\t\t<section class=\"elementor-section elementor-top-section elementor-element elementor-element-2657deb elementor-section-full_width elementor-section-content-middle qode_elementor_container_inner elementor-section-height-default elementor-section-height-default parallax_section_no\" data-id=\"2657deb\" data-element_type=\"section\">\n\t\t\t\t\t\t<div class=\"elementor-container elementor-column-gap-default\">\n\t\t\t\t\t<div class=\"elementor-column elementor-col-50 elementor-top-column elementor-element elementor-element-7483102\" data-id=\"7483102\" data-element_type=\"column\">\n\t\t\t<div class=\"elementor-widget-wrap elementor-element-populated\">\n\t\t\t\t\t\t<div class=\"elementor-element elementor-element-fa9b30e elementor-widget elementor-widget-image\" data-id=\"fa9b30e\" data-element_type=\"widget\" data-widget_type=\"image.default\">\n\t\t\t\t<div class=\"elementor-widget-container\">\n\t\t\t\t\t\t\t\t\t\t\t\t\t\t\t<img loading=\"lazy\" decoding=\"async\" width=\"1024\" height=\"576\" src=\"https:\/\/yesilcember.eu\/wp-content\/uploads\/2023\/04\/JA1-1024x576.jpeg\" class=\"attachment-large size-large wp-image-5060\" alt=\"\" srcset=\"https:\/\/yesilcember.eu\/wp-content\/uploads\/2023\/04\/JA1-1024x576.jpeg 1024w, https:\/\/yesilcember.eu\/wp-content\/uploads\/2023\/04\/JA1-300x169.jpeg 300w, https:\/\/yesilcember.eu\/wp-content\/uploads\/2023\/04\/JA1-768x432.jpeg 768w, https:\/\/yesilcember.eu\/wp-content\/uploads\/2023\/04\/JA1-1536x864.jpeg 1536w, https:\/\/yesilcember.eu\/wp-content\/uploads\/2023\/04\/JA1-700x394.jpeg 700w, https:\/\/yesilcember.eu\/wp-content\/uploads\/2023\/04\/JA1-539x303.jpeg 539w, https:\/\/yesilcember.eu\/wp-content\/uploads\/2023\/04\/JA1.jpeg 1599w\" sizes=\"(max-width: 1024px) 100vw, 1024px\" \/>\t\t\t\t\t\t\t\t\t\t\t\t\t\t\t<\/div>\n\t\t\t\t<\/div>\n\t\t\t\t\t<\/div>\n\t\t<\/div>\n\t\t\t\t<div class=\"elementor-column elementor-col-50 elementor-top-column elementor-element elementor-element-58c98a4\" data-id=\"58c98a4\" data-element_type=\"column\">\n\t\t\t<div class=\"elementor-widget-wrap elementor-element-populated\">\n\t\t\t\t\t\t<div class=\"elementor-element elementor-element-d624685 elementor-widget elementor-widget-heading\" data-id=\"d624685\" data-element_type=\"widget\" data-widget_type=\"heading.default\">\n\t\t\t\t<div class=\"elementor-widget-container\">\n\t\t\t\t\t<h2 class=\"elementor-heading-title elementor-size-default\">25 Mart Brandenburger Tor Climate Aid Etkinli\u011finde Yer Ald\u0131k\n\n\n\n\n\n\n\n\n<\/h2>\t\t\t\t<\/div>\n\t\t\t\t<\/div>\n\t\t\t\t<div class=\"elementor-element elementor-element-29a1698 elementor-widget elementor-widget-spacer\" data-id=\"29a1698\" data-element_type=\"widget\" data-widget_type=\"spacer.default\">\n\t\t\t\t<div class=\"elementor-widget-container\">\n\t\t\t\t\t\t\t<div class=\"elementor-spacer\">\n\t\t\t<div class=\"elementor-spacer-inner\"><\/div>\n\t\t<\/div>\n\t\t\t\t\t\t<\/div>\n\t\t\t\t<\/div>\n\t\t\t\t<div class=\"elementor-element elementor-element-635d176 elementor-widget elementor-widget-heading\" data-id=\"635d176\" data-element_type=\"widget\" data-widget_type=\"heading.default\">\n\t\t\t\t<div class=\"elementor-widget-container\">\n\t\t\t\t\t<h5 class=\"elementor-heading-title elementor-size-default\">26 Mart tarihinde yap\u0131lan halk oylamas\u0131 \u00f6ncesinde Brandenburger Tor\u2019da yap\u0131lan Climate Aid etkinli\u011finde Ye\u015fil \u00c7ember proje g\u00f6revlisi Anne Strieder de bir konu\u015fma yapt\u0131 ve \u015fehirlerde ya\u015fayan insanlar\u0131n klima krizinden en \u00e7ok etkilenen kesim oldu\u011funu anlatt\u0131.\n<\/h5>\t\t\t\t<\/div>\n\t\t\t\t<\/div>\n\t\t\t\t<div class=\"elementor-element elementor-element-7674add elementor-widget elementor-widget-spacer\" data-id=\"7674add\" data-element_type=\"widget\" data-widget_type=\"spacer.default\">\n\t\t\t\t<div class=\"elementor-widget-container\">\n\t\t\t\t\t\t\t<div class=\"elementor-spacer\">\n\t\t\t<div class=\"elementor-spacer-inner\"><\/div>\n\t\t<\/div>\n\t\t\t\t\t\t<\/div>\n\t\t\t\t<\/div>\n\t\t\t\t\t<\/div>\n\t\t<\/div>\n\t\t\t\t\t<\/div>\n\t\t<\/section>\n\t\t\t\t<section class=\"elementor-section elementor-top-section elementor-element elementor-element-409d522 elementor-section-full_width elementor-section-content-middle qode_elementor_container_inner elementor-section-height-default elementor-section-height-default parallax_section_no\" data-id=\"409d522\" data-element_type=\"section\">\n\t\t\t\t\t\t<div class=\"elementor-container elementor-column-gap-default\">\n\t\t\t\t\t<div class=\"elementor-column elementor-col-50 elementor-top-column elementor-element elementor-element-73c036a\" data-id=\"73c036a\" data-element_type=\"column\">\n\t\t\t<div class=\"elementor-widget-wrap elementor-element-populated\">\n\t\t\t\t\t\t<div class=\"elementor-element elementor-element-173faea elementor-widget elementor-widget-image\" data-id=\"173faea\" data-element_type=\"widget\" data-widget_type=\"image.default\">\n\t\t\t\t<div class=\"elementor-widget-container\">\n\t\t\t\t\t\t\t\t\t\t\t\t\t\t\t<img loading=\"lazy\" decoding=\"async\" width=\"768\" height=\"1024\" src=\"https:\/\/yesilcember.eu\/wp-content\/uploads\/2023\/04\/Buchow-768x1024.jpeg\" class=\"attachment-large size-large wp-image-5054\" alt=\"\" srcset=\"https:\/\/yesilcember.eu\/wp-content\/uploads\/2023\/04\/Buchow-768x1024.jpeg 768w, https:\/\/yesilcember.eu\/wp-content\/uploads\/2023\/04\/Buchow-225x300.jpeg 225w, https:\/\/yesilcember.eu\/wp-content\/uploads\/2023\/04\/Buchow-1152x1536.jpeg 1152w, https:\/\/yesilcember.eu\/wp-content\/uploads\/2023\/04\/Buchow-600x800.jpeg 600w, https:\/\/yesilcember.eu\/wp-content\/uploads\/2023\/04\/Buchow-700x933.jpeg 700w, https:\/\/yesilcember.eu\/wp-content\/uploads\/2023\/04\/Buchow.jpeg 1536w\" sizes=\"(max-width: 768px) 100vw, 768px\" \/>\t\t\t\t\t\t\t\t\t\t\t\t\t\t\t<\/div>\n\t\t\t\t<\/div>\n\t\t\t\t\t<\/div>\n\t\t<\/div>\n\t\t\t\t<div class=\"elementor-column elementor-col-50 elementor-top-column elementor-element elementor-element-ffe0971\" data-id=\"ffe0971\" data-element_type=\"column\">\n\t\t\t<div class=\"elementor-widget-wrap elementor-element-populated\">\n\t\t\t\t\t\t<div class=\"elementor-element elementor-element-9659f00 elementor-widget elementor-widget-heading\" data-id=\"9659f00\" data-element_type=\"widget\" data-widget_type=\"heading.default\">\n\t\t\t\t<div class=\"elementor-widget-container\">\n\t\t\t\t\t<h2 class=\"elementor-heading-title elementor-size-default\">Buchow\u2019daki Hacimli At\u0131k Pazar\u0131ndayd\u0131k\n\n\n\n\n\n\n\n<\/h2>\t\t\t\t<\/div>\n\t\t\t\t<\/div>\n\t\t\t\t<div class=\"elementor-element elementor-element-1d973a3 elementor-widget elementor-widget-spacer\" data-id=\"1d973a3\" data-element_type=\"widget\" data-widget_type=\"spacer.default\">\n\t\t\t\t<div class=\"elementor-widget-container\">\n\t\t\t\t\t\t\t<div class=\"elementor-spacer\">\n\t\t\t<div class=\"elementor-spacer-inner\"><\/div>\n\t\t<\/div>\n\t\t\t\t\t\t<\/div>\n\t\t\t\t<\/div>\n\t\t\t\t<div class=\"elementor-element elementor-element-83ea225 elementor-widget elementor-widget-heading\" data-id=\"83ea225\" data-element_type=\"widget\" data-widget_type=\"heading.default\">\n\t\t\t\t<div class=\"elementor-widget-container\">\n\t\t\t\t\t<h5 class=\"elementor-heading-title elementor-size-default\">17 Mart Cuma g\u00fcn\u00fc Buchow\u2019da Sch\u00f6nwiewir projesi kapsam\u0131nda BSR i\u015fbirli\u011fi ile Buchow\u2019da hacimli at\u0131k pazar\u0131ndayd\u0131k. Mahalle sakinlerinin evlerindeki hacimli at\u0131klar\u0131 getirip b\u0131rakabildikleri, ayn\u0131 zamanda da e\u015fya de\u011fi\u015f toku\u015fu yapabildikleri bu bulu\u015fmada biz de Ye\u015fil \u00c7ember olarak Sch\u00f6nwiewir stand\u0131nda yerimizi ald\u0131k, gelen ziyaret\u00e7ilere temiz Neuk\u00f6lln projemizi anlatt\u0131k ve yeniden kullan\u0131labilir bardaklardan hediye ettik.\n<\/h5>\t\t\t\t<\/div>\n\t\t\t\t<\/div>\n\t\t\t\t<div class=\"elementor-element elementor-element-4367f10 elementor-widget elementor-widget-spacer\" data-id=\"4367f10\" data-element_type=\"widget\" data-widget_type=\"spacer.default\">\n\t\t\t\t<div class=\"elementor-widget-container\">\n\t\t\t\t\t\t\t<div class=\"elementor-spacer\">\n\t\t\t<div class=\"elementor-spacer-inner\"><\/div>\n\t\t<\/div>\n\t\t\t\t\t\t<\/div>\n\t\t\t\t<\/div>\n\t\t\t\t\t<\/div>\n\t\t<\/div>\n\t\t\t\t\t<\/div>\n\t\t<\/section>\n\t\t\t\t<section class=\"elementor-section elementor-top-section elementor-element elementor-element-f3e29f9 elementor-section-full_width elementor-section-content-middle qode_elementor_container_inner elementor-section-height-default elementor-section-height-default parallax_section_no\" data-id=\"f3e29f9\" data-element_type=\"section\">\n\t\t\t\t\t\t<div class=\"elementor-container elementor-column-gap-default\">\n\t\t\t\t\t<div class=\"elementor-column elementor-col-50 elementor-top-column elementor-element elementor-element-ac59fc8\" data-id=\"ac59fc8\" data-element_type=\"column\">\n\t\t\t<div class=\"elementor-widget-wrap elementor-element-populated\">\n\t\t\t\t\t\t<div class=\"elementor-element elementor-element-80a6e2c elementor-widget elementor-widget-image\" data-id=\"80a6e2c\" data-element_type=\"widget\" data-widget_type=\"image.default\">\n\t\t\t\t<div class=\"elementor-widget-container\">\n\t\t\t\t\t\t\t\t\t\t\t\t\t\t\t<img loading=\"lazy\" decoding=\"async\" width=\"768\" height=\"1024\" src=\"https:\/\/yesilcember.eu\/wp-content\/uploads\/2023\/04\/15.03.Mittwochaktion-768x1024.jpeg\" class=\"attachment-large size-large wp-image-5048\" alt=\"\" srcset=\"https:\/\/yesilcember.eu\/wp-content\/uploads\/2023\/04\/15.03.Mittwochaktion-768x1024.jpeg 768w, https:\/\/yesilcember.eu\/wp-content\/uploads\/2023\/04\/15.03.Mittwochaktion-225x300.jpeg 225w, https:\/\/yesilcember.eu\/wp-content\/uploads\/2023\/04\/15.03.Mittwochaktion-1152x1536.jpeg 1152w, https:\/\/yesilcember.eu\/wp-content\/uploads\/2023\/04\/15.03.Mittwochaktion-600x800.jpeg 600w, https:\/\/yesilcember.eu\/wp-content\/uploads\/2023\/04\/15.03.Mittwochaktion-700x933.jpeg 700w, https:\/\/yesilcember.eu\/wp-content\/uploads\/2023\/04\/15.03.Mittwochaktion.jpeg 1536w\" sizes=\"(max-width: 768px) 100vw, 768px\" \/>\t\t\t\t\t\t\t\t\t\t\t\t\t\t\t<\/div>\n\t\t\t\t<\/div>\n\t\t\t\t\t<\/div>\n\t\t<\/div>\n\t\t\t\t<div class=\"elementor-column elementor-col-50 elementor-top-column elementor-element elementor-element-8faf6ba\" data-id=\"8faf6ba\" data-element_type=\"column\">\n\t\t\t<div class=\"elementor-widget-wrap elementor-element-populated\">\n\t\t\t\t\t\t<div class=\"elementor-element elementor-element-adc894f elementor-widget elementor-widget-heading\" data-id=\"adc894f\" data-element_type=\"widget\" data-widget_type=\"heading.default\">\n\t\t\t\t<div class=\"elementor-widget-container\">\n\t\t\t\t\t<h2 class=\"elementor-heading-title elementor-size-default\">\u00c7ar\u015famba Etkinlikleri Ba\u015flad\u0131\n\n\n\n\n\n\n\n<\/h2>\t\t\t\t<\/div>\n\t\t\t\t<\/div>\n\t\t\t\t<div class=\"elementor-element elementor-element-f364816 elementor-widget elementor-widget-spacer\" data-id=\"f364816\" data-element_type=\"widget\" data-widget_type=\"spacer.default\">\n\t\t\t\t<div class=\"elementor-widget-container\">\n\t\t\t\t\t\t\t<div class=\"elementor-spacer\">\n\t\t\t<div class=\"elementor-spacer-inner\"><\/div>\n\t\t<\/div>\n\t\t\t\t\t\t<\/div>\n\t\t\t\t<\/div>\n\t\t\t\t<div class=\"elementor-element elementor-element-af61715 elementor-widget elementor-widget-heading\" data-id=\"af61715\" data-element_type=\"widget\" data-widget_type=\"heading.default\">\n\t\t\t\t<div class=\"elementor-widget-container\">\n\t\t\t\t\t<h5 class=\"elementor-heading-title elementor-size-default\">\u201cSch\u00f6n wie wir\u201d projesi kapsam\u0131nda her ay iki defa ger\u00e7ekle\u015ftirece\u011fimiz \u00e7ar\u015famba aksiyonlar\u0131n\u0131n ilkini 15 Mart tarihinde Rathaus Neuk\u00f6lln \u00f6n\u00fcnde ger\u00e7ekle\u015ftirdik. Temiz Neuk\u00f6lln mottosu ile yola \u00e7\u0131k\u0131lan bu proje gere\u011fince stand\u0131m\u0131zdaki ziyaret\u00e7ilere \u00e7\u00f6plerin ayr\u0131lmas\u0131 hakk\u0131nda bilgiler verdik, Neuk\u00f6lln b\u00f6lgesinde \u00f6n\u00fcm\u00fczdeki d\u00f6nem yap\u0131lacak olan hacimli at\u0131k pazarlar\u0131ndan bahsettik. Ayr\u0131ca Sch\u00f6nwiewir\u2019in yapt\u0131rd\u0131\u011f\u0131 birbirinden g\u00fczel hediyeleri da\u011f\u0131tt\u0131k.\n<\/h5>\t\t\t\t<\/div>\n\t\t\t\t<\/div>\n\t\t\t\t<div class=\"elementor-element elementor-element-6e21833 elementor-widget elementor-widget-spacer\" data-id=\"6e21833\" data-element_type=\"widget\" data-widget_type=\"spacer.default\">\n\t\t\t\t<div class=\"elementor-widget-container\">\n\t\t\t\t\t\t\t<div class=\"elementor-spacer\">\n\t\t\t<div class=\"elementor-spacer-inner\"><\/div>\n\t\t<\/div>\n\t\t\t\t\t\t<\/div>\n\t\t\t\t<\/div>\n\t\t\t\t\t<\/div>\n\t\t<\/div>\n\t\t\t\t\t<\/div>\n\t\t<\/section>\n\t\t\t\t<section class=\"elementor-section elementor-top-section elementor-element elementor-element-eb59ddc elementor-section-full_width elementor-section-content-middle qode_elementor_container_inner elementor-section-height-default elementor-section-height-default parallax_section_no\" data-id=\"eb59ddc\" data-element_type=\"section\">\n\t\t\t\t\t\t<div class=\"elementor-container elementor-column-gap-default\">\n\t\t\t\t\t<div class=\"elementor-column elementor-col-50 elementor-top-column elementor-element elementor-element-ceab210\" data-id=\"ceab210\" data-element_type=\"column\">\n\t\t\t<div class=\"elementor-widget-wrap elementor-element-populated\">\n\t\t\t\t\t\t<div class=\"elementor-element elementor-element-ff0bae1 elementor-widget elementor-widget-image\" data-id=\"ff0bae1\" data-element_type=\"widget\" data-widget_type=\"image.default\">\n\t\t\t\t<div class=\"elementor-widget-container\">\n\t\t\t\t\t\t\t\t\t\t\t\t\t\t\t<img loading=\"lazy\" decoding=\"async\" width=\"960\" height=\"1024\" src=\"https:\/\/yesilcember.eu\/wp-content\/uploads\/2023\/04\/alkali-960x1024.jpg\" class=\"attachment-large size-large wp-image-5041\" alt=\"\" srcset=\"https:\/\/yesilcember.eu\/wp-content\/uploads\/2023\/04\/alkali-960x1024.jpg 960w, https:\/\/yesilcember.eu\/wp-content\/uploads\/2023\/04\/alkali-281x300.jpg 281w, https:\/\/yesilcember.eu\/wp-content\/uploads\/2023\/04\/alkali-768x819.jpg 768w, https:\/\/yesilcember.eu\/wp-content\/uploads\/2023\/04\/alkali-1440x1536.jpg 1440w, https:\/\/yesilcember.eu\/wp-content\/uploads\/2023\/04\/alkali-1919x2048.jpg 1919w, https:\/\/yesilcember.eu\/wp-content\/uploads\/2023\/04\/alkali-700x747.jpg 700w\" sizes=\"(max-width: 960px) 100vw, 960px\" \/>\t\t\t\t\t\t\t\t\t\t\t\t\t\t\t<\/div>\n\t\t\t\t<\/div>\n\t\t\t\t\t<\/div>\n\t\t<\/div>\n\t\t\t\t<div class=\"elementor-column elementor-col-50 elementor-top-column elementor-element elementor-element-a798656\" data-id=\"a798656\" data-element_type=\"column\">\n\t\t\t<div class=\"elementor-widget-wrap elementor-element-populated\">\n\t\t\t\t\t\t<div class=\"elementor-element elementor-element-ba914d2 elementor-widget elementor-widget-heading\" data-id=\"ba914d2\" data-element_type=\"widget\" data-widget_type=\"heading.default\">\n\t\t\t\t<div class=\"elementor-widget-container\">\n\t\t\t\t\t<h2 class=\"elementor-heading-title elementor-size-default\">\u015eaduman Karaca ile Alkali Beslenme E\u011fitimi\n\n\n\n\n\n\n\n\n<\/h2>\t\t\t\t<\/div>\n\t\t\t\t<\/div>\n\t\t\t\t<div class=\"elementor-element elementor-element-c79db95 elementor-widget elementor-widget-spacer\" data-id=\"c79db95\" data-element_type=\"widget\" data-widget_type=\"spacer.default\">\n\t\t\t\t<div class=\"elementor-widget-container\">\n\t\t\t\t\t\t\t<div class=\"elementor-spacer\">\n\t\t\t<div class=\"elementor-spacer-inner\"><\/div>\n\t\t<\/div>\n\t\t\t\t\t\t<\/div>\n\t\t\t\t<\/div>\n\t\t\t\t<div class=\"elementor-element elementor-element-691fce6 elementor-widget elementor-widget-heading\" data-id=\"691fce6\" data-element_type=\"widget\" data-widget_type=\"heading.default\">\n\t\t\t\t<div class=\"elementor-widget-container\">\n\t\t\t\t\t<h5 class=\"elementor-heading-title elementor-size-default\">25 \u015eubat tarihinde Markthalle 9 Kantine Zukunft\u2019ta do\u011fal t\u0131p uzman\u0131, fitoterapist \u015eaduman Karaca ile birlikte alkali beslenmenin inceliklerini, v\u00fccuttaki asidik at\u0131klar\u0131n azalt\u0131lmas\u0131 ve kan pH seviyelerinin dengelenmesi i\u00e7in alkali g\u0131dalar t\u00fcketmenin \u00f6nemini \u00f6\u011frendik. M\u00fcthi\u015f bir enerjiyle ger\u00e7ekle\u015fen bu g\u00fczel e\u011fitimin ard\u0131ndan taze meyve ve sebzeler, filizlendirilmi\u015f tah\u0131llar ile sa\u011fl\u0131kl\u0131 ya\u011flar kullanarak harika yemekler yapt\u0131k.\n<\/h5>\t\t\t\t<\/div>\n\t\t\t\t<\/div>\n\t\t\t\t<div class=\"elementor-element elementor-element-51d06d3 elementor-widget elementor-widget-spacer\" data-id=\"51d06d3\" data-element_type=\"widget\" data-widget_type=\"spacer.default\">\n\t\t\t\t<div class=\"elementor-widget-container\">\n\t\t\t\t\t\t\t<div class=\"elementor-spacer\">\n\t\t\t<div class=\"elementor-spacer-inner\"><\/div>\n\t\t<\/div>\n\t\t\t\t\t\t<\/div>\n\t\t\t\t<\/div>\n\t\t\t\t\t<\/div>\n\t\t<\/div>\n\t\t\t\t\t<\/div>\n\t\t<\/section>\n\t\t\t\t<section class=\"elementor-section elementor-top-section elementor-element elementor-element-c5dab08 elementor-section-full_width elementor-section-content-middle qode_elementor_container_inner elementor-section-height-default elementor-section-height-default parallax_section_no\" data-id=\"c5dab08\" data-element_type=\"section\">\n\t\t\t\t\t\t<div class=\"elementor-container elementor-column-gap-default\">\n\t\t\t\t\t<div class=\"elementor-column elementor-col-50 elementor-top-column elementor-element elementor-element-18a76d2\" data-id=\"18a76d2\" data-element_type=\"column\">\n\t\t\t<div class=\"elementor-widget-wrap elementor-element-populated\">\n\t\t\t\t\t\t<div class=\"elementor-element elementor-element-11afb73 elementor-widget elementor-widget-image\" data-id=\"11afb73\" data-element_type=\"widget\" data-widget_type=\"image.default\">\n\t\t\t\t<div class=\"elementor-widget-container\">\n\t\t\t\t\t\t\t\t\t\t\t\t\t\t\t<img loading=\"lazy\" decoding=\"async\" width=\"1024\" height=\"683\" src=\"https:\/\/yesilcember.eu\/wp-content\/uploads\/2023\/03\/FermentationRootsradicals-1024x683.jpg\" class=\"attachment-large size-large wp-image-4921\" alt=\"\" srcset=\"https:\/\/yesilcember.eu\/wp-content\/uploads\/2023\/03\/FermentationRootsradicals-1024x683.jpg 1024w, https:\/\/yesilcember.eu\/wp-content\/uploads\/2023\/03\/FermentationRootsradicals-300x200.jpg 300w, https:\/\/yesilcember.eu\/wp-content\/uploads\/2023\/03\/FermentationRootsradicals-768x512.jpg 768w, https:\/\/yesilcember.eu\/wp-content\/uploads\/2023\/03\/FermentationRootsradicals-1536x1025.jpg 1536w, https:\/\/yesilcember.eu\/wp-content\/uploads\/2023\/03\/FermentationRootsradicals-2048x1367.jpg 2048w, https:\/\/yesilcember.eu\/wp-content\/uploads\/2023\/03\/FermentationRootsradicals-700x467.jpg 700w\" sizes=\"(max-width: 1024px) 100vw, 1024px\" \/>\t\t\t\t\t\t\t\t\t\t\t\t\t\t\t<\/div>\n\t\t\t\t<\/div>\n\t\t\t\t\t<\/div>\n\t\t<\/div>\n\t\t\t\t<div class=\"elementor-column elementor-col-50 elementor-top-column elementor-element elementor-element-8668b15\" data-id=\"8668b15\" data-element_type=\"column\">\n\t\t\t<div class=\"elementor-widget-wrap elementor-element-populated\">\n\t\t\t\t\t\t<div class=\"elementor-element elementor-element-0e8ffaa elementor-widget elementor-widget-heading\" data-id=\"0e8ffaa\" data-element_type=\"widget\" data-widget_type=\"heading.default\">\n\t\t\t\t<div class=\"elementor-widget-container\">\n\t\t\t\t\t<h2 class=\"elementor-heading-title elementor-size-default\">G\u00f6n\u00fcll\u00fclerimizle Tur\u015fu Yapt\u0131k\n\n\n\n\n\n\n\n<\/h2>\t\t\t\t<\/div>\n\t\t\t\t<\/div>\n\t\t\t\t<div class=\"elementor-element elementor-element-b4aadb0 elementor-widget elementor-widget-spacer\" data-id=\"b4aadb0\" data-element_type=\"widget\" data-widget_type=\"spacer.default\">\n\t\t\t\t<div class=\"elementor-widget-container\">\n\t\t\t\t\t\t\t<div class=\"elementor-spacer\">\n\t\t\t<div class=\"elementor-spacer-inner\"><\/div>\n\t\t<\/div>\n\t\t\t\t\t\t<\/div>\n\t\t\t\t<\/div>\n\t\t\t\t<div class=\"elementor-element elementor-element-368ce56 elementor-widget elementor-widget-heading\" data-id=\"368ce56\" data-element_type=\"widget\" data-widget_type=\"heading.default\">\n\t\t\t\t<div class=\"elementor-widget-container\">\n\t\t\t\t\t<h5 class=\"elementor-heading-title elementor-size-default\">17 \u015eubat Cuma g\u00fcn\u00fc Roots Radikals\u2019den Mia Mancini ile yapt\u0131\u011f\u0131m\u0131z Workshop\u2019ta g\u00f6n\u00fcll\u00fclerimizle birlikte nas\u0131l tur\u015fu yap\u0131laca\u011f\u0131n\u0131 ve bunun yan\u0131nda fermente \u00fcr\u00fcnler elde ederken nelere dikkat etmemiz gerekti\u011fini \u00f6\u011frendik.\n\n\u0130ngilizce yap\u0131lan ve T\u00fcrk\u00e7e simultane \u00e7eviri ile destekledi\u011fimiz etkinli\u011fimizde Roots Radicals taraf\u0131ndan sa\u011flanan malzemelerle g\u00f6n\u00fcll\u00fclerimiz kendi evinde \u00fcretebilecekleri tur\u015fular\u0131 haz\u0131rlamay\u0131 \u00f6\u011frendi. E\u011fer sen de bu tip etkinliklerimizden haberdar olmak istiyorsan sosyal medya hesaplar\u0131m\u0131z\u0131 takip edebilirsin.\n<\/h5>\t\t\t\t<\/div>\n\t\t\t\t<\/div>\n\t\t\t\t<div class=\"elementor-element elementor-element-05492a4 elementor-widget elementor-widget-spacer\" data-id=\"05492a4\" data-element_type=\"widget\" data-widget_type=\"spacer.default\">\n\t\t\t\t<div class=\"elementor-widget-container\">\n\t\t\t\t\t\t\t<div class=\"elementor-spacer\">\n\t\t\t<div class=\"elementor-spacer-inner\"><\/div>\n\t\t<\/div>\n\t\t\t\t\t\t<\/div>\n\t\t\t\t<\/div>\n\t\t\t\t\t<\/div>\n\t\t<\/div>\n\t\t\t\t\t<\/div>\n\t\t<\/section>\n\t\t\t\t<section class=\"elementor-section elementor-top-section elementor-element elementor-element-86c5021 elementor-section-full_width elementor-section-content-middle qode_elementor_container_inner elementor-section-height-default elementor-section-height-default parallax_section_no\" data-id=\"86c5021\" data-element_type=\"section\">\n\t\t\t\t\t\t<div class=\"elementor-container elementor-column-gap-default\">\n\t\t\t\t\t<div class=\"elementor-column elementor-col-50 elementor-top-column elementor-element elementor-element-aaf41f8\" data-id=\"aaf41f8\" data-element_type=\"column\">\n\t\t\t<div class=\"elementor-widget-wrap elementor-element-populated\">\n\t\t\t\t\t\t<div class=\"elementor-element elementor-element-6ae1ca8 elementor-widget elementor-widget-image\" data-id=\"6ae1ca8\" data-element_type=\"widget\" data-widget_type=\"image.default\">\n\t\t\t\t<div class=\"elementor-widget-container\">\n\t\t\t\t\t\t\t\t\t\t\t\t\t\t\t<img loading=\"lazy\" decoding=\"async\" width=\"1024\" height=\"768\" src=\"https:\/\/yesilcember.eu\/wp-content\/uploads\/2023\/02\/IGW-1024x768.jpeg\" class=\"attachment-large size-large wp-image-4785\" alt=\"\" srcset=\"https:\/\/yesilcember.eu\/wp-content\/uploads\/2023\/02\/IGW-1024x768.jpeg 1024w, https:\/\/yesilcember.eu\/wp-content\/uploads\/2023\/02\/IGW-300x225.jpeg 300w, https:\/\/yesilcember.eu\/wp-content\/uploads\/2023\/02\/IGW-768x576.jpeg 768w, https:\/\/yesilcember.eu\/wp-content\/uploads\/2023\/02\/IGW-1536x1152.jpeg 1536w, https:\/\/yesilcember.eu\/wp-content\/uploads\/2023\/02\/IGW-800x600.jpeg 800w, https:\/\/yesilcember.eu\/wp-content\/uploads\/2023\/02\/IGW-700x525.jpeg 700w, https:\/\/yesilcember.eu\/wp-content\/uploads\/2023\/02\/IGW.jpeg 1600w\" sizes=\"(max-width: 1024px) 100vw, 1024px\" \/>\t\t\t\t\t\t\t\t\t\t\t\t\t\t\t<\/div>\n\t\t\t\t<\/div>\n\t\t\t\t\t<\/div>\n\t\t<\/div>\n\t\t\t\t<div class=\"elementor-column elementor-col-50 elementor-top-column elementor-element elementor-element-b5860ce\" data-id=\"b5860ce\" data-element_type=\"column\">\n\t\t\t<div class=\"elementor-widget-wrap elementor-element-populated\">\n\t\t\t\t\t\t<div class=\"elementor-element elementor-element-81566eb elementor-widget elementor-widget-heading\" data-id=\"81566eb\" data-element_type=\"widget\" data-widget_type=\"heading.default\">\n\t\t\t\t<div class=\"elementor-widget-container\">\n\t\t\t\t\t<h2 class=\"elementor-heading-title elementor-size-default\">Uluslararas\u0131 Ye\u015fil Hafta Fuar\u0131nda, \u00c7evre M\u00fcsta\u015far\u0131 ile Yemek Yapt\u0131k \n\n\n\n\n\n\n<\/h2>\t\t\t\t<\/div>\n\t\t\t\t<\/div>\n\t\t\t\t<div class=\"elementor-element elementor-element-6a7a4cb elementor-widget elementor-widget-spacer\" data-id=\"6a7a4cb\" data-element_type=\"widget\" data-widget_type=\"spacer.default\">\n\t\t\t\t<div class=\"elementor-widget-container\">\n\t\t\t\t\t\t\t<div class=\"elementor-spacer\">\n\t\t\t<div class=\"elementor-spacer-inner\"><\/div>\n\t\t<\/div>\n\t\t\t\t\t\t<\/div>\n\t\t\t\t<\/div>\n\t\t\t\t<div class=\"elementor-element elementor-element-a57a8e9 elementor-widget elementor-widget-heading\" data-id=\"a57a8e9\" data-element_type=\"widget\" data-widget_type=\"heading.default\">\n\t\t\t\t<div class=\"elementor-widget-container\">\n\t\t\t\t\t<h5 class=\"elementor-heading-title elementor-size-default\">Berlin`de her y\u0131l ger\u00e7ekle\u015ftirilen ve bu y\u0131l 20-29 Ocak tarihleri aras\u0131nda 87.si d\u00fczenlenen Uluslararas\u0131 Ye\u015fil Hafta`da Ye\u015fil \u00c7ember olarak yer ald\u0131k. \u0130klim koruma, geri d\u00f6n\u00fc\u015f\u00fcm y\u00f6netimi, kaynaklar\u0131n korunmas\u0131 ve s\u00fcrd\u00fcr\u00fclebilir arazi kullan\u0131m\u0131 gibi g\u00fcncel sosyal konular\u0131n da \u00e7ok \u00f6nemli bir par\u00e7as\u0131n\u0131 olu\u015fturdu\u011fu fuarda, biz de ziyaret\u00e7ilerimizle yemek hikayelerimizi payla\u015ft\u0131k, bilmeceler sorduk ve semaverde demlenmi\u015f taze \u00e7ay\u0131m\u0131zdan ikram ettik. Sahnede yapt\u0131\u011f\u0131m\u0131z yemeklerle de sa\u011fl\u0131kl\u0131 beslenmenin asl\u0131nda kendi mutfa\u011f\u0131m\u0131zda ba\u015flad\u0131\u011f\u0131n\u0131 ve hi\u00e7 de zor olmad\u0131\u011f\u0131n\u0131 uygulamal\u0131 olarak g\u00f6sterdik.\n\n<\/h5>\t\t\t\t<\/div>\n\t\t\t\t<\/div>\n\t\t\t\t<div class=\"elementor-element elementor-element-25ac3bd elementor-widget elementor-widget-spacer\" data-id=\"25ac3bd\" data-element_type=\"widget\" data-widget_type=\"spacer.default\">\n\t\t\t\t<div class=\"elementor-widget-container\">\n\t\t\t\t\t\t\t<div class=\"elementor-spacer\">\n\t\t\t<div class=\"elementor-spacer-inner\"><\/div>\n\t\t<\/div>\n\t\t\t\t\t\t<\/div>\n\t\t\t\t<\/div>\n\t\t\t\t\t<\/div>\n\t\t<\/div>\n\t\t\t\t\t<\/div>\n\t\t<\/section>\n\t\t\t\t<section class=\"elementor-section elementor-top-section elementor-element elementor-element-df8e5a3 elementor-section-full_width elementor-section-content-middle qode_elementor_container_inner elementor-section-height-default elementor-section-height-default parallax_section_no\" data-id=\"df8e5a3\" data-element_type=\"section\">\n\t\t\t\t\t\t<div class=\"elementor-container elementor-column-gap-default\">\n\t\t\t\t\t<div class=\"elementor-column elementor-col-50 elementor-top-column elementor-element elementor-element-6633143\" data-id=\"6633143\" data-element_type=\"column\">\n\t\t\t<div class=\"elementor-widget-wrap elementor-element-populated\">\n\t\t\t\t\t\t<div class=\"elementor-element elementor-element-7101379 elementor-widget elementor-widget-image\" data-id=\"7101379\" data-element_type=\"widget\" data-widget_type=\"image.default\">\n\t\t\t\t<div class=\"elementor-widget-container\">\n\t\t\t\t\t\t\t\t\t\t\t\t\t\t\t<img loading=\"lazy\" decoding=\"async\" width=\"893\" height=\"895\" src=\"https:\/\/yesilcember.eu\/wp-content\/uploads\/2023\/02\/demo.jpeg\" class=\"attachment-large size-large wp-image-4779\" alt=\"\" srcset=\"https:\/\/yesilcember.eu\/wp-content\/uploads\/2023\/02\/demo.jpeg 893w, https:\/\/yesilcember.eu\/wp-content\/uploads\/2023\/02\/demo-300x300.jpeg 300w, https:\/\/yesilcember.eu\/wp-content\/uploads\/2023\/02\/demo-150x150.jpeg 150w, https:\/\/yesilcember.eu\/wp-content\/uploads\/2023\/02\/demo-768x770.jpeg 768w, https:\/\/yesilcember.eu\/wp-content\/uploads\/2023\/02\/demo-570x570.jpeg 570w, https:\/\/yesilcember.eu\/wp-content\/uploads\/2023\/02\/demo-500x500.jpeg 500w, https:\/\/yesilcember.eu\/wp-content\/uploads\/2023\/02\/demo-700x702.jpeg 700w, https:\/\/yesilcember.eu\/wp-content\/uploads\/2023\/02\/demo-650x650.jpeg 650w\" sizes=\"(max-width: 893px) 100vw, 893px\" \/>\t\t\t\t\t\t\t\t\t\t\t\t\t\t\t<\/div>\n\t\t\t\t<\/div>\n\t\t\t\t\t<\/div>\n\t\t<\/div>\n\t\t\t\t<div class=\"elementor-column elementor-col-50 elementor-top-column elementor-element elementor-element-cc1ecfb\" data-id=\"cc1ecfb\" data-element_type=\"column\">\n\t\t\t<div class=\"elementor-widget-wrap elementor-element-populated\">\n\t\t\t\t\t\t<div class=\"elementor-element elementor-element-13fb9b5 elementor-widget elementor-widget-heading\" data-id=\"13fb9b5\" data-element_type=\"widget\" data-widget_type=\"heading.default\">\n\t\t\t\t<div class=\"elementor-widget-container\">\n\t\t\t\t\t<h2 class=\"elementor-heading-title elementor-size-default\">Adil Bir Tar\u0131msal D\u00f6n\u00fc\u015f\u00fcm \u0130\u00e7in Y\u00fcr\u00fcd\u00fck\n\n\n\n\n\n\n<\/h2>\t\t\t\t<\/div>\n\t\t\t\t<\/div>\n\t\t\t\t<div class=\"elementor-element elementor-element-75bf555 elementor-widget elementor-widget-spacer\" data-id=\"75bf555\" data-element_type=\"widget\" data-widget_type=\"spacer.default\">\n\t\t\t\t<div class=\"elementor-widget-container\">\n\t\t\t\t\t\t\t<div class=\"elementor-spacer\">\n\t\t\t<div class=\"elementor-spacer-inner\"><\/div>\n\t\t<\/div>\n\t\t\t\t\t\t<\/div>\n\t\t\t\t<\/div>\n\t\t\t\t<div class=\"elementor-element elementor-element-a239c98 elementor-widget elementor-widget-heading\" data-id=\"a239c98\" data-element_type=\"widget\" data-widget_type=\"heading.default\">\n\t\t\t\t<div class=\"elementor-widget-container\">\n\t\t\t\t\t<h5 class=\"elementor-heading-title elementor-size-default\">Korona pandemisi nedeniyle 2 y\u0131l ara verdi\u011fimiz adil tar\u0131msal d\u00f6n\u00fc\u015f\u00fcm i\u00e7in yapt\u0131\u011f\u0131m\u0131z y\u00fcr\u00fcy\u00fc\u015f\u00fcm\u00fcz\u00fc 21 Ocak Cumartesi g\u00fcn\u00fc yeniden ger\u00e7ekle\u015ftirdik.  Sosyal ve ekolojik d\u00f6n\u00fc\u015f\u00fcm\u00fcn ger\u00e7ekle\u015ftirilmesi amac\u0131yla yapt\u0131\u011f\u0131m\u0131z y\u00fcr\u00fcy\u00fc\u015fte y\u00fczlerce g\u00f6sterici, \u00fcreticiler i\u00e7in adil fiyat uygulanmamas\u0131n\u0131, krizde elde edilen gelirin vergilendirilmemesini, iklim krizi ve t\u00fcrlerin yok olu\u015fuyla m\u00fccadele edilmemesini ve g\u0131da sekt\u00f6r\u00fcndeki genetik m\u00fchendisli\u011fini protesto etti. Proje Koordinat\u00f6r\u00fcm\u00fcz Mari Pape sahnede yapt\u0131\u011f\u0131 konu\u015fmayla Ye\u015fil \u00c7ember\u2019in bu konudaki duru\u015funu ve fikirlerini di\u011fer g\u00f6stericilere anlatt\u0131.\nAyr\u0131nt\u0131l\u0131 bilgi i\u00e7in buraya t\u0131kla: https:\/\/wir-haben-es-satt.de\/informieren\/aufruf\/tuerkisch\/\n\n<\/h5>\t\t\t\t<\/div>\n\t\t\t\t<\/div>\n\t\t\t\t<div class=\"elementor-element elementor-element-5857991 elementor-widget elementor-widget-spacer\" data-id=\"5857991\" data-element_type=\"widget\" data-widget_type=\"spacer.default\">\n\t\t\t\t<div class=\"elementor-widget-container\">\n\t\t\t\t\t\t\t<div class=\"elementor-spacer\">\n\t\t\t<div class=\"elementor-spacer-inner\"><\/div>\n\t\t<\/div>\n\t\t\t\t\t\t<\/div>\n\t\t\t\t<\/div>\n\t\t\t\t\t<\/div>\n\t\t<\/div>\n\t\t\t\t\t<\/div>\n\t\t<\/section>\n\t\t\t\t<section class=\"elementor-section elementor-top-section elementor-element elementor-element-d931f36 elementor-section-full_width elementor-section-content-middle qode_elementor_container_inner elementor-section-height-default elementor-section-height-default parallax_section_no\" data-id=\"d931f36\" data-element_type=\"section\">\n\t\t\t\t\t\t<div class=\"elementor-container elementor-column-gap-default\">\n\t\t\t\t\t<div class=\"elementor-column elementor-col-50 elementor-top-column elementor-element elementor-element-8e901c3\" data-id=\"8e901c3\" data-element_type=\"column\">\n\t\t\t<div class=\"elementor-widget-wrap elementor-element-populated\">\n\t\t\t\t\t\t<div class=\"elementor-element elementor-element-f7fa4d4 elementor-widget elementor-widget-image\" data-id=\"f7fa4d4\" data-element_type=\"widget\" data-widget_type=\"image.default\">\n\t\t\t\t<div class=\"elementor-widget-container\">\n\t\t\t\t\t\t\t\t\t\t\t\t\t\t\t<img loading=\"lazy\" decoding=\"async\" width=\"1024\" height=\"883\" src=\"https:\/\/yesilcember.eu\/wp-content\/uploads\/2023\/02\/ODtiyatro-1024x883.jpeg\" class=\"attachment-large size-large wp-image-4798\" alt=\"\" srcset=\"https:\/\/yesilcember.eu\/wp-content\/uploads\/2023\/02\/ODtiyatro-1024x883.jpeg 1024w, https:\/\/yesilcember.eu\/wp-content\/uploads\/2023\/02\/ODtiyatro-300x259.jpeg 300w, https:\/\/yesilcember.eu\/wp-content\/uploads\/2023\/02\/ODtiyatro-768x662.jpeg 768w, https:\/\/yesilcember.eu\/wp-content\/uploads\/2023\/02\/ODtiyatro-700x604.jpeg 700w, https:\/\/yesilcember.eu\/wp-content\/uploads\/2023\/02\/ODtiyatro.jpeg 1481w\" sizes=\"(max-width: 1024px) 100vw, 1024px\" \/>\t\t\t\t\t\t\t\t\t\t\t\t\t\t\t<\/div>\n\t\t\t\t<\/div>\n\t\t\t\t\t<\/div>\n\t\t<\/div>\n\t\t\t\t<div class=\"elementor-column elementor-col-50 elementor-top-column elementor-element elementor-element-aca24ba\" data-id=\"aca24ba\" data-element_type=\"column\">\n\t\t\t<div class=\"elementor-widget-wrap elementor-element-populated\">\n\t\t\t\t\t\t<div class=\"elementor-element elementor-element-0ef356a elementor-widget elementor-widget-heading\" data-id=\"0ef356a\" data-element_type=\"widget\" data-widget_type=\"heading.default\">\n\t\t\t\t<div class=\"elementor-widget-container\">\n\t\t\t\t\t<h2 class=\"elementor-heading-title elementor-size-default\">Mikro Organizmalar Tiyatro ile \u00c7ocuklara Tan\u0131t\u0131ld\u0131\n\n\n\n\n\n\n\n<\/h2>\t\t\t\t<\/div>\n\t\t\t\t<\/div>\n\t\t\t\t<div class=\"elementor-element elementor-element-6cf3b79 elementor-widget elementor-widget-spacer\" data-id=\"6cf3b79\" data-element_type=\"widget\" data-widget_type=\"spacer.default\">\n\t\t\t\t<div class=\"elementor-widget-container\">\n\t\t\t\t\t\t\t<div class=\"elementor-spacer\">\n\t\t\t<div class=\"elementor-spacer-inner\"><\/div>\n\t\t<\/div>\n\t\t\t\t\t\t<\/div>\n\t\t\t\t<\/div>\n\t\t\t\t<div class=\"elementor-element elementor-element-9d632bf elementor-widget elementor-widget-heading\" data-id=\"9d632bf\" data-element_type=\"widget\" data-widget_type=\"heading.default\">\n\t\t\t\t<div class=\"elementor-widget-container\">\n\t\t\t\t\t<h5 class=\"elementor-heading-title elementor-size-default\">Ye\u015fil \u00c7emberin proje ortaklar\u0131ndan oldu\u011fu Organizmalar Demokrasisi 19-20 Ocak tarihlerinde \u00e7ocuklara y\u00f6nelik bir tiyatro etkinli\u011fi ger\u00e7ekle\u015ftirdi.\nKita`da e\u011fitim alan \u00e7ocuklara ya\u015fad\u0131klar\u0131 d\u00fcnyayla daha kolay ba\u011flant\u0131 kurmalar\u0131 ve \u00e7evre duyarl\u0131l\u0131klar\u0131na zemin olu\u015fturulmak amac\u0131yla yap\u0131lan interaktif tiyatroda mikro organizmalar insan k\u0131l\u0131\u011f\u0131nda canland\u0131r\u0131ld\u0131 ve g\u00f6z\u00fcm\u00fczle g\u00f6remesek bile onlar\u0131n varl\u0131\u011f\u0131n\u0131n ne kadar \u00f6nemli oldu\u011fu \u00e7ocuklara anlat\u0131ld\u0131. \u0130zleyenlerin interaktif bir \u015fekilde kat\u0131l\u0131m sa\u011flad\u0131\u011f\u0131 tiyatroda Organizmalar Demokrasisi\u2019nin i\u015fleyi\u015f \u015fekli de aktar\u0131ld\u0131.\nResim: Ye\u015fil \u00c7ember\n<\/h5>\t\t\t\t<\/div>\n\t\t\t\t<\/div>\n\t\t\t\t<div class=\"elementor-element elementor-element-afb5a2b elementor-widget elementor-widget-spacer\" data-id=\"afb5a2b\" data-element_type=\"widget\" data-widget_type=\"spacer.default\">\n\t\t\t\t<div class=\"elementor-widget-container\">\n\t\t\t\t\t\t\t<div class=\"elementor-spacer\">\n\t\t\t<div class=\"elementor-spacer-inner\"><\/div>\n\t\t<\/div>\n\t\t\t\t\t\t<\/div>\n\t\t\t\t<\/div>\n\t\t\t\t\t<\/div>\n\t\t<\/div>\n\t\t\t\t\t<\/div>\n\t\t<\/section>\n\t\t\t\t<section class=\"elementor-section elementor-top-section elementor-element elementor-element-70ebaa4 elementor-section-full_width elementor-section-content-middle qode_elementor_container_inner elementor-section-height-default elementor-section-height-default parallax_section_no\" data-id=\"70ebaa4\" data-element_type=\"section\">\n\t\t\t\t\t\t<div class=\"elementor-container elementor-column-gap-default\">\n\t\t\t\t\t<div class=\"elementor-column elementor-col-50 elementor-top-column elementor-element elementor-element-0807b92\" data-id=\"0807b92\" data-element_type=\"column\">\n\t\t\t<div class=\"elementor-widget-wrap elementor-element-populated\">\n\t\t\t\t\t\t<div class=\"elementor-element elementor-element-6243668 elementor-widget elementor-widget-image\" data-id=\"6243668\" data-element_type=\"widget\" data-widget_type=\"image.default\">\n\t\t\t\t<div class=\"elementor-widget-container\">\n\t\t\t\t\t\t\t\t\t\t\t\t\t\t\t<img loading=\"lazy\" decoding=\"async\" width=\"719\" height=\"1024\" src=\"https:\/\/yesilcember.eu\/wp-content\/uploads\/2023\/02\/espadu-719x1024.jpg\" class=\"attachment-large size-large wp-image-4776\" alt=\"\" srcset=\"https:\/\/yesilcember.eu\/wp-content\/uploads\/2023\/02\/espadu-719x1024.jpg 719w, https:\/\/yesilcember.eu\/wp-content\/uploads\/2023\/02\/espadu-211x300.jpg 211w, https:\/\/yesilcember.eu\/wp-content\/uploads\/2023\/02\/espadu-768x1094.jpg 768w, https:\/\/yesilcember.eu\/wp-content\/uploads\/2023\/02\/espadu-1078x1536.jpg 1078w, https:\/\/yesilcember.eu\/wp-content\/uploads\/2023\/02\/espadu-1437x2048.jpg 1437w, https:\/\/yesilcember.eu\/wp-content\/uploads\/2023\/02\/espadu-700x997.jpg 700w, https:\/\/yesilcember.eu\/wp-content\/uploads\/2023\/02\/espadu.jpg 1733w\" sizes=\"(max-width: 719px) 100vw, 719px\" \/>\t\t\t\t\t\t\t\t\t\t\t\t\t\t\t<\/div>\n\t\t\t\t<\/div>\n\t\t\t\t\t<\/div>\n\t\t<\/div>\n\t\t\t\t<div class=\"elementor-column elementor-col-50 elementor-top-column elementor-element elementor-element-c61a43e\" data-id=\"c61a43e\" data-element_type=\"column\">\n\t\t\t<div class=\"elementor-widget-wrap elementor-element-populated\">\n\t\t\t\t\t\t<div class=\"elementor-element elementor-element-28e3713 elementor-widget elementor-widget-heading\" data-id=\"28e3713\" data-element_type=\"widget\" data-widget_type=\"heading.default\">\n\t\t\t\t<div class=\"elementor-widget-container\">\n\t\t\t\t\t<h2 class=\"elementor-heading-title elementor-size-default\">ESPADU`nun 20. Y\u0131l\u0131n\u0131 Duisburg`da Kutlad\u0131k\n\n\n\n\n\n\n<\/h2>\t\t\t\t<\/div>\n\t\t\t\t<\/div>\n\t\t\t\t<div class=\"elementor-element elementor-element-50cc477 elementor-widget elementor-widget-spacer\" data-id=\"50cc477\" data-element_type=\"widget\" data-widget_type=\"spacer.default\">\n\t\t\t\t<div class=\"elementor-widget-container\">\n\t\t\t\t\t\t\t<div class=\"elementor-spacer\">\n\t\t\t<div class=\"elementor-spacer-inner\"><\/div>\n\t\t<\/div>\n\t\t\t\t\t\t<\/div>\n\t\t\t\t<\/div>\n\t\t\t\t<div class=\"elementor-element elementor-element-aa5de3f elementor-widget elementor-widget-heading\" data-id=\"aa5de3f\" data-element_type=\"widget\" data-widget_type=\"heading.default\">\n\t\t\t\t<div class=\"elementor-widget-container\">\n\t\t\t\t\t<h5 class=\"elementor-heading-title elementor-size-default\">2002 Y\u0131l\u0131nda Duisburg sehrinde 94 okulda enerj\u0131 tasarrufu yapmay\u0131 ama\u00e7layaraak ba\u015flayan Espadu Projes\u0131n\u0131n 20. y\u0131l\u0131 kutlamalar\u0131nda Ye\u015fil \u00c7ember olarak yer ald\u0131k. 17 Ocak tarihinde ger\u00e7ekle\u015ftirilen kutlama etkinli\u011finde Ye\u015fil \u00c7ember Duisburg temsilcimiz Muhammet Ali Ya\u015far\u2019\u0131n a\u00e7t\u0131\u011f\u0131 bilgilendirme stand\u0131nda ziyaret\u00e7ileri cevre konusunda bilgilendirdik. Espadu Projesi \u015fu an 100 okulla Kuzey Ren Vestfalya Eyaletindeki en b\u00fcy\u00fck okul enerji tasarrufu projesi olarak varl\u0131\u011f\u0131n\u0131 s\u00fcrd\u00fcrmekte. \n<\/h5>\t\t\t\t<\/div>\n\t\t\t\t<\/div>\n\t\t\t\t<div class=\"elementor-element elementor-element-07e53ad elementor-widget elementor-widget-spacer\" data-id=\"07e53ad\" data-element_type=\"widget\" data-widget_type=\"spacer.default\">\n\t\t\t\t<div class=\"elementor-widget-container\">\n\t\t\t\t\t\t\t<div class=\"elementor-spacer\">\n\t\t\t<div class=\"elementor-spacer-inner\"><\/div>\n\t\t<\/div>\n\t\t\t\t\t\t<\/div>\n\t\t\t\t<\/div>\n\t\t\t\t\t<\/div>\n\t\t<\/div>\n\t\t\t\t\t<\/div>\n\t\t<\/section>\n\t\t\t\t<section class=\"elementor-section elementor-top-section elementor-element elementor-element-744bb61 elementor-section-full_width elementor-section-content-middle qode_elementor_container_inner elementor-section-height-default elementor-section-height-default parallax_section_no\" data-id=\"744bb61\" data-element_type=\"section\">\n\t\t\t\t\t\t<div class=\"elementor-container elementor-column-gap-default\">\n\t\t\t\t\t<div class=\"elementor-column elementor-col-50 elementor-top-column elementor-element elementor-element-41a4685\" data-id=\"41a4685\" data-element_type=\"column\">\n\t\t\t<div class=\"elementor-widget-wrap elementor-element-populated\">\n\t\t\t\t\t\t<div class=\"elementor-element elementor-element-3f636f3 elementor-widget elementor-widget-image\" data-id=\"3f636f3\" data-element_type=\"widget\" data-widget_type=\"image.default\">\n\t\t\t\t<div class=\"elementor-widget-container\">\n\t\t\t\t\t\t\t\t\t\t\t\t\t\t\t<img loading=\"lazy\" decoding=\"async\" width=\"745\" height=\"499\" src=\"https:\/\/yesilcember.eu\/wp-content\/uploads\/2023\/02\/schulung.jpeg\" class=\"attachment-large size-large wp-image-4770\" alt=\"\" srcset=\"https:\/\/yesilcember.eu\/wp-content\/uploads\/2023\/02\/schulung.jpeg 745w, https:\/\/yesilcember.eu\/wp-content\/uploads\/2023\/02\/schulung-300x201.jpeg 300w, https:\/\/yesilcember.eu\/wp-content\/uploads\/2023\/02\/schulung-700x469.jpeg 700w\" sizes=\"(max-width: 745px) 100vw, 745px\" \/>\t\t\t\t\t\t\t\t\t\t\t\t\t\t\t<\/div>\n\t\t\t\t<\/div>\n\t\t\t\t\t<\/div>\n\t\t<\/div>\n\t\t\t\t<div class=\"elementor-column elementor-col-50 elementor-top-column elementor-element elementor-element-e76b2d3\" data-id=\"e76b2d3\" data-element_type=\"column\">\n\t\t\t<div class=\"elementor-widget-wrap elementor-element-populated\">\n\t\t\t\t\t\t<div class=\"elementor-element elementor-element-732e975 elementor-widget elementor-widget-heading\" data-id=\"732e975\" data-element_type=\"widget\" data-widget_type=\"heading.default\">\n\t\t\t\t<div class=\"elementor-widget-container\">\n\t\t\t\t\t<h2 class=\"elementor-heading-title elementor-size-default\">Sa\u011fl\u0131kl\u0131 Beslenme E\u011fitimlerimiz Devam Ediyor \n\n\n\n\n<\/h2>\t\t\t\t<\/div>\n\t\t\t\t<\/div>\n\t\t\t\t<div class=\"elementor-element elementor-element-8034982 elementor-widget elementor-widget-spacer\" data-id=\"8034982\" data-element_type=\"widget\" data-widget_type=\"spacer.default\">\n\t\t\t\t<div class=\"elementor-widget-container\">\n\t\t\t\t\t\t\t<div class=\"elementor-spacer\">\n\t\t\t<div class=\"elementor-spacer-inner\"><\/div>\n\t\t<\/div>\n\t\t\t\t\t\t<\/div>\n\t\t\t\t<\/div>\n\t\t\t\t<div class=\"elementor-element elementor-element-e094002 elementor-widget elementor-widget-heading\" data-id=\"e094002\" data-element_type=\"widget\" data-widget_type=\"heading.default\">\n\t\t\t\t<div class=\"elementor-widget-container\">\n\t\t\t\t\t<h5 class=\"elementor-heading-title elementor-size-default\">14 Ocak tarihinde Kantine Zukunft'ta Sa\u011fl\u0131kl\u0131 Beslenme El\u00e7ilerimizin ikinci e\u011fitim g\u00fcn\u00fcn\u00fc ger\u00e7ekle\u015ftirdik. G\u00fcn\u00fcn ilk yar\u0131s\u0131nda ekibimizden Mari Pape S\u00fcrd\u00fcr\u00fclebilir Beslenme ile ilgili bir sunum yapt\u0131 ve kat\u0131l\u0131mc\u0131lara konu hakk\u0131nda ilgin\u00e7 bilgiler verdi. \u00d6\u011fleden sonraki b\u00f6l\u00fcmde ise Dinah Stratenwerth konu\u011fumuz oldu ve iklim krizi, a\u00e7l\u0131k, sa\u011fl\u0131ks\u0131z fazla kilo konular\u0131 \u00fczerinde konu\u015ftu. Sonras\u0131nda kat\u0131l\u0131mc\u0131lar\u0131m\u0131zla birlikte bu problemlerin sebepleri, bunlar\u0131n birbirleri ile olan ba\u011flant\u0131lar\u0131n\u0131 g\u00f6steren bir mindmap haz\u0131rlad\u0131k. En son olarak da hem kendi sa\u011fl\u0131\u011f\u0131m\u0131z hem de gezegenimizin iyili\u011fi i\u00e7in Planet Health Diet ad\u0131 verilen beslenme program\u0131 hakk\u0131nda bilgi ald\u0131k. G\u00fcn boyu g\u00fczel bilgiler edindi\u011fimiz e\u011fitimde ekibimizden G\u00fclizar arkada\u015f\u0131m\u0131z\u0131n haz\u0131rlad\u0131\u011f\u0131 hem sa\u011fl\u0131kl\u0131 hem de lezzetli mercimek \u00e7orbas\u0131 da bizleri ayr\u0131ca mutlu etti.\n<\/h5>\t\t\t\t<\/div>\n\t\t\t\t<\/div>\n\t\t\t\t<div class=\"elementor-element elementor-element-e357af0 elementor-widget elementor-widget-spacer\" data-id=\"e357af0\" data-element_type=\"widget\" data-widget_type=\"spacer.default\">\n\t\t\t\t<div class=\"elementor-widget-container\">\n\t\t\t\t\t\t\t<div class=\"elementor-spacer\">\n\t\t\t<div class=\"elementor-spacer-inner\"><\/div>\n\t\t<\/div>\n\t\t\t\t\t\t<\/div>\n\t\t\t\t<\/div>\n\t\t\t\t\t<\/div>\n\t\t<\/div>\n\t\t\t\t\t<\/div>\n\t\t<\/section>\n\t\t\t\t<section class=\"elementor-section elementor-top-section elementor-element elementor-element-e2a7a0b elementor-section-full_width elementor-section-content-middle qode_elementor_container_inner elementor-section-height-default elementor-section-height-default parallax_section_no\" data-id=\"e2a7a0b\" data-element_type=\"section\">\n\t\t\t\t\t\t<div class=\"elementor-container elementor-column-gap-default\">\n\t\t\t\t\t<div class=\"elementor-column elementor-col-50 elementor-top-column elementor-element elementor-element-ce51a8e\" data-id=\"ce51a8e\" data-element_type=\"column\">\n\t\t\t<div class=\"elementor-widget-wrap elementor-element-populated\">\n\t\t\t\t\t\t<div class=\"elementor-element elementor-element-1f4d266 elementor-widget elementor-widget-image\" data-id=\"1f4d266\" data-element_type=\"widget\" data-widget_type=\"image.default\">\n\t\t\t\t<div class=\"elementor-widget-container\">\n\t\t\t\t\t\t\t\t\t\t\t\t\t\t\t<img loading=\"lazy\" decoding=\"async\" width=\"1024\" height=\"678\" src=\"https:\/\/yesilcember.eu\/wp-content\/uploads\/2023\/01\/repaircafeson-1024x678.jpg\" class=\"attachment-large size-large wp-image-4077\" alt=\"\" srcset=\"https:\/\/yesilcember.eu\/wp-content\/uploads\/2023\/01\/repaircafeson-1024x678.jpg 1024w, https:\/\/yesilcember.eu\/wp-content\/uploads\/2023\/01\/repaircafeson-300x199.jpg 300w, https:\/\/yesilcember.eu\/wp-content\/uploads\/2023\/01\/repaircafeson-768x509.jpg 768w, https:\/\/yesilcember.eu\/wp-content\/uploads\/2023\/01\/repaircafeson-1536x1018.jpg 1536w, https:\/\/yesilcember.eu\/wp-content\/uploads\/2023\/01\/repaircafeson-700x464.jpg 700w, https:\/\/yesilcember.eu\/wp-content\/uploads\/2023\/01\/repaircafeson.jpg 1630w\" sizes=\"(max-width: 1024px) 100vw, 1024px\" \/>\t\t\t\t\t\t\t\t\t\t\t\t\t\t\t<\/div>\n\t\t\t\t<\/div>\n\t\t\t\t\t<\/div>\n\t\t<\/div>\n\t\t\t\t<div class=\"elementor-column elementor-col-50 elementor-top-column elementor-element elementor-element-eaffc87\" data-id=\"eaffc87\" data-element_type=\"column\">\n\t\t\t<div class=\"elementor-widget-wrap elementor-element-populated\">\n\t\t\t\t\t\t<div class=\"elementor-element elementor-element-67a9472 elementor-widget elementor-widget-heading\" data-id=\"67a9472\" data-element_type=\"widget\" data-widget_type=\"heading.default\">\n\t\t\t\t<div class=\"elementor-widget-container\">\n\t\t\t\t\t<h2 class=\"elementor-heading-title elementor-size-default\">\u00ad\u00adRepair Cafe Projemizin sonuna geldik\n\n\n\n<\/h2>\t\t\t\t<\/div>\n\t\t\t\t<\/div>\n\t\t\t\t<div class=\"elementor-element elementor-element-f42c24f elementor-widget elementor-widget-spacer\" data-id=\"f42c24f\" data-element_type=\"widget\" data-widget_type=\"spacer.default\">\n\t\t\t\t<div class=\"elementor-widget-container\">\n\t\t\t\t\t\t\t<div class=\"elementor-spacer\">\n\t\t\t<div class=\"elementor-spacer-inner\"><\/div>\n\t\t<\/div>\n\t\t\t\t\t\t<\/div>\n\t\t\t\t<\/div>\n\t\t\t\t<div class=\"elementor-element elementor-element-81f41a2 elementor-widget elementor-widget-heading\" data-id=\"81f41a2\" data-element_type=\"widget\" data-widget_type=\"heading.default\">\n\t\t\t\t<div class=\"elementor-widget-container\">\n\t\t\t\t\t<h5 class=\"elementor-heading-title elementor-size-default\">Rollberg mahallesinde yer alan Repaircafe projemizi 4 y\u0131ldan sonra devrettik. Bug\u00fcne kadar 2 haftada bir ger\u00e7ekle\u015ftirdi\u011fimiz projemizle y\u00fczlerce ki\u015fiyi daha fazla para \u00f6demekten kurtard\u0131k ve tamir etme k\u00fclt\u00fcr\u00fcn\u00fc mahalle sakinlerine a\u015f\u0131lad\u0131k. Her ne kadar Ye\u015fil \u00c7ember olarak projeyi bitirmi\u015f olsak da Repaircafe yine her ay\u0131n ilk ve son \u00c7ar\u015fambas\u0131 a\u00e7\u0131k kalmaya devam edecek.\n<\/h5>\t\t\t\t<\/div>\n\t\t\t\t<\/div>\n\t\t\t\t<div class=\"elementor-element elementor-element-18ae1cd elementor-widget elementor-widget-spacer\" data-id=\"18ae1cd\" data-element_type=\"widget\" data-widget_type=\"spacer.default\">\n\t\t\t\t<div class=\"elementor-widget-container\">\n\t\t\t\t\t\t\t<div class=\"elementor-spacer\">\n\t\t\t<div class=\"elementor-spacer-inner\"><\/div>\n\t\t<\/div>\n\t\t\t\t\t\t<\/div>\n\t\t\t\t<\/div>\n\t\t\t\t\t<\/div>\n\t\t<\/div>\n\t\t\t\t\t<\/div>\n\t\t<\/section>\n\t\t\t\t<section class=\"elementor-section elementor-top-section elementor-element elementor-element-d1bfd8a elementor-section-full_width elementor-section-content-middle qode_elementor_container_inner elementor-section-height-default elementor-section-height-default parallax_section_no\" data-id=\"d1bfd8a\" data-element_type=\"section\">\n\t\t\t\t\t\t<div class=\"elementor-container elementor-column-gap-default\">\n\t\t\t\t\t<div class=\"elementor-column elementor-col-50 elementor-top-column elementor-element elementor-element-3c0b580\" data-id=\"3c0b580\" data-element_type=\"column\">\n\t\t\t<div class=\"elementor-widget-wrap elementor-element-populated\">\n\t\t\t\t\t\t<div class=\"elementor-element elementor-element-1e14be8 elementor-widget elementor-widget-image\" data-id=\"1e14be8\" data-element_type=\"widget\" data-widget_type=\"image.default\">\n\t\t\t\t<div class=\"elementor-widget-container\">\n\t\t\t\t\t\t\t\t\t\t\t\t\t\t\t<img loading=\"lazy\" decoding=\"async\" width=\"1024\" height=\"678\" src=\"https:\/\/yesilcember.eu\/wp-content\/uploads\/2023\/01\/13.12-markthalle9-1024x678.jpg\" class=\"attachment-large size-large wp-image-4072\" alt=\"\" srcset=\"https:\/\/yesilcember.eu\/wp-content\/uploads\/2023\/01\/13.12-markthalle9-1024x678.jpg 1024w, https:\/\/yesilcember.eu\/wp-content\/uploads\/2023\/01\/13.12-markthalle9-300x199.jpg 300w, https:\/\/yesilcember.eu\/wp-content\/uploads\/2023\/01\/13.12-markthalle9-768x509.jpg 768w, https:\/\/yesilcember.eu\/wp-content\/uploads\/2023\/01\/13.12-markthalle9-1536x1018.jpg 1536w, https:\/\/yesilcember.eu\/wp-content\/uploads\/2023\/01\/13.12-markthalle9-700x464.jpg 700w, https:\/\/yesilcember.eu\/wp-content\/uploads\/2023\/01\/13.12-markthalle9.jpg 1630w\" sizes=\"(max-width: 1024px) 100vw, 1024px\" \/>\t\t\t\t\t\t\t\t\t\t\t\t\t\t\t<\/div>\n\t\t\t\t<\/div>\n\t\t\t\t\t<\/div>\n\t\t<\/div>\n\t\t\t\t<div class=\"elementor-column elementor-col-50 elementor-top-column elementor-element elementor-element-deffaab\" data-id=\"deffaab\" data-element_type=\"column\">\n\t\t\t<div class=\"elementor-widget-wrap elementor-element-populated\">\n\t\t\t\t\t\t<div class=\"elementor-element elementor-element-fa421cd elementor-widget elementor-widget-heading\" data-id=\"fa421cd\" data-element_type=\"widget\" data-widget_type=\"heading.default\">\n\t\t\t\t<div class=\"elementor-widget-container\">\n\t\t\t\t\t<h2 class=\"elementor-heading-title elementor-size-default\">\u00ad\u00adBeraber Sarma Yapmay\u0131 \u00d6\u011frendik\n\n\n<\/h2>\t\t\t\t<\/div>\n\t\t\t\t<\/div>\n\t\t\t\t<div class=\"elementor-element elementor-element-c37bed1 elementor-widget elementor-widget-spacer\" data-id=\"c37bed1\" data-element_type=\"widget\" data-widget_type=\"spacer.default\">\n\t\t\t\t<div class=\"elementor-widget-container\">\n\t\t\t\t\t\t\t<div class=\"elementor-spacer\">\n\t\t\t<div class=\"elementor-spacer-inner\"><\/div>\n\t\t<\/div>\n\t\t\t\t\t\t<\/div>\n\t\t\t\t<\/div>\n\t\t\t\t<div class=\"elementor-element elementor-element-52fc2f3 elementor-widget elementor-widget-heading\" data-id=\"52fc2f3\" data-element_type=\"widget\" data-widget_type=\"heading.default\">\n\t\t\t\t<div class=\"elementor-widget-container\">\n\t\t\t\t\t<h5 class=\"elementor-heading-title elementor-size-default\">Berlin Senatosu ile birlikte 13 Aral\u0131kta ger\u00e7ekle\u015ftirdi\u011fimiz etkinli\u011fimizde sa\u011fl\u0131kl\u0131 beslenme konusunda aileleri te\u015fvik etmek amac\u0131yla beraber yaprak sarmay\u0131 \u00f6\u011frendik. Bir yandan \u00f6nceden haz\u0131rlanm\u0131\u015f sarmalar\u0131 tadarken, bir yandan da yeni sarmalar haz\u0131rlad\u0131\u011f\u0131m\u0131z etkinli\u011fimizde ney sanat\u00e7\u0131s\u0131 Serhan Nacak T\u00fcrk musikisinin e\u015f\u015fiz na\u011fmeleri ile ak\u015fam\u0131m\u0131za renk katt\u0131. Ayr\u0131ca bu g\u00fczel etkinlikte Enerji Tasarrufu konusunda yapt\u0131\u011f\u0131m\u0131z anketin kat\u0131l\u0131mc\u0131lar\u0131na da hediyelerini taktim ettik.\n<\/h5>\t\t\t\t<\/div>\n\t\t\t\t<\/div>\n\t\t\t\t<div class=\"elementor-element elementor-element-16d921c elementor-widget elementor-widget-spacer\" data-id=\"16d921c\" data-element_type=\"widget\" data-widget_type=\"spacer.default\">\n\t\t\t\t<div class=\"elementor-widget-container\">\n\t\t\t\t\t\t\t<div class=\"elementor-spacer\">\n\t\t\t<div class=\"elementor-spacer-inner\"><\/div>\n\t\t<\/div>\n\t\t\t\t\t\t<\/div>\n\t\t\t\t<\/div>\n\t\t\t\t\t<\/div>\n\t\t<\/div>\n\t\t\t\t\t<\/div>\n\t\t<\/section>\n\t\t\t\t<section class=\"elementor-section elementor-top-section elementor-element elementor-element-0ab6ae6 elementor-section-full_width elementor-section-content-middle qode_elementor_container_inner elementor-section-height-default elementor-section-height-default parallax_section_no\" data-id=\"0ab6ae6\" data-element_type=\"section\">\n\t\t\t\t\t\t<div class=\"elementor-container elementor-column-gap-default\">\n\t\t\t\t\t<div class=\"elementor-column elementor-col-50 elementor-top-column elementor-element elementor-element-9991b9f\" data-id=\"9991b9f\" data-element_type=\"column\">\n\t\t\t<div class=\"elementor-widget-wrap elementor-element-populated\">\n\t\t\t\t\t\t<div class=\"elementor-element elementor-element-debed98 elementor-widget elementor-widget-image\" data-id=\"debed98\" data-element_type=\"widget\" data-widget_type=\"image.default\">\n\t\t\t\t<div class=\"elementor-widget-container\">\n\t\t\t\t\t\t\t\t\t\t\t\t\t\t\t<img loading=\"lazy\" decoding=\"async\" width=\"768\" height=\"1024\" src=\"https:\/\/yesilcember.eu\/wp-content\/uploads\/2023\/01\/atiptap07.12-768x1024.jpg\" class=\"attachment-large size-large wp-image-4066\" alt=\"\" srcset=\"https:\/\/yesilcember.eu\/wp-content\/uploads\/2023\/01\/atiptap07.12-768x1024.jpg 768w, https:\/\/yesilcember.eu\/wp-content\/uploads\/2023\/01\/atiptap07.12-225x300.jpg 225w, https:\/\/yesilcember.eu\/wp-content\/uploads\/2023\/01\/atiptap07.12-1152x1536.jpg 1152w, https:\/\/yesilcember.eu\/wp-content\/uploads\/2023\/01\/atiptap07.12-600x800.jpg 600w, https:\/\/yesilcember.eu\/wp-content\/uploads\/2023\/01\/atiptap07.12-700x933.jpg 700w, https:\/\/yesilcember.eu\/wp-content\/uploads\/2023\/01\/atiptap07.12.jpg 1200w\" sizes=\"(max-width: 768px) 100vw, 768px\" \/>\t\t\t\t\t\t\t\t\t\t\t\t\t\t\t<\/div>\n\t\t\t\t<\/div>\n\t\t\t\t\t<\/div>\n\t\t<\/div>\n\t\t\t\t<div class=\"elementor-column elementor-col-50 elementor-top-column elementor-element elementor-element-4c89b2d\" data-id=\"4c89b2d\" data-element_type=\"column\">\n\t\t\t<div class=\"elementor-widget-wrap elementor-element-populated\">\n\t\t\t\t\t\t<div class=\"elementor-element elementor-element-0f54665 elementor-widget elementor-widget-heading\" data-id=\"0f54665\" data-element_type=\"widget\" data-widget_type=\"heading.default\">\n\t\t\t\t<div class=\"elementor-widget-container\">\n\t\t\t\t\t<h2 class=\"elementor-heading-title elementor-size-default\">\u00ad\u00adEl Becerilerimizi Geli\u015ftirdik\n\n\n<\/h2>\t\t\t\t<\/div>\n\t\t\t\t<\/div>\n\t\t\t\t<div class=\"elementor-element elementor-element-37513b9 elementor-widget elementor-widget-spacer\" data-id=\"37513b9\" data-element_type=\"widget\" data-widget_type=\"spacer.default\">\n\t\t\t\t<div class=\"elementor-widget-container\">\n\t\t\t\t\t\t\t<div class=\"elementor-spacer\">\n\t\t\t<div class=\"elementor-spacer-inner\"><\/div>\n\t\t<\/div>\n\t\t\t\t\t\t<\/div>\n\t\t\t\t<\/div>\n\t\t\t\t<div class=\"elementor-element elementor-element-79f0d82 elementor-widget elementor-widget-heading\" data-id=\"79f0d82\" data-element_type=\"widget\" data-widget_type=\"heading.default\">\n\t\t\t\t<div class=\"elementor-widget-container\">\n\t\t\t\t\t<h5 class=\"elementor-heading-title elementor-size-default\">A: tip tap ve Sivasl\u0131 Canlar Derne\u011fi i\u015fbirli\u011finde evimizdeki malzemelerden yararlanarak \u00e7e\u015fitli biblolar, kullan\u0131\u015fl\u0131 nesneler ve \u00e7ocuklar i\u00e7in oyuncaklar \u00fcrettik. 7 Aral\u0131kta yapt\u0131\u011f\u0131m\u0131z bu etkinlikte birbirinden farkl\u0131 nesneleri yaparken el becerilerimizi geli\u015ftirdik. Bu t\u00fcr yarat\u0131c\u0131 etkinlikler zihinsel niteliklerimizi kaybetmememiz a\u00e7\u0131s\u0131ndan \u00e7ok b\u00fcy\u00fck \u00f6nem te\u015fkil ediyor. Ayr\u0131ca ailemizle zaman ge\u00e7irmemiz ve \u00e7ocu\u011fumuzun geli\u015fimine destek olmas\u0131 bak\u0131m\u0131ndan da m\u00fcthi\u015f derecede yararl\u0131 olan bu t\u00fcr aktivitelere kat\u0131lmak istiyorsan https:\/\/yesilcember.eu\/aktuelles\/\nadresinden gelecekteki etkinliklerimizi takip edebilirsin.\n<\/h5>\t\t\t\t<\/div>\n\t\t\t\t<\/div>\n\t\t\t\t<div class=\"elementor-element elementor-element-639d4a1 elementor-widget elementor-widget-spacer\" data-id=\"639d4a1\" data-element_type=\"widget\" data-widget_type=\"spacer.default\">\n\t\t\t\t<div class=\"elementor-widget-container\">\n\t\t\t\t\t\t\t<div class=\"elementor-spacer\">\n\t\t\t<div class=\"elementor-spacer-inner\"><\/div>\n\t\t<\/div>\n\t\t\t\t\t\t<\/div>\n\t\t\t\t<\/div>\n\t\t\t\t\t<\/div>\n\t\t<\/div>\n\t\t\t\t\t<\/div>\n\t\t<\/section>\n\t\t\t\t<section class=\"elementor-section elementor-top-section elementor-element elementor-element-c122bb7 elementor-section-full_width elementor-section-content-middle qode_elementor_container_inner elementor-section-height-default elementor-section-height-default parallax_section_no\" data-id=\"c122bb7\" data-element_type=\"section\">\n\t\t\t\t\t\t<div class=\"elementor-container elementor-column-gap-default\">\n\t\t\t\t\t<div class=\"elementor-column elementor-col-50 elementor-top-column elementor-element elementor-element-cab8529\" data-id=\"cab8529\" data-element_type=\"column\">\n\t\t\t<div class=\"elementor-widget-wrap elementor-element-populated\">\n\t\t\t\t\t\t<div class=\"elementor-element elementor-element-c47fec3 elementor-widget elementor-widget-image\" data-id=\"c47fec3\" data-element_type=\"widget\" data-widget_type=\"image.default\">\n\t\t\t\t<div class=\"elementor-widget-container\">\n\t\t\t\t\t\t\t\t\t\t\t\t\t\t\t<img loading=\"lazy\" decoding=\"async\" width=\"1024\" height=\"768\" src=\"https:\/\/yesilcember.eu\/wp-content\/uploads\/2023\/01\/06.12-rollberg-1024x768.jpeg\" class=\"attachment-large size-large wp-image-4060\" alt=\"\" srcset=\"https:\/\/yesilcember.eu\/wp-content\/uploads\/2023\/01\/06.12-rollberg-1024x768.jpeg 1024w, https:\/\/yesilcember.eu\/wp-content\/uploads\/2023\/01\/06.12-rollberg-300x225.jpeg 300w, https:\/\/yesilcember.eu\/wp-content\/uploads\/2023\/01\/06.12-rollberg-768x576.jpeg 768w, https:\/\/yesilcember.eu\/wp-content\/uploads\/2023\/01\/06.12-rollberg-1536x1152.jpeg 1536w, https:\/\/yesilcember.eu\/wp-content\/uploads\/2023\/01\/06.12-rollberg-800x600.jpeg 800w, https:\/\/yesilcember.eu\/wp-content\/uploads\/2023\/01\/06.12-rollberg-700x525.jpeg 700w, https:\/\/yesilcember.eu\/wp-content\/uploads\/2023\/01\/06.12-rollberg.jpeg 1600w\" sizes=\"(max-width: 1024px) 100vw, 1024px\" \/>\t\t\t\t\t\t\t\t\t\t\t\t\t\t\t<\/div>\n\t\t\t\t<\/div>\n\t\t\t\t\t<\/div>\n\t\t<\/div>\n\t\t\t\t<div class=\"elementor-column elementor-col-50 elementor-top-column elementor-element elementor-element-3409b9a\" data-id=\"3409b9a\" data-element_type=\"column\">\n\t\t\t<div class=\"elementor-widget-wrap elementor-element-populated\">\n\t\t\t\t\t\t<div class=\"elementor-element elementor-element-d9a356f elementor-widget elementor-widget-heading\" data-id=\"d9a356f\" data-element_type=\"widget\" data-widget_type=\"heading.default\">\n\t\t\t\t<div class=\"elementor-widget-container\">\n\t\t\t\t\t<h2 class=\"elementor-heading-title elementor-size-default\">\u00adRollberg Mahallesinde K\u0131\u015f Pazar\u0131ndayd\u0131k\n\n\n<\/h2>\t\t\t\t<\/div>\n\t\t\t\t<\/div>\n\t\t\t\t<div class=\"elementor-element elementor-element-7936806 elementor-widget elementor-widget-spacer\" data-id=\"7936806\" data-element_type=\"widget\" data-widget_type=\"spacer.default\">\n\t\t\t\t<div class=\"elementor-widget-container\">\n\t\t\t\t\t\t\t<div class=\"elementor-spacer\">\n\t\t\t<div class=\"elementor-spacer-inner\"><\/div>\n\t\t<\/div>\n\t\t\t\t\t\t<\/div>\n\t\t\t\t<\/div>\n\t\t\t\t<div class=\"elementor-element elementor-element-191531c elementor-widget elementor-widget-heading\" data-id=\"191531c\" data-element_type=\"widget\" data-widget_type=\"heading.default\">\n\t\t\t\t<div class=\"elementor-widget-container\">\n\t\t\t\t\t<h5 class=\"elementor-heading-title elementor-size-default\">6 Aral\u0131k Tarihinde Rollberg mahallesinde\u2019de ger\u00e7ekle\u015ftirilen k\u0131\u015f pazar\u0131nda Ye\u015fil \u00c7ember olarak yerimizi ald\u0131k. Falkplatz\u2019da yap\u0131lan etkinlikte artan ya\u015fam giderlerini d\u00fc\u015f\u00fcrmek i\u00e7in Enerji Tasarrufu dan\u0131\u015fmanl\u0131\u011f\u0131 da yapt\u0131\u011f\u0131m\u0131z bu etkinlikte ziyaret\u00e7ilerimize vegan kurabiyeler ikram ettik.\n\n<\/h5>\t\t\t\t<\/div>\n\t\t\t\t<\/div>\n\t\t\t\t<div class=\"elementor-element elementor-element-d51b44a elementor-widget elementor-widget-spacer\" data-id=\"d51b44a\" data-element_type=\"widget\" data-widget_type=\"spacer.default\">\n\t\t\t\t<div class=\"elementor-widget-container\">\n\t\t\t\t\t\t\t<div class=\"elementor-spacer\">\n\t\t\t<div class=\"elementor-spacer-inner\"><\/div>\n\t\t<\/div>\n\t\t\t\t\t\t<\/div>\n\t\t\t\t<\/div>\n\t\t\t\t\t<\/div>\n\t\t<\/div>\n\t\t\t\t\t<\/div>\n\t\t<\/section>\n\t\t\t\t<section class=\"elementor-section elementor-top-section elementor-element elementor-element-6694055 elementor-section-full_width elementor-section-content-middle qode_elementor_container_inner elementor-section-height-default elementor-section-height-default parallax_section_no\" data-id=\"6694055\" data-element_type=\"section\">\n\t\t\t\t\t\t<div class=\"elementor-container elementor-column-gap-default\">\n\t\t\t\t\t<div class=\"elementor-column elementor-col-50 elementor-top-column elementor-element elementor-element-87bd28d\" data-id=\"87bd28d\" data-element_type=\"column\">\n\t\t\t<div class=\"elementor-widget-wrap elementor-element-populated\">\n\t\t\t\t\t\t<div class=\"elementor-element elementor-element-4a78062 elementor-widget elementor-widget-image\" data-id=\"4a78062\" data-element_type=\"widget\" data-widget_type=\"image.default\">\n\t\t\t\t<div class=\"elementor-widget-container\">\n\t\t\t\t\t\t\t\t\t\t\t\t\t\t\t<img loading=\"lazy\" decoding=\"async\" width=\"1024\" height=\"946\" src=\"https:\/\/yesilcember.eu\/wp-content\/uploads\/2023\/01\/corekatolyesi29.11-1024x946.png\" class=\"attachment-large size-large wp-image-4054\" alt=\"\" srcset=\"https:\/\/yesilcember.eu\/wp-content\/uploads\/2023\/01\/corekatolyesi29.11-1024x946.png 1024w, https:\/\/yesilcember.eu\/wp-content\/uploads\/2023\/01\/corekatolyesi29.11-300x277.png 300w, https:\/\/yesilcember.eu\/wp-content\/uploads\/2023\/01\/corekatolyesi29.11-768x710.png 768w, https:\/\/yesilcember.eu\/wp-content\/uploads\/2023\/01\/corekatolyesi29.11-700x647.png 700w, https:\/\/yesilcember.eu\/wp-content\/uploads\/2023\/01\/corekatolyesi29.11.png 1197w\" sizes=\"(max-width: 1024px) 100vw, 1024px\" \/>\t\t\t\t\t\t\t\t\t\t\t\t\t\t\t<\/div>\n\t\t\t\t<\/div>\n\t\t\t\t\t<\/div>\n\t\t<\/div>\n\t\t\t\t<div class=\"elementor-column elementor-col-50 elementor-top-column elementor-element elementor-element-2b1c10f\" data-id=\"2b1c10f\" data-element_type=\"column\">\n\t\t\t<div class=\"elementor-widget-wrap elementor-element-populated\">\n\t\t\t\t\t\t<div class=\"elementor-element elementor-element-34560e4 elementor-widget elementor-widget-heading\" data-id=\"34560e4\" data-element_type=\"widget\" data-widget_type=\"heading.default\">\n\t\t\t\t<div class=\"elementor-widget-container\">\n\t\t\t\t\t<h2 class=\"elementor-heading-title elementor-size-default\"> Y\u0131lba\u015f\u0131 \u00c7\u00f6rek At\u00f6lyesi\n\n<\/h2>\t\t\t\t<\/div>\n\t\t\t\t<\/div>\n\t\t\t\t<div class=\"elementor-element elementor-element-73b5405 elementor-widget elementor-widget-spacer\" data-id=\"73b5405\" data-element_type=\"widget\" data-widget_type=\"spacer.default\">\n\t\t\t\t<div class=\"elementor-widget-container\">\n\t\t\t\t\t\t\t<div class=\"elementor-spacer\">\n\t\t\t<div class=\"elementor-spacer-inner\"><\/div>\n\t\t<\/div>\n\t\t\t\t\t\t<\/div>\n\t\t\t\t<\/div>\n\t\t\t\t<div class=\"elementor-element elementor-element-18079b2 elementor-widget elementor-widget-heading\" data-id=\"18079b2\" data-element_type=\"widget\" data-widget_type=\"heading.default\">\n\t\t\t\t<div class=\"elementor-widget-container\">\n\t\t\t\t\t<h5 class=\"elementor-heading-title elementor-size-default\">\u00dcber den Tellerrand\u2019\u0131n Kitchen Hub\u2019\u0131nda 29 Kas\u0131m'da ger\u00e7ekle\u015ftirdi\u011fimiz etkinlikte Ye\u015fil \u00c7ember g\u00f6n\u00fcll\u00fcleri havu\u00e7lu cevizli lezzet toplar\u0131 yaparken \u00fcber den Tellerrand g\u00f6n\u00fcll\u00fcleri Ukrayna k\u00f6kenli bir tarif olan mandalinal\u0131 noel keki pi\u015firdi. Yemeklerin pi\u015fmesinin ard\u0131ndan hep birlikte pi\u015firdiklerimizi yerken, bir taraftan da yemek tarifleri kar\u015f\u0131l\u0131kl\u0131 payla\u015f\u0131ld\u0131, iki \u00fclkenin mutfaklar\u0131 hakk\u0131nda g\u00fczel sohbetler edildi.\n<\/h5>\t\t\t\t<\/div>\n\t\t\t\t<\/div>\n\t\t\t\t<div class=\"elementor-element elementor-element-b51991c elementor-widget elementor-widget-spacer\" data-id=\"b51991c\" data-element_type=\"widget\" data-widget_type=\"spacer.default\">\n\t\t\t\t<div class=\"elementor-widget-container\">\n\t\t\t\t\t\t\t<div class=\"elementor-spacer\">\n\t\t\t<div class=\"elementor-spacer-inner\"><\/div>\n\t\t<\/div>\n\t\t\t\t\t\t<\/div>\n\t\t\t\t<\/div>\n\t\t\t\t\t<\/div>\n\t\t<\/div>\n\t\t\t\t\t<\/div>\n\t\t<\/section>\n\t\t\t\t<section class=\"elementor-section elementor-top-section elementor-element elementor-element-5e58f68 elementor-section-full_width elementor-section-content-middle qode_elementor_container_inner elementor-section-height-default elementor-section-height-default parallax_section_no\" data-id=\"5e58f68\" data-element_type=\"section\">\n\t\t\t\t\t\t<div class=\"elementor-container elementor-column-gap-default\">\n\t\t\t\t\t<div class=\"elementor-column elementor-col-50 elementor-top-column elementor-element elementor-element-694d1e2\" data-id=\"694d1e2\" data-element_type=\"column\">\n\t\t\t<div class=\"elementor-widget-wrap elementor-element-populated\">\n\t\t\t\t\t\t<div class=\"elementor-element elementor-element-c36394c elementor-widget elementor-widget-image\" data-id=\"c36394c\" data-element_type=\"widget\" data-widget_type=\"image.default\">\n\t\t\t\t<div class=\"elementor-widget-container\">\n\t\t\t\t\t\t\t\t\t\t\t\t\t\t\t<img loading=\"lazy\" decoding=\"async\" width=\"1024\" height=\"678\" src=\"https:\/\/yesilcember.eu\/wp-content\/uploads\/2023\/01\/supercoop26.11-1024x678.jpg\" class=\"attachment-large size-large wp-image-4048\" alt=\"\" srcset=\"https:\/\/yesilcember.eu\/wp-content\/uploads\/2023\/01\/supercoop26.11-1024x678.jpg 1024w, https:\/\/yesilcember.eu\/wp-content\/uploads\/2023\/01\/supercoop26.11-300x199.jpg 300w, https:\/\/yesilcember.eu\/wp-content\/uploads\/2023\/01\/supercoop26.11-768x509.jpg 768w, https:\/\/yesilcember.eu\/wp-content\/uploads\/2023\/01\/supercoop26.11-1536x1017.jpg 1536w, https:\/\/yesilcember.eu\/wp-content\/uploads\/2023\/01\/supercoop26.11-2048x1356.jpg 2048w, https:\/\/yesilcember.eu\/wp-content\/uploads\/2023\/01\/supercoop26.11-700x464.jpg 700w\" sizes=\"(max-width: 1024px) 100vw, 1024px\" \/>\t\t\t\t\t\t\t\t\t\t\t\t\t\t\t<\/div>\n\t\t\t\t<\/div>\n\t\t\t\t\t<\/div>\n\t\t<\/div>\n\t\t\t\t<div class=\"elementor-column elementor-col-50 elementor-top-column elementor-element elementor-element-4aa07d3\" data-id=\"4aa07d3\" data-element_type=\"column\">\n\t\t\t<div class=\"elementor-widget-wrap elementor-element-populated\">\n\t\t\t\t\t\t<div class=\"elementor-element elementor-element-fbf01e3 elementor-widget elementor-widget-heading\" data-id=\"fbf01e3\" data-element_type=\"widget\" data-widget_type=\"heading.default\">\n\t\t\t\t<div class=\"elementor-widget-container\">\n\t\t\t\t\t<h2 class=\"elementor-heading-title elementor-size-default\"> Kahvalt\u0131l\u0131klar Haz\u0131rlad\u0131k\n<\/h2>\t\t\t\t<\/div>\n\t\t\t\t<\/div>\n\t\t\t\t<div class=\"elementor-element elementor-element-09ffde9 elementor-widget elementor-widget-spacer\" data-id=\"09ffde9\" data-element_type=\"widget\" data-widget_type=\"spacer.default\">\n\t\t\t\t<div class=\"elementor-widget-container\">\n\t\t\t\t\t\t\t<div class=\"elementor-spacer\">\n\t\t\t<div class=\"elementor-spacer-inner\"><\/div>\n\t\t<\/div>\n\t\t\t\t\t\t<\/div>\n\t\t\t\t<\/div>\n\t\t\t\t<div class=\"elementor-element elementor-element-d74248b elementor-widget elementor-widget-heading\" data-id=\"d74248b\" data-element_type=\"widget\" data-widget_type=\"heading.default\">\n\t\t\t\t<div class=\"elementor-widget-container\">\n\t\t\t\t\t<h5 class=\"elementor-heading-title elementor-size-default\">26 Kas\u0131m tarihinde Wedding\u2019de bulunan Supercoop marketinde Ye\u015fil \u00c7ember g\u00f6n\u00fcll\u00fclerimizle birlikte genellikle \u00e7\u00f6pe att\u0131\u011f\u0131m\u0131z malzemelerden kahvalt\u0131l\u0131klar haz\u0131rlad\u0131k. Rondodan ge\u00e7irdi\u011fimiz turp yapraklar\u0131n\u0131 domates kurusu, ceviz, zeytinya\u011f\u0131 ve sarm\u0131sakla beraber kar\u0131\u015ft\u0131rarak sa\u011fl\u0131kl\u0131 bir\nkahvalt\u0131l\u0131k haz\u0131rlad\u0131k. \nE\u011fer sen de etkinliklerimizden haberdar olmak istiyorsan https:\/\/yesilcember.eu\/aktuelles\/\nadresinden g\u00fcncel etkinliklerimizi g\u00f6rebilirsin.\n<\/h5>\t\t\t\t<\/div>\n\t\t\t\t<\/div>\n\t\t\t\t<div class=\"elementor-element elementor-element-3ba3521 elementor-widget elementor-widget-spacer\" data-id=\"3ba3521\" data-element_type=\"widget\" data-widget_type=\"spacer.default\">\n\t\t\t\t<div class=\"elementor-widget-container\">\n\t\t\t\t\t\t\t<div class=\"elementor-spacer\">\n\t\t\t<div class=\"elementor-spacer-inner\"><\/div>\n\t\t<\/div>\n\t\t\t\t\t\t<\/div>\n\t\t\t\t<\/div>\n\t\t\t\t\t<\/div>\n\t\t<\/div>\n\t\t\t\t\t<\/div>\n\t\t<\/section>\n\t\t\t\t<section class=\"elementor-section elementor-top-section elementor-element elementor-element-9dffa67 elementor-section-full_width elementor-section-content-middle qode_elementor_container_inner elementor-section-height-default elementor-section-height-default parallax_section_no\" data-id=\"9dffa67\" data-element_type=\"section\">\n\t\t\t\t\t\t<div class=\"elementor-container elementor-column-gap-default\">\n\t\t\t\t\t<div class=\"elementor-column elementor-col-50 elementor-top-column elementor-element elementor-element-2b45421\" data-id=\"2b45421\" data-element_type=\"column\">\n\t\t\t<div class=\"elementor-widget-wrap elementor-element-populated\">\n\t\t\t\t\t\t<div class=\"elementor-element elementor-element-ca530ba elementor-widget elementor-widget-image\" data-id=\"ca530ba\" data-element_type=\"widget\" data-widget_type=\"image.default\">\n\t\t\t\t<div class=\"elementor-widget-container\">\n\t\t\t\t\t\t\t\t\t\t\t\t\t\t\t<img loading=\"lazy\" decoding=\"async\" width=\"1024\" height=\"768\" src=\"https:\/\/yesilcember.eu\/wp-content\/uploads\/2022\/12\/unnamed2-1024x768.jpg\" class=\"attachment-large size-large wp-image-4002\" alt=\"\" srcset=\"https:\/\/yesilcember.eu\/wp-content\/uploads\/2022\/12\/unnamed2-1024x768.jpg 1024w, https:\/\/yesilcember.eu\/wp-content\/uploads\/2022\/12\/unnamed2-300x225.jpg 300w, https:\/\/yesilcember.eu\/wp-content\/uploads\/2022\/12\/unnamed2-768x576.jpg 768w, https:\/\/yesilcember.eu\/wp-content\/uploads\/2022\/12\/unnamed2-1536x1152.jpg 1536w, https:\/\/yesilcember.eu\/wp-content\/uploads\/2022\/12\/unnamed2-800x600.jpg 800w, https:\/\/yesilcember.eu\/wp-content\/uploads\/2022\/12\/unnamed2-700x525.jpg 700w, https:\/\/yesilcember.eu\/wp-content\/uploads\/2022\/12\/unnamed2.jpg 2000w\" sizes=\"(max-width: 1024px) 100vw, 1024px\" \/>\t\t\t\t\t\t\t\t\t\t\t\t\t\t\t<\/div>\n\t\t\t\t<\/div>\n\t\t\t\t\t<\/div>\n\t\t<\/div>\n\t\t\t\t<div class=\"elementor-column elementor-col-50 elementor-top-column elementor-element elementor-element-a57bb5e\" data-id=\"a57bb5e\" data-element_type=\"column\">\n\t\t\t<div class=\"elementor-widget-wrap elementor-element-populated\">\n\t\t\t\t\t\t<div class=\"elementor-element elementor-element-2b904c9 elementor-widget elementor-widget-heading\" data-id=\"2b904c9\" data-element_type=\"widget\" data-widget_type=\"heading.default\">\n\t\t\t\t<div class=\"elementor-widget-container\">\n\t\t\t\t\t<h2 class=\"elementor-heading-title elementor-size-default\"> Anadolu\u2019nun \u015eifa Tarihi \u00fczerine konu\u015ftuk <\/h2>\t\t\t\t<\/div>\n\t\t\t\t<\/div>\n\t\t\t\t<div class=\"elementor-element elementor-element-f84bd9a elementor-widget elementor-widget-spacer\" data-id=\"f84bd9a\" data-element_type=\"widget\" data-widget_type=\"spacer.default\">\n\t\t\t\t<div class=\"elementor-widget-container\">\n\t\t\t\t\t\t\t<div class=\"elementor-spacer\">\n\t\t\t<div class=\"elementor-spacer-inner\"><\/div>\n\t\t<\/div>\n\t\t\t\t\t\t<\/div>\n\t\t\t\t<\/div>\n\t\t\t\t<div class=\"elementor-element elementor-element-10f3350 elementor-widget elementor-widget-heading\" data-id=\"10f3350\" data-element_type=\"widget\" data-widget_type=\"heading.default\">\n\t\t\t\t<div class=\"elementor-widget-container\">\n\t\t\t\t\t<h5 class=\"elementor-heading-title elementor-size-default\">19 Kas\u0131m\u2019da Gropius Bau\u2019da ger\u00e7ekle\u015ftirdi\u011fimiz s\u00f6yle\u015fimizde Ye\u015fil \u00c7ember\u2019in kurucusu G\u00fclcan Nitsch konuklara Anadolu\u2019daki \u015fifa tarihi \u00fczerine \u00e7e\u015fitli bilgiler verdi.\n\u00c7a\u011fda\u015f D\u00fcnya\u2019da artan strese kar\u015f\u0131 k\u00f6k\u00fc \u00e7ok eski zamana dayanan rit\u00fcellere olan gereksinimimiz s\u00fcrekli art\u0131yor. Biz de Ye\u015fil \u00c7ember olarak \u015fifay\u0131 ila\u00e7larda aramaktansa dertlerimizi ge\u00e7mi\u015fteki ya\u015fam\u0131\u015f insanlar\u0131n deneyimlerinden yararlanarak \u00e7\u00f6zmek amac\u0131yla b\u00f6yle bir etkinlik d\u00fczenledik.<\/h5>\t\t\t\t<\/div>\n\t\t\t\t<\/div>\n\t\t\t\t<div class=\"elementor-element elementor-element-3fc3df5 elementor-widget elementor-widget-spacer\" data-id=\"3fc3df5\" data-element_type=\"widget\" data-widget_type=\"spacer.default\">\n\t\t\t\t<div class=\"elementor-widget-container\">\n\t\t\t\t\t\t\t<div class=\"elementor-spacer\">\n\t\t\t<div class=\"elementor-spacer-inner\"><\/div>\n\t\t<\/div>\n\t\t\t\t\t\t<\/div>\n\t\t\t\t<\/div>\n\t\t\t\t\t<\/div>\n\t\t<\/div>\n\t\t\t\t\t<\/div>\n\t\t<\/section>\n\t\t\t\t<section class=\"elementor-section elementor-top-section elementor-element elementor-element-3e19338 elementor-section-full_width elementor-section-content-middle qode_elementor_container_inner elementor-section-height-default elementor-section-height-default parallax_section_no\" data-id=\"3e19338\" data-element_type=\"section\">\n\t\t\t\t\t\t<div class=\"elementor-container elementor-column-gap-default\">\n\t\t\t\t\t<div class=\"elementor-column elementor-col-50 elementor-top-column elementor-element elementor-element-8728a26\" data-id=\"8728a26\" data-element_type=\"column\">\n\t\t\t<div class=\"elementor-widget-wrap elementor-element-populated\">\n\t\t\t\t\t\t<div class=\"elementor-element elementor-element-6f8b44f elementor-widget elementor-widget-image\" data-id=\"6f8b44f\" data-element_type=\"widget\" data-widget_type=\"image.default\">\n\t\t\t\t<div class=\"elementor-widget-container\">\n\t\t\t\t\t\t\t\t\t\t\t\t\t\t\t<img loading=\"lazy\" decoding=\"async\" width=\"1024\" height=\"1024\" src=\"https:\/\/yesilcember.eu\/wp-content\/uploads\/2022\/12\/unnamed1-1024x1024.jpg\" class=\"attachment-large size-large wp-image-4000\" alt=\"\" srcset=\"https:\/\/yesilcember.eu\/wp-content\/uploads\/2022\/12\/unnamed1-1024x1024.jpg 1024w, https:\/\/yesilcember.eu\/wp-content\/uploads\/2022\/12\/unnamed1-300x300.jpg 300w, https:\/\/yesilcember.eu\/wp-content\/uploads\/2022\/12\/unnamed1-150x150.jpg 150w, https:\/\/yesilcember.eu\/wp-content\/uploads\/2022\/12\/unnamed1-768x768.jpg 768w, https:\/\/yesilcember.eu\/wp-content\/uploads\/2022\/12\/unnamed1.jpg 1536w, https:\/\/yesilcember.eu\/wp-content\/uploads\/2022\/12\/unnamed1-570x570.jpg 570w, https:\/\/yesilcember.eu\/wp-content\/uploads\/2022\/12\/unnamed1-500x500.jpg 500w, https:\/\/yesilcember.eu\/wp-content\/uploads\/2022\/12\/unnamed1-1000x1000.jpg 1000w, https:\/\/yesilcember.eu\/wp-content\/uploads\/2022\/12\/unnamed1-700x700.jpg 700w, https:\/\/yesilcember.eu\/wp-content\/uploads\/2022\/12\/unnamed1-650x650.jpg 650w, https:\/\/yesilcember.eu\/wp-content\/uploads\/2022\/12\/unnamed1-1300x1300.jpg 1300w\" sizes=\"(max-width: 1024px) 100vw, 1024px\" \/>\t\t\t\t\t\t\t\t\t\t\t\t\t\t\t<\/div>\n\t\t\t\t<\/div>\n\t\t\t\t\t<\/div>\n\t\t<\/div>\n\t\t\t\t<div class=\"elementor-column elementor-col-50 elementor-top-column elementor-element elementor-element-ad811a2\" data-id=\"ad811a2\" data-element_type=\"column\">\n\t\t\t<div class=\"elementor-widget-wrap elementor-element-populated\">\n\t\t\t\t\t\t<div class=\"elementor-element elementor-element-c5ed051 elementor-widget elementor-widget-heading\" data-id=\"c5ed051\" data-element_type=\"widget\" data-widget_type=\"heading.default\">\n\t\t\t\t<div class=\"elementor-widget-container\">\n\t\t\t\t\t<h2 class=\"elementor-heading-title elementor-size-default\">Winogradsky Kolonileri kurduk ve C\u0131v\u0131k Mantarlar \u00fczerine s\u00f6yle\u015ftik<\/h2>\t\t\t\t<\/div>\n\t\t\t\t<\/div>\n\t\t\t\t<div class=\"elementor-element elementor-element-0593d0a elementor-widget elementor-widget-spacer\" data-id=\"0593d0a\" data-element_type=\"widget\" data-widget_type=\"spacer.default\">\n\t\t\t\t<div class=\"elementor-widget-container\">\n\t\t\t\t\t\t\t<div class=\"elementor-spacer\">\n\t\t\t<div class=\"elementor-spacer-inner\"><\/div>\n\t\t<\/div>\n\t\t\t\t\t\t<\/div>\n\t\t\t\t<\/div>\n\t\t\t\t<div class=\"elementor-element elementor-element-ae62d61 elementor-widget elementor-widget-heading\" data-id=\"ae62d61\" data-element_type=\"widget\" data-widget_type=\"heading.default\">\n\t\t\t\t<div class=\"elementor-widget-container\">\n\t\t\t\t\t<h5 class=\"elementor-heading-title elementor-size-default\">Club Real ve Organism Democracy ile birlikte 16 ve 17 Kas\u0131m tarihlerinde Osloerstr. 107\u2019deki Jenseits der Natur (Canl\u0131lar \u015eehri) adl\u0131 \u00f6zel parkta ger\u00e7ekle\u015ftirdi\u011fimiz 2 etkinli\u011fimizdeWinogradsky kolonu olu\u015fturma Workshop\u2019u ve c\u0131v\u0131k Mantar t\u00fcrleri \u00fczerine bir film g\u00f6sterimi ile s\u00f6yle\u015fi yapt\u0131k, bah\u00e7emizdeki c\u0131v\u0131l mantarlar\u0131 b\u00fcy\u00fcte\u00e7ler yard\u0131m\u0131 ile g\u00f6zlemledik. \u0130lk etkinli\u011fimizde \u00e7e\u015fitli bakteriler, ya\u011fmur ve yeralt\u0131 suyu ile \u00e7amur kullanarak Winogradsky kolonunun nas\u0131l olu\u015fturulaca\u011f\u0131n\u0131 kat\u0131l\u0131mc\u0131lar\u0131m\u0131za g\u00f6sterdik ve beraber ad\u0131 ge\u00e7en kolonlardan olu\u015fturduk. Workshopumuza kat\u0131lanlar bu kolonlar\u0131 evlerine g\u00f6t\u00fcrd\u00fcler ve \u00f6n\u00fcm\u00fczdeki s\u00fcre\u00e7te havayla temas\u0131 kesilen kolonlarda ya\u015fam\u0131n nas\u0131l ortaya \u00e7\u0131kaca\u011f\u0131n\u0131 g\u00f6zlemleyecekler.<\/h5>\t\t\t\t<\/div>\n\t\t\t\t<\/div>\n\t\t\t\t<div class=\"elementor-element elementor-element-d228d1a elementor-widget elementor-widget-spacer\" data-id=\"d228d1a\" data-element_type=\"widget\" data-widget_type=\"spacer.default\">\n\t\t\t\t<div class=\"elementor-widget-container\">\n\t\t\t\t\t\t\t<div class=\"elementor-spacer\">\n\t\t\t<div class=\"elementor-spacer-inner\"><\/div>\n\t\t<\/div>\n\t\t\t\t\t\t<\/div>\n\t\t\t\t<\/div>\n\t\t\t\t\t<\/div>\n\t\t<\/div>\n\t\t\t\t\t<\/div>\n\t\t<\/section>\n\t\t\t\t<section class=\"elementor-section elementor-top-section elementor-element elementor-element-adc84e8 elementor-section-full_width elementor-section-content-middle qode_elementor_container_inner elementor-section-height-default elementor-section-height-default parallax_section_no\" data-id=\"adc84e8\" data-element_type=\"section\">\n\t\t\t\t\t\t<div class=\"elementor-container elementor-column-gap-default\">\n\t\t\t\t\t<div class=\"elementor-column elementor-col-50 elementor-top-column elementor-element elementor-element-e1c7826\" data-id=\"e1c7826\" data-element_type=\"column\">\n\t\t\t<div class=\"elementor-widget-wrap elementor-element-populated\">\n\t\t\t\t\t\t<div class=\"elementor-element elementor-element-f54da80 elementor-widget elementor-widget-image\" data-id=\"f54da80\" data-element_type=\"widget\" data-widget_type=\"image.default\">\n\t\t\t\t<div class=\"elementor-widget-container\">\n\t\t\t\t\t\t\t\t\t\t\t\t\t\t\t<img loading=\"lazy\" decoding=\"async\" width=\"1024\" height=\"905\" src=\"https:\/\/yesilcember.eu\/wp-content\/uploads\/2022\/12\/unnamed-1-1024x905.jpg\" class=\"attachment-large size-large wp-image-3998\" alt=\"\" srcset=\"https:\/\/yesilcember.eu\/wp-content\/uploads\/2022\/12\/unnamed-1-1024x905.jpg 1024w, https:\/\/yesilcember.eu\/wp-content\/uploads\/2022\/12\/unnamed-1-300x265.jpg 300w, https:\/\/yesilcember.eu\/wp-content\/uploads\/2022\/12\/unnamed-1-768x679.jpg 768w, https:\/\/yesilcember.eu\/wp-content\/uploads\/2022\/12\/unnamed-1-700x619.jpg 700w, https:\/\/yesilcember.eu\/wp-content\/uploads\/2022\/12\/unnamed-1.jpg 1512w\" sizes=\"(max-width: 1024px) 100vw, 1024px\" \/>\t\t\t\t\t\t\t\t\t\t\t\t\t\t\t<\/div>\n\t\t\t\t<\/div>\n\t\t\t\t\t<\/div>\n\t\t<\/div>\n\t\t\t\t<div class=\"elementor-column elementor-col-50 elementor-top-column elementor-element elementor-element-e083c24\" data-id=\"e083c24\" data-element_type=\"column\">\n\t\t\t<div class=\"elementor-widget-wrap elementor-element-populated\">\n\t\t\t\t\t\t<div class=\"elementor-element elementor-element-e4ded68 elementor-widget elementor-widget-heading\" data-id=\"e4ded68\" data-element_type=\"widget\" data-widget_type=\"heading.default\">\n\t\t\t\t<div class=\"elementor-widget-container\">\n\t\t\t\t\t<h2 class=\"elementor-heading-title elementor-size-default\">Smoothie aksiyonlar\u0131m\u0131zla g\u0131da israf\u0131na dikkat \u00e7ektik<\/h2>\t\t\t\t<\/div>\n\t\t\t\t<\/div>\n\t\t\t\t<div class=\"elementor-element elementor-element-26765cd elementor-widget elementor-widget-spacer\" data-id=\"26765cd\" data-element_type=\"widget\" data-widget_type=\"spacer.default\">\n\t\t\t\t<div class=\"elementor-widget-container\">\n\t\t\t\t\t\t\t<div class=\"elementor-spacer\">\n\t\t\t<div class=\"elementor-spacer-inner\"><\/div>\n\t\t<\/div>\n\t\t\t\t\t\t<\/div>\n\t\t\t\t<\/div>\n\t\t\t\t<div class=\"elementor-element elementor-element-01eea43 elementor-widget elementor-widget-heading\" data-id=\"01eea43\" data-element_type=\"widget\" data-widget_type=\"heading.default\">\n\t\t\t\t<div class=\"elementor-widget-container\">\n\t\t\t\t\t<h5 class=\"elementor-heading-title elementor-size-default\">Berliner Stadtreinigung\u2019un \u00f6nc\u00fcl\u00fc\u011f\u00fcnde ger\u00e7ekle\u015ftirilen Zero Waste Future Festivali\nkapsam\u0131nda 12, 15 ve 18 Kas\u0131m tarihlerinde Tempelhofer Damm, Maybachufer ve NochMall kullan\u0131lm\u0131\u015f e\u015fya al\u0131\u015fveri\u015f merkezinde kurdu\u011fumuz stantlar\u0131m\u0131zla Berlinlilere evlerindeki meyve ve sebzeleri \u00e7\u00f6pe atmamalar\u0131n\u0131, bu \u00fcr\u00fcnleri yeniden kullanabilmeleri i\u00e7in k\u00fcflenip at\u0131lmas\u0131n\u0131 beklemeden sadece su ekleyerek mikserden ge\u00e7irmeleri gerekti\u011fini g\u00f6sterdik.\nSmoothie yapmak i\u00e7in \u00f6zel olarak \u00fcretilen bisikletimizle ziyaret\u00e7ilerimiz kendi smoothielerini yaparken Almanya\u2019da \u00e7\u00f6pe at\u0131lan g\u0131dalarla ilgili de bilgilendirmelerde bulunduk.\n<br>\n<br>\nAyr\u0131nt\u0131l\u0131 bilgi i\u00e7in a\u015fa\u011f\u0131daki linke t\u0131klayabilirsiniz :\n\n<a href=\"https:\/\/www.trenntstadt-berlin.de\/mach-nbsp-mit\/ZWFF-2022.html?gclid=CjwKCAiAvK2bBhB8EiwAZUbP1H4PlRHM8f-k3HfILFhwVnGWnq8c3RBQMG3b6h91mmuNSkvqosgOKBoCn-UQAvD_BwE\">https:\/\/www.trenntstadt-berlin.de\/mach-nbsp-mit\/ZWFF-2022.html?gclid=CjwKCAiAvK2bBhB8EiwAZUbP1H4PlRHM8f-k3HfILFhwVnGWnq8c3RBQMG3b6h91mmuNSkvqosgOKBoCn-UQAvD_BwE<\/a><\/h5>\t\t\t\t<\/div>\n\t\t\t\t<\/div>\n\t\t\t\t<div class=\"elementor-element elementor-element-7339101 elementor-widget elementor-widget-spacer\" data-id=\"7339101\" data-element_type=\"widget\" data-widget_type=\"spacer.default\">\n\t\t\t\t<div class=\"elementor-widget-container\">\n\t\t\t\t\t\t\t<div class=\"elementor-spacer\">\n\t\t\t<div class=\"elementor-spacer-inner\"><\/div>\n\t\t<\/div>\n\t\t\t\t\t\t<\/div>\n\t\t\t\t<\/div>\n\t\t\t\t\t<\/div>\n\t\t<\/div>\n\t\t\t\t\t<\/div>\n\t\t<\/section>\n\t\t\t\t<section class=\"elementor-section elementor-top-section elementor-element elementor-element-53199b6 elementor-section-full_width elementor-section-content-middle qode_elementor_container_inner elementor-section-height-default elementor-section-height-default parallax_section_no\" data-id=\"53199b6\" data-element_type=\"section\">\n\t\t\t\t\t\t<div class=\"elementor-container elementor-column-gap-default\">\n\t\t\t\t\t<div class=\"elementor-column elementor-col-50 elementor-top-column elementor-element elementor-element-66717b6\" data-id=\"66717b6\" data-element_type=\"column\">\n\t\t\t<div class=\"elementor-widget-wrap elementor-element-populated\">\n\t\t\t\t\t\t<div class=\"elementor-element elementor-element-458c7a2 elementor-widget elementor-widget-image\" data-id=\"458c7a2\" data-element_type=\"widget\" data-widget_type=\"image.default\">\n\t\t\t\t<div class=\"elementor-widget-container\">\n\t\t\t\t\t\t\t\t\t\t\t\t\t\t\t<img loading=\"lazy\" decoding=\"async\" width=\"442\" height=\"385\" src=\"https:\/\/yesilcember.eu\/wp-content\/uploads\/2022\/12\/unnamed.png\" class=\"attachment-large size-large wp-image-3996\" alt=\"\" srcset=\"https:\/\/yesilcember.eu\/wp-content\/uploads\/2022\/12\/unnamed.png 442w, https:\/\/yesilcember.eu\/wp-content\/uploads\/2022\/12\/unnamed-300x261.png 300w\" sizes=\"(max-width: 442px) 100vw, 442px\" \/>\t\t\t\t\t\t\t\t\t\t\t\t\t\t\t<\/div>\n\t\t\t\t<\/div>\n\t\t\t\t\t<\/div>\n\t\t<\/div>\n\t\t\t\t<div class=\"elementor-column elementor-col-50 elementor-top-column elementor-element elementor-element-94b3301\" data-id=\"94b3301\" data-element_type=\"column\">\n\t\t\t<div class=\"elementor-widget-wrap elementor-element-populated\">\n\t\t\t\t\t\t<div class=\"elementor-element elementor-element-693dd60 elementor-widget elementor-widget-heading\" data-id=\"693dd60\" data-element_type=\"widget\" data-widget_type=\"heading.default\">\n\t\t\t\t<div class=\"elementor-widget-container\">\n\t\t\t\t\t<h2 class=\"elementor-heading-title elementor-size-default\">Evlerde enerji tasarrufu i\u00e7in bulu\u015ftuk<\/h2>\t\t\t\t<\/div>\n\t\t\t\t<\/div>\n\t\t\t\t<div class=\"elementor-element elementor-element-e4b3859 elementor-widget elementor-widget-spacer\" data-id=\"e4b3859\" data-element_type=\"widget\" data-widget_type=\"spacer.default\">\n\t\t\t\t<div class=\"elementor-widget-container\">\n\t\t\t\t\t\t\t<div class=\"elementor-spacer\">\n\t\t\t<div class=\"elementor-spacer-inner\"><\/div>\n\t\t<\/div>\n\t\t\t\t\t\t<\/div>\n\t\t\t\t<\/div>\n\t\t\t\t<div class=\"elementor-element elementor-element-75e2b91 elementor-widget elementor-widget-heading\" data-id=\"75e2b91\" data-element_type=\"widget\" data-widget_type=\"heading.default\">\n\t\t\t\t<div class=\"elementor-widget-container\">\n\t\t\t\t\t<h5 class=\"elementor-heading-title elementor-size-default\">Stromspar-Check taraf\u0131ndan Almanya genelinde ger\u00e7ekle\u015ftirilen ve evlerde nas\u0131l enerji tasarrufu edilece\u011fi hakk\u0131nda bilgilendirme i\u00e7eren toplant\u0131lardan birini de Kreuzberg\u2019de Stadtteilzentrum Familiengarten\u2019da ger\u00e7ekle\u015ftirdik. T\u00fcrk\u00e7e ve Arap\u00e7a \u00e7evirisi de yap\u0131lan etkinlikte evimizi do\u011fru \u0131s\u0131tma y\u00f6ntemleri \u00fczerine yanl\u0131\u015f bildiklerimizi d\u00fczelttik ve yeni bilgiler edindik. <br><br>Stromspar-Check taraf\u0131ndan haz\u0131rlanan a\u015fa\u011f\u0131daki videoya t\u0131klayarak evinde neleri de\u011fi\u015ftirerek enerji tasarruf edebilece\u011fini \u00f6\u011frenebilirsin.\n<br>\n<a href=\"https:\/\/www.youtube.com\/watch?v=1iqfRHdBT64\">https:\/\/www.youtube.com\/watch?v=1iqfRHdBT64<\/a>\n<\/h5>\t\t\t\t<\/div>\n\t\t\t\t<\/div>\n\t\t\t\t<div class=\"elementor-element elementor-element-cccb418 elementor-widget elementor-widget-spacer\" data-id=\"cccb418\" data-element_type=\"widget\" data-widget_type=\"spacer.default\">\n\t\t\t\t<div class=\"elementor-widget-container\">\n\t\t\t\t\t\t\t<div class=\"elementor-spacer\">\n\t\t\t<div class=\"elementor-spacer-inner\"><\/div>\n\t\t<\/div>\n\t\t\t\t\t\t<\/div>\n\t\t\t\t<\/div>\n\t\t\t\t\t<\/div>\n\t\t<\/div>\n\t\t\t\t\t<\/div>\n\t\t<\/section>\n\t\t\t\t<section class=\"elementor-section elementor-top-section elementor-element elementor-element-988d815 elementor-section-full_width elementor-section-content-middle qode_elementor_container_inner elementor-section-height-default elementor-section-height-default parallax_section_no\" data-id=\"988d815\" data-element_type=\"section\">\n\t\t\t\t\t\t<div class=\"elementor-container elementor-column-gap-default\">\n\t\t\t\t\t<div class=\"elementor-column elementor-col-50 elementor-top-column elementor-element elementor-element-bb9db1a\" data-id=\"bb9db1a\" data-element_type=\"column\">\n\t\t\t<div class=\"elementor-widget-wrap elementor-element-populated\">\n\t\t\t\t\t\t<div class=\"elementor-element elementor-element-732f396 elementor-widget elementor-widget-image\" data-id=\"732f396\" data-element_type=\"widget\" data-widget_type=\"image.default\">\n\t\t\t\t<div class=\"elementor-widget-container\">\n\t\t\t\t\t\t\t\t\t\t\t\t\t\t\t<img loading=\"lazy\" decoding=\"async\" width=\"1024\" height=\"768\" src=\"https:\/\/yesilcember.eu\/wp-content\/uploads\/2022\/12\/unnamed-1024x768.jpg\" class=\"attachment-large size-large wp-image-3994\" alt=\"\" srcset=\"https:\/\/yesilcember.eu\/wp-content\/uploads\/2022\/12\/unnamed-1024x768.jpg 1024w, https:\/\/yesilcember.eu\/wp-content\/uploads\/2022\/12\/unnamed-300x225.jpg 300w, https:\/\/yesilcember.eu\/wp-content\/uploads\/2022\/12\/unnamed-768x576.jpg 768w, https:\/\/yesilcember.eu\/wp-content\/uploads\/2022\/12\/unnamed-1536x1152.jpg 1536w, https:\/\/yesilcember.eu\/wp-content\/uploads\/2022\/12\/unnamed-800x600.jpg 800w, https:\/\/yesilcember.eu\/wp-content\/uploads\/2022\/12\/unnamed-700x525.jpg 700w, https:\/\/yesilcember.eu\/wp-content\/uploads\/2022\/12\/unnamed.jpg 2048w\" sizes=\"(max-width: 1024px) 100vw, 1024px\" \/>\t\t\t\t\t\t\t\t\t\t\t\t\t\t\t<\/div>\n\t\t\t\t<\/div>\n\t\t\t\t\t<\/div>\n\t\t<\/div>\n\t\t\t\t<div class=\"elementor-column elementor-col-50 elementor-top-column elementor-element elementor-element-0974931\" data-id=\"0974931\" data-element_type=\"column\">\n\t\t\t<div class=\"elementor-widget-wrap elementor-element-populated\">\n\t\t\t\t\t\t<div class=\"elementor-element elementor-element-ec66956 elementor-widget elementor-widget-heading\" data-id=\"ec66956\" data-element_type=\"widget\" data-widget_type=\"heading.default\">\n\t\t\t\t<div class=\"elementor-widget-container\">\n\t\t\t\t\t<h2 class=\"elementor-heading-title elementor-size-default\"> ZDF Televizyonuna konuk olduk <\/h2>\t\t\t\t<\/div>\n\t\t\t\t<\/div>\n\t\t\t\t<div class=\"elementor-element elementor-element-6a2a6f1 elementor-widget elementor-widget-spacer\" data-id=\"6a2a6f1\" data-element_type=\"widget\" data-widget_type=\"spacer.default\">\n\t\t\t\t<div class=\"elementor-widget-container\">\n\t\t\t\t\t\t\t<div class=\"elementor-spacer\">\n\t\t\t<div class=\"elementor-spacer-inner\"><\/div>\n\t\t<\/div>\n\t\t\t\t\t\t<\/div>\n\t\t\t\t<\/div>\n\t\t\t\t<div class=\"elementor-element elementor-element-549b25f elementor-widget elementor-widget-heading\" data-id=\"549b25f\" data-element_type=\"widget\" data-widget_type=\"heading.default\">\n\t\t\t\t<div class=\"elementor-widget-container\">\n\t\t\t\t\t<h5 class=\"elementor-heading-title elementor-size-default\">Ye\u015fil \u00c7ember olarak \u00e7evrenin korunmas\u0131 ve bu bilincin art\u0131r\u0131lmas\u0131 amac\u0131yla pazarlarda ger\u00e7ekle\u015ftirdi\u011fimiz plastik po\u015fet yerine pazar \u00e7antalar\u0131n kullan\u0131lmas\u0131na y\u00f6nelik etkinliklerimiz ZDF taraf\u0131ndan filme al\u0131nd\u0131.\n<br>\nFilmi izlemek i\u00e7in a\u015fa\u011f\u0131daki linke t\u0131klayabilirsiniz.\n<br>\n<a href=\"https:\/\/www.zdf.de\/kultur\/forum-am-freitag\/forum-am-freitag-vom-11-november-2022-100.html\">https:\/\/www.zdf.de\/kultur\/forum-am-freitag\/forum-am-freitag-vom-11-november-2022-100.html<\/a>\n<\/h5>\t\t\t\t<\/div>\n\t\t\t\t<\/div>\n\t\t\t\t<div class=\"elementor-element elementor-element-76a6754 elementor-widget elementor-widget-spacer\" data-id=\"76a6754\" data-element_type=\"widget\" data-widget_type=\"spacer.default\">\n\t\t\t\t<div class=\"elementor-widget-container\">\n\t\t\t\t\t\t\t<div class=\"elementor-spacer\">\n\t\t\t<div class=\"elementor-spacer-inner\"><\/div>\n\t\t<\/div>\n\t\t\t\t\t\t<\/div>\n\t\t\t\t<\/div>\n\t\t\t\t\t<\/div>\n\t\t<\/div>\n\t\t\t\t\t<\/div>\n\t\t<\/section>\n\t\t\t\t<section class=\"elementor-section elementor-top-section elementor-element elementor-element-ebefdec elementor-section-full_width elementor-section-content-middle qode_elementor_container_inner elementor-section-height-default elementor-section-height-default parallax_section_no\" data-id=\"ebefdec\" data-element_type=\"section\">\n\t\t\t\t\t\t<div class=\"elementor-container elementor-column-gap-default\">\n\t\t\t\t\t<div class=\"elementor-column elementor-col-50 elementor-top-column elementor-element elementor-element-d1af407\" data-id=\"d1af407\" data-element_type=\"column\">\n\t\t\t<div class=\"elementor-widget-wrap elementor-element-populated\">\n\t\t\t\t\t\t<div class=\"elementor-element elementor-element-078b51e elementor-widget elementor-widget-image\" data-id=\"078b51e\" data-element_type=\"widget\" data-widget_type=\"image.default\">\n\t\t\t\t<div class=\"elementor-widget-container\">\n\t\t\t\t\t\t\t\t\t\t\t\t\t\t\t<img loading=\"lazy\" decoding=\"async\" width=\"1024\" height=\"768\" src=\"https:\/\/yesilcember.eu\/wp-content\/uploads\/2022\/10\/gebacken-1024x768.jpg\" class=\"attachment-large size-large wp-image-3719\" alt=\"\" srcset=\"https:\/\/yesilcember.eu\/wp-content\/uploads\/2022\/10\/gebacken-1024x768.jpg 1024w, https:\/\/yesilcember.eu\/wp-content\/uploads\/2022\/10\/gebacken-300x225.jpg 300w, https:\/\/yesilcember.eu\/wp-content\/uploads\/2022\/10\/gebacken-768x576.jpg 768w, https:\/\/yesilcember.eu\/wp-content\/uploads\/2022\/10\/gebacken-1536x1152.jpg 1536w, https:\/\/yesilcember.eu\/wp-content\/uploads\/2022\/10\/gebacken-800x600.jpg 800w, https:\/\/yesilcember.eu\/wp-content\/uploads\/2022\/10\/gebacken-700x525.jpg 700w, https:\/\/yesilcember.eu\/wp-content\/uploads\/2022\/10\/gebacken.jpg 1600w\" sizes=\"(max-width: 1024px) 100vw, 1024px\" \/>\t\t\t\t\t\t\t\t\t\t\t\t\t\t\t<\/div>\n\t\t\t\t<\/div>\n\t\t\t\t\t<\/div>\n\t\t<\/div>\n\t\t\t\t<div class=\"elementor-column elementor-col-50 elementor-top-column elementor-element elementor-element-f808d5f\" data-id=\"f808d5f\" data-element_type=\"column\">\n\t\t\t<div class=\"elementor-widget-wrap elementor-element-populated\">\n\t\t\t\t\t\t<div class=\"elementor-element elementor-element-e6471d0 elementor-widget elementor-widget-heading\" data-id=\"e6471d0\" data-element_type=\"widget\" data-widget_type=\"heading.default\">\n\t\t\t\t<div class=\"elementor-widget-container\">\n\t\t\t\t\t<h2 class=\"elementor-heading-title elementor-size-default\">\nTa\u015f f\u0131r\u0131nda kom\u015fuluk pizzalar\u0131 pi\u015firdik\n\n\n\n\n\n\n\n\n<\/h2>\t\t\t\t<\/div>\n\t\t\t\t<\/div>\n\t\t\t\t<div class=\"elementor-element elementor-element-eeae970 elementor-widget elementor-widget-spacer\" data-id=\"eeae970\" data-element_type=\"widget\" data-widget_type=\"spacer.default\">\n\t\t\t\t<div class=\"elementor-widget-container\">\n\t\t\t\t\t\t\t<div class=\"elementor-spacer\">\n\t\t\t<div class=\"elementor-spacer-inner\"><\/div>\n\t\t<\/div>\n\t\t\t\t\t\t<\/div>\n\t\t\t\t<\/div>\n\t\t\t\t<div class=\"elementor-element elementor-element-80131aa elementor-widget elementor-widget-heading\" data-id=\"80131aa\" data-element_type=\"widget\" data-widget_type=\"heading.default\">\n\t\t\t\t<div class=\"elementor-widget-container\">\n\t\t\t\t\t<h5 class=\"elementor-heading-title elementor-size-default\">22 Ekim\u2019de Kreuzberg kom\u015fuluk bah\u00e7esinde ger\u00e7ekle\u015ftirdi\u011fimiz etkinlikte kendi pizzam\u0131z\u0131n hamurunu yo\u011furduk ve ard\u0131ndan kendimiz pi\u015firdik. Netzwerk Lebensmittelpunkte Fhain ile i\u015fbirli\u011fiyle ger\u00e7ekle\u015ftirdi\u011fimiz etkinli\u011fimizde birbirinden farkl\u0131 pizza tariflerini denedik ve s\u0131f\u0131r at\u0131k yaratarak s\u00fcrd\u00fcr\u00fclebilir bir etkinlik yapm\u0131\u015f olduk. \n<\/h5>\t\t\t\t<\/div>\n\t\t\t\t<\/div>\n\t\t\t\t<div class=\"elementor-element elementor-element-0d2046b elementor-widget elementor-widget-spacer\" data-id=\"0d2046b\" data-element_type=\"widget\" data-widget_type=\"spacer.default\">\n\t\t\t\t<div class=\"elementor-widget-container\">\n\t\t\t\t\t\t\t<div class=\"elementor-spacer\">\n\t\t\t<div class=\"elementor-spacer-inner\"><\/div>\n\t\t<\/div>\n\t\t\t\t\t\t<\/div>\n\t\t\t\t<\/div>\n\t\t\t\t\t<\/div>\n\t\t<\/div>\n\t\t\t\t\t<\/div>\n\t\t<\/section>\n\t\t\t\t<section class=\"elementor-section elementor-top-section elementor-element elementor-element-93d2cc9 elementor-section-full_width elementor-section-content-middle qode_elementor_container_inner elementor-section-height-default elementor-section-height-default parallax_section_no\" data-id=\"93d2cc9\" data-element_type=\"section\">\n\t\t\t\t\t\t<div class=\"elementor-container elementor-column-gap-default\">\n\t\t\t\t\t<div class=\"elementor-column elementor-col-50 elementor-top-column elementor-element elementor-element-72543be\" data-id=\"72543be\" data-element_type=\"column\">\n\t\t\t<div class=\"elementor-widget-wrap elementor-element-populated\">\n\t\t\t\t\t\t<div class=\"elementor-element elementor-element-36f1bc6 elementor-widget elementor-widget-image\" data-id=\"36f1bc6\" data-element_type=\"widget\" data-widget_type=\"image.default\">\n\t\t\t\t<div class=\"elementor-widget-container\">\n\t\t\t\t\t\t\t\t\t\t\t\t\t\t\t<img loading=\"lazy\" decoding=\"async\" width=\"1024\" height=\"768\" src=\"https:\/\/yesilcember.eu\/wp-content\/uploads\/2022\/10\/gekocht-1024x768.jpg\" class=\"attachment-large size-large wp-image-3717\" alt=\"\" srcset=\"https:\/\/yesilcember.eu\/wp-content\/uploads\/2022\/10\/gekocht-1024x768.jpg 1024w, https:\/\/yesilcember.eu\/wp-content\/uploads\/2022\/10\/gekocht-300x225.jpg 300w, https:\/\/yesilcember.eu\/wp-content\/uploads\/2022\/10\/gekocht-768x576.jpg 768w, https:\/\/yesilcember.eu\/wp-content\/uploads\/2022\/10\/gekocht-1536x1152.jpg 1536w, https:\/\/yesilcember.eu\/wp-content\/uploads\/2022\/10\/gekocht-800x600.jpg 800w, https:\/\/yesilcember.eu\/wp-content\/uploads\/2022\/10\/gekocht-700x525.jpg 700w, https:\/\/yesilcember.eu\/wp-content\/uploads\/2022\/10\/gekocht.jpg 1600w\" sizes=\"(max-width: 1024px) 100vw, 1024px\" \/>\t\t\t\t\t\t\t\t\t\t\t\t\t\t\t<\/div>\n\t\t\t\t<\/div>\n\t\t\t\t\t<\/div>\n\t\t<\/div>\n\t\t\t\t<div class=\"elementor-column elementor-col-50 elementor-top-column elementor-element elementor-element-3af54e8\" data-id=\"3af54e8\" data-element_type=\"column\">\n\t\t\t<div class=\"elementor-widget-wrap elementor-element-populated\">\n\t\t\t\t\t\t<div class=\"elementor-element elementor-element-374736b elementor-widget elementor-widget-heading\" data-id=\"374736b\" data-element_type=\"widget\" data-widget_type=\"heading.default\">\n\t\t\t\t<div class=\"elementor-widget-container\">\n\t\t\t\t\t<h2 class=\"elementor-heading-title elementor-size-default\">\nDe\u011fi\u015fim i\u00e7in yemek yapt\u0131k\n\n\n\n\n\n\n\n<\/h2>\t\t\t\t<\/div>\n\t\t\t\t<\/div>\n\t\t\t\t<div class=\"elementor-element elementor-element-bce4a60 elementor-widget elementor-widget-spacer\" data-id=\"bce4a60\" data-element_type=\"widget\" data-widget_type=\"spacer.default\">\n\t\t\t\t<div class=\"elementor-widget-container\">\n\t\t\t\t\t\t\t<div class=\"elementor-spacer\">\n\t\t\t<div class=\"elementor-spacer-inner\"><\/div>\n\t\t<\/div>\n\t\t\t\t\t\t<\/div>\n\t\t\t\t<\/div>\n\t\t\t\t<div class=\"elementor-element elementor-element-44b96c7 elementor-widget elementor-widget-heading\" data-id=\"44b96c7\" data-element_type=\"widget\" data-widget_type=\"heading.default\">\n\t\t\t\t<div class=\"elementor-widget-container\">\n\t\t\t\t\t<h5 class=\"elementor-heading-title elementor-size-default\">Birbirimizi tan\u0131mak ve ba\u011flar\u0131m\u0131z\u0131 g\u00fc\u00e7lendirmek i\u00e7in beraber bir yemek pi\u015firme etkinli\u011fi d\u00fczenledik. 13 Ekim'de Neuk\u00f6lln'de yer alan Global Village'de g\u00f6\u00e7men ve diaspora topluluklar\u0131n\u0131n bir araya gelmesi ve birbirleriyle ba\u011flar\u0131n\u0131 g\u00fc\u00e7lendirmesi amac\u0131yla ger\u00e7ekle\u015ftirdi\u011fimiz etkinlikte kat\u0131l\u0131mc\u0131larla yaprak sarmas\u0131 sard\u0131k ve sonra afiyetle yedik.\n<\/h5>\t\t\t\t<\/div>\n\t\t\t\t<\/div>\n\t\t\t\t<div class=\"elementor-element elementor-element-8ddcfe1 elementor-widget elementor-widget-spacer\" data-id=\"8ddcfe1\" data-element_type=\"widget\" data-widget_type=\"spacer.default\">\n\t\t\t\t<div class=\"elementor-widget-container\">\n\t\t\t\t\t\t\t<div class=\"elementor-spacer\">\n\t\t\t<div class=\"elementor-spacer-inner\"><\/div>\n\t\t<\/div>\n\t\t\t\t\t\t<\/div>\n\t\t\t\t<\/div>\n\t\t\t\t\t<\/div>\n\t\t<\/div>\n\t\t\t\t\t<\/div>\n\t\t<\/section>\n\t\t\t\t<section class=\"elementor-section elementor-top-section elementor-element elementor-element-4bcf560 elementor-section-full_width elementor-section-content-middle qode_elementor_container_inner elementor-section-height-default elementor-section-height-default parallax_section_no\" data-id=\"4bcf560\" data-element_type=\"section\">\n\t\t\t\t\t\t<div class=\"elementor-container elementor-column-gap-default\">\n\t\t\t\t\t<div class=\"elementor-column elementor-col-50 elementor-top-column elementor-element elementor-element-b85a75f\" data-id=\"b85a75f\" data-element_type=\"column\">\n\t\t\t<div class=\"elementor-widget-wrap elementor-element-populated\">\n\t\t\t\t\t\t<div class=\"elementor-element elementor-element-6e991ed elementor-widget elementor-widget-image\" data-id=\"6e991ed\" data-element_type=\"widget\" data-widget_type=\"image.default\">\n\t\t\t\t<div class=\"elementor-widget-container\">\n\t\t\t\t\t\t\t\t\t\t\t\t\t\t\t<img loading=\"lazy\" decoding=\"async\" width=\"1024\" height=\"767\" src=\"https:\/\/yesilcember.eu\/wp-content\/uploads\/2022\/10\/herbstfestod-1024x767.jpg\" class=\"attachment-large size-large wp-image-3715\" alt=\"\" srcset=\"https:\/\/yesilcember.eu\/wp-content\/uploads\/2022\/10\/herbstfestod-1024x767.jpg 1024w, https:\/\/yesilcember.eu\/wp-content\/uploads\/2022\/10\/herbstfestod-300x225.jpg 300w, https:\/\/yesilcember.eu\/wp-content\/uploads\/2022\/10\/herbstfestod-768x575.jpg 768w, https:\/\/yesilcember.eu\/wp-content\/uploads\/2022\/10\/herbstfestod-800x600.jpg 800w, https:\/\/yesilcember.eu\/wp-content\/uploads\/2022\/10\/herbstfestod-700x524.jpg 700w, https:\/\/yesilcember.eu\/wp-content\/uploads\/2022\/10\/herbstfestod.jpg 1440w\" sizes=\"(max-width: 1024px) 100vw, 1024px\" \/>\t\t\t\t\t\t\t\t\t\t\t\t\t\t\t<\/div>\n\t\t\t\t<\/div>\n\t\t\t\t\t<\/div>\n\t\t<\/div>\n\t\t\t\t<div class=\"elementor-column elementor-col-50 elementor-top-column elementor-element elementor-element-b52b782\" data-id=\"b52b782\" data-element_type=\"column\">\n\t\t\t<div class=\"elementor-widget-wrap elementor-element-populated\">\n\t\t\t\t\t\t<div class=\"elementor-element elementor-element-d316f80 elementor-widget elementor-widget-heading\" data-id=\"d316f80\" data-element_type=\"widget\" data-widget_type=\"heading.default\">\n\t\t\t\t<div class=\"elementor-widget-container\">\n\t\t\t\t\t<h2 class=\"elementor-heading-title elementor-size-default\">\nSonbahar Festivalini kutlad\u0131k\n\n\n\n\n\n\n<\/h2>\t\t\t\t<\/div>\n\t\t\t\t<\/div>\n\t\t\t\t<div class=\"elementor-element elementor-element-342b5a3 elementor-widget elementor-widget-spacer\" data-id=\"342b5a3\" data-element_type=\"widget\" data-widget_type=\"spacer.default\">\n\t\t\t\t<div class=\"elementor-widget-container\">\n\t\t\t\t\t\t\t<div class=\"elementor-spacer\">\n\t\t\t<div class=\"elementor-spacer-inner\"><\/div>\n\t\t<\/div>\n\t\t\t\t\t\t<\/div>\n\t\t\t\t<\/div>\n\t\t\t\t<div class=\"elementor-element elementor-element-4666259 elementor-widget elementor-widget-heading\" data-id=\"4666259\" data-element_type=\"widget\" data-widget_type=\"heading.default\">\n\t\t\t\t<div class=\"elementor-widget-container\">\n\t\t\t\t\t<h5 class=\"elementor-heading-title elementor-size-default\">Ye\u015fil \u00c7ember olarak Clubreal ile birlikte ev yap\u0131m\u0131 yiyeceklerimizle sonbahar\u0131n geli\u015fini kutlad\u0131k.\n11 Ekim\u2019de ger\u00e7ekle\u015ftirdi\u011fimiz  etkinli\u011finde k\u00fc\u00e7\u00fck bir konserle sonbahar\u0131n geli\u015fini kutlad\u0131k, k\u00fc\u00e7\u00fck gruplar halinde insanlar haricindeki canl\u0131 varl\u0131klarla olan ili\u015fkilerimizi konu\u015ftuk. Almanca, T\u00fcrk\u00e7e ve Arap\u00e7a olarak olu\u015fturdu\u011fumuz konu\u015fma gruplar\u0131ndan sonra ak\u015fam saatlerine do\u011fru Osloer Str. 107'de yer alan \u201cJenseits der Natur\u201d bah\u00e7esine gittik. Organism Democracy projesinin tan\u0131t\u0131m aya\u011f\u0131 olan bu etkinlikte bah\u00e7emizi yak\u0131ndan g\u00f6rd\u00fck, oradaki canl\u0131lar hakk\u0131nda bilgi ald\u0131k. Organism Democracy konusunda daha fazla bilgi edinmek ve bize kat\u0131lmak istersen a\u015fa\u011f\u0131daki linke t\u0131kla:\n\n<a href=\"https:\/\/organismendemokratie.org\/en\/about\/\">https:\/\/organismendemokratie.org\/en\/about\/<\/a>\n\n\n<\/h5>\t\t\t\t<\/div>\n\t\t\t\t<\/div>\n\t\t\t\t<div class=\"elementor-element elementor-element-30460e6 elementor-widget elementor-widget-spacer\" data-id=\"30460e6\" data-element_type=\"widget\" data-widget_type=\"spacer.default\">\n\t\t\t\t<div class=\"elementor-widget-container\">\n\t\t\t\t\t\t\t<div class=\"elementor-spacer\">\n\t\t\t<div class=\"elementor-spacer-inner\"><\/div>\n\t\t<\/div>\n\t\t\t\t\t\t<\/div>\n\t\t\t\t<\/div>\n\t\t\t\t\t<\/div>\n\t\t<\/div>\n\t\t\t\t\t<\/div>\n\t\t<\/section>\n\t\t\t\t<section class=\"elementor-section elementor-top-section elementor-element elementor-element-a894652 elementor-section-full_width elementor-section-content-middle qode_elementor_container_inner elementor-section-height-default elementor-section-height-default parallax_section_no\" data-id=\"a894652\" data-element_type=\"section\">\n\t\t\t\t\t\t<div class=\"elementor-container elementor-column-gap-default\">\n\t\t\t\t\t<div class=\"elementor-column elementor-col-50 elementor-top-column elementor-element elementor-element-2e4a298\" data-id=\"2e4a298\" data-element_type=\"column\">\n\t\t\t<div class=\"elementor-widget-wrap elementor-element-populated\">\n\t\t\t\t\t\t<div class=\"elementor-element elementor-element-17bf5e2 elementor-widget elementor-widget-image\" data-id=\"17bf5e2\" data-element_type=\"widget\" data-widget_type=\"image.default\">\n\t\t\t\t<div class=\"elementor-widget-container\">\n\t\t\t\t\t\t\t\t\t\t\t\t\t\t\t<img loading=\"lazy\" decoding=\"async\" width=\"1024\" height=\"768\" src=\"https:\/\/yesilcember.eu\/wp-content\/uploads\/2022\/10\/planterwald-1024x768.jpg\" class=\"attachment-large size-large wp-image-3713\" alt=\"\" srcset=\"https:\/\/yesilcember.eu\/wp-content\/uploads\/2022\/10\/planterwald-1024x768.jpg 1024w, https:\/\/yesilcember.eu\/wp-content\/uploads\/2022\/10\/planterwald-300x225.jpg 300w, https:\/\/yesilcember.eu\/wp-content\/uploads\/2022\/10\/planterwald-768x576.jpg 768w, https:\/\/yesilcember.eu\/wp-content\/uploads\/2022\/10\/planterwald-1536x1152.jpg 1536w, https:\/\/yesilcember.eu\/wp-content\/uploads\/2022\/10\/planterwald-800x600.jpg 800w, https:\/\/yesilcember.eu\/wp-content\/uploads\/2022\/10\/planterwald-700x525.jpg 700w, https:\/\/yesilcember.eu\/wp-content\/uploads\/2022\/10\/planterwald.jpg 1600w\" sizes=\"(max-width: 1024px) 100vw, 1024px\" \/>\t\t\t\t\t\t\t\t\t\t\t\t\t\t\t<\/div>\n\t\t\t\t<\/div>\n\t\t\t\t\t<\/div>\n\t\t<\/div>\n\t\t\t\t<div class=\"elementor-column elementor-col-50 elementor-top-column elementor-element elementor-element-2755ff8\" data-id=\"2755ff8\" data-element_type=\"column\">\n\t\t\t<div class=\"elementor-widget-wrap elementor-element-populated\">\n\t\t\t\t\t\t<div class=\"elementor-element elementor-element-bc6f37b elementor-widget elementor-widget-heading\" data-id=\"bc6f37b\" data-element_type=\"widget\" data-widget_type=\"heading.default\">\n\t\t\t\t<div class=\"elementor-widget-container\">\n\t\t\t\t\t<h2 class=\"elementor-heading-title elementor-size-default\">\nPl\u00e4nterwald'de do\u011fa y\u00fcr\u00fcy\u00fc\u015f\u00fcm\u00fcz\u00fc yapt\u0131k\n\n\n\n\n\n\n<\/h2>\t\t\t\t<\/div>\n\t\t\t\t<\/div>\n\t\t\t\t<div class=\"elementor-element elementor-element-cd6e5a1 elementor-widget elementor-widget-spacer\" data-id=\"cd6e5a1\" data-element_type=\"widget\" data-widget_type=\"spacer.default\">\n\t\t\t\t<div class=\"elementor-widget-container\">\n\t\t\t\t\t\t\t<div class=\"elementor-spacer\">\n\t\t\t<div class=\"elementor-spacer-inner\"><\/div>\n\t\t<\/div>\n\t\t\t\t\t\t<\/div>\n\t\t\t\t<\/div>\n\t\t\t\t<div class=\"elementor-element elementor-element-3284e0f elementor-widget elementor-widget-heading\" data-id=\"3284e0f\" data-element_type=\"widget\" data-widget_type=\"heading.default\">\n\t\t\t\t<div class=\"elementor-widget-container\">\n\t\t\t\t\t<h5 class=\"elementor-heading-title elementor-size-default\">Pl\u00e4nterwald Orman\u0131nda g\u00f6n\u00fcll\u00fclerimizle beraber bir do\u011fa y\u00fcr\u00fcy\u00fc\u015f\u00fc yaparak hem orman hakk\u0131nda faydal\u0131 bilgiler edindik, hem de g\u00fczel vakit ge\u00e7irdik.\nHer ne kadar yaln\u0131z ba\u015f\u0131na ormanda gezmenin tad\u0131 bir ba\u015fka olsa da biz Ye\u015fil \u00c7ember olarak topluca do\u011fada olmay\u0131 \u00f6nemsiyor ve g\u00f6n\u00fcll\u00fclerimizle beraber do\u011fa y\u00fcr\u00fcy\u00fc\u015flerimizi yapmay\u0131 s\u00fcrd\u00fcr\u00fcyoruz. 9 Ekim`de yaptigimiz etkinli\u011fimizin ba\u015flang\u0131c\u0131nda \u015fehir ya\u015fam\u0131n\u0131n g\u00fcr\u00fclt\u00fcs\u00fcnden kopmak ve do\u011fayla i\u00e7i\u00e7e ge\u00e7mek i\u00e7in beraber bir \u00e7ember olu\u015fturduk ve hislerimizi payla\u015ft\u0131k. Ard\u0131ndan \u00e7e\u015fitli beden hareketleri ile v\u00fccudumuzu y\u00fcr\u00fcy\u00fc\u015fe haz\u0131rlad\u0131k. Peyderpey bitkilerin, mantarlar\u0131n, a\u011fa\u00e7lar\u0131n \u00f6n\u00fcnde durup bilgiler alarak yapt\u0131\u011f\u0131m\u0131z y\u00fcr\u00fcy\u00fc\u015f\u00fcm\u00fcz s\u0131ras\u0131nda baz\u0131 oyunlar da oynad\u0131k, mesela \u00e7iftler halinde g\u00f6zlerimizi kapatarak sadece dokunma ve koklama hislerimize g\u00fcvenip a\u011fa\u00e7lara sar\u0131ld\u0131k ve sonra hangi a\u011faca sar\u0131ld\u0131\u011f\u0131m\u0131z\u0131 bulmaya \u00e7al\u0131\u015ft\u0131k. Y\u00fcr\u00fcy\u00fc\u015f\u00fcm\u00fcz\u00fc Treptower Park'da yorgunluk \u00e7ay\u0131 i\u00e7erek ve g\u00fczelce sohbet ederek sonland\u0131rd\u0131k.\n<\/h5>\t\t\t\t<\/div>\n\t\t\t\t<\/div>\n\t\t\t\t<div class=\"elementor-element elementor-element-592e76e elementor-widget elementor-widget-spacer\" data-id=\"592e76e\" data-element_type=\"widget\" data-widget_type=\"spacer.default\">\n\t\t\t\t<div class=\"elementor-widget-container\">\n\t\t\t\t\t\t\t<div class=\"elementor-spacer\">\n\t\t\t<div class=\"elementor-spacer-inner\"><\/div>\n\t\t<\/div>\n\t\t\t\t\t\t<\/div>\n\t\t\t\t<\/div>\n\t\t\t\t\t<\/div>\n\t\t<\/div>\n\t\t\t\t\t<\/div>\n\t\t<\/section>\n\t\t\t\t<section class=\"elementor-section elementor-top-section elementor-element elementor-element-96cf367 elementor-section-full_width elementor-section-content-middle qode_elementor_container_inner elementor-section-height-default elementor-section-height-default parallax_section_no\" data-id=\"96cf367\" data-element_type=\"section\">\n\t\t\t\t\t\t<div class=\"elementor-container elementor-column-gap-default\">\n\t\t\t\t\t<div class=\"elementor-column elementor-col-50 elementor-top-column elementor-element elementor-element-c470d9a\" data-id=\"c470d9a\" data-element_type=\"column\">\n\t\t\t<div class=\"elementor-widget-wrap elementor-element-populated\">\n\t\t\t\t\t\t<div class=\"elementor-element elementor-element-6cb03c1 elementor-widget elementor-widget-image\" data-id=\"6cb03c1\" data-element_type=\"widget\" data-widget_type=\"image.default\">\n\t\t\t\t<div class=\"elementor-widget-container\">\n\t\t\t\t\t\t\t\t\t\t\t\t\t\t\t<img loading=\"lazy\" decoding=\"async\" width=\"1024\" height=\"576\" src=\"https:\/\/yesilcember.eu\/wp-content\/uploads\/2022\/10\/kastanienpl-1024x576.jpg\" class=\"attachment-large size-large wp-image-3711\" alt=\"\" srcset=\"https:\/\/yesilcember.eu\/wp-content\/uploads\/2022\/10\/kastanienpl-1024x576.jpg 1024w, https:\/\/yesilcember.eu\/wp-content\/uploads\/2022\/10\/kastanienpl-300x169.jpg 300w, https:\/\/yesilcember.eu\/wp-content\/uploads\/2022\/10\/kastanienpl-768x432.jpg 768w, https:\/\/yesilcember.eu\/wp-content\/uploads\/2022\/10\/kastanienpl-1536x864.jpg 1536w, https:\/\/yesilcember.eu\/wp-content\/uploads\/2022\/10\/kastanienpl-700x394.jpg 700w, https:\/\/yesilcember.eu\/wp-content\/uploads\/2022\/10\/kastanienpl-539x303.jpg 539w, https:\/\/yesilcember.eu\/wp-content\/uploads\/2022\/10\/kastanienpl.jpg 1599w\" sizes=\"(max-width: 1024px) 100vw, 1024px\" \/>\t\t\t\t\t\t\t\t\t\t\t\t\t\t\t<\/div>\n\t\t\t\t<\/div>\n\t\t\t\t\t<\/div>\n\t\t<\/div>\n\t\t\t\t<div class=\"elementor-column elementor-col-50 elementor-top-column elementor-element elementor-element-6cb055b\" data-id=\"6cb055b\" data-element_type=\"column\">\n\t\t\t<div class=\"elementor-widget-wrap elementor-element-populated\">\n\t\t\t\t\t\t<div class=\"elementor-element elementor-element-0fb16be elementor-widget elementor-widget-heading\" data-id=\"0fb16be\" data-element_type=\"widget\" data-widget_type=\"heading.default\">\n\t\t\t\t<div class=\"elementor-widget-container\">\n\t\t\t\t\t<h2 class=\"elementor-heading-title elementor-size-default\">\nMahalle \u015fenli\u011findeydik\n\n\n\n\n\n<\/h2>\t\t\t\t<\/div>\n\t\t\t\t<\/div>\n\t\t\t\t<div class=\"elementor-element elementor-element-c288821 elementor-widget elementor-widget-spacer\" data-id=\"c288821\" data-element_type=\"widget\" data-widget_type=\"spacer.default\">\n\t\t\t\t<div class=\"elementor-widget-container\">\n\t\t\t\t\t\t\t<div class=\"elementor-spacer\">\n\t\t\t<div class=\"elementor-spacer-inner\"><\/div>\n\t\t<\/div>\n\t\t\t\t\t\t<\/div>\n\t\t\t\t<\/div>\n\t\t\t\t<div class=\"elementor-element elementor-element-be85e32 elementor-widget elementor-widget-heading\" data-id=\"be85e32\" data-element_type=\"widget\" data-widget_type=\"heading.default\">\n\t\t\t\t<div class=\"elementor-widget-container\">\n\t\t\t\t\t<h5 class=\"elementor-heading-title elementor-size-default\">8 Ekim`de Wassertor e. V. taraf\u0131ndan Kastanienplatz'da ger\u00e7ekle\u015ftirilen etkinlikte Ye\u015fil \u00c7ember olarak biz de yer ald\u0131k ve stand\u0131m\u0131zda \u00e7ocuklarla oynad\u0131k, ziyaret\u00e7ilerimizi do\u011fa ile ilgili bilgiler verdik, bilmeceler sorduk ve yeni do\u011fa g\u00f6n\u00fcll\u00fclerini aram\u0131za sevin\u00e7le kabul ettik.\nAyr\u0131nt\u0131l\u0131 bilgi i\u00e7in a\u015fa\u011f\u0131daki ba\u011flant\u0131ya t\u0131klayabilirsin\n\n<a href=\"http:\/\/quartiersmanagement-wassertorplatz.de\/Aktuelles\/Kiezgeschehen\/Kiezfest%20Markt%20der%20Akteure\/\">http:\/\/quartiersmanagement-wassertorplatz.de\/Aktuelles\/Kiezgeschehen\/Kiezfest%20Markt%20der%20Akteure\/<\/a>\n\n\n<\/h5>\t\t\t\t<\/div>\n\t\t\t\t<\/div>\n\t\t\t\t<div class=\"elementor-element elementor-element-f69dd27 elementor-widget elementor-widget-spacer\" data-id=\"f69dd27\" data-element_type=\"widget\" data-widget_type=\"spacer.default\">\n\t\t\t\t<div class=\"elementor-widget-container\">\n\t\t\t\t\t\t\t<div class=\"elementor-spacer\">\n\t\t\t<div class=\"elementor-spacer-inner\"><\/div>\n\t\t<\/div>\n\t\t\t\t\t\t<\/div>\n\t\t\t\t<\/div>\n\t\t\t\t\t<\/div>\n\t\t<\/div>\n\t\t\t\t\t<\/div>\n\t\t<\/section>\n\t\t\t\t<section class=\"elementor-section elementor-top-section elementor-element elementor-element-6f76c1a elementor-section-full_width elementor-section-content-middle qode_elementor_container_inner elementor-section-height-default elementor-section-height-default parallax_section_no\" data-id=\"6f76c1a\" data-element_type=\"section\">\n\t\t\t\t\t\t<div class=\"elementor-container elementor-column-gap-default\">\n\t\t\t\t\t<div class=\"elementor-column elementor-col-50 elementor-top-column elementor-element elementor-element-888bf06\" data-id=\"888bf06\" data-element_type=\"column\">\n\t\t\t<div class=\"elementor-widget-wrap elementor-element-populated\">\n\t\t\t\t\t\t<div class=\"elementor-element elementor-element-6bba2a2 elementor-widget elementor-widget-image\" data-id=\"6bba2a2\" data-element_type=\"widget\" data-widget_type=\"image.default\">\n\t\t\t\t<div class=\"elementor-widget-container\">\n\t\t\t\t\t\t\t\t\t\t\t\t\t\t\t<img loading=\"lazy\" decoding=\"async\" width=\"1024\" height=\"576\" src=\"https:\/\/yesilcember.eu\/wp-content\/uploads\/2022\/10\/yersu-1024x576.jpg\" class=\"attachment-large size-large wp-image-3709\" alt=\"\" srcset=\"https:\/\/yesilcember.eu\/wp-content\/uploads\/2022\/10\/yersu-1024x576.jpg 1024w, https:\/\/yesilcember.eu\/wp-content\/uploads\/2022\/10\/yersu-300x169.jpg 300w, https:\/\/yesilcember.eu\/wp-content\/uploads\/2022\/10\/yersu-768x432.jpg 768w, https:\/\/yesilcember.eu\/wp-content\/uploads\/2022\/10\/yersu-1536x864.jpg 1536w, https:\/\/yesilcember.eu\/wp-content\/uploads\/2022\/10\/yersu-700x394.jpg 700w, https:\/\/yesilcember.eu\/wp-content\/uploads\/2022\/10\/yersu-539x303.jpg 539w, https:\/\/yesilcember.eu\/wp-content\/uploads\/2022\/10\/yersu.jpg 1600w\" sizes=\"(max-width: 1024px) 100vw, 1024px\" \/>\t\t\t\t\t\t\t\t\t\t\t\t\t\t\t<\/div>\n\t\t\t\t<\/div>\n\t\t\t\t\t<\/div>\n\t\t<\/div>\n\t\t\t\t<div class=\"elementor-column elementor-col-50 elementor-top-column elementor-element elementor-element-186ffe8\" data-id=\"186ffe8\" data-element_type=\"column\">\n\t\t\t<div class=\"elementor-widget-wrap elementor-element-populated\">\n\t\t\t\t\t\t<div class=\"elementor-element elementor-element-c5c3727 elementor-widget elementor-widget-heading\" data-id=\"c5c3727\" data-element_type=\"widget\" data-widget_type=\"heading.default\">\n\t\t\t\t<div class=\"elementor-widget-container\">\n\t\t\t\t\t<h2 class=\"elementor-heading-title elementor-size-default\">\nYersu B\u00fct\u00fcnsel Sa\u011fl\u0131kl\u0131 Ya\u015fam Derne\u011fi ile bir s\u00f6yle\u015fi yapt\u0131k\n\n\n\n\n<\/h2>\t\t\t\t<\/div>\n\t\t\t\t<\/div>\n\t\t\t\t<div class=\"elementor-element elementor-element-f963203 elementor-widget elementor-widget-spacer\" data-id=\"f963203\" data-element_type=\"widget\" data-widget_type=\"spacer.default\">\n\t\t\t\t<div class=\"elementor-widget-container\">\n\t\t\t\t\t\t\t<div class=\"elementor-spacer\">\n\t\t\t<div class=\"elementor-spacer-inner\"><\/div>\n\t\t<\/div>\n\t\t\t\t\t\t<\/div>\n\t\t\t\t<\/div>\n\t\t\t\t<div class=\"elementor-element elementor-element-ed89d24 elementor-widget elementor-widget-heading\" data-id=\"ed89d24\" data-element_type=\"widget\" data-widget_type=\"heading.default\">\n\t\t\t\t<div class=\"elementor-widget-container\">\n\t\t\t\t\t<h5 class=\"elementor-heading-title elementor-size-default\">7 ekim tarihinde Ye\u015fil \u00c7ember olarak do\u011fal t\u0131p uzman\u0131 \u015eaduman Karaca'n\u0131n konu\u011fu olduk ve Yersu B\u00fct\u00fcnsel Sa\u011fl\u0131kl\u0131 Ya\u015fam derne\u011fi ile bir s\u00f6yle\u015fi yapt\u0131k. Ofisimizde ger\u00e7ekle\u015ftirdi\u011fimiz s\u00f6yle\u015fiyi Instagram \u00fczerinden izlemek i\u00e7in a\u015fa\u011f\u0131daki ba\u011flant\u0131ya t\u0131klayabilirsin\n\n<a href=\"https:\/\/www.instagram.com\/p\/CjaoLNtIi_k\/\">https:\/\/www.instagram.com\/p\/CjaoLNtIi_k\/<\/a>\n\n\n<\/h5>\t\t\t\t<\/div>\n\t\t\t\t<\/div>\n\t\t\t\t<div class=\"elementor-element elementor-element-19047ca elementor-widget elementor-widget-spacer\" data-id=\"19047ca\" data-element_type=\"widget\" data-widget_type=\"spacer.default\">\n\t\t\t\t<div class=\"elementor-widget-container\">\n\t\t\t\t\t\t\t<div class=\"elementor-spacer\">\n\t\t\t<div class=\"elementor-spacer-inner\"><\/div>\n\t\t<\/div>\n\t\t\t\t\t\t<\/div>\n\t\t\t\t<\/div>\n\t\t\t\t\t<\/div>\n\t\t<\/div>\n\t\t\t\t\t<\/div>\n\t\t<\/section>\n\t\t\t\t<section class=\"elementor-section elementor-top-section elementor-element elementor-element-1e2963c elementor-section-full_width elementor-section-content-middle qode_elementor_container_inner elementor-section-height-default elementor-section-height-default parallax_section_no\" data-id=\"1e2963c\" data-element_type=\"section\">\n\t\t\t\t\t\t<div class=\"elementor-container elementor-column-gap-default\">\n\t\t\t\t\t<div class=\"elementor-column elementor-col-50 elementor-top-column elementor-element elementor-element-b9e451d\" data-id=\"b9e451d\" data-element_type=\"column\">\n\t\t\t<div class=\"elementor-widget-wrap elementor-element-populated\">\n\t\t\t\t\t\t<div class=\"elementor-element elementor-element-bb1a642 elementor-widget elementor-widget-image\" data-id=\"bb1a642\" data-element_type=\"widget\" data-widget_type=\"image.default\">\n\t\t\t\t<div class=\"elementor-widget-container\">\n\t\t\t\t\t\t\t\t\t\t\t\t\t\t\t<img loading=\"lazy\" decoding=\"async\" width=\"1024\" height=\"768\" src=\"https:\/\/yesilcember.eu\/wp-content\/uploads\/2022\/10\/EB-1024x768.jpg\" class=\"attachment-large size-large wp-image-3707\" alt=\"\" srcset=\"https:\/\/yesilcember.eu\/wp-content\/uploads\/2022\/10\/EB-1024x768.jpg 1024w, https:\/\/yesilcember.eu\/wp-content\/uploads\/2022\/10\/EB-300x225.jpg 300w, https:\/\/yesilcember.eu\/wp-content\/uploads\/2022\/10\/EB-768x576.jpg 768w, https:\/\/yesilcember.eu\/wp-content\/uploads\/2022\/10\/EB-1536x1152.jpg 1536w, https:\/\/yesilcember.eu\/wp-content\/uploads\/2022\/10\/EB-800x600.jpg 800w, https:\/\/yesilcember.eu\/wp-content\/uploads\/2022\/10\/EB-700x525.jpg 700w, https:\/\/yesilcember.eu\/wp-content\/uploads\/2022\/10\/EB.jpg 1600w\" sizes=\"(max-width: 1024px) 100vw, 1024px\" \/>\t\t\t\t\t\t\t\t\t\t\t\t\t\t\t<\/div>\n\t\t\t\t<\/div>\n\t\t\t\t\t<\/div>\n\t\t<\/div>\n\t\t\t\t<div class=\"elementor-column elementor-col-50 elementor-top-column elementor-element elementor-element-1b8ca96\" data-id=\"1b8ca96\" data-element_type=\"column\">\n\t\t\t<div class=\"elementor-widget-wrap elementor-element-populated\">\n\t\t\t\t\t\t<div class=\"elementor-element elementor-element-42edd6e elementor-widget elementor-widget-heading\" data-id=\"42edd6e\" data-element_type=\"widget\" data-widget_type=\"heading.default\">\n\t\t\t\t<div class=\"elementor-widget-container\">\n\t\t\t\t\t<h2 class=\"elementor-heading-title elementor-size-default\">\nYak\u0131nda sa\u011fl\u0131kl\u0131 beslenme e\u011fitim program\u0131m\u0131z ba\u015fl\u0131yor\n\n\n\n\n<\/h2>\t\t\t\t<\/div>\n\t\t\t\t<\/div>\n\t\t\t\t<div class=\"elementor-element elementor-element-dae7602 elementor-widget elementor-widget-spacer\" data-id=\"dae7602\" data-element_type=\"widget\" data-widget_type=\"spacer.default\">\n\t\t\t\t<div class=\"elementor-widget-container\">\n\t\t\t\t\t\t\t<div class=\"elementor-spacer\">\n\t\t\t<div class=\"elementor-spacer-inner\"><\/div>\n\t\t<\/div>\n\t\t\t\t\t\t<\/div>\n\t\t\t\t<\/div>\n\t\t\t\t<div class=\"elementor-element elementor-element-dbfa5c5 elementor-widget elementor-widget-heading\" data-id=\"dbfa5c5\" data-element_type=\"widget\" data-widget_type=\"heading.default\">\n\t\t\t\t<div class=\"elementor-widget-container\">\n\t\t\t\t\t<h5 class=\"elementor-heading-title elementor-size-default\">Ge\u00e7ti\u011fimiz y\u0131l verdi\u011fimiz sa\u011fl\u0131kl\u0131 beslenme e\u011fitimlerine kat\u0131larak Sa\u011fl\u0131kl\u0131 Beslenme El\u00e7isi olan ilk mezunlar\u0131m\u0131zla yeni d\u00f6nemi konu\u015fmak \u00fczere 7 Ekim tarihinde bulu\u015ftuk ve \u00f6n\u00fcm\u00fczdeki d\u00f6nem hayata ge\u00e7irece\u011fimiz yeni e\u011fitimlerimiz \u00fczerine bilgi verdik, \u00e7al\u0131\u015fma program\u0131m\u0131z\u0131 payla\u015ft\u0131k ve birlikte neler yapabilece\u011fimizi konu\u015ftuk. E\u011fitimlerimiz 10 Aral\u0131k\u2019ta ba\u015flayacak\nE\u011fer sen de e\u011fitimlere kat\u0131lmak istiyorsan bize hemen bir <br>Mail yazabilirsin:\n<a href=\"mailto:info@yesilcember.eu\">info@yesilcember.eu<\/a>\n<\/h5>\t\t\t\t<\/div>\n\t\t\t\t<\/div>\n\t\t\t\t<div class=\"elementor-element elementor-element-e2376ab elementor-widget elementor-widget-spacer\" data-id=\"e2376ab\" data-element_type=\"widget\" data-widget_type=\"spacer.default\">\n\t\t\t\t<div class=\"elementor-widget-container\">\n\t\t\t\t\t\t\t<div class=\"elementor-spacer\">\n\t\t\t<div class=\"elementor-spacer-inner\"><\/div>\n\t\t<\/div>\n\t\t\t\t\t\t<\/div>\n\t\t\t\t<\/div>\n\t\t\t\t\t<\/div>\n\t\t<\/div>\n\t\t\t\t\t<\/div>\n\t\t<\/section>\n\t\t\t\t<section class=\"elementor-section elementor-top-section elementor-element elementor-element-9aa349d elementor-section-full_width elementor-section-content-middle qode_elementor_container_inner elementor-section-height-default elementor-section-height-default parallax_section_no\" data-id=\"9aa349d\" data-element_type=\"section\">\n\t\t\t\t\t\t<div class=\"elementor-container elementor-column-gap-default\">\n\t\t\t\t\t<div class=\"elementor-column elementor-col-50 elementor-top-column elementor-element elementor-element-ceddd9a\" data-id=\"ceddd9a\" data-element_type=\"column\">\n\t\t\t<div class=\"elementor-widget-wrap elementor-element-populated\">\n\t\t\t\t\t\t<div class=\"elementor-element elementor-element-ccf18bc elementor-widget elementor-widget-image\" data-id=\"ccf18bc\" data-element_type=\"widget\" data-widget_type=\"image.default\">\n\t\t\t\t<div class=\"elementor-widget-container\">\n\t\t\t\t\t\t\t\t\t\t\t\t\t\t\t<img loading=\"lazy\" decoding=\"async\" width=\"768\" height=\"1024\" src=\"https:\/\/yesilcember.eu\/wp-content\/uploads\/2022\/10\/hamburgchembee-768x1024.jpg\" class=\"attachment-large size-large wp-image-3701\" alt=\"\" srcset=\"https:\/\/yesilcember.eu\/wp-content\/uploads\/2022\/10\/hamburgchembee-768x1024.jpg 768w, https:\/\/yesilcember.eu\/wp-content\/uploads\/2022\/10\/hamburgchembee-225x300.jpg 225w, https:\/\/yesilcember.eu\/wp-content\/uploads\/2022\/10\/hamburgchembee-1152x1536.jpg 1152w, https:\/\/yesilcember.eu\/wp-content\/uploads\/2022\/10\/hamburgchembee-600x800.jpg 600w, https:\/\/yesilcember.eu\/wp-content\/uploads\/2022\/10\/hamburgchembee-700x933.jpg 700w, https:\/\/yesilcember.eu\/wp-content\/uploads\/2022\/10\/hamburgchembee.jpg 1536w\" sizes=\"(max-width: 768px) 100vw, 768px\" \/>\t\t\t\t\t\t\t\t\t\t\t\t\t\t\t<\/div>\n\t\t\t\t<\/div>\n\t\t\t\t\t<\/div>\n\t\t<\/div>\n\t\t\t\t<div class=\"elementor-column elementor-col-50 elementor-top-column elementor-element elementor-element-d385cf1\" data-id=\"d385cf1\" data-element_type=\"column\">\n\t\t\t<div class=\"elementor-widget-wrap elementor-element-populated\">\n\t\t\t\t\t\t<div class=\"elementor-element elementor-element-22ebefd elementor-widget elementor-widget-heading\" data-id=\"22ebefd\" data-element_type=\"widget\" data-widget_type=\"heading.default\">\n\t\t\t\t<div class=\"elementor-widget-container\">\n\t\t\t\t\t<h2 class=\"elementor-heading-title elementor-size-default\">\n\u0130lk Avrupa projemiz ba\u015flad\u0131: Hayat\u0131m\u0131zdaki zehirli kimyasallar\n\n\n\n<\/h2>\t\t\t\t<\/div>\n\t\t\t\t<\/div>\n\t\t\t\t<div class=\"elementor-element elementor-element-82ead14 elementor-widget elementor-widget-spacer\" data-id=\"82ead14\" data-element_type=\"widget\" data-widget_type=\"spacer.default\">\n\t\t\t\t<div class=\"elementor-widget-container\">\n\t\t\t\t\t\t\t<div class=\"elementor-spacer\">\n\t\t\t<div class=\"elementor-spacer-inner\"><\/div>\n\t\t<\/div>\n\t\t\t\t\t\t<\/div>\n\t\t\t\t<\/div>\n\t\t\t\t<div class=\"elementor-element elementor-element-7729261 elementor-widget elementor-widget-heading\" data-id=\"7729261\" data-element_type=\"widget\" data-widget_type=\"heading.default\">\n\t\t\t\t<div class=\"elementor-widget-container\">\n\t\t\t\t\t<h5 class=\"elementor-heading-title elementor-size-default\">Yeni ba\u015flayan Avrupa projemiz ChemBee\u2019nin partnerler bulu\u015fmas\u0131 Hamburg\u2019da ger\u00e7ekle\u015fti. \nAvrupa \u00e7ap\u0131nda toplam 11 \u00e7evre dostu partner ile iki g\u00fcn boyunca zararl\u0131 ve bunlar\u0131n insan sa\u011fl\u0131\u011f\u0131na ve do\u011faya etkilerini konu\u015ftuk. Bu alanda uzman Dr. A. Rutkowksa g\u00fcnl\u00fck hayat\u0131m\u0131zda s\u0131k\u00e7a temas etti\u011fimiz bir \u00e7ok e\u015fya ve g\u0131dan\u0131n i\u00e7inde bulunan bu maddeler hakk\u0131nda bilgilendirmedeki yetersizlikten dolay\u0131 insan v\u00fccudunda ciddi hastal\u0131klar meydana geldi\u011fini ve hatta \u00f6l\u00fcmlerin alt\u0131da birinin bu zararl\u0131 maddelerden) kaynakland\u0131\u011f\u0131n\u0131 anlatt\u0131.\n \nAyr\u0131ca Ye\u015fil \u00c7ember proje koordinat\u00f6r\u00fc Ayseg\u00fcl Bar\u0131\u015f T\u00fcrk ve Arap k\u00f6kenli vatanda\u015flar\u0131n\u0131n kendi dillerindeki yetersiz bilgilendirmeden dolay\u0131 bu konu hakk\u0131nda bilin\u00e7lendirilmekten mahrum kald\u0131klar\u0131n\u0131, ayr\u0131ca dar gelirli vatanda\u015flar\u0131n ucuz \u00fcr\u00fcnleri tercih ederek alternatif kaynaklar\u0131 bilmediklerinden bahsetti.\nYe\u015fil \u00c7ember, 3 y\u0131l boyunca Berlin\u2019de ya\u015fayan T\u00fcrk ve Arap k\u00f6kenli insanlar i\u00e7in e\u011fitimler verecek, seminer ve aksiyonlar d\u00fczenleyecek.\n<\/h5>\t\t\t\t<\/div>\n\t\t\t\t<\/div>\n\t\t\t\t<div class=\"elementor-element elementor-element-94ca65d elementor-widget elementor-widget-spacer\" data-id=\"94ca65d\" data-element_type=\"widget\" data-widget_type=\"spacer.default\">\n\t\t\t\t<div class=\"elementor-widget-container\">\n\t\t\t\t\t\t\t<div class=\"elementor-spacer\">\n\t\t\t<div class=\"elementor-spacer-inner\"><\/div>\n\t\t<\/div>\n\t\t\t\t\t\t<\/div>\n\t\t\t\t<\/div>\n\t\t\t\t\t<\/div>\n\t\t<\/div>\n\t\t\t\t\t<\/div>\n\t\t<\/section>\n\t\t\t\t<section class=\"elementor-section elementor-top-section elementor-element elementor-element-b7160cf elementor-section-full_width elementor-section-content-middle qode_elementor_container_inner elementor-section-height-default elementor-section-height-default parallax_section_no\" data-id=\"b7160cf\" data-element_type=\"section\">\n\t\t\t\t\t\t<div class=\"elementor-container elementor-column-gap-default\">\n\t\t\t\t\t<div class=\"elementor-column elementor-col-50 elementor-top-column elementor-element elementor-element-ca3c73a\" data-id=\"ca3c73a\" data-element_type=\"column\">\n\t\t\t<div class=\"elementor-widget-wrap elementor-element-populated\">\n\t\t\t\t\t\t<div class=\"elementor-element elementor-element-98e2bef elementor-widget elementor-widget-image\" data-id=\"98e2bef\" data-element_type=\"widget\" data-widget_type=\"image.default\">\n\t\t\t\t<div class=\"elementor-widget-container\">\n\t\t\t\t\t\t\t\t\t\t\t\t\t\t\t<img loading=\"lazy\" decoding=\"async\" width=\"1024\" height=\"768\" src=\"https:\/\/yesilcember.eu\/wp-content\/uploads\/2022\/10\/kottibasar-1024x768.jpg\" class=\"attachment-large size-large wp-image-3696\" alt=\"\" srcset=\"https:\/\/yesilcember.eu\/wp-content\/uploads\/2022\/10\/kottibasar-1024x768.jpg 1024w, https:\/\/yesilcember.eu\/wp-content\/uploads\/2022\/10\/kottibasar-300x225.jpg 300w, https:\/\/yesilcember.eu\/wp-content\/uploads\/2022\/10\/kottibasar-768x576.jpg 768w, https:\/\/yesilcember.eu\/wp-content\/uploads\/2022\/10\/kottibasar-1536x1152.jpg 1536w, https:\/\/yesilcember.eu\/wp-content\/uploads\/2022\/10\/kottibasar-800x600.jpg 800w, https:\/\/yesilcember.eu\/wp-content\/uploads\/2022\/10\/kottibasar-700x525.jpg 700w, https:\/\/yesilcember.eu\/wp-content\/uploads\/2022\/10\/kottibasar.jpg 2048w\" sizes=\"(max-width: 1024px) 100vw, 1024px\" \/>\t\t\t\t\t\t\t\t\t\t\t\t\t\t\t<\/div>\n\t\t\t\t<\/div>\n\t\t\t\t\t<\/div>\n\t\t<\/div>\n\t\t\t\t<div class=\"elementor-column elementor-col-50 elementor-top-column elementor-element elementor-element-a27dfee\" data-id=\"a27dfee\" data-element_type=\"column\">\n\t\t\t<div class=\"elementor-widget-wrap elementor-element-populated\">\n\t\t\t\t\t\t<div class=\"elementor-element elementor-element-917f200 elementor-widget elementor-widget-heading\" data-id=\"917f200\" data-element_type=\"widget\" data-widget_type=\"heading.default\">\n\t\t\t\t<div class=\"elementor-widget-container\">\n\t\t\t\t\t<h2 class=\"elementor-heading-title elementor-size-default\">\nKom\u015fularla biraraya gelip eski elbiselerimizi de\u011ferlendirdik\n\n\n\n<\/h2>\t\t\t\t<\/div>\n\t\t\t\t<\/div>\n\t\t\t\t<div class=\"elementor-element elementor-element-75ba7b4 elementor-widget elementor-widget-spacer\" data-id=\"75ba7b4\" data-element_type=\"widget\" data-widget_type=\"spacer.default\">\n\t\t\t\t<div class=\"elementor-widget-container\">\n\t\t\t\t\t\t\t<div class=\"elementor-spacer\">\n\t\t\t<div class=\"elementor-spacer-inner\"><\/div>\n\t\t<\/div>\n\t\t\t\t\t\t<\/div>\n\t\t\t\t<\/div>\n\t\t\t\t<div class=\"elementor-element elementor-element-ef49911 elementor-widget elementor-widget-heading\" data-id=\"ef49911\" data-element_type=\"widget\" data-widget_type=\"heading.default\">\n\t\t\t\t<div class=\"elementor-widget-container\">\n\t\t\t\t\t<h5 class=\"elementor-heading-title elementor-size-default\">2 Ekim tarihinde Adalbertstrasse'de yer alan Kottimobil Basar'da bulu\u015fup Kotti e.V taraf\u0131ndan organize edilen ve sahip oldu\u011fumuz elbiselerimizi satma, hediye etme ya da takas etme konseptinde ger\u00e7ekle\u015fen etkinlikte biz de Ye\u015fil \u00c7ember olarak yerimizi ald\u0131k. Kullanmad\u0131\u011f\u0131m\u0131z elbiselerimizi diki\u015f makinemizde yeniden \u015fekillendirdik ve kenarda k\u00f6\u015fede unutulmu\u015f elbiselerimizin kuma\u015flar\u0131na k\u00fc\u00e7\u00fck dokunu\u015flar yaparak yeniden hayat verdik.\n<\/h5>\t\t\t\t<\/div>\n\t\t\t\t<\/div>\n\t\t\t\t<div class=\"elementor-element elementor-element-1b0c1fa elementor-widget elementor-widget-spacer\" data-id=\"1b0c1fa\" data-element_type=\"widget\" data-widget_type=\"spacer.default\">\n\t\t\t\t<div class=\"elementor-widget-container\">\n\t\t\t\t\t\t\t<div class=\"elementor-spacer\">\n\t\t\t<div class=\"elementor-spacer-inner\"><\/div>\n\t\t<\/div>\n\t\t\t\t\t\t<\/div>\n\t\t\t\t<\/div>\n\t\t\t\t\t<\/div>\n\t\t<\/div>\n\t\t\t\t\t<\/div>\n\t\t<\/section>\n\t\t\t\t<section class=\"elementor-section elementor-top-section elementor-element elementor-element-61e587a elementor-section-full_width elementor-section-content-middle qode_elementor_container_inner elementor-section-height-default elementor-section-height-default parallax_section_no\" data-id=\"61e587a\" data-element_type=\"section\">\n\t\t\t\t\t\t<div class=\"elementor-container elementor-column-gap-default\">\n\t\t\t\t\t<div class=\"elementor-column elementor-col-50 elementor-top-column elementor-element elementor-element-e4aa38c\" data-id=\"e4aa38c\" data-element_type=\"column\">\n\t\t\t<div class=\"elementor-widget-wrap elementor-element-populated\">\n\t\t\t\t\t\t<div class=\"elementor-element elementor-element-566de6b elementor-widget elementor-widget-image\" data-id=\"566de6b\" data-element_type=\"widget\" data-widget_type=\"image.default\">\n\t\t\t\t<div class=\"elementor-widget-container\">\n\t\t\t\t\t\t\t\t\t\t\t\t\t\t\t<img loading=\"lazy\" decoding=\"async\" width=\"768\" height=\"1024\" src=\"https:\/\/yesilcember.eu\/wp-content\/uploads\/2022\/10\/cocukdostusehir.jpeg\" class=\"attachment-large size-large wp-image-3501\" alt=\"\" srcset=\"https:\/\/yesilcember.eu\/wp-content\/uploads\/2022\/10\/cocukdostusehir.jpeg 768w, https:\/\/yesilcember.eu\/wp-content\/uploads\/2022\/10\/cocukdostusehir-225x300.jpeg 225w, https:\/\/yesilcember.eu\/wp-content\/uploads\/2022\/10\/cocukdostusehir-600x800.jpeg 600w, https:\/\/yesilcember.eu\/wp-content\/uploads\/2022\/10\/cocukdostusehir-700x933.jpeg 700w\" sizes=\"(max-width: 768px) 100vw, 768px\" \/>\t\t\t\t\t\t\t\t\t\t\t\t\t\t\t<\/div>\n\t\t\t\t<\/div>\n\t\t\t\t\t<\/div>\n\t\t<\/div>\n\t\t\t\t<div class=\"elementor-column elementor-col-50 elementor-top-column elementor-element elementor-element-cef4500\" data-id=\"cef4500\" data-element_type=\"column\">\n\t\t\t<div class=\"elementor-widget-wrap elementor-element-populated\">\n\t\t\t\t\t\t<div class=\"elementor-element elementor-element-3a66e6d elementor-widget elementor-widget-heading\" data-id=\"3a66e6d\" data-element_type=\"widget\" data-widget_type=\"heading.default\">\n\t\t\t\t<div class=\"elementor-widget-container\">\n\t\t\t\t\t<h2 class=\"elementor-heading-title elementor-size-default\">\n\u00c7ocuk dostu \u015fehir trafi\u011fi i\u00e7in sokaklardayd\u0131k\n\n\n<\/h2>\t\t\t\t<\/div>\n\t\t\t\t<\/div>\n\t\t\t\t<div class=\"elementor-element elementor-element-6cd37e6 elementor-widget elementor-widget-spacer\" data-id=\"6cd37e6\" data-element_type=\"widget\" data-widget_type=\"spacer.default\">\n\t\t\t\t<div class=\"elementor-widget-container\">\n\t\t\t\t\t\t\t<div class=\"elementor-spacer\">\n\t\t\t<div class=\"elementor-spacer-inner\"><\/div>\n\t\t<\/div>\n\t\t\t\t\t\t<\/div>\n\t\t\t\t<\/div>\n\t\t\t\t<div class=\"elementor-element elementor-element-a727904 elementor-widget elementor-widget-heading\" data-id=\"a727904\" data-element_type=\"widget\" data-widget_type=\"heading.default\">\n\t\t\t\t<div class=\"elementor-widget-container\">\n\t\t\t\t\t<h5 class=\"elementor-heading-title elementor-size-default\">Her y\u0131l onlarca \u00e7ocuk bisikletleriyle \u015fehir trafi\u011finde yaralan\u0131yor ve ya\u015fam\u0131n\u0131 yitiriyor. Biz de \u015fehir i\u00e7inde 30 km h\u0131z s\u0131n\u0131r\u0131n\u0131 \u00e7abucak y\u00fcr\u00fcrl\u00fc\u011fe sokma amac\u0131yla 24 Eyl\u00fcl`de Berlin sokaklar\u0131ndayd\u0131k. Bizimle birlikte bir\u00e7ok \u00e7ocuk, aile ve gencin de kat\u0131ld\u0131\u011f\u0131 etkinlikte \u00e7ocuklar\u0131m\u0131za ve bize daha g\u00fczel bir yasam sa\u011flamak i\u00e7in harekete ge\u00e7tik. A\u015fa\u011f\u0131daki ba\u011flant\u0131ya t\u0131klayarak g\u00f6sterimizle ilgili videoyu hemen izleyebilirsin.\n\n<br> \n <a href=\"https:\/\/www.welt.de\/politik\/deutschland\/video241248869\/Demonstrationen-Kinder-fordern-auf-Fahrraddemos-kinderfreundlichen-Stadtverkehr.html\">https:\/\/www.welt.de\/politik\/deutschland\/video241248869\/Demonstrationen-Kinder-fordern-auf-Fahrraddemos-kinderfreundlichen-Stadtverkehr.html<\/a> <\/h5>\t\t\t\t<\/div>\n\t\t\t\t<\/div>\n\t\t\t\t<div class=\"elementor-element elementor-element-f1bcac0 elementor-widget elementor-widget-spacer\" data-id=\"f1bcac0\" data-element_type=\"widget\" data-widget_type=\"spacer.default\">\n\t\t\t\t<div class=\"elementor-widget-container\">\n\t\t\t\t\t\t\t<div class=\"elementor-spacer\">\n\t\t\t<div class=\"elementor-spacer-inner\"><\/div>\n\t\t<\/div>\n\t\t\t\t\t\t<\/div>\n\t\t\t\t<\/div>\n\t\t\t\t\t<\/div>\n\t\t<\/div>\n\t\t\t\t\t<\/div>\n\t\t<\/section>\n\t\t\t\t<section class=\"elementor-section elementor-top-section elementor-element elementor-element-1da961f elementor-section-full_width elementor-section-content-middle qode_elementor_container_inner elementor-section-height-default elementor-section-height-default parallax_section_no\" data-id=\"1da961f\" data-element_type=\"section\">\n\t\t\t\t\t\t<div class=\"elementor-container elementor-column-gap-default\">\n\t\t\t\t\t<div class=\"elementor-column elementor-col-50 elementor-top-column elementor-element elementor-element-571f125\" data-id=\"571f125\" data-element_type=\"column\">\n\t\t\t<div class=\"elementor-widget-wrap elementor-element-populated\">\n\t\t\t\t\t\t<div class=\"elementor-element elementor-element-05679e9 elementor-widget elementor-widget-image\" data-id=\"05679e9\" data-element_type=\"widget\" data-widget_type=\"image.default\">\n\t\t\t\t<div class=\"elementor-widget-container\">\n\t\t\t\t\t\t\t\t\t\t\t\t\t\t\t<img loading=\"lazy\" decoding=\"async\" width=\"1024\" height=\"768\" src=\"https:\/\/yesilcember.eu\/wp-content\/uploads\/2022\/10\/mariannenfest.jpeg\" class=\"attachment-large size-large wp-image-3505\" alt=\"\" srcset=\"https:\/\/yesilcember.eu\/wp-content\/uploads\/2022\/10\/mariannenfest.jpeg 1024w, https:\/\/yesilcember.eu\/wp-content\/uploads\/2022\/10\/mariannenfest-300x225.jpeg 300w, https:\/\/yesilcember.eu\/wp-content\/uploads\/2022\/10\/mariannenfest-768x576.jpeg 768w, https:\/\/yesilcember.eu\/wp-content\/uploads\/2022\/10\/mariannenfest-800x600.jpeg 800w, https:\/\/yesilcember.eu\/wp-content\/uploads\/2022\/10\/mariannenfest-700x525.jpeg 700w\" sizes=\"(max-width: 1024px) 100vw, 1024px\" \/>\t\t\t\t\t\t\t\t\t\t\t\t\t\t\t<\/div>\n\t\t\t\t<\/div>\n\t\t\t\t\t<\/div>\n\t\t<\/div>\n\t\t\t\t<div class=\"elementor-column elementor-col-50 elementor-top-column elementor-element elementor-element-e593056\" data-id=\"e593056\" data-element_type=\"column\">\n\t\t\t<div class=\"elementor-widget-wrap elementor-element-populated\">\n\t\t\t\t\t\t<div class=\"elementor-element elementor-element-74ed4f2 elementor-widget elementor-widget-heading\" data-id=\"74ed4f2\" data-element_type=\"widget\" data-widget_type=\"heading.default\">\n\t\t\t\t<div class=\"elementor-widget-container\">\n\t\t\t\t\t<h2 class=\"elementor-heading-title elementor-size-default\">\nMariannen mahallesinde\nSonbahar Festivalini kutlad\u0131k\n\n\n\n\n\n<\/h2>\t\t\t\t<\/div>\n\t\t\t\t<\/div>\n\t\t\t\t<div class=\"elementor-element elementor-element-ae94d67 elementor-widget elementor-widget-spacer\" data-id=\"ae94d67\" data-element_type=\"widget\" data-widget_type=\"spacer.default\">\n\t\t\t\t<div class=\"elementor-widget-container\">\n\t\t\t\t\t\t\t<div class=\"elementor-spacer\">\n\t\t\t<div class=\"elementor-spacer-inner\"><\/div>\n\t\t<\/div>\n\t\t\t\t\t\t<\/div>\n\t\t\t\t<\/div>\n\t\t\t\t<div class=\"elementor-element elementor-element-8a484ea elementor-widget elementor-widget-heading\" data-id=\"8a484ea\" data-element_type=\"widget\" data-widget_type=\"heading.default\">\n\t\t\t\t<div class=\"elementor-widget-container\">\n\t\t\t\t\t<h5 class=\"elementor-heading-title elementor-size-default\">23 Eyl\u00fcl\u2019de Feuerwehrbrunnen adresinde ger\u00e7ekle\u015ftirilen festivalde kom\u015fular\u0131m\u0131zla var olan ba\u011flar\u0131m\u0131z\u0131 g\u00fc\u00e7lendirmek ve birbirimizi tan\u0131mak i\u00e7in olu\u015fturulan etkinlikte Ye\u015fil \u00c7ember olarak biz de yerimizi ald\u0131k. Etkinliklerimizle ilgili bilgilendirme yapt\u0131\u011f\u0131m\u0131z stand\u0131m\u0131zla mahallelilere do\u011fa ile ilgili \u00e7e\u015fitli k\u0131sa sorular sorarak \u00e7evreye kar\u015f\u0131 olan fark\u0131ndal\u0131klar\u0131n\u0131 art\u0131rd\u0131k.\n<\/h5>\t\t\t\t<\/div>\n\t\t\t\t<\/div>\n\t\t\t\t<div class=\"elementor-element elementor-element-d63209e elementor-widget elementor-widget-spacer\" data-id=\"d63209e\" data-element_type=\"widget\" data-widget_type=\"spacer.default\">\n\t\t\t\t<div class=\"elementor-widget-container\">\n\t\t\t\t\t\t\t<div class=\"elementor-spacer\">\n\t\t\t<div class=\"elementor-spacer-inner\"><\/div>\n\t\t<\/div>\n\t\t\t\t\t\t<\/div>\n\t\t\t\t<\/div>\n\t\t\t\t\t<\/div>\n\t\t<\/div>\n\t\t\t\t\t<\/div>\n\t\t<\/section>\n\t\t\t\t<section class=\"elementor-section elementor-top-section elementor-element elementor-element-b326e6c elementor-section-full_width elementor-section-content-middle qode_elementor_container_inner elementor-section-height-default elementor-section-height-default parallax_section_no\" data-id=\"b326e6c\" data-element_type=\"section\">\n\t\t\t\t\t\t<div class=\"elementor-container elementor-column-gap-default\">\n\t\t\t\t\t<div class=\"elementor-column elementor-col-50 elementor-top-column elementor-element elementor-element-3a933cf\" data-id=\"3a933cf\" data-element_type=\"column\">\n\t\t\t<div class=\"elementor-widget-wrap elementor-element-populated\">\n\t\t\t\t\t\t<div class=\"elementor-element elementor-element-cdc90c8 elementor-widget elementor-widget-image\" data-id=\"cdc90c8\" data-element_type=\"widget\" data-widget_type=\"image.default\">\n\t\t\t\t<div class=\"elementor-widget-container\">\n\t\t\t\t\t\t\t\t\t\t\t\t\t\t\t<img loading=\"lazy\" decoding=\"async\" width=\"768\" height=\"1024\" src=\"https:\/\/yesilcember.eu\/wp-content\/uploads\/2022\/10\/klimastreik-768x1024.jpeg\" class=\"attachment-large size-large wp-image-3503\" alt=\"\" srcset=\"https:\/\/yesilcember.eu\/wp-content\/uploads\/2022\/10\/klimastreik-768x1024.jpeg 768w, https:\/\/yesilcember.eu\/wp-content\/uploads\/2022\/10\/klimastreik-225x300.jpeg 225w, https:\/\/yesilcember.eu\/wp-content\/uploads\/2022\/10\/klimastreik-1152x1536.jpeg 1152w, https:\/\/yesilcember.eu\/wp-content\/uploads\/2022\/10\/klimastreik-600x800.jpeg 600w, https:\/\/yesilcember.eu\/wp-content\/uploads\/2022\/10\/klimastreik-700x933.jpeg 700w, https:\/\/yesilcember.eu\/wp-content\/uploads\/2022\/10\/klimastreik.jpeg 1536w\" sizes=\"(max-width: 768px) 100vw, 768px\" \/>\t\t\t\t\t\t\t\t\t\t\t\t\t\t\t<\/div>\n\t\t\t\t<\/div>\n\t\t\t\t\t<\/div>\n\t\t<\/div>\n\t\t\t\t<div class=\"elementor-column elementor-col-50 elementor-top-column elementor-element elementor-element-c85cfe7\" data-id=\"c85cfe7\" data-element_type=\"column\">\n\t\t\t<div class=\"elementor-widget-wrap elementor-element-populated\">\n\t\t\t\t\t\t<div class=\"elementor-element elementor-element-d906cbb elementor-widget elementor-widget-heading\" data-id=\"d906cbb\" data-element_type=\"widget\" data-widget_type=\"heading.default\">\n\t\t\t\t<div class=\"elementor-widget-container\">\n\t\t\t\t\t<h2 class=\"elementor-heading-title elementor-size-default\">\nKlimastreik`da iklim i\u00e7in y\u00fcr\u00fcd\u00fck\n\n\n\n\n\n<\/h2>\t\t\t\t<\/div>\n\t\t\t\t<\/div>\n\t\t\t\t<div class=\"elementor-element elementor-element-9ba8bd1 elementor-widget elementor-widget-spacer\" data-id=\"9ba8bd1\" data-element_type=\"widget\" data-widget_type=\"spacer.default\">\n\t\t\t\t<div class=\"elementor-widget-container\">\n\t\t\t\t\t\t\t<div class=\"elementor-spacer\">\n\t\t\t<div class=\"elementor-spacer-inner\"><\/div>\n\t\t<\/div>\n\t\t\t\t\t\t<\/div>\n\t\t\t\t<\/div>\n\t\t\t\t<div class=\"elementor-element elementor-element-22718cc elementor-widget elementor-widget-heading\" data-id=\"22718cc\" data-element_type=\"widget\" data-widget_type=\"heading.default\">\n\t\t\t\t<div class=\"elementor-widget-container\">\n\t\t\t\t\t<h5 class=\"elementor-heading-title elementor-size-default\">23 Eyl\u00fcl`de Invalidenstr`de ger\u00e7ekle\u015ftirilen iklim ayleminde Ye\u015fil \u00c7ember olarak biz de yerimizi ald\u0131k ve fosil yak\u0131tlar\u0131n kullan\u0131m\u0131na kar\u015f\u0131 olarak tepkimizi g\u00f6sterdik. Fridays for Future Berlin`\u00ecn organize etti\u011fi g\u00f6steride 36 bin ki\u015fi olarak politikac\u0131lar\u0131 verdikleri s\u00f6zleri tutmaya \u00e7a\u011f\u0131rd\u0131k.\n<\/h5>\t\t\t\t<\/div>\n\t\t\t\t<\/div>\n\t\t\t\t<div class=\"elementor-element elementor-element-49650be elementor-widget elementor-widget-spacer\" data-id=\"49650be\" data-element_type=\"widget\" data-widget_type=\"spacer.default\">\n\t\t\t\t<div class=\"elementor-widget-container\">\n\t\t\t\t\t\t\t<div class=\"elementor-spacer\">\n\t\t\t<div class=\"elementor-spacer-inner\"><\/div>\n\t\t<\/div>\n\t\t\t\t\t\t<\/div>\n\t\t\t\t<\/div>\n\t\t\t\t\t<\/div>\n\t\t<\/div>\n\t\t\t\t\t<\/div>\n\t\t<\/section>\n\t\t\t\t<section class=\"elementor-section elementor-top-section elementor-element elementor-element-0d3d439 elementor-section-full_width elementor-section-content-middle qode_elementor_container_inner elementor-section-height-default elementor-section-height-default parallax_section_no\" data-id=\"0d3d439\" data-element_type=\"section\">\n\t\t\t\t\t\t<div class=\"elementor-container elementor-column-gap-default\">\n\t\t\t\t\t<div class=\"elementor-column elementor-col-50 elementor-top-column elementor-element elementor-element-59641ba\" data-id=\"59641ba\" data-element_type=\"column\">\n\t\t\t<div class=\"elementor-widget-wrap elementor-element-populated\">\n\t\t\t\t\t\t<div class=\"elementor-element elementor-element-4499ae2 elementor-widget elementor-widget-image\" data-id=\"4499ae2\" data-element_type=\"widget\" data-widget_type=\"image.default\">\n\t\t\t\t<div class=\"elementor-widget-container\">\n\t\t\t\t\t\t\t\t\t\t\t\t\t\t\t<img loading=\"lazy\" decoding=\"async\" width=\"768\" height=\"841\" src=\"https:\/\/yesilcember.eu\/wp-content\/uploads\/2022\/10\/autofrei.jpeg\" class=\"attachment-large size-large wp-image-3499\" alt=\"\" srcset=\"https:\/\/yesilcember.eu\/wp-content\/uploads\/2022\/10\/autofrei.jpeg 768w, https:\/\/yesilcember.eu\/wp-content\/uploads\/2022\/10\/autofrei-274x300.jpeg 274w, https:\/\/yesilcember.eu\/wp-content\/uploads\/2022\/10\/autofrei-700x767.jpeg 700w\" sizes=\"(max-width: 768px) 100vw, 768px\" \/>\t\t\t\t\t\t\t\t\t\t\t\t\t\t\t<\/div>\n\t\t\t\t<\/div>\n\t\t\t\t\t<\/div>\n\t\t<\/div>\n\t\t\t\t<div class=\"elementor-column elementor-col-50 elementor-top-column elementor-element elementor-element-15ed181\" data-id=\"15ed181\" data-element_type=\"column\">\n\t\t\t<div class=\"elementor-widget-wrap elementor-element-populated\">\n\t\t\t\t\t\t<div class=\"elementor-element elementor-element-ea55617 elementor-widget elementor-widget-heading\" data-id=\"ea55617\" data-element_type=\"widget\" data-widget_type=\"heading.default\">\n\t\t\t\t<div class=\"elementor-widget-container\">\n\t\t\t\t\t<h2 class=\"elementor-heading-title elementor-size-default\">\nD\u00fcnya Otomobilsiz Kentler\ng\u00fcn\u00fcnde sokaklardayd\u0131k\n\n\n\n\n\n<\/h2>\t\t\t\t<\/div>\n\t\t\t\t<\/div>\n\t\t\t\t<div class=\"elementor-element elementor-element-f020161 elementor-widget elementor-widget-spacer\" data-id=\"f020161\" data-element_type=\"widget\" data-widget_type=\"spacer.default\">\n\t\t\t\t<div class=\"elementor-widget-container\">\n\t\t\t\t\t\t\t<div class=\"elementor-spacer\">\n\t\t\t<div class=\"elementor-spacer-inner\"><\/div>\n\t\t<\/div>\n\t\t\t\t\t\t<\/div>\n\t\t\t\t<\/div>\n\t\t\t\t<div class=\"elementor-element elementor-element-07314c3 elementor-widget elementor-widget-heading\" data-id=\"07314c3\" data-element_type=\"widget\" data-widget_type=\"heading.default\">\n\t\t\t\t<div class=\"elementor-widget-container\">\n\t\t\t\t\t<h5 class=\"elementor-heading-title elementor-size-default\">\u015eehirlerde artan ara\u00e7 kullan\u0131m\u0131 ve bunun ya\u015fam kalitesine olan etkisine dikkat \u00e7ekmek i\u00e7in kutlanan 22 Eyl\u00fcl D\u00fcnya Otomobilsiz kentler g\u00fcn\u00fcnde sokaklardayd\u0131k.\n\u015eehirde trafi\u011fe kapat\u0131lan caddelerden Kreuzberg`deki G\u00f6rlitzer Ufer`de yer alan Spielstra\u00dfe`de bisikletimizle g\u00f6sterimizi yaparak ya\u015fam\u0131m\u0131z\u0131 daha da g\u00fczelle\u015ftirmek ve toplumun di\u011fer bireylerinin de dikkatini \u00e7ekmek i\u00e7in k\u00fc\u00e7\u00fck bir ad\u0131m att\u0131k.\n<\/h5>\t\t\t\t<\/div>\n\t\t\t\t<\/div>\n\t\t\t\t<div class=\"elementor-element elementor-element-1b17c5d elementor-widget elementor-widget-spacer\" data-id=\"1b17c5d\" data-element_type=\"widget\" data-widget_type=\"spacer.default\">\n\t\t\t\t<div class=\"elementor-widget-container\">\n\t\t\t\t\t\t\t<div class=\"elementor-spacer\">\n\t\t\t<div class=\"elementor-spacer-inner\"><\/div>\n\t\t<\/div>\n\t\t\t\t\t\t<\/div>\n\t\t\t\t<\/div>\n\t\t\t\t\t<\/div>\n\t\t<\/div>\n\t\t\t\t\t<\/div>\n\t\t<\/section>\n\t\t\t\t<section class=\"elementor-section elementor-top-section elementor-element elementor-element-16fc170 elementor-section-full_width elementor-section-content-middle qode_elementor_container_inner elementor-section-height-default elementor-section-height-default parallax_section_no\" data-id=\"16fc170\" data-element_type=\"section\">\n\t\t\t\t\t\t<div class=\"elementor-container elementor-column-gap-default\">\n\t\t\t\t\t<div class=\"elementor-column elementor-col-50 elementor-top-column elementor-element elementor-element-1cfac71\" data-id=\"1cfac71\" data-element_type=\"column\">\n\t\t\t<div class=\"elementor-widget-wrap elementor-element-populated\">\n\t\t\t\t\t\t<div class=\"elementor-element elementor-element-5e43d2a elementor-widget elementor-widget-image\" data-id=\"5e43d2a\" data-element_type=\"widget\" data-widget_type=\"image.default\">\n\t\t\t\t<div class=\"elementor-widget-container\">\n\t\t\t\t\t\t\t\t\t\t\t\t\t\t\t<img loading=\"lazy\" decoding=\"async\" width=\"289\" height=\"384\" src=\"https:\/\/yesilcember.eu\/wp-content\/uploads\/2022\/10\/Picture1.jpg\" class=\"attachment-large size-large wp-image-3522\" alt=\"\" srcset=\"https:\/\/yesilcember.eu\/wp-content\/uploads\/2022\/10\/Picture1.jpg 289w, https:\/\/yesilcember.eu\/wp-content\/uploads\/2022\/10\/Picture1-226x300.jpg 226w\" sizes=\"(max-width: 289px) 100vw, 289px\" \/>\t\t\t\t\t\t\t\t\t\t\t\t\t\t\t<\/div>\n\t\t\t\t<\/div>\n\t\t\t\t\t<\/div>\n\t\t<\/div>\n\t\t\t\t<div class=\"elementor-column elementor-col-50 elementor-top-column elementor-element elementor-element-eae3c55\" data-id=\"eae3c55\" data-element_type=\"column\">\n\t\t\t<div class=\"elementor-widget-wrap elementor-element-populated\">\n\t\t\t\t\t\t<div class=\"elementor-element elementor-element-72ea678 elementor-widget elementor-widget-heading\" data-id=\"72ea678\" data-element_type=\"widget\" data-widget_type=\"heading.default\">\n\t\t\t\t<div class=\"elementor-widget-container\">\n\t\t\t\t\t<h2 class=\"elementor-heading-title elementor-size-default\">\nKom\u015fuluk Zirvesinde yerimizi ald\u0131k\n\n\n\n\n\n<\/h2>\t\t\t\t<\/div>\n\t\t\t\t<\/div>\n\t\t\t\t<div class=\"elementor-element elementor-element-d537c89 elementor-widget elementor-widget-spacer\" data-id=\"d537c89\" data-element_type=\"widget\" data-widget_type=\"spacer.default\">\n\t\t\t\t<div class=\"elementor-widget-container\">\n\t\t\t\t\t\t\t<div class=\"elementor-spacer\">\n\t\t\t<div class=\"elementor-spacer-inner\"><\/div>\n\t\t<\/div>\n\t\t\t\t\t\t<\/div>\n\t\t\t\t<\/div>\n\t\t\t\t<div class=\"elementor-element elementor-element-c3b4bac elementor-widget elementor-widget-heading\" data-id=\"c3b4bac\" data-element_type=\"widget\" data-widget_type=\"heading.default\">\n\t\t\t\t<div class=\"elementor-widget-container\">\n\t\t\t\t\t<h5 class=\"elementor-heading-title elementor-size-default\">11 Eyl\u00fcl`de Rotes Rathaus \u00f6n\u00fcnde ger\u00e7ekle\u015ftirilen 2. Kiezgipfel`de yer alarak mahallelerimizde neler yapabilece\u011fimizi tart\u0131\u015ft\u0131k ve di\u011fer mahallelerle fikir al\u0131\u015fveri\u015finde bulunduk. \u00c7evre, Hareketlilik, T\u00fcketici ve \u0130klim Koruma Senat\u00f6r\u00fc Bettina Jarasch`\u0131n da kat\u0131ld\u0131\u011f\u0131 etkinlikte Berlinliler Jarasch\u2019a \u00e7e\u015fitli konularda sorular\u0131n\u0131 y\u00f6nelterek fikir al\u0131\u015fveri\u015finde bulundular. Daha fazla bilgi edinmek i\u00e7in a\u015fa\u011f\u0131daki ba\u011flant\u0131ya t\u0131klayabilirsin.\n<a href=\"https:\/\/www.kiezconnect.org\/kiezgipfel\">https:\/\/www.kiezconnect.org\/kiezgipfel<\/a><\/h5>\t\t\t\t<\/div>\n\t\t\t\t<\/div>\n\t\t\t\t<div class=\"elementor-element elementor-element-79d286d elementor-widget elementor-widget-spacer\" data-id=\"79d286d\" data-element_type=\"widget\" data-widget_type=\"spacer.default\">\n\t\t\t\t<div class=\"elementor-widget-container\">\n\t\t\t\t\t\t\t<div class=\"elementor-spacer\">\n\t\t\t<div class=\"elementor-spacer-inner\"><\/div>\n\t\t<\/div>\n\t\t\t\t\t\t<\/div>\n\t\t\t\t<\/div>\n\t\t\t\t\t<\/div>\n\t\t<\/div>\n\t\t\t\t\t<\/div>\n\t\t<\/section>\n\t\t\t\t<section class=\"elementor-section elementor-top-section elementor-element elementor-element-987972d elementor-section-full_width elementor-section-content-middle qode_elementor_container_inner elementor-section-height-default elementor-section-height-default parallax_section_no\" data-id=\"987972d\" data-element_type=\"section\">\n\t\t\t\t\t\t<div class=\"elementor-container elementor-column-gap-default\">\n\t\t\t\t\t<div class=\"elementor-column elementor-col-50 elementor-top-column elementor-element elementor-element-a526e79\" data-id=\"a526e79\" data-element_type=\"column\">\n\t\t\t<div class=\"elementor-widget-wrap elementor-element-populated\">\n\t\t\t\t\t\t<div class=\"elementor-element elementor-element-a190573 elementor-widget elementor-widget-image\" data-id=\"a190573\" data-element_type=\"widget\" data-widget_type=\"image.default\">\n\t\t\t\t<div class=\"elementor-widget-container\">\n\t\t\t\t\t\t\t\t\t\t\t\t\t\t\t<img loading=\"lazy\" decoding=\"async\" width=\"1024\" height=\"642\" src=\"https:\/\/yesilcember.eu\/wp-content\/uploads\/2022\/10\/flohmarkt-1024x642.jpeg\" class=\"attachment-large size-large wp-image-3507\" alt=\"\" srcset=\"https:\/\/yesilcember.eu\/wp-content\/uploads\/2022\/10\/flohmarkt-1024x642.jpeg 1024w, https:\/\/yesilcember.eu\/wp-content\/uploads\/2022\/10\/flohmarkt-300x188.jpeg 300w, https:\/\/yesilcember.eu\/wp-content\/uploads\/2022\/10\/flohmarkt-768x482.jpeg 768w, https:\/\/yesilcember.eu\/wp-content\/uploads\/2022\/10\/flohmarkt-1536x963.jpeg 1536w, https:\/\/yesilcember.eu\/wp-content\/uploads\/2022\/10\/flohmarkt-700x439.jpeg 700w, https:\/\/yesilcember.eu\/wp-content\/uploads\/2022\/10\/flohmarkt.jpeg 2048w\" sizes=\"(max-width: 1024px) 100vw, 1024px\" \/>\t\t\t\t\t\t\t\t\t\t\t\t\t\t\t<\/div>\n\t\t\t\t<\/div>\n\t\t\t\t\t<\/div>\n\t\t<\/div>\n\t\t\t\t<div class=\"elementor-column elementor-col-50 elementor-top-column elementor-element elementor-element-de84f1b\" data-id=\"de84f1b\" data-element_type=\"column\">\n\t\t\t<div class=\"elementor-widget-wrap elementor-element-populated\">\n\t\t\t\t\t\t<div class=\"elementor-element elementor-element-3645949 elementor-widget elementor-widget-heading\" data-id=\"3645949\" data-element_type=\"widget\" data-widget_type=\"heading.default\">\n\t\t\t\t<div class=\"elementor-widget-container\">\n\t\t\t\t\t<h2 class=\"elementor-heading-title elementor-size-default\">\nFalkplatz`da takas \u0219enli\u011fimizi ger\u00e7ekle\u015ftirdik\n\n\n\n\n<\/h2>\t\t\t\t<\/div>\n\t\t\t\t<\/div>\n\t\t\t\t<div class=\"elementor-element elementor-element-1a9cffe elementor-widget elementor-widget-spacer\" data-id=\"1a9cffe\" data-element_type=\"widget\" data-widget_type=\"spacer.default\">\n\t\t\t\t<div class=\"elementor-widget-container\">\n\t\t\t\t\t\t\t<div class=\"elementor-spacer\">\n\t\t\t<div class=\"elementor-spacer-inner\"><\/div>\n\t\t<\/div>\n\t\t\t\t\t\t<\/div>\n\t\t\t\t<\/div>\n\t\t\t\t<div class=\"elementor-element elementor-element-5a7406e elementor-widget elementor-widget-heading\" data-id=\"5a7406e\" data-element_type=\"widget\" data-widget_type=\"heading.default\">\n\t\t\t\t<div class=\"elementor-widget-container\">\n\t\t\t\t\t<h5 class=\"elementor-heading-title elementor-size-default\">Bu y\u0131lki takas \u0219enli\u011fimizi sonuncusunu 7 Eyl\u00fcl`de Rollberger Kiez`de yer alan Falkplatz`da ger\u00e7ekle\u015ftirdik. Payla\u015fma, de\u011fi\u015f toku\u015f ve tamir etme sloganlar\u0131yla olu\u015fturdu\u011fumuz etkinlikte Repair Cafe`mizle de mahallelilerle birlikte bozuk e\u015fyalar\u0131 tamir edip sosyalle\u015ftik, evimizdeki fazla e\u015fyalar\u0131 birbirimize hediye ederek harcama yapmaktan kurtulmu\u015f olduk.\n\n<\/h5>\t\t\t\t<\/div>\n\t\t\t\t<\/div>\n\t\t\t\t<div class=\"elementor-element elementor-element-56b9d62 elementor-widget elementor-widget-spacer\" data-id=\"56b9d62\" data-element_type=\"widget\" data-widget_type=\"spacer.default\">\n\t\t\t\t<div class=\"elementor-widget-container\">\n\t\t\t\t\t\t\t<div class=\"elementor-spacer\">\n\t\t\t<div class=\"elementor-spacer-inner\"><\/div>\n\t\t<\/div>\n\t\t\t\t\t\t<\/div>\n\t\t\t\t<\/div>\n\t\t\t\t\t<\/div>\n\t\t<\/div>\n\t\t\t\t\t<\/div>\n\t\t<\/section>\n\t\t\t\t<section class=\"elementor-section elementor-top-section elementor-element elementor-element-2d0e695 elementor-section-full_width elementor-section-content-middle qode_elementor_container_inner elementor-section-height-default elementor-section-height-default parallax_section_no\" data-id=\"2d0e695\" data-element_type=\"section\">\n\t\t\t\t\t\t<div class=\"elementor-container elementor-column-gap-default\">\n\t\t\t\t\t<div class=\"elementor-column elementor-col-50 elementor-top-column elementor-element elementor-element-c86538a\" data-id=\"c86538a\" data-element_type=\"column\">\n\t\t\t<div class=\"elementor-widget-wrap elementor-element-populated\">\n\t\t\t\t\t\t<div class=\"elementor-element elementor-element-72db9f2 elementor-widget elementor-widget-image\" data-id=\"72db9f2\" data-element_type=\"widget\" data-widget_type=\"image.default\">\n\t\t\t\t<div class=\"elementor-widget-container\">\n\t\t\t\t\t\t\t\t\t\t\t\t\t\t\t<img loading=\"lazy\" decoding=\"async\" width=\"1024\" height=\"905\" src=\"https:\/\/yesilcember.eu\/wp-content\/uploads\/2022\/10\/komsulukbitkileri-1024x905.jpeg\" class=\"attachment-large size-large wp-image-3509\" alt=\"\" srcset=\"https:\/\/yesilcember.eu\/wp-content\/uploads\/2022\/10\/komsulukbitkileri-1024x905.jpeg 1024w, https:\/\/yesilcember.eu\/wp-content\/uploads\/2022\/10\/komsulukbitkileri-300x265.jpeg 300w, https:\/\/yesilcember.eu\/wp-content\/uploads\/2022\/10\/komsulukbitkileri-768x679.jpeg 768w, https:\/\/yesilcember.eu\/wp-content\/uploads\/2022\/10\/komsulukbitkileri-700x619.jpeg 700w, https:\/\/yesilcember.eu\/wp-content\/uploads\/2022\/10\/komsulukbitkileri.jpeg 1536w\" sizes=\"(max-width: 1024px) 100vw, 1024px\" \/>\t\t\t\t\t\t\t\t\t\t\t\t\t\t\t<\/div>\n\t\t\t\t<\/div>\n\t\t\t\t\t<\/div>\n\t\t<\/div>\n\t\t\t\t<div class=\"elementor-column elementor-col-50 elementor-top-column elementor-element elementor-element-3267e11\" data-id=\"3267e11\" data-element_type=\"column\">\n\t\t\t<div class=\"elementor-widget-wrap elementor-element-populated\">\n\t\t\t\t\t\t<div class=\"elementor-element elementor-element-2f7c9ed elementor-widget elementor-widget-heading\" data-id=\"2f7c9ed\" data-element_type=\"widget\" data-widget_type=\"heading.default\">\n\t\t\t\t<div class=\"elementor-widget-container\">\n\t\t\t\t\t<h2 class=\"elementor-heading-title elementor-size-default\">\nKom\u015fuluk bitkileri diktik ve vizyonlar geli\u0219tirdik\n\n\n\n\n<\/h2>\t\t\t\t<\/div>\n\t\t\t\t<\/div>\n\t\t\t\t<div class=\"elementor-element elementor-element-ef3eebe elementor-widget elementor-widget-spacer\" data-id=\"ef3eebe\" data-element_type=\"widget\" data-widget_type=\"spacer.default\">\n\t\t\t\t<div class=\"elementor-widget-container\">\n\t\t\t\t\t\t\t<div class=\"elementor-spacer\">\n\t\t\t<div class=\"elementor-spacer-inner\"><\/div>\n\t\t<\/div>\n\t\t\t\t\t\t<\/div>\n\t\t\t\t<\/div>\n\t\t\t\t<div class=\"elementor-element elementor-element-c08f1a0 elementor-widget elementor-widget-heading\" data-id=\"c08f1a0\" data-element_type=\"widget\" data-widget_type=\"heading.default\">\n\t\t\t\t<div class=\"elementor-widget-container\">\n\t\t\t\t\t<h5 class=\"elementor-heading-title elementor-size-default\">Daha \u00f6nce olu\u015fturdu\u011fumuz kom\u015fuluk projemizin son aya\u011f\u0131n\u0131 5 Eyl\u00fcl`de ger\u00e7ekle\u015ftirdik. Mina Derne\u011fi`nin bah\u00e7esinde ger\u00e7ekle\u015ftirdi\u011fimiz etkinli\u011fimizde Bauh\u00fctte ve Mehrgenerationshaus dernekleriyle beraber yaz ay\u0131nda bitkilerimizin nas\u0131l geli\u015ftigini konu\u015ftuk, bak\u0131mlar\u0131n\u0131 yaparken hangi zorluklarla kar\u015f\u0131last\u0131\u011f\u0131m\u0131zdan s\u00f6z ettik. Halihaz\u0131rda Mina Derne\u011fi kuruttu\u011fu naneleri bize teslim etti.\n\nSonbahar aylar\u0131nda bu \u00e7aylar\u0131 Gropius Bau m\u00fczesinde sergide ziyaret\u00e7ilere ikram ederek fark\u0131ndal\u0131k olu\u015fturaca\u011f\u0131z. <br>Sergi hakk\u0131nda detaylar: \n \n<a href=\"https:\/\/www.berlinerfestspiele.de\/de\/berliner-festspiele\/programm\/bfs-gesamtprogramm\/programmdetail_366501.html\n\">https:\/\/www.berlinerfestspiele.de\/de\/berliner-festspiele\/programm\/bfs-gesamtprogramm\/programmdetail_366501.html\n<\/a>\n\n\n\n\n\n<\/h5>\t\t\t\t<\/div>\n\t\t\t\t<\/div>\n\t\t\t\t<div class=\"elementor-element elementor-element-ef50938 elementor-widget elementor-widget-spacer\" data-id=\"ef50938\" data-element_type=\"widget\" data-widget_type=\"spacer.default\">\n\t\t\t\t<div class=\"elementor-widget-container\">\n\t\t\t\t\t\t\t<div class=\"elementor-spacer\">\n\t\t\t<div class=\"elementor-spacer-inner\"><\/div>\n\t\t<\/div>\n\t\t\t\t\t\t<\/div>\n\t\t\t\t<\/div>\n\t\t\t\t\t<\/div>\n\t\t<\/div>\n\t\t\t\t\t<\/div>\n\t\t<\/section>\n\t\t\t\t<section class=\"elementor-section elementor-top-section elementor-element elementor-element-13aaa7e elementor-section-full_width elementor-section-content-middle qode_elementor_container_inner elementor-section-height-default elementor-section-height-default parallax_section_no\" data-id=\"13aaa7e\" data-element_type=\"section\">\n\t\t\t\t\t\t<div class=\"elementor-container elementor-column-gap-default\">\n\t\t\t\t\t<div class=\"elementor-column elementor-col-50 elementor-top-column elementor-element elementor-element-3c56db9\" data-id=\"3c56db9\" data-element_type=\"column\">\n\t\t\t<div class=\"elementor-widget-wrap elementor-element-populated\">\n\t\t\t\t\t\t<div class=\"elementor-element elementor-element-6385789 elementor-widget elementor-widget-image\" data-id=\"6385789\" data-element_type=\"widget\" data-widget_type=\"image.default\">\n\t\t\t\t<div class=\"elementor-widget-container\">\n\t\t\t\t\t\t\t\t\t\t\t\t\t\t\t<img loading=\"lazy\" decoding=\"async\" width=\"1024\" height=\"768\" src=\"https:\/\/yesilcember.eu\/wp-content\/uploads\/2022\/09\/lausitzerpark-1024x768.jpeg\" class=\"attachment-large size-large wp-image-3288\" alt=\"\" srcset=\"https:\/\/yesilcember.eu\/wp-content\/uploads\/2022\/09\/lausitzerpark-1024x768.jpeg 1024w, https:\/\/yesilcember.eu\/wp-content\/uploads\/2022\/09\/lausitzerpark-300x225.jpeg 300w, https:\/\/yesilcember.eu\/wp-content\/uploads\/2022\/09\/lausitzerpark-768x576.jpeg 768w, https:\/\/yesilcember.eu\/wp-content\/uploads\/2022\/09\/lausitzerpark-1536x1152.jpeg 1536w, https:\/\/yesilcember.eu\/wp-content\/uploads\/2022\/09\/lausitzerpark-800x600.jpeg 800w, https:\/\/yesilcember.eu\/wp-content\/uploads\/2022\/09\/lausitzerpark-700x525.jpeg 700w, https:\/\/yesilcember.eu\/wp-content\/uploads\/2022\/09\/lausitzerpark.jpeg 2048w\" sizes=\"(max-width: 1024px) 100vw, 1024px\" \/>\t\t\t\t\t\t\t\t\t\t\t\t\t\t\t<\/div>\n\t\t\t\t<\/div>\n\t\t\t\t\t<\/div>\n\t\t<\/div>\n\t\t\t\t<div class=\"elementor-column elementor-col-50 elementor-top-column elementor-element elementor-element-43cf423\" data-id=\"43cf423\" data-element_type=\"column\">\n\t\t\t<div class=\"elementor-widget-wrap elementor-element-populated\">\n\t\t\t\t\t\t<div class=\"elementor-element elementor-element-01ae7a4 elementor-widget elementor-widget-heading\" data-id=\"01ae7a4\" data-element_type=\"widget\" data-widget_type=\"heading.default\">\n\t\t\t\t<div class=\"elementor-widget-container\">\n\t\t\t\t\t<h2 class=\"elementor-heading-title elementor-size-default\">\nLausitzer Platz Mahalle \u015eenli\u011findeydik\n\n\n\n\n\n<\/h2>\t\t\t\t<\/div>\n\t\t\t\t<\/div>\n\t\t\t\t<div class=\"elementor-element elementor-element-29cd5ad elementor-widget elementor-widget-spacer\" data-id=\"29cd5ad\" data-element_type=\"widget\" data-widget_type=\"spacer.default\">\n\t\t\t\t<div class=\"elementor-widget-container\">\n\t\t\t\t\t\t\t<div class=\"elementor-spacer\">\n\t\t\t<div class=\"elementor-spacer-inner\"><\/div>\n\t\t<\/div>\n\t\t\t\t\t\t<\/div>\n\t\t\t\t<\/div>\n\t\t\t\t<div class=\"elementor-element elementor-element-98db676 elementor-widget elementor-widget-heading\" data-id=\"98db676\" data-element_type=\"widget\" data-widget_type=\"heading.default\">\n\t\t\t\t<div class=\"elementor-widget-container\">\n\t\t\t\t\t<h5 class=\"elementor-heading-title elementor-size-default\">27 A\u011fustos tarihinde Lausitzer Park Mahalle \u015eenli\u011finde yer ald\u0131k. \u00d6zellikle \u00e7cocuklar\u0131n ilgi g\u00f6sterdi\u011fi \u015fenlikte oyunlar oynad\u0131k, canl\u0131 m\u00fczik dinledik ve yazdan kalan son g\u00fcnlerin tad\u0131n\u0131 mahalle sakinleri ile birlikte \u00e7\u0131kard\u0131k.\n<\/h5>\t\t\t\t<\/div>\n\t\t\t\t<\/div>\n\t\t\t\t<div class=\"elementor-element elementor-element-063a5f6 elementor-widget elementor-widget-spacer\" data-id=\"063a5f6\" data-element_type=\"widget\" data-widget_type=\"spacer.default\">\n\t\t\t\t<div class=\"elementor-widget-container\">\n\t\t\t\t\t\t\t<div class=\"elementor-spacer\">\n\t\t\t<div class=\"elementor-spacer-inner\"><\/div>\n\t\t<\/div>\n\t\t\t\t\t\t<\/div>\n\t\t\t\t<\/div>\n\t\t\t\t\t<\/div>\n\t\t<\/div>\n\t\t\t\t\t<\/div>\n\t\t<\/section>\n\t\t\t\t<section class=\"elementor-section elementor-top-section elementor-element elementor-element-fd73d98 elementor-section-full_width elementor-section-content-middle qode_elementor_container_inner elementor-section-height-default elementor-section-height-default parallax_section_no\" data-id=\"fd73d98\" data-element_type=\"section\">\n\t\t\t\t\t\t<div class=\"elementor-container elementor-column-gap-default\">\n\t\t\t\t\t<div class=\"elementor-column elementor-col-50 elementor-top-column elementor-element elementor-element-ae7a20f\" data-id=\"ae7a20f\" data-element_type=\"column\">\n\t\t\t<div class=\"elementor-widget-wrap elementor-element-populated\">\n\t\t\t\t\t\t<div class=\"elementor-element elementor-element-cd39993 elementor-widget elementor-widget-image\" data-id=\"cd39993\" data-element_type=\"widget\" data-widget_type=\"image.default\">\n\t\t\t\t<div class=\"elementor-widget-container\">\n\t\t\t\t\t\t\t\t\t\t\t\t\t\t\t<img loading=\"lazy\" decoding=\"async\" width=\"1024\" height=\"768\" src=\"https:\/\/yesilcember.eu\/wp-content\/uploads\/2022\/09\/bmel1-1024x768.jpeg\" class=\"attachment-large size-large wp-image-3286\" alt=\"\" srcset=\"https:\/\/yesilcember.eu\/wp-content\/uploads\/2022\/09\/bmel1-1024x768.jpeg 1024w, https:\/\/yesilcember.eu\/wp-content\/uploads\/2022\/09\/bmel1-300x225.jpeg 300w, https:\/\/yesilcember.eu\/wp-content\/uploads\/2022\/09\/bmel1-768x576.jpeg 768w, https:\/\/yesilcember.eu\/wp-content\/uploads\/2022\/09\/bmel1-1536x1152.jpeg 1536w, https:\/\/yesilcember.eu\/wp-content\/uploads\/2022\/09\/bmel1-800x600.jpeg 800w, https:\/\/yesilcember.eu\/wp-content\/uploads\/2022\/09\/bmel1-700x525.jpeg 700w, https:\/\/yesilcember.eu\/wp-content\/uploads\/2022\/09\/bmel1.jpeg 2000w\" sizes=\"(max-width: 1024px) 100vw, 1024px\" \/>\t\t\t\t\t\t\t\t\t\t\t\t\t\t\t<\/div>\n\t\t\t\t<\/div>\n\t\t\t\t\t<\/div>\n\t\t<\/div>\n\t\t\t\t<div class=\"elementor-column elementor-col-50 elementor-top-column elementor-element elementor-element-5f78367\" data-id=\"5f78367\" data-element_type=\"column\">\n\t\t\t<div class=\"elementor-widget-wrap elementor-element-populated\">\n\t\t\t\t\t\t<div class=\"elementor-element elementor-element-4a3e4bb elementor-widget elementor-widget-heading\" data-id=\"4a3e4bb\" data-element_type=\"widget\" data-widget_type=\"heading.default\">\n\t\t\t\t<div class=\"elementor-widget-container\">\n\t\t\t\t\t<h2 class=\"elementor-heading-title elementor-size-default\">A\u00e7\u0131k Kap\u0131 G\u00fcn\u00fcnde Tar\u0131m Bakanl\u0131\u011f\u0131ndayd\u0131k\n\n\n\n\n\n<\/h2>\t\t\t\t<\/div>\n\t\t\t\t<\/div>\n\t\t\t\t<div class=\"elementor-element elementor-element-c624f3a elementor-widget elementor-widget-spacer\" data-id=\"c624f3a\" data-element_type=\"widget\" data-widget_type=\"spacer.default\">\n\t\t\t\t<div class=\"elementor-widget-container\">\n\t\t\t\t\t\t\t<div class=\"elementor-spacer\">\n\t\t\t<div class=\"elementor-spacer-inner\"><\/div>\n\t\t<\/div>\n\t\t\t\t\t\t<\/div>\n\t\t\t\t<\/div>\n\t\t\t\t<div class=\"elementor-element elementor-element-748183f elementor-widget elementor-widget-heading\" data-id=\"748183f\" data-element_type=\"widget\" data-widget_type=\"heading.default\">\n\t\t\t\t<div class=\"elementor-widget-container\">\n\t\t\t\t\t<h5 class=\"elementor-heading-title elementor-size-default\">\u201cDemokratie l\u00e4dt ein\u201d mottosuyla vatanda\u015flarla kamu kurumlar\u0131n\u0131n do\u011frudan ileti\u015fime ge\u00e7ebilmesi amac\u0131yla \u201cTag der offenen T\u00fcr\u201d ad\u0131yla 20-21 A\u011fustos tarihlerinde bir etkinlik d\u00fczenlendi. Etkinlik kapsam\u0131nda Berlin\u2019de 15 ayr\u0131 konumda farkl\u0131 bakanl\u0131klar ve kamu kurumlar\u0131 vatanda\u015flar\u0131 dinledi ve ziyaret\u00e7ilerin verimli zaman ge\u00e7irebilmesi i\u00e7in de \u00e7e\u015fitli organizasyonlar yap\u0131ld\u0131.\nBiz de Ye\u015fil \u00c7ember olarak Beslenme ve Tar\u0131m Bakanl\u0131\u011f\u0131\u2019n\u0131n Wilhelmstra\u00dfe\u2019deki etkinli\u011finde stand\u0131m\u0131zla yerimizi ald\u0131k. Bakan Cem \u00d6zdemir\u2019in de ziyaret etti\u011fi stand\u0131m\u0131zda ziyaret\u00e7ilerin T\u00fcrk yemek k\u00fclt\u00fcr\u00fc ile ilgili bildiklerini s\u0131nad\u0131\u011f\u0131m\u0131z bir Quiz ve kokusundan oryantal baharatlar\u0131 tan\u0131maya \u00e7al\u0131\u015ft\u0131klar\u0131 k\u00fc\u00e7\u00fck bir oyunla hem e\u011flendik, hem de y\u00fczlerce ziyaret\u00e7i ile saohbet ettik. Temsili olarak haz\u0131rlad\u0131\u011f\u0131m\u0131z yer sofras\u0131nda \u00e7e\u015fitli tariflerin hikayelerinden \u00f6rnekler verdik ve ziyaret\u00e7ilerin de kendi sofra hikayelerini yazmalar\u0131n\u0131 sa\u011flad\u0131k.\nYapt\u0131\u011f\u0131m\u0131z projelerle ilgili sahnede verdi\u011fimiz sunumlarla da kat\u0131l\u0131mc\u0131lar\u0131 bilgilendirdik.\n<\/h5>\t\t\t\t<\/div>\n\t\t\t\t<\/div>\n\t\t\t\t<div class=\"elementor-element elementor-element-8b77e67 elementor-widget elementor-widget-spacer\" data-id=\"8b77e67\" data-element_type=\"widget\" data-widget_type=\"spacer.default\">\n\t\t\t\t<div class=\"elementor-widget-container\">\n\t\t\t\t\t\t\t<div class=\"elementor-spacer\">\n\t\t\t<div class=\"elementor-spacer-inner\"><\/div>\n\t\t<\/div>\n\t\t\t\t\t\t<\/div>\n\t\t\t\t<\/div>\n\t\t\t\t\t<\/div>\n\t\t<\/div>\n\t\t\t\t\t<\/div>\n\t\t<\/section>\n\t\t\t\t<section class=\"elementor-section elementor-top-section elementor-element elementor-element-8b0a09a elementor-section-full_width elementor-section-content-middle qode_elementor_container_inner elementor-section-height-default elementor-section-height-default parallax_section_no\" data-id=\"8b0a09a\" data-element_type=\"section\">\n\t\t\t\t\t\t<div class=\"elementor-container elementor-column-gap-default\">\n\t\t\t\t\t<div class=\"elementor-column elementor-col-50 elementor-top-column elementor-element elementor-element-83c5558\" data-id=\"83c5558\" data-element_type=\"column\">\n\t\t\t<div class=\"elementor-widget-wrap elementor-element-populated\">\n\t\t\t\t\t\t<div class=\"elementor-element elementor-element-d7957fb elementor-widget elementor-widget-image\" data-id=\"d7957fb\" data-element_type=\"widget\" data-widget_type=\"image.default\">\n\t\t\t\t<div class=\"elementor-widget-container\">\n\t\t\t\t\t\t\t\t\t\t\t\t\t\t\t<img loading=\"lazy\" decoding=\"async\" width=\"1024\" height=\"768\" src=\"https:\/\/yesilcember.eu\/wp-content\/uploads\/2022\/09\/naturausflugspandau.jpeg\" class=\"attachment-large size-large wp-image-3284\" alt=\"\" srcset=\"https:\/\/yesilcember.eu\/wp-content\/uploads\/2022\/09\/naturausflugspandau.jpeg 1024w, https:\/\/yesilcember.eu\/wp-content\/uploads\/2022\/09\/naturausflugspandau-300x225.jpeg 300w, https:\/\/yesilcember.eu\/wp-content\/uploads\/2022\/09\/naturausflugspandau-768x576.jpeg 768w, https:\/\/yesilcember.eu\/wp-content\/uploads\/2022\/09\/naturausflugspandau-800x600.jpeg 800w, https:\/\/yesilcember.eu\/wp-content\/uploads\/2022\/09\/naturausflugspandau-700x525.jpeg 700w\" sizes=\"(max-width: 1024px) 100vw, 1024px\" \/>\t\t\t\t\t\t\t\t\t\t\t\t\t\t\t<\/div>\n\t\t\t\t<\/div>\n\t\t\t\t\t<\/div>\n\t\t<\/div>\n\t\t\t\t<div class=\"elementor-column elementor-col-50 elementor-top-column elementor-element elementor-element-c17d4f2\" data-id=\"c17d4f2\" data-element_type=\"column\">\n\t\t\t<div class=\"elementor-widget-wrap elementor-element-populated\">\n\t\t\t\t\t\t<div class=\"elementor-element elementor-element-76fb4ec elementor-widget elementor-widget-heading\" data-id=\"76fb4ec\" data-element_type=\"widget\" data-widget_type=\"heading.default\">\n\t\t\t\t<div class=\"elementor-widget-container\">\n\t\t\t\t\t<h2 class=\"elementor-heading-title elementor-size-default\">Spandau\u2019da do\u011fay\u0131 gezdik.\n\n\n\n\n<\/h2>\t\t\t\t<\/div>\n\t\t\t\t<\/div>\n\t\t\t\t<div class=\"elementor-element elementor-element-d51344c elementor-widget elementor-widget-spacer\" data-id=\"d51344c\" data-element_type=\"widget\" data-widget_type=\"spacer.default\">\n\t\t\t\t<div class=\"elementor-widget-container\">\n\t\t\t\t\t\t\t<div class=\"elementor-spacer\">\n\t\t\t<div class=\"elementor-spacer-inner\"><\/div>\n\t\t<\/div>\n\t\t\t\t\t\t<\/div>\n\t\t\t\t<\/div>\n\t\t\t\t<div class=\"elementor-element elementor-element-719329a elementor-widget elementor-widget-heading\" data-id=\"719329a\" data-element_type=\"widget\" data-widget_type=\"heading.default\">\n\t\t\t\t<div class=\"elementor-widget-container\">\n\t\t\t\t\t<h5 class=\"elementor-heading-title elementor-size-default\">Gemeinsam.Gerecht.Global projesi kapsam\u0131nda 7 A\u011fustos\u2019ta ger\u00e7ekle\u015ftirdi\u011fimiz gezimizde kat\u0131l\u0131mc\u0131lar\u0131m\u0131zla uzun bir do\u011fa y\u00fcr\u00fcy\u00fc\u015f\u00fc yapt\u0131k. 10 Km s\u00fcren ve \u00e7e\u015fitli do\u011fal g\u00fczellikleri ke\u015ffetti\u011fimiz etkinlikle kat\u0131l\u0131mc\u0131lar\u0131m\u0131zla birlikte Berlin\u2019in enfes do\u011fas\u0131n\u0131 ke\u015ffettik. E\u011fer sen de bir sonraki etkinliklerimize kat\u0131lmak istiyorsan a\u015fa\u011f\u0131daki ba\u011flant\u0131dan WhatsApp grubumuza kaydolabilir ve bizi takip edebilirsin.<br>\n\n<a href=\"https:\/\/chat.whatsapp.com\/FuPtSrFZJ4zCKoDTbyADgF\">\nhttps:\/\/chat.whatsapp.com\/FuPtSrFZJ4zCKoDTbyADgF<\/a>\n\n \n<\/h5>\t\t\t\t<\/div>\n\t\t\t\t<\/div>\n\t\t\t\t<div class=\"elementor-element elementor-element-5c4679f elementor-widget elementor-widget-spacer\" data-id=\"5c4679f\" data-element_type=\"widget\" data-widget_type=\"spacer.default\">\n\t\t\t\t<div class=\"elementor-widget-container\">\n\t\t\t\t\t\t\t<div class=\"elementor-spacer\">\n\t\t\t<div class=\"elementor-spacer-inner\"><\/div>\n\t\t<\/div>\n\t\t\t\t\t\t<\/div>\n\t\t\t\t<\/div>\n\t\t\t\t\t<\/div>\n\t\t<\/div>\n\t\t\t\t\t<\/div>\n\t\t<\/section>\n\t\t\t\t<section class=\"elementor-section elementor-top-section elementor-element elementor-element-d54cd7f elementor-section-full_width elementor-section-content-middle qode_elementor_container_inner elementor-section-height-default elementor-section-height-default parallax_section_no\" data-id=\"d54cd7f\" data-element_type=\"section\">\n\t\t\t\t\t\t<div class=\"elementor-container elementor-column-gap-default\">\n\t\t\t\t\t<div class=\"elementor-column elementor-col-50 elementor-top-column elementor-element elementor-element-6ffc0c3\" data-id=\"6ffc0c3\" data-element_type=\"column\">\n\t\t\t<div class=\"elementor-widget-wrap elementor-element-populated\">\n\t\t\t\t\t\t<div class=\"elementor-element elementor-element-9efbae4 elementor-widget elementor-widget-image\" data-id=\"9efbae4\" data-element_type=\"widget\" data-widget_type=\"image.default\">\n\t\t\t\t<div class=\"elementor-widget-container\">\n\t\t\t\t\t\t\t\t\t\t\t\t\t\t\t<img loading=\"lazy\" decoding=\"async\" width=\"478\" height=\"358\" src=\"https:\/\/yesilcember.eu\/wp-content\/uploads\/2022\/09\/kurbanbayrami.jpg\" class=\"attachment-large size-large wp-image-2862\" alt=\"\" srcset=\"https:\/\/yesilcember.eu\/wp-content\/uploads\/2022\/09\/kurbanbayrami.jpg 478w, https:\/\/yesilcember.eu\/wp-content\/uploads\/2022\/09\/kurbanbayrami-300x225.jpg 300w\" sizes=\"(max-width: 478px) 100vw, 478px\" \/>\t\t\t\t\t\t\t\t\t\t\t\t\t\t\t<\/div>\n\t\t\t\t<\/div>\n\t\t\t\t\t<\/div>\n\t\t<\/div>\n\t\t\t\t<div class=\"elementor-column elementor-col-50 elementor-top-column elementor-element elementor-element-f4f3300\" data-id=\"f4f3300\" data-element_type=\"column\">\n\t\t\t<div class=\"elementor-widget-wrap elementor-element-populated\">\n\t\t\t\t\t\t<div class=\"elementor-element elementor-element-9921d1e elementor-widget elementor-widget-heading\" data-id=\"9921d1e\" data-element_type=\"widget\" data-widget_type=\"heading.default\">\n\t\t\t\t<div class=\"elementor-widget-container\">\n\t\t\t\t\t<h2 class=\"elementor-heading-title elementor-size-default\">Kurban Bayram\u0131\u2019n\u0131 kutlad\u0131k\n\n\n\n<\/h2>\t\t\t\t<\/div>\n\t\t\t\t<\/div>\n\t\t\t\t<div class=\"elementor-element elementor-element-90d1f5f elementor-widget elementor-widget-spacer\" data-id=\"90d1f5f\" data-element_type=\"widget\" data-widget_type=\"spacer.default\">\n\t\t\t\t<div class=\"elementor-widget-container\">\n\t\t\t\t\t\t\t<div class=\"elementor-spacer\">\n\t\t\t<div class=\"elementor-spacer-inner\"><\/div>\n\t\t<\/div>\n\t\t\t\t\t\t<\/div>\n\t\t\t\t<\/div>\n\t\t\t\t<div class=\"elementor-element elementor-element-1a10f62 elementor-widget elementor-widget-heading\" data-id=\"1a10f62\" data-element_type=\"widget\" data-widget_type=\"heading.default\">\n\t\t\t\t<div class=\"elementor-widget-container\">\n\t\t\t\t\t<h5 class=\"elementor-heading-title elementor-size-default\">Ofisimizde Ye\u015fil \u00c7ember g\u00f6n\u00fcll\u00fclerimizle birlikte Kurban Bayram\u0131n\u0131n ikinci g\u00fcn\u00fcnde\nbulu\u015ftuk. Her bayram yapt\u0131\u011f\u0131m\u0131z gibi bu bayram da bah\u00e7emizde demledi\u011fimiz taze \u00e7ay\u0131m\u0131zla birlikte birbirimizle hasret giderdik ve \u00f6n\u00fcm\u00fczdeki aylarda yapaca\u011f\u0131m\u0131z etkinliklerimiz hakk\u0131nda g\u00f6n\u00fcll\u00fclerimizde bilgi al\u0131\u015fveri\u015finde bulunduk. Ayn\u0131 zamanda g\u00f6n\u00fcll\u00fclerimizin yapt\u0131\u011f\u0131 mevsimine uygun meyvelerden yap\u0131lan re\u00e7elleri tatt\u0131k ve tariflerini de payla\u015ft\u0131k.\n\n<\/h5>\t\t\t\t<\/div>\n\t\t\t\t<\/div>\n\t\t\t\t<div class=\"elementor-element elementor-element-d6cbc2b elementor-widget elementor-widget-spacer\" data-id=\"d6cbc2b\" data-element_type=\"widget\" data-widget_type=\"spacer.default\">\n\t\t\t\t<div class=\"elementor-widget-container\">\n\t\t\t\t\t\t\t<div class=\"elementor-spacer\">\n\t\t\t<div class=\"elementor-spacer-inner\"><\/div>\n\t\t<\/div>\n\t\t\t\t\t\t<\/div>\n\t\t\t\t<\/div>\n\t\t\t\t\t<\/div>\n\t\t<\/div>\n\t\t\t\t\t<\/div>\n\t\t<\/section>\n\t\t\t\t<section class=\"elementor-section elementor-top-section elementor-element elementor-element-c072ca0 elementor-section-full_width elementor-section-content-middle qode_elementor_container_inner elementor-section-height-default elementor-section-height-default parallax_section_no\" data-id=\"c072ca0\" data-element_type=\"section\">\n\t\t\t\t\t\t<div class=\"elementor-container elementor-column-gap-default\">\n\t\t\t\t\t<div class=\"elementor-column elementor-col-50 elementor-top-column elementor-element elementor-element-1356c91\" data-id=\"1356c91\" data-element_type=\"column\">\n\t\t\t<div class=\"elementor-widget-wrap elementor-element-populated\">\n\t\t\t\t\t\t<div class=\"elementor-element elementor-element-4b27213 elementor-widget elementor-widget-image\" data-id=\"4b27213\" data-element_type=\"widget\" data-widget_type=\"image.default\">\n\t\t\t\t<div class=\"elementor-widget-container\">\n\t\t\t\t\t\t\t\t\t\t\t\t\t\t\t<img loading=\"lazy\" decoding=\"async\" width=\"488\" height=\"366\" src=\"https:\/\/yesilcember.eu\/wp-content\/uploads\/2022\/09\/komsulukbitkileri.jpg\" class=\"attachment-large size-large wp-image-2858\" alt=\"\" srcset=\"https:\/\/yesilcember.eu\/wp-content\/uploads\/2022\/09\/komsulukbitkileri.jpg 488w, https:\/\/yesilcember.eu\/wp-content\/uploads\/2022\/09\/komsulukbitkileri-300x225.jpg 300w\" sizes=\"(max-width: 488px) 100vw, 488px\" \/>\t\t\t\t\t\t\t\t\t\t\t\t\t\t\t<\/div>\n\t\t\t\t<\/div>\n\t\t\t\t\t<\/div>\n\t\t<\/div>\n\t\t\t\t<div class=\"elementor-column elementor-col-50 elementor-top-column elementor-element elementor-element-f40aff5\" data-id=\"f40aff5\" data-element_type=\"column\">\n\t\t\t<div class=\"elementor-widget-wrap elementor-element-populated\">\n\t\t\t\t\t\t<div class=\"elementor-element elementor-element-b9619e0 elementor-widget elementor-widget-heading\" data-id=\"b9619e0\" data-element_type=\"widget\" data-widget_type=\"heading.default\">\n\t\t\t\t<div class=\"elementor-widget-container\">\n\t\t\t\t\t<h2 class=\"elementor-heading-title elementor-size-default\">Kom\u015fuluk bitkileri diktik\n\n\n<\/h2>\t\t\t\t<\/div>\n\t\t\t\t<\/div>\n\t\t\t\t<div class=\"elementor-element elementor-element-f2d6e37 elementor-widget elementor-widget-spacer\" data-id=\"f2d6e37\" data-element_type=\"widget\" data-widget_type=\"spacer.default\">\n\t\t\t\t<div class=\"elementor-widget-container\">\n\t\t\t\t\t\t\t<div class=\"elementor-spacer\">\n\t\t\t<div class=\"elementor-spacer-inner\"><\/div>\n\t\t<\/div>\n\t\t\t\t\t\t<\/div>\n\t\t\t\t<\/div>\n\t\t\t\t<div class=\"elementor-element elementor-element-16cf1ab elementor-widget elementor-widget-heading\" data-id=\"16cf1ab\" data-element_type=\"widget\" data-widget_type=\"heading.default\">\n\t\t\t\t<div class=\"elementor-widget-container\">\n\t\t\t\t\t<h5 class=\"elementor-heading-title elementor-size-default\">Mehrgenerationenhaus Wassertor derne\u011finin bah\u00e7esine hem bitkiler diktik hem de konu hakk\u0131nda bilgiler verdik. Projenin hedefi, bu bitkileri yeti\u015ftirip toplamak, ard\u0131ndan kurutup \u00e7ay haline getirmek. Kom\u015fu derneklerin elde etti\u011fi bu \u00e7aylar Sonbahar\u2019da Gropius Bau m\u00fczesindeki sergide ziyaret\u00e7ilere ikram edilecek\n<\/h5>\t\t\t\t<\/div>\n\t\t\t\t<\/div>\n\t\t\t\t<div class=\"elementor-element elementor-element-7907bd3 elementor-widget elementor-widget-spacer\" data-id=\"7907bd3\" data-element_type=\"widget\" data-widget_type=\"spacer.default\">\n\t\t\t\t<div class=\"elementor-widget-container\">\n\t\t\t\t\t\t\t<div class=\"elementor-spacer\">\n\t\t\t<div class=\"elementor-spacer-inner\"><\/div>\n\t\t<\/div>\n\t\t\t\t\t\t<\/div>\n\t\t\t\t<\/div>\n\t\t\t\t\t<\/div>\n\t\t<\/div>\n\t\t\t\t\t<\/div>\n\t\t<\/section>\n\t\t\t\t<section class=\"elementor-section elementor-top-section elementor-element elementor-element-3adced9 elementor-section-full_width elementor-section-content-middle qode_elementor_container_inner elementor-section-height-default elementor-section-height-default parallax_section_no\" data-id=\"3adced9\" data-element_type=\"section\">\n\t\t\t\t\t\t<div class=\"elementor-container elementor-column-gap-default\">\n\t\t\t\t\t<div class=\"elementor-column elementor-col-50 elementor-top-column elementor-element elementor-element-82eb79b\" data-id=\"82eb79b\" data-element_type=\"column\">\n\t\t\t<div class=\"elementor-widget-wrap elementor-element-populated\">\n\t\t\t\t\t\t<div class=\"elementor-element elementor-element-d55dacd elementor-widget elementor-widget-image\" data-id=\"d55dacd\" data-element_type=\"widget\" data-widget_type=\"image.default\">\n\t\t\t\t<div class=\"elementor-widget-container\">\n\t\t\t\t\t\t\t\t\t\t\t\t\t\t\t<img loading=\"lazy\" decoding=\"async\" width=\"380\" height=\"380\" src=\"https:\/\/yesilcember.eu\/wp-content\/uploads\/2022\/09\/klimamontag.jpg\" class=\"attachment-large size-large wp-image-2860\" alt=\"\" srcset=\"https:\/\/yesilcember.eu\/wp-content\/uploads\/2022\/09\/klimamontag.jpg 380w, https:\/\/yesilcember.eu\/wp-content\/uploads\/2022\/09\/klimamontag-300x300.jpg 300w, https:\/\/yesilcember.eu\/wp-content\/uploads\/2022\/09\/klimamontag-150x150.jpg 150w\" sizes=\"(max-width: 380px) 100vw, 380px\" \/>\t\t\t\t\t\t\t\t\t\t\t\t\t\t\t<\/div>\n\t\t\t\t<\/div>\n\t\t\t\t\t<\/div>\n\t\t<\/div>\n\t\t\t\t<div class=\"elementor-column elementor-col-50 elementor-top-column elementor-element elementor-element-efbc4f7\" data-id=\"efbc4f7\" data-element_type=\"column\">\n\t\t\t<div class=\"elementor-widget-wrap elementor-element-populated\">\n\t\t\t\t\t\t<div class=\"elementor-element elementor-element-1f1b9a4 elementor-widget elementor-widget-heading\" data-id=\"1f1b9a4\" data-element_type=\"widget\" data-widget_type=\"heading.default\">\n\t\t\t\t<div class=\"elementor-widget-container\">\n\t\t\t\t\t<h2 class=\"elementor-heading-title elementor-size-default\">KlimaMontag Berlin4Future\"da sahnedeydik\n\n<\/h2>\t\t\t\t<\/div>\n\t\t\t\t<\/div>\n\t\t\t\t<div class=\"elementor-element elementor-element-b0d9d08 elementor-widget elementor-widget-spacer\" data-id=\"b0d9d08\" data-element_type=\"widget\" data-widget_type=\"spacer.default\">\n\t\t\t\t<div class=\"elementor-widget-container\">\n\t\t\t\t\t\t\t<div class=\"elementor-spacer\">\n\t\t\t<div class=\"elementor-spacer-inner\"><\/div>\n\t\t<\/div>\n\t\t\t\t\t\t<\/div>\n\t\t\t\t<\/div>\n\t\t\t\t<div class=\"elementor-element elementor-element-40593fd elementor-widget elementor-widget-heading\" data-id=\"40593fd\" data-element_type=\"widget\" data-widget_type=\"heading.default\">\n\t\t\t\t<div class=\"elementor-widget-container\">\n\t\t\t\t\t<h5 class=\"elementor-heading-title elementor-size-default\">Neuk\u00f6lln\u2019deki Herfuhrtplatz\u2019da yer alan ve Berlin4Future taraf\u0131ndan organize edilen\netkinlikte Berlin\u2019de yer alan \u00e7e\u015fitli \u00e7evre \u00f6rg\u00fctlerinin temsilcileri sahneye \u00e7\u0131karak, iklim de\u011fi\u015fikli\u011fi ile ilgili olarak ne yapt\u0131klar\u0131n\u0131 anlatan birer konu\u015fma yapt\u0131lar ve izleyenleri daha da aktif olmaya \u00e7a\u011f\u0131rd\u0131lar. Proje Koordinat\u00f6r\u00fcm\u00fcz Tanja Rako\u010devi\u0107 de bu etkinlikte\nkurumumuzun ne yapt\u0131\u011f\u0131n\u0131 ve g\u00f6\u00e7men k\u00f6kenlilerin iklim de\u011fi\u015fikli\u011findeki sosyal faaliyetleri ve bunlar\u0131n sonucu hakk\u0131nda bir konu\u015fma yapt\u0131.\n\u0130lgili konu\u015fmay\u0131 a\u015fa\u011f\u0131daki ba\u011flant\u0131ya t\u0131klayarak youtube \u00fczerinden izleyebilirsin.\n <br>\n<a href=\"https:\/\/www.youtube.com\/watch?t=2673&amp;v=s94TA1OCpJw&amp;feature=youtu.be\">https:\/\/www.youtube.com\/watch?t=2673&amp;v=s94TA1OCpJw&amp;feature=youtu.be<\/a>\n\n\n<\/h5>\t\t\t\t<\/div>\n\t\t\t\t<\/div>\n\t\t\t\t<div class=\"elementor-element elementor-element-e3536c2 elementor-widget elementor-widget-spacer\" data-id=\"e3536c2\" data-element_type=\"widget\" data-widget_type=\"spacer.default\">\n\t\t\t\t<div class=\"elementor-widget-container\">\n\t\t\t\t\t\t\t<div class=\"elementor-spacer\">\n\t\t\t<div class=\"elementor-spacer-inner\"><\/div>\n\t\t<\/div>\n\t\t\t\t\t\t<\/div>\n\t\t\t\t<\/div>\n\t\t\t\t\t<\/div>\n\t\t<\/div>\n\t\t\t\t\t<\/div>\n\t\t<\/section>\n\t\t\t\t<section class=\"elementor-section elementor-top-section elementor-element elementor-element-a88bb4a elementor-section-full_width elementor-section-content-middle qode_elementor_container_inner elementor-section-height-default elementor-section-height-default parallax_section_no\" data-id=\"a88bb4a\" data-element_type=\"section\">\n\t\t\t\t\t\t<div class=\"elementor-container elementor-column-gap-default\">\n\t\t\t\t\t<div class=\"elementor-column elementor-col-50 elementor-top-column elementor-element elementor-element-6c4c8e5\" data-id=\"6c4c8e5\" data-element_type=\"column\">\n\t\t\t<div class=\"elementor-widget-wrap elementor-element-populated\">\n\t\t\t\t\t\t<div class=\"elementor-element elementor-element-a00994c elementor-widget elementor-widget-image\" data-id=\"a00994c\" data-element_type=\"widget\" data-widget_type=\"image.default\">\n\t\t\t\t<div class=\"elementor-widget-container\">\n\t\t\t\t\t\t\t\t\t\t\t\t\t\t\t<img loading=\"lazy\" decoding=\"async\" width=\"402\" height=\"301\" src=\"https:\/\/yesilcember.eu\/wp-content\/uploads\/2022\/09\/donau-kiez.jpg\" class=\"attachment-large size-large wp-image-2856\" alt=\"\" srcset=\"https:\/\/yesilcember.eu\/wp-content\/uploads\/2022\/09\/donau-kiez.jpg 402w, https:\/\/yesilcember.eu\/wp-content\/uploads\/2022\/09\/donau-kiez-300x225.jpg 300w\" sizes=\"(max-width: 402px) 100vw, 402px\" \/>\t\t\t\t\t\t\t\t\t\t\t\t\t\t\t<\/div>\n\t\t\t\t<\/div>\n\t\t\t\t\t<\/div>\n\t\t<\/div>\n\t\t\t\t<div class=\"elementor-column elementor-col-50 elementor-top-column elementor-element elementor-element-ab6390c\" data-id=\"ab6390c\" data-element_type=\"column\">\n\t\t\t<div class=\"elementor-widget-wrap elementor-element-populated\">\n\t\t\t\t\t\t<div class=\"elementor-element elementor-element-c6e1f59 elementor-widget elementor-widget-heading\" data-id=\"c6e1f59\" data-element_type=\"widget\" data-widget_type=\"heading.default\">\n\t\t\t\t<div class=\"elementor-widget-container\">\n\t\t\t\t\t<h2 class=\"elementor-heading-title elementor-size-default\">Donau mahallesi \u015fenli\u011findeydik\n<\/h2>\t\t\t\t<\/div>\n\t\t\t\t<\/div>\n\t\t\t\t<div class=\"elementor-element elementor-element-70175c3 elementor-widget elementor-widget-spacer\" data-id=\"70175c3\" data-element_type=\"widget\" data-widget_type=\"spacer.default\">\n\t\t\t\t<div class=\"elementor-widget-container\">\n\t\t\t\t\t\t\t<div class=\"elementor-spacer\">\n\t\t\t<div class=\"elementor-spacer-inner\"><\/div>\n\t\t<\/div>\n\t\t\t\t\t\t<\/div>\n\t\t\t\t<\/div>\n\t\t\t\t<div class=\"elementor-element elementor-element-3033930 elementor-widget elementor-widget-heading\" data-id=\"3033930\" data-element_type=\"widget\" data-widget_type=\"heading.default\">\n\t\t\t\t<div class=\"elementor-widget-container\">\n\t\t\t\t\t<h5 class=\"elementor-heading-title elementor-size-default\">A tip:tap derne\u011fi taraf\u0131ndan 1 Temmuz\u2019da organize edilen canl\u0131 m\u00fczik, \u00e7e\u015fitli workshoplar ve ev yap\u0131m\u0131 yemeklerin t\u00fcketildi\u011fi festivalde bir stant yapt\u0131k ve ziyaret\u00e7ilerimizi s\u00fcrd\u00fcr\u00fclebilir hayat konusunda bilgilendirdik. Ayr\u0131ca ola\u011fan\u00fcst\u00fc s\u0131cak hava dalgalar\u0131 nedeniyle evlerinin \u00f6nlerindeki a\u011fa\u00e7lar\u0131 sulamalar\u0131 konusunda da hassas olmaya \u00e7a\u011f\u0131rd\u0131k.\n<\/h5>\t\t\t\t<\/div>\n\t\t\t\t<\/div>\n\t\t\t\t<div class=\"elementor-element elementor-element-d5f1392 elementor-widget elementor-widget-spacer\" data-id=\"d5f1392\" data-element_type=\"widget\" data-widget_type=\"spacer.default\">\n\t\t\t\t<div class=\"elementor-widget-container\">\n\t\t\t\t\t\t\t<div class=\"elementor-spacer\">\n\t\t\t<div class=\"elementor-spacer-inner\"><\/div>\n\t\t<\/div>\n\t\t\t\t\t\t<\/div>\n\t\t\t\t<\/div>\n\t\t\t\t\t<\/div>\n\t\t<\/div>\n\t\t\t\t\t<\/div>\n\t\t<\/section>\n\t\t\t\t<section class=\"elementor-section elementor-top-section elementor-element elementor-element-2045d38 elementor-section-full_width elementor-section-content-middle qode_elementor_container_inner elementor-section-height-default elementor-section-height-default parallax_section_no\" data-id=\"2045d38\" data-element_type=\"section\">\n\t\t\t\t\t\t<div class=\"elementor-container elementor-column-gap-default\">\n\t\t\t\t\t<div class=\"elementor-column elementor-col-50 elementor-top-column elementor-element elementor-element-7146c67\" data-id=\"7146c67\" data-element_type=\"column\">\n\t\t\t<div class=\"elementor-widget-wrap elementor-element-populated\">\n\t\t\t\t\t\t<div class=\"elementor-element elementor-element-935395d elementor-widget elementor-widget-bridge_image_slider_no_space\" data-id=\"935395d\" data-element_type=\"widget\" data-widget_type=\"bridge_image_slider_no_space.default\">\n\t\t\t\t<div class=\"elementor-widget-container\">\n\t\t\t\t\t<div class='qode_image_gallery_no_space light'>\n            <div class='qode_image_gallery_holder' style='height: 498px;'>\n                <ul ><li >\n                    <div style=\"height: 498px; width:374px;\"><img decoding=\"async\" itemprop=\"image\" src=\"https:\/\/yesilcember.eu\/wp-content\/uploads\/2022\/07\/wolf1.jpeg\" alt=\"\" \/><\/div><\/li><li >\n                    <div style=\"height: 498px; width:664px;\"><img decoding=\"async\" itemprop=\"image\" src=\"https:\/\/yesilcember.eu\/wp-content\/uploads\/2022\/07\/wolf2.jpeg\" alt=\"\" \/><\/div><\/li><li >\n                    <div style=\"height: 498px; width:664px;\"><img decoding=\"async\" itemprop=\"image\" src=\"https:\/\/yesilcember.eu\/wp-content\/uploads\/2022\/07\/wolf3.jpeg\" alt=\"\" \/><\/div><\/li><\/ul>\n          <\/div>\n          <div class='controls'>\n              <a class='prev-slide' href='#'><span><i class='fa fa-angle-left'><\/i><\/span><\/a>\n              <a class='next-slide' href='#'><span><i class='fa fa-angle-right'><\/i><\/span><\/a>\n          <\/div>\n      <\/div>\t\t\t\t<\/div>\n\t\t\t\t<\/div>\n\t\t\t\t\t<\/div>\n\t\t<\/div>\n\t\t\t\t<div class=\"elementor-column elementor-col-50 elementor-top-column elementor-element elementor-element-e812e20\" data-id=\"e812e20\" data-element_type=\"column\">\n\t\t\t<div class=\"elementor-widget-wrap elementor-element-populated\">\n\t\t\t\t\t\t<div class=\"elementor-element elementor-element-6b200b4 elementor-widget elementor-widget-heading\" data-id=\"6b200b4\" data-element_type=\"widget\" data-widget_type=\"heading.default\">\n\t\t\t\t<div class=\"elementor-widget-container\">\n\t\t\t\t\t<h2 class=\"elementor-heading-title elementor-size-default\">Kurtlar\u0131n Ya\u015fam\u0131 Hakk\u0131nda Sunum\n\n<\/h2>\t\t\t\t<\/div>\n\t\t\t\t<\/div>\n\t\t\t\t<div class=\"elementor-element elementor-element-885ecd4 elementor-widget elementor-widget-spacer\" data-id=\"885ecd4\" data-element_type=\"widget\" data-widget_type=\"spacer.default\">\n\t\t\t\t<div class=\"elementor-widget-container\">\n\t\t\t\t\t\t\t<div class=\"elementor-spacer\">\n\t\t\t<div class=\"elementor-spacer-inner\"><\/div>\n\t\t<\/div>\n\t\t\t\t\t\t<\/div>\n\t\t\t\t<\/div>\n\t\t\t\t<div class=\"elementor-element elementor-element-8331bbe elementor-widget elementor-widget-heading\" data-id=\"8331bbe\" data-element_type=\"widget\" data-widget_type=\"heading.default\">\n\t\t\t\t<div class=\"elementor-widget-container\">\n\t\t\t\t\t<h5 class=\"elementor-heading-title elementor-size-default\">22 Haziran tarihinde hem b\u00fcy\u00fcklerin, hem de \u00e7ocuklar\u0131n ilgiyle dinledi\u011fi ve g\u00f6zledigi bir etkinlik d\u00fczenledik. Bu etkinlikte Leibniz Enstitute for Zoo and Wildlife Ara\u015ft\u0131rma ofisinin seminer odas\u0131nda Dr. Claudia A. Szentiks'in kurtlarla ilgili \u00e7ok g\u00fczel bilgiler i\u00e7eren sunumuyla ba\u015flayan etkinli\u011fimiz hayvan hastal\u0131klar\u0131n\u0131n te\u015fhis edilip g\u00f6zlemlendi\u011fi tomografi odas\u0131n\u0131n tan\u0131t\u0131m\u0131yla devam etti. Ayn\u0131 zamanda Ye\u015fil \u00c7ember\u2019in etkinliklerine de g\u00f6n\u00fcll\u00fc olarak kat\u0131lan ve ak\u0131c\u0131 bir \u015fekilde T\u00fcrk\u00e7e konu\u015fan Szentiks, enstit\u00fcde yer alan Canl\u0131 \u0130skelet Koleksiyonu odas\u0131nda merakl\u0131lar\u0131n sorular\u0131n\u0131 yan\u0131tlad\u0131. Sonras\u0131ndaysa Szentiks\u2019in \u00f6nderli\u011finde hayvanat bah\u00e7esini gezdik ve \u00e7ok de\u011ferli ipu\u00e7lar\u0131n\u0131 birinci elden \u00f6\u011frendik.\n<\/h5>\t\t\t\t<\/div>\n\t\t\t\t<\/div>\n\t\t\t\t<div class=\"elementor-element elementor-element-65749d4 elementor-widget elementor-widget-spacer\" data-id=\"65749d4\" data-element_type=\"widget\" data-widget_type=\"spacer.default\">\n\t\t\t\t<div class=\"elementor-widget-container\">\n\t\t\t\t\t\t\t<div class=\"elementor-spacer\">\n\t\t\t<div class=\"elementor-spacer-inner\"><\/div>\n\t\t<\/div>\n\t\t\t\t\t\t<\/div>\n\t\t\t\t<\/div>\n\t\t\t\t\t<\/div>\n\t\t<\/div>\n\t\t\t\t\t<\/div>\n\t\t<\/section>\n\t\t\t\t<section class=\"elementor-section elementor-top-section elementor-element elementor-element-cd7b1bc elementor-section-full_width elementor-section-content-middle qode_elementor_container_inner elementor-section-height-default elementor-section-height-default parallax_section_no\" data-id=\"cd7b1bc\" data-element_type=\"section\">\n\t\t\t\t\t\t<div class=\"elementor-container elementor-column-gap-default\">\n\t\t\t\t\t<div class=\"elementor-column elementor-col-50 elementor-top-column elementor-element elementor-element-f062b3f\" data-id=\"f062b3f\" data-element_type=\"column\">\n\t\t\t<div class=\"elementor-widget-wrap elementor-element-populated\">\n\t\t\t\t\t\t<div class=\"elementor-element elementor-element-5fd2d8e elementor-widget elementor-widget-image\" data-id=\"5fd2d8e\" data-element_type=\"widget\" data-widget_type=\"image.default\">\n\t\t\t\t<div class=\"elementor-widget-container\">\n\t\t\t\t\t\t\t\t\t\t\t\t\t\t\t<img loading=\"lazy\" decoding=\"async\" width=\"584\" height=\"458\" src=\"https:\/\/yesilcember.eu\/wp-content\/uploads\/2022\/07\/clara.jpeg\" class=\"attachment-large size-large wp-image-2675\" alt=\"\" srcset=\"https:\/\/yesilcember.eu\/wp-content\/uploads\/2022\/07\/clara.jpeg 584w, https:\/\/yesilcember.eu\/wp-content\/uploads\/2022\/07\/clara-300x235.jpeg 300w\" sizes=\"(max-width: 584px) 100vw, 584px\" \/>\t\t\t\t\t\t\t\t\t\t\t\t\t\t\t<\/div>\n\t\t\t\t<\/div>\n\t\t\t\t\t<\/div>\n\t\t<\/div>\n\t\t\t\t<div class=\"elementor-column elementor-col-50 elementor-top-column elementor-element elementor-element-341012d\" data-id=\"341012d\" data-element_type=\"column\">\n\t\t\t<div class=\"elementor-widget-wrap elementor-element-populated\">\n\t\t\t\t\t\t<div class=\"elementor-element elementor-element-7167d2a elementor-widget elementor-widget-heading\" data-id=\"7167d2a\" data-element_type=\"widget\" data-widget_type=\"heading.default\">\n\t\t\t\t<div class=\"elementor-widget-container\">\n\t\t\t\t\t<h2 class=\"elementor-heading-title elementor-size-default\">Clara Gr\u00fcnwald ilkokulunda \u00e7evre festivali \n<\/h2>\t\t\t\t<\/div>\n\t\t\t\t<\/div>\n\t\t\t\t<div class=\"elementor-element elementor-element-b5a6a00 elementor-widget elementor-widget-spacer\" data-id=\"b5a6a00\" data-element_type=\"widget\" data-widget_type=\"spacer.default\">\n\t\t\t\t<div class=\"elementor-widget-container\">\n\t\t\t\t\t\t\t<div class=\"elementor-spacer\">\n\t\t\t<div class=\"elementor-spacer-inner\"><\/div>\n\t\t<\/div>\n\t\t\t\t\t\t<\/div>\n\t\t\t\t<\/div>\n\t\t\t\t<div class=\"elementor-element elementor-element-d5d7f25 elementor-widget elementor-widget-heading\" data-id=\"d5d7f25\" data-element_type=\"widget\" data-widget_type=\"heading.default\">\n\t\t\t\t<div class=\"elementor-widget-container\">\n\t\t\t\t\t<h5 class=\"elementor-heading-title elementor-size-default\">23 Haziran 2022 Per\u015fembe g\u00fcn\u00fc, \"KottiKehrClub - temiz oyun alanlar\u0131 i\u00e7in\" projesi ile Hallesche Stra\u00dfe 25'teki Clara-Grunwald-Okul oyun alan\u0131nda g\u00f6revimizin sona ermesini bir kapan\u0131\u015f etkinli\u011fi ile kutlad\u0131k. Beraber temizligin ard\u0131ndan oyun alan\u0131n\u0131n \u00e7itlerine \u201c\u00e7\u00f6plere kar\u015f\u0131 dilek tahtalar\u0131\u201d as\u0131ld\u0131 ve e\u011flenceli aktivitelerin yer aldigi etkinlikte temizlik malzemeleri yeni oyun sponsoru olan okula teslim edildi. Art\u0131k meydanda ma\u015fa ve kovalar\u0131n oldu\u011fu kal\u0131c\u0131 bir malzeme kutusu bulunuyor. Meydan\u0131n kullan\u0131c\u0131lar\u0131n\u0131n sahada \u00e7\u00f6p toplamak i\u00e7in kendili\u011finden malzeme \u00f6d\u00fcn\u00e7 alabilecekleri <br>bu kutunun a\u00e7\u0131l\u0131\u015f kodu: 4717.\n<\/h5>\t\t\t\t<\/div>\n\t\t\t\t<\/div>\n\t\t\t\t<div class=\"elementor-element elementor-element-22188b0 elementor-widget elementor-widget-spacer\" data-id=\"22188b0\" data-element_type=\"widget\" data-widget_type=\"spacer.default\">\n\t\t\t\t<div class=\"elementor-widget-container\">\n\t\t\t\t\t\t\t<div class=\"elementor-spacer\">\n\t\t\t<div class=\"elementor-spacer-inner\"><\/div>\n\t\t<\/div>\n\t\t\t\t\t\t<\/div>\n\t\t\t\t<\/div>\n\t\t\t\t\t<\/div>\n\t\t<\/div>\n\t\t\t\t\t<\/div>\n\t\t<\/section>\n\t\t\t\t<section class=\"elementor-section elementor-top-section elementor-element elementor-element-498430f elementor-section-full_width elementor-section-content-middle qode_elementor_container_inner elementor-section-height-default elementor-section-height-default parallax_section_no\" data-id=\"498430f\" data-element_type=\"section\">\n\t\t\t\t\t\t<div class=\"elementor-container elementor-column-gap-default\">\n\t\t\t\t\t<div class=\"elementor-column elementor-col-50 elementor-top-column elementor-element elementor-element-a2d8761\" data-id=\"a2d8761\" data-element_type=\"column\">\n\t\t\t<div class=\"elementor-widget-wrap elementor-element-populated\">\n\t\t\t\t\t\t<div class=\"elementor-element elementor-element-d43f802 elementor-widget elementor-widget-image\" data-id=\"d43f802\" data-element_type=\"widget\" data-widget_type=\"image.default\">\n\t\t\t\t<div class=\"elementor-widget-container\">\n\t\t\t\t\t\t\t\t\t\t\t\t\t\t\t<img loading=\"lazy\" decoding=\"async\" width=\"350\" height=\"505\" src=\"https:\/\/yesilcember.eu\/wp-content\/uploads\/2022\/07\/nachhaltigNK.png\" class=\"attachment-large size-large wp-image-2676\" alt=\"\" srcset=\"https:\/\/yesilcember.eu\/wp-content\/uploads\/2022\/07\/nachhaltigNK.png 350w, https:\/\/yesilcember.eu\/wp-content\/uploads\/2022\/07\/nachhaltigNK-208x300.png 208w\" sizes=\"(max-width: 350px) 100vw, 350px\" \/>\t\t\t\t\t\t\t\t\t\t\t\t\t\t\t<\/div>\n\t\t\t\t<\/div>\n\t\t\t\t\t<\/div>\n\t\t<\/div>\n\t\t\t\t<div class=\"elementor-column elementor-col-50 elementor-top-column elementor-element elementor-element-d787d74\" data-id=\"d787d74\" data-element_type=\"column\">\n\t\t\t<div class=\"elementor-widget-wrap elementor-element-populated\">\n\t\t\t\t\t\t<div class=\"elementor-element elementor-element-ae76bac elementor-widget elementor-widget-heading\" data-id=\"ae76bac\" data-element_type=\"widget\" data-widget_type=\"heading.default\">\n\t\t\t\t<div class=\"elementor-widget-container\">\n\t\t\t\t\t<h2 class=\"elementor-heading-title elementor-size-default\">Neuk\u00f6lln Arcaden Avm\u2019de \u00c7evre Temizli\u011fi G\u00fcnleri\n<\/h2>\t\t\t\t<\/div>\n\t\t\t\t<\/div>\n\t\t\t\t<div class=\"elementor-element elementor-element-785b306 elementor-widget elementor-widget-spacer\" data-id=\"785b306\" data-element_type=\"widget\" data-widget_type=\"spacer.default\">\n\t\t\t\t<div class=\"elementor-widget-container\">\n\t\t\t\t\t\t\t<div class=\"elementor-spacer\">\n\t\t\t<div class=\"elementor-spacer-inner\"><\/div>\n\t\t<\/div>\n\t\t\t\t\t\t<\/div>\n\t\t\t\t<\/div>\n\t\t\t\t<div class=\"elementor-element elementor-element-31e5909 elementor-widget elementor-widget-heading\" data-id=\"31e5909\" data-element_type=\"widget\" data-widget_type=\"heading.default\">\n\t\t\t\t<div class=\"elementor-widget-container\">\n\t\t\t\t\t<h5 class=\"elementor-heading-title elementor-size-default\">\u201cSch\u00f6n Wie Wir\u201d ile birlikte ger\u00e7ekle\u015ftirdi\u011fimiz etkinlikte mahalle sakinlerini \u00e7evre temizli\u011fi konusunda bilgilendirdik. Beraber oynad\u0131\u011f\u0131m\u0131z oyunlarla mahallelilere \u00e7e\u015fitli sorular y\u00f6nelttik ve verdikleri do\u011fru cevaplar\u0131 \u00e7e\u015fitli hediyelerle \u00f6d\u00fcllendirdik. Mini cep k\u00fcll\u00fc\u011f\u00fc, bez \u00e7anta, ipten yap\u0131lm\u0131\u015f bileklik, di\u015f f\u0131r\u00e7as\u0131, metal su \u015fi\u015fesi gibi minik hediyelerin yer ald\u0131\u011f\u0131 etkinli\u011fimize Neuk\u00f6lln halk\u0131 b\u00fcy\u00fck bir ilgi g\u00f6sterdi ve k\u0131sa s\u00fcrede hediyelerimiz t\u00fckendi. \n<\/h5>\t\t\t\t<\/div>\n\t\t\t\t<\/div>\n\t\t\t\t<div class=\"elementor-element elementor-element-0021e3d elementor-widget elementor-widget-spacer\" data-id=\"0021e3d\" data-element_type=\"widget\" data-widget_type=\"spacer.default\">\n\t\t\t\t<div class=\"elementor-widget-container\">\n\t\t\t\t\t\t\t<div class=\"elementor-spacer\">\n\t\t\t<div class=\"elementor-spacer-inner\"><\/div>\n\t\t<\/div>\n\t\t\t\t\t\t<\/div>\n\t\t\t\t<\/div>\n\t\t\t\t\t<\/div>\n\t\t<\/div>\n\t\t\t\t\t<\/div>\n\t\t<\/section>\n\t\t\t\t<section class=\"elementor-section elementor-top-section elementor-element elementor-element-b63d238 elementor-section-full_width elementor-section-content-middle qode_elementor_container_inner elementor-section-height-default elementor-section-height-default parallax_section_no\" data-id=\"b63d238\" data-element_type=\"section\">\n\t\t\t\t\t\t<div class=\"elementor-container elementor-column-gap-default\">\n\t\t\t\t\t<div class=\"elementor-column elementor-col-50 elementor-top-column elementor-element elementor-element-30e0c2c\" data-id=\"30e0c2c\" data-element_type=\"column\">\n\t\t\t<div class=\"elementor-widget-wrap elementor-element-populated\">\n\t\t\t\t\t\t<div class=\"elementor-element elementor-element-3019b5d elementor-widget elementor-widget-image\" data-id=\"3019b5d\" data-element_type=\"widget\" data-widget_type=\"image.default\">\n\t\t\t\t<div class=\"elementor-widget-container\">\n\t\t\t\t\t\t\t\t\t\t\t\t\t\t\t<img loading=\"lazy\" decoding=\"async\" width=\"1024\" height=\"642\" src=\"https:\/\/yesilcember.eu\/wp-content\/uploads\/2022\/07\/flohmarkt-1024x642.jpeg\" class=\"attachment-large size-large wp-image-2677\" alt=\"\" srcset=\"https:\/\/yesilcember.eu\/wp-content\/uploads\/2022\/07\/flohmarkt-1024x642.jpeg 1024w, https:\/\/yesilcember.eu\/wp-content\/uploads\/2022\/07\/flohmarkt-300x188.jpeg 300w, https:\/\/yesilcember.eu\/wp-content\/uploads\/2022\/07\/flohmarkt-768x482.jpeg 768w, https:\/\/yesilcember.eu\/wp-content\/uploads\/2022\/07\/flohmarkt-1536x963.jpeg 1536w, https:\/\/yesilcember.eu\/wp-content\/uploads\/2022\/07\/flohmarkt-700x439.jpeg 700w, https:\/\/yesilcember.eu\/wp-content\/uploads\/2022\/07\/flohmarkt.jpeg 2048w\" sizes=\"(max-width: 1024px) 100vw, 1024px\" \/>\t\t\t\t\t\t\t\t\t\t\t\t\t\t\t<\/div>\n\t\t\t\t<\/div>\n\t\t\t\t\t<\/div>\n\t\t<\/div>\n\t\t\t\t<div class=\"elementor-column elementor-col-50 elementor-top-column elementor-element elementor-element-1b5b952\" data-id=\"1b5b952\" data-element_type=\"column\">\n\t\t\t<div class=\"elementor-widget-wrap elementor-element-populated\">\n\t\t\t\t\t\t<div class=\"elementor-element elementor-element-b8aa2f9 elementor-widget elementor-widget-heading\" data-id=\"b8aa2f9\" data-element_type=\"widget\" data-widget_type=\"heading.default\">\n\t\t\t\t<div class=\"elementor-widget-container\">\n\t\t\t\t\t<h2 class=\"elementor-heading-title elementor-size-default\">Rollberg De\u011fi\u015f Toku\u015f ve Bit Pazar\u0131\n<\/h2>\t\t\t\t<\/div>\n\t\t\t\t<\/div>\n\t\t\t\t<div class=\"elementor-element elementor-element-0c2f77a elementor-widget elementor-widget-spacer\" data-id=\"0c2f77a\" data-element_type=\"widget\" data-widget_type=\"spacer.default\">\n\t\t\t\t<div class=\"elementor-widget-container\">\n\t\t\t\t\t\t\t<div class=\"elementor-spacer\">\n\t\t\t<div class=\"elementor-spacer-inner\"><\/div>\n\t\t<\/div>\n\t\t\t\t\t\t<\/div>\n\t\t\t\t<\/div>\n\t\t\t\t<div class=\"elementor-element elementor-element-8b9d7a7 elementor-widget elementor-widget-heading\" data-id=\"8b9d7a7\" data-element_type=\"widget\" data-widget_type=\"heading.default\">\n\t\t\t\t<div class=\"elementor-widget-container\">\n\t\t\t\t\t<h5 class=\"elementor-heading-title elementor-size-default\">17 Haziran\u2019da Falkstrasse 24\u2019de ger\u00e7ekle\u015ftirdi\u011fimiz bu organizasyonda Repair (tamir) cafemiz de yer ald\u0131. Bu g\u00fczel mahalle etkinli\u011finde evdeki ihtiya\u00e7 fazlas\u0131 e\u015fyalar sat\u0131ld\u0131 ya da hediye edildi ve ev yemekleri da\u011f\u0131t\u0131ld\u0131.\n<\/h5>\t\t\t\t<\/div>\n\t\t\t\t<\/div>\n\t\t\t\t<div class=\"elementor-element elementor-element-cd873c7 elementor-widget elementor-widget-spacer\" data-id=\"cd873c7\" data-element_type=\"widget\" data-widget_type=\"spacer.default\">\n\t\t\t\t<div class=\"elementor-widget-container\">\n\t\t\t\t\t\t\t<div class=\"elementor-spacer\">\n\t\t\t<div class=\"elementor-spacer-inner\"><\/div>\n\t\t<\/div>\n\t\t\t\t\t\t<\/div>\n\t\t\t\t<\/div>\n\t\t\t\t\t<\/div>\n\t\t<\/div>\n\t\t\t\t\t<\/div>\n\t\t<\/section>\n\t\t\t\t<section class=\"elementor-section elementor-top-section elementor-element elementor-element-1eeb0d4b elementor-section-full_width elementor-section-content-middle qode_elementor_container_inner elementor-section-height-default elementor-section-height-default parallax_section_no\" data-id=\"1eeb0d4b\" data-element_type=\"section\">\n\t\t\t\t\t\t<div class=\"elementor-container elementor-column-gap-default\">\n\t\t\t\t\t<div class=\"elementor-column elementor-col-50 elementor-top-column elementor-element elementor-element-76986e26\" data-id=\"76986e26\" data-element_type=\"column\">\n\t\t\t<div class=\"elementor-widget-wrap elementor-element-populated\">\n\t\t\t\t\t\t<div class=\"elementor-element elementor-element-8ff1894 elementor-widget elementor-widget-image\" data-id=\"8ff1894\" data-element_type=\"widget\" data-widget_type=\"image.default\">\n\t\t\t\t<div class=\"elementor-widget-container\">\n\t\t\t\t\t\t\t\t\t\t\t\t\t\t\t<img loading=\"lazy\" decoding=\"async\" width=\"1024\" height=\"576\" src=\"https:\/\/yesilcember.eu\/wp-content\/uploads\/2022\/06\/yesil-cember-bilder07-1024x576.jpg\" class=\"attachment-large size-large wp-image-2586\" alt=\"\" srcset=\"https:\/\/yesilcember.eu\/wp-content\/uploads\/2022\/06\/yesil-cember-bilder07-1024x576.jpg 1024w, https:\/\/yesilcember.eu\/wp-content\/uploads\/2022\/06\/yesil-cember-bilder07-300x169.jpg 300w, https:\/\/yesilcember.eu\/wp-content\/uploads\/2022\/06\/yesil-cember-bilder07-768x432.jpg 768w, https:\/\/yesilcember.eu\/wp-content\/uploads\/2022\/06\/yesil-cember-bilder07-1536x864.jpg 1536w, https:\/\/yesilcember.eu\/wp-content\/uploads\/2022\/06\/yesil-cember-bilder07-700x394.jpg 700w, https:\/\/yesilcember.eu\/wp-content\/uploads\/2022\/06\/yesil-cember-bilder07-539x303.jpg 539w, https:\/\/yesilcember.eu\/wp-content\/uploads\/2022\/06\/yesil-cember-bilder07.jpg 1600w\" sizes=\"(max-width: 1024px) 100vw, 1024px\" \/>\t\t\t\t\t\t\t\t\t\t\t\t\t\t\t<\/div>\n\t\t\t\t<\/div>\n\t\t\t\t\t<\/div>\n\t\t<\/div>\n\t\t\t\t<div class=\"elementor-column elementor-col-50 elementor-top-column elementor-element elementor-element-745c312a\" data-id=\"745c312a\" data-element_type=\"column\">\n\t\t\t<div class=\"elementor-widget-wrap elementor-element-populated\">\n\t\t\t\t\t\t<div class=\"elementor-element elementor-element-5f23f2ee elementor-widget elementor-widget-heading\" data-id=\"5f23f2ee\" data-element_type=\"widget\" data-widget_type=\"heading.default\">\n\t\t\t\t<div class=\"elementor-widget-container\">\n\t\t\t\t\t<h2 class=\"elementor-heading-title elementor-size-default\">Maybachufer Plastiksiz Aksiyon G\u00fcn\u00fc<\/h2>\t\t\t\t<\/div>\n\t\t\t\t<\/div>\n\t\t\t\t<div class=\"elementor-element elementor-element-2c9d03de elementor-widget elementor-widget-spacer\" data-id=\"2c9d03de\" data-element_type=\"widget\" data-widget_type=\"spacer.default\">\n\t\t\t\t<div class=\"elementor-widget-container\">\n\t\t\t\t\t\t\t<div class=\"elementor-spacer\">\n\t\t\t<div class=\"elementor-spacer-inner\"><\/div>\n\t\t<\/div>\n\t\t\t\t\t\t<\/div>\n\t\t\t\t<\/div>\n\t\t\t\t<div class=\"elementor-element elementor-element-7e5e2a7f elementor-widget elementor-widget-heading\" data-id=\"7e5e2a7f\" data-element_type=\"widget\" data-widget_type=\"heading.default\">\n\t\t\t\t<div class=\"elementor-widget-container\">\n\t\t\t\t\t<h5 class=\"elementor-heading-title elementor-size-default\">14 Haziran tarihinde \u201cSch\u00f6n Wie Wir\u201d kampanyas\u0131 kapsaminda Maybachufer pazar\u0131ndaki 3 stand\u0131m\u0131zda plastik \u015fi\u015felerden d\u00f6n\u00fc\u015ft\u00fcr\u00fclm\u00fc\u015f pazar \u00e7antalar\u0131m\u0131z\u0131 ve sebze-meyve torbalar\u0131m\u0131z\u0131 al\u0131\u015fveri\u015fe gelen ziyaret\u00e7ilere da\u011f\u0131tt\u0131k. Onlara plastik torbalarla yap\u0131lan al\u0131\u015fveri\u015fin do\u011faya verdi\u011fi zarar\u0131 a\u00e7\u0131klad\u0131k. Etkinli\u011fimizi Neuk\u00f6lln Belediye Ba\u015fkan\u0131 Martin Hinkel de ziyaret etti ve standlar\u0131m\u0131zda mahalle esnaf\u0131yla sohbet ettikten sonra al\u0131\u015fveri\u015f yapan ziyaret\u00e7ilere plastik torba kullanmad\u0131klar\u0131 i\u00e7in te\u015fekk\u00fcr etti.<\/h5>\t\t\t\t<\/div>\n\t\t\t\t<\/div>\n\t\t\t\t<div class=\"elementor-element elementor-element-22d4cd7f elementor-widget elementor-widget-spacer\" data-id=\"22d4cd7f\" data-element_type=\"widget\" data-widget_type=\"spacer.default\">\n\t\t\t\t<div class=\"elementor-widget-container\">\n\t\t\t\t\t\t\t<div class=\"elementor-spacer\">\n\t\t\t<div class=\"elementor-spacer-inner\"><\/div>\n\t\t<\/div>\n\t\t\t\t\t\t<\/div>\n\t\t\t\t<\/div>\n\t\t\t\t\t<\/div>\n\t\t<\/div>\n\t\t\t\t\t<\/div>\n\t\t<\/section>\n\t\t\t\t<section class=\"elementor-section elementor-top-section elementor-element elementor-element-4d5d808 elementor-section-full_width elementor-section-content-middle qode_elementor_container_inner elementor-section-height-default elementor-section-height-default parallax_section_no\" data-id=\"4d5d808\" data-element_type=\"section\">\n\t\t\t\t\t\t<div class=\"elementor-container elementor-column-gap-default\">\n\t\t\t\t\t<div class=\"elementor-column elementor-col-50 elementor-top-column elementor-element elementor-element-ba75f7b\" data-id=\"ba75f7b\" data-element_type=\"column\">\n\t\t\t<div class=\"elementor-widget-wrap elementor-element-populated\">\n\t\t\t\t\t\t<div class=\"elementor-element elementor-element-d92eb65 elementor-widget elementor-widget-image\" data-id=\"d92eb65\" data-element_type=\"widget\" data-widget_type=\"image.default\">\n\t\t\t\t<div class=\"elementor-widget-container\">\n\t\t\t\t\t\t\t\t\t\t\t\t\t\t\t<img loading=\"lazy\" decoding=\"async\" width=\"1024\" height=\"666\" src=\"https:\/\/yesilcember.eu\/wp-content\/uploads\/2022\/07\/brandenburgertor-1024x666.jpeg\" class=\"attachment-large size-large wp-image-2679\" alt=\"\" srcset=\"https:\/\/yesilcember.eu\/wp-content\/uploads\/2022\/07\/brandenburgertor-1024x666.jpeg 1024w, https:\/\/yesilcember.eu\/wp-content\/uploads\/2022\/07\/brandenburgertor-300x195.jpeg 300w, https:\/\/yesilcember.eu\/wp-content\/uploads\/2022\/07\/brandenburgertor-768x500.jpeg 768w, https:\/\/yesilcember.eu\/wp-content\/uploads\/2022\/07\/brandenburgertor-1536x999.jpeg 1536w, https:\/\/yesilcember.eu\/wp-content\/uploads\/2022\/07\/brandenburgertor-400x260.jpeg 400w, https:\/\/yesilcember.eu\/wp-content\/uploads\/2022\/07\/brandenburgertor-700x455.jpeg 700w, https:\/\/yesilcember.eu\/wp-content\/uploads\/2022\/07\/brandenburgertor.jpeg 2048w\" sizes=\"(max-width: 1024px) 100vw, 1024px\" \/>\t\t\t\t\t\t\t\t\t\t\t\t\t\t\t<\/div>\n\t\t\t\t<\/div>\n\t\t\t\t\t<\/div>\n\t\t<\/div>\n\t\t\t\t<div class=\"elementor-column elementor-col-50 elementor-top-column elementor-element elementor-element-872fd7c\" data-id=\"872fd7c\" data-element_type=\"column\">\n\t\t\t<div class=\"elementor-widget-wrap elementor-element-populated\">\n\t\t\t\t\t\t<div class=\"elementor-element elementor-element-7890c44 elementor-widget elementor-widget-heading\" data-id=\"7890c44\" data-element_type=\"widget\" data-widget_type=\"heading.default\">\n\t\t\t\t<div class=\"elementor-widget-container\">\n\t\t\t\t\t<h2 class=\"elementor-heading-title elementor-size-default\">Brandenburger Tor \u00c7evre Festivali\n\n\n\n\n<\/h2>\t\t\t\t<\/div>\n\t\t\t\t<\/div>\n\t\t\t\t<div class=\"elementor-element elementor-element-b46bc89 elementor-widget elementor-widget-spacer\" data-id=\"b46bc89\" data-element_type=\"widget\" data-widget_type=\"spacer.default\">\n\t\t\t\t<div class=\"elementor-widget-container\">\n\t\t\t\t\t\t\t<div class=\"elementor-spacer\">\n\t\t\t<div class=\"elementor-spacer-inner\"><\/div>\n\t\t<\/div>\n\t\t\t\t\t\t<\/div>\n\t\t\t\t<\/div>\n\t\t\t\t<div class=\"elementor-element elementor-element-51831f3 elementor-widget elementor-widget-heading\" data-id=\"51831f3\" data-element_type=\"widget\" data-widget_type=\"heading.default\">\n\t\t\t\t<div class=\"elementor-widget-container\">\n\t\t\t\t\t<h5 class=\"elementor-heading-title elementor-size-default\">12 Haziran\u2019da yap\u0131lan \u00e7evre festivalinde stand\u0131m\u0131zla yerimizi ald\u0131k, \u00e7evre konular\u0131na dikkat \u00e7eken projelerimizin bro\u015f\u00fcrlerini da\u011f\u0131tt\u0131k, standta ziyaret\u00e7ilerimizle iklim de\u011fi\u015fikli\u011fi, at\u0131k problemi gibi konularda sohbetler yapt\u0131k.\n<\/h5>\t\t\t\t<\/div>\n\t\t\t\t<\/div>\n\t\t\t\t<div class=\"elementor-element elementor-element-ac18049 elementor-widget elementor-widget-spacer\" data-id=\"ac18049\" data-element_type=\"widget\" data-widget_type=\"spacer.default\">\n\t\t\t\t<div class=\"elementor-widget-container\">\n\t\t\t\t\t\t\t<div class=\"elementor-spacer\">\n\t\t\t<div class=\"elementor-spacer-inner\"><\/div>\n\t\t<\/div>\n\t\t\t\t\t\t<\/div>\n\t\t\t\t<\/div>\n\t\t\t\t\t<\/div>\n\t\t<\/div>\n\t\t\t\t\t<\/div>\n\t\t<\/section>\n\t\t\t\t<section class=\"elementor-section elementor-top-section elementor-element elementor-element-e38e0ff elementor-section-full_width elementor-section-content-middle qode_elementor_container_inner elementor-section-height-default elementor-section-height-default parallax_section_no\" data-id=\"e38e0ff\" data-element_type=\"section\">\n\t\t\t\t\t\t<div class=\"elementor-container elementor-column-gap-default\">\n\t\t\t\t\t<div class=\"elementor-column elementor-col-50 elementor-top-column elementor-element elementor-element-58916dd\" data-id=\"58916dd\" data-element_type=\"column\">\n\t\t\t<div class=\"elementor-widget-wrap elementor-element-populated\">\n\t\t\t\t\t\t<div class=\"elementor-element elementor-element-e0b35eb elementor-widget elementor-widget-image\" data-id=\"e0b35eb\" data-element_type=\"widget\" data-widget_type=\"image.default\">\n\t\t\t\t<div class=\"elementor-widget-container\">\n\t\t\t\t\t\t\t\t\t\t\t\t\t\t\t<img loading=\"lazy\" decoding=\"async\" width=\"1024\" height=\"683\" src=\"https:\/\/yesilcember.eu\/wp-content\/uploads\/2022\/07\/urania-1024x683.jpg\" class=\"attachment-large size-large wp-image-2680\" alt=\"\" srcset=\"https:\/\/yesilcember.eu\/wp-content\/uploads\/2022\/07\/urania-1024x683.jpg 1024w, https:\/\/yesilcember.eu\/wp-content\/uploads\/2022\/07\/urania-300x200.jpg 300w, https:\/\/yesilcember.eu\/wp-content\/uploads\/2022\/07\/urania-768x513.jpg 768w, https:\/\/yesilcember.eu\/wp-content\/uploads\/2022\/07\/urania-700x467.jpg 700w, https:\/\/yesilcember.eu\/wp-content\/uploads\/2022\/07\/urania.jpg 1500w\" sizes=\"(max-width: 1024px) 100vw, 1024px\" \/>\t\t\t\t\t\t\t\t\t\t\t\t\t\t\t<\/div>\n\t\t\t\t<\/div>\n\t\t\t\t\t<\/div>\n\t\t<\/div>\n\t\t\t\t<div class=\"elementor-column elementor-col-50 elementor-top-column elementor-element elementor-element-0dd7016\" data-id=\"0dd7016\" data-element_type=\"column\">\n\t\t\t<div class=\"elementor-widget-wrap elementor-element-populated\">\n\t\t\t\t\t\t<div class=\"elementor-element elementor-element-63a05d1 elementor-widget elementor-widget-heading\" data-id=\"63a05d1\" data-element_type=\"widget\" data-widget_type=\"heading.default\">\n\t\t\t\t<div class=\"elementor-widget-container\">\n\t\t\t\t\t<h2 class=\"elementor-heading-title elementor-size-default\">Berlin Beslenme Strateji Konferans\u0131\n<\/h2>\t\t\t\t<\/div>\n\t\t\t\t<\/div>\n\t\t\t\t<div class=\"elementor-element elementor-element-9ccc2fe elementor-widget elementor-widget-spacer\" data-id=\"9ccc2fe\" data-element_type=\"widget\" data-widget_type=\"spacer.default\">\n\t\t\t\t<div class=\"elementor-widget-container\">\n\t\t\t\t\t\t\t<div class=\"elementor-spacer\">\n\t\t\t<div class=\"elementor-spacer-inner\"><\/div>\n\t\t<\/div>\n\t\t\t\t\t\t<\/div>\n\t\t\t\t<\/div>\n\t\t\t\t<div class=\"elementor-element elementor-element-ecac222 elementor-widget elementor-widget-heading\" data-id=\"ecac222\" data-element_type=\"widget\" data-widget_type=\"heading.default\">\n\t\t\t\t<div class=\"elementor-widget-container\">\n\t\t\t\t\t<h5 class=\"elementor-heading-title elementor-size-default\">10 Haziran\u2019da Urania Berlin\u2019de yap\u0131lan Berlin Beslenme Stratejisi Konferans\u0131`ndayd\u0131k. Berlin\u2019in beslenme stratejisini ve yenilebilir ye\u015fil alanlar\u0131 ile b\u00f6lgesel g\u0131dalar\u0131n tedariki i\u00e7in neler yap\u0131lmal\u0131 temalar\u0131n\u0131 konu\u015ftuk.\n<\/h5>\t\t\t\t<\/div>\n\t\t\t\t<\/div>\n\t\t\t\t<div class=\"elementor-element elementor-element-711da80 elementor-widget elementor-widget-spacer\" data-id=\"711da80\" data-element_type=\"widget\" data-widget_type=\"spacer.default\">\n\t\t\t\t<div class=\"elementor-widget-container\">\n\t\t\t\t\t\t\t<div class=\"elementor-spacer\">\n\t\t\t<div class=\"elementor-spacer-inner\"><\/div>\n\t\t<\/div>\n\t\t\t\t\t\t<\/div>\n\t\t\t\t<\/div>\n\t\t\t\t\t<\/div>\n\t\t<\/div>\n\t\t\t\t\t<\/div>\n\t\t<\/section>\n\t\t\t\t<section class=\"elementor-section elementor-top-section elementor-element elementor-element-a2d8fc8 elementor-section-full_width elementor-section-content-middle qode_elementor_container_inner elementor-section-height-default elementor-section-height-default parallax_section_no\" data-id=\"a2d8fc8\" data-element_type=\"section\">\n\t\t\t\t\t\t<div class=\"elementor-container elementor-column-gap-default\">\n\t\t\t\t\t<div class=\"elementor-column elementor-col-50 elementor-top-column elementor-element elementor-element-2fe755c\" data-id=\"2fe755c\" data-element_type=\"column\">\n\t\t\t<div class=\"elementor-widget-wrap elementor-element-populated\">\n\t\t\t\t\t\t<div class=\"elementor-element elementor-element-e65e84d elementor-widget elementor-widget-image\" data-id=\"e65e84d\" data-element_type=\"widget\" data-widget_type=\"image.default\">\n\t\t\t\t<div class=\"elementor-widget-container\">\n\t\t\t\t\t\t\t\t\t\t\t\t\t\t\t<img loading=\"lazy\" decoding=\"async\" width=\"1024\" height=\"768\" src=\"https:\/\/yesilcember.eu\/wp-content\/uploads\/2022\/07\/Kinderfest-1024x768.jpeg\" class=\"attachment-large size-large wp-image-2681\" alt=\"\" srcset=\"https:\/\/yesilcember.eu\/wp-content\/uploads\/2022\/07\/Kinderfest-1024x768.jpeg 1024w, https:\/\/yesilcember.eu\/wp-content\/uploads\/2022\/07\/Kinderfest-300x225.jpeg 300w, https:\/\/yesilcember.eu\/wp-content\/uploads\/2022\/07\/Kinderfest-768x576.jpeg 768w, https:\/\/yesilcember.eu\/wp-content\/uploads\/2022\/07\/Kinderfest-1536x1152.jpeg 1536w, https:\/\/yesilcember.eu\/wp-content\/uploads\/2022\/07\/Kinderfest-800x600.jpeg 800w, https:\/\/yesilcember.eu\/wp-content\/uploads\/2022\/07\/Kinderfest-700x525.jpeg 700w, https:\/\/yesilcember.eu\/wp-content\/uploads\/2022\/07\/Kinderfest.jpeg 2048w\" sizes=\"(max-width: 1024px) 100vw, 1024px\" \/>\t\t\t\t\t\t\t\t\t\t\t\t\t\t\t<\/div>\n\t\t\t\t<\/div>\n\t\t\t\t\t<\/div>\n\t\t<\/div>\n\t\t\t\t<div class=\"elementor-column elementor-col-50 elementor-top-column elementor-element elementor-element-ac9b28c\" data-id=\"ac9b28c\" data-element_type=\"column\">\n\t\t\t<div class=\"elementor-widget-wrap elementor-element-populated\">\n\t\t\t\t\t\t<div class=\"elementor-element elementor-element-d9528f2 elementor-widget elementor-widget-heading\" data-id=\"d9528f2\" data-element_type=\"widget\" data-widget_type=\"heading.default\">\n\t\t\t\t<div class=\"elementor-widget-container\">\n\t\t\t\t\t<h2 class=\"elementor-heading-title elementor-size-default\">Uluslararas\u0131 \u00c7ocuk Bayram\u0131\n<\/h2>\t\t\t\t<\/div>\n\t\t\t\t<\/div>\n\t\t\t\t<div class=\"elementor-element elementor-element-4168986 elementor-widget elementor-widget-spacer\" data-id=\"4168986\" data-element_type=\"widget\" data-widget_type=\"spacer.default\">\n\t\t\t\t<div class=\"elementor-widget-container\">\n\t\t\t\t\t\t\t<div class=\"elementor-spacer\">\n\t\t\t<div class=\"elementor-spacer-inner\"><\/div>\n\t\t<\/div>\n\t\t\t\t\t\t<\/div>\n\t\t\t\t<\/div>\n\t\t\t\t<div class=\"elementor-element elementor-element-4e2fdba elementor-widget elementor-widget-heading\" data-id=\"4e2fdba\" data-element_type=\"widget\" data-widget_type=\"heading.default\">\n\t\t\t\t<div class=\"elementor-widget-container\">\n\t\t\t\t\t<h5 class=\"elementor-heading-title elementor-size-default\">1 Haziran tarihinde Kiezanker e.V.\u2019nin d\u00fczenledi\u011fi uluslararas\u0131 \u00e7ocuk festivalinde biz de stand\u0131m\u0131zla yer ald\u0131k. \u00c7ocuklarla e\u011fitici oyunlar oynad\u0131k ve birlikte tohum toplar\u0131 olu\u015fturarak k\u00fc\u00e7\u00fcklerin do\u011fa fark\u0131ndal\u0131\u011f\u0131na katk\u0131da bulunduk.\n<\/h5>\t\t\t\t<\/div>\n\t\t\t\t<\/div>\n\t\t\t\t<div class=\"elementor-element elementor-element-fbfca7e elementor-widget elementor-widget-spacer\" data-id=\"fbfca7e\" data-element_type=\"widget\" data-widget_type=\"spacer.default\">\n\t\t\t\t<div class=\"elementor-widget-container\">\n\t\t\t\t\t\t\t<div class=\"elementor-spacer\">\n\t\t\t<div class=\"elementor-spacer-inner\"><\/div>\n\t\t<\/div>\n\t\t\t\t\t\t<\/div>\n\t\t\t\t<\/div>\n\t\t\t\t\t<\/div>\n\t\t<\/div>\n\t\t\t\t\t<\/div>\n\t\t<\/section>\n\t\t\t\t<section class=\"elementor-section elementor-top-section elementor-element elementor-element-efdd8b2 elementor-section-full_width elementor-section-content-middle qode_elementor_container_inner elementor-section-height-default elementor-section-height-default parallax_section_no\" data-id=\"efdd8b2\" data-element_type=\"section\">\n\t\t\t\t\t\t<div class=\"elementor-container elementor-column-gap-default\">\n\t\t\t\t\t<div class=\"elementor-column elementor-col-50 elementor-top-column elementor-element elementor-element-6dc6551\" data-id=\"6dc6551\" data-element_type=\"column\">\n\t\t\t<div class=\"elementor-widget-wrap elementor-element-populated\">\n\t\t\t\t\t\t<div class=\"elementor-element elementor-element-0fc7ed1 elementor-widget elementor-widget-image\" data-id=\"0fc7ed1\" data-element_type=\"widget\" data-widget_type=\"image.default\">\n\t\t\t\t<div class=\"elementor-widget-container\">\n\t\t\t\t\t\t\t\t\t\t\t\t\t\t\t<img loading=\"lazy\" decoding=\"async\" width=\"1024\" height=\"768\" src=\"https:\/\/yesilcember.eu\/wp-content\/uploads\/2022\/07\/luebeck-1024x768.jpeg\" class=\"attachment-large size-large wp-image-2682\" alt=\"\" srcset=\"https:\/\/yesilcember.eu\/wp-content\/uploads\/2022\/07\/luebeck-1024x768.jpeg 1024w, https:\/\/yesilcember.eu\/wp-content\/uploads\/2022\/07\/luebeck-300x225.jpeg 300w, https:\/\/yesilcember.eu\/wp-content\/uploads\/2022\/07\/luebeck-768x576.jpeg 768w, https:\/\/yesilcember.eu\/wp-content\/uploads\/2022\/07\/luebeck-1536x1152.jpeg 1536w, https:\/\/yesilcember.eu\/wp-content\/uploads\/2022\/07\/luebeck-800x600.jpeg 800w, https:\/\/yesilcember.eu\/wp-content\/uploads\/2022\/07\/luebeck-700x525.jpeg 700w, https:\/\/yesilcember.eu\/wp-content\/uploads\/2022\/07\/luebeck.jpeg 1600w\" sizes=\"(max-width: 1024px) 100vw, 1024px\" \/>\t\t\t\t\t\t\t\t\t\t\t\t\t\t\t<\/div>\n\t\t\t\t<\/div>\n\t\t\t\t\t<\/div>\n\t\t<\/div>\n\t\t\t\t<div class=\"elementor-column elementor-col-50 elementor-top-column elementor-element elementor-element-ee09bf1\" data-id=\"ee09bf1\" data-element_type=\"column\">\n\t\t\t<div class=\"elementor-widget-wrap elementor-element-populated\">\n\t\t\t\t\t\t<div class=\"elementor-element elementor-element-890526d elementor-widget elementor-widget-heading\" data-id=\"890526d\" data-element_type=\"widget\" data-widget_type=\"heading.default\">\n\t\t\t\t<div class=\"elementor-widget-container\">\n\t\t\t\t\t<h2 class=\"elementor-heading-title elementor-size-default\">L\u00fcbeck Klim\u2019art \u00c7al\u0131\u015fma At\u00f6lyesi\n<\/h2>\t\t\t\t<\/div>\n\t\t\t\t<\/div>\n\t\t\t\t<div class=\"elementor-element elementor-element-867667c elementor-widget elementor-widget-spacer\" data-id=\"867667c\" data-element_type=\"widget\" data-widget_type=\"spacer.default\">\n\t\t\t\t<div class=\"elementor-widget-container\">\n\t\t\t\t\t\t\t<div class=\"elementor-spacer\">\n\t\t\t<div class=\"elementor-spacer-inner\"><\/div>\n\t\t<\/div>\n\t\t\t\t\t\t<\/div>\n\t\t\t\t<\/div>\n\t\t\t\t<div class=\"elementor-element elementor-element-8dbe610 elementor-widget elementor-widget-heading\" data-id=\"8dbe610\" data-element_type=\"widget\" data-widget_type=\"heading.default\">\n\t\t\t\t<div class=\"elementor-widget-container\">\n\t\t\t\t\t<h5 class=\"elementor-heading-title elementor-size-default\">L\u00fcbeck'teki \u00e7al\u0131\u015ftay \u00f6ncesinde Portekiz'den Associa\u00e7\u00e3o Fa\u00edsca Voadora, Hollanda'dan Clash Exchange &amp; Learning GmbH ve Almanya'dan Tontalente e.V. kurulu\u015flar\u0131 \u015eubat ay\u0131nda ilk kez bir araya geldi. Bu toplant\u0131da kurulu\u015flar, iklim ve \u00e7evre i\u00e7in daha fazlas\u0131n\u0131 yapmalar\u0131 i\u00e7in Avrupal\u0131 \u200b\u200bgen\u00e7leri ve gen\u00e7lik alan\u0131ndaki profesyonelleri motive etmek ve g\u00fc\u00e7lendirmek istedikleri yarat\u0131c\u0131 ve sanatsal y\u00f6ntemler aras\u0131nda a\u011f olu\u015fturmak ve bunlari ortakla\u015fa geli\u015ftirmek istediler. \n\u00dc\u00e7 a\u015famal\u0131 projenin ikinci a\u015famas\u0131nda, federal g\u00f6n\u00fcll\u00fcm\u00fcz de dahil olmak \u00fczere kat\u0131l\u0131mc\u0131lar 10-16 May\u0131s tarihleri \u200b\u200baras\u0131nda L\u00fcbeck'te bir araya gelerek \"Gen\u00e7lik \u00e7al\u0131\u015fmalar\u0131nda iklim ve \u00e7evresel taahh\u00fct i\u00e7in yarat\u0131c\u0131-sanatsal y\u00f6ntemler\" konusunda uzmanl\u0131k e\u011fitimi ald\u0131lar. Projenin son a\u015famas\u0131 ise A\u011fustos ay\u0131nda Almada'da (Portekiz) ger\u00e7ekle\u015ftirilecek. Geli\u015ftirilen y\u00f6ntemler uluslararas\u0131 bir gen\u00e7lik bulu\u015fmas\u0131nda uygulanacak ve gen\u00e7 kat\u0131l\u0131mc\u0131lardan geri bildirimler al\u0131nacakt\u0131r.\nAyr\u0131nt\u0131l\u0131 bilgi edinmek istiyorsan a\u015fa\u011f\u0131daki linke t\u0131klayabilirsin.\n<br>\n\n<a href=\"https:\/\/www.tontalente.de\/projekte\/klim-art.html\">https:\/\/www.tontalente.de\/projekte\/klim-art.html<\/a>\n\n\n\n\n<\/h5>\t\t\t\t<\/div>\n\t\t\t\t<\/div>\n\t\t\t\t<div class=\"elementor-element elementor-element-8b78a50 elementor-widget elementor-widget-spacer\" data-id=\"8b78a50\" data-element_type=\"widget\" data-widget_type=\"spacer.default\">\n\t\t\t\t<div class=\"elementor-widget-container\">\n\t\t\t\t\t\t\t<div class=\"elementor-spacer\">\n\t\t\t<div class=\"elementor-spacer-inner\"><\/div>\n\t\t<\/div>\n\t\t\t\t\t\t<\/div>\n\t\t\t\t<\/div>\n\t\t\t\t\t<\/div>\n\t\t<\/div>\n\t\t\t\t\t<\/div>\n\t\t<\/section>\n\t\t\t\t<section class=\"elementor-section elementor-top-section elementor-element elementor-element-a0c5687 elementor-section-full_width elementor-section-content-middle qode_elementor_container_inner elementor-section-height-default elementor-section-height-default parallax_section_no\" data-id=\"a0c5687\" data-element_type=\"section\">\n\t\t\t\t\t\t<div class=\"elementor-container elementor-column-gap-default\">\n\t\t\t\t\t<div class=\"elementor-column elementor-col-50 elementor-top-column elementor-element elementor-element-8f916c3\" data-id=\"8f916c3\" data-element_type=\"column\">\n\t\t\t<div class=\"elementor-widget-wrap elementor-element-populated\">\n\t\t\t\t\t\t<div class=\"elementor-element elementor-element-2d9b5a0 elementor-widget elementor-widget-image\" data-id=\"2d9b5a0\" data-element_type=\"widget\" data-widget_type=\"image.default\">\n\t\t\t\t<div class=\"elementor-widget-container\">\n\t\t\t\t\t\t\t\t\t\t\t\t\t\t\t<img loading=\"lazy\" decoding=\"async\" width=\"768\" height=\"1024\" src=\"https:\/\/yesilcember.eu\/wp-content\/uploads\/2022\/07\/KM-1-768x1024.jpeg\" class=\"attachment-large size-large wp-image-2684\" alt=\"\" srcset=\"https:\/\/yesilcember.eu\/wp-content\/uploads\/2022\/07\/KM-1-768x1024.jpeg 768w, https:\/\/yesilcember.eu\/wp-content\/uploads\/2022\/07\/KM-1-225x300.jpeg 225w, https:\/\/yesilcember.eu\/wp-content\/uploads\/2022\/07\/KM-1-1152x1536.jpeg 1152w, https:\/\/yesilcember.eu\/wp-content\/uploads\/2022\/07\/KM-1-600x800.jpeg 600w, https:\/\/yesilcember.eu\/wp-content\/uploads\/2022\/07\/KM-1-700x933.jpeg 700w, https:\/\/yesilcember.eu\/wp-content\/uploads\/2022\/07\/KM-1.jpeg 1536w\" sizes=\"(max-width: 768px) 100vw, 768px\" \/>\t\t\t\t\t\t\t\t\t\t\t\t\t\t\t<\/div>\n\t\t\t\t<\/div>\n\t\t\t\t\t<\/div>\n\t\t<\/div>\n\t\t\t\t<div class=\"elementor-column elementor-col-50 elementor-top-column elementor-element elementor-element-d0d13ce\" data-id=\"d0d13ce\" data-element_type=\"column\">\n\t\t\t<div class=\"elementor-widget-wrap elementor-element-populated\">\n\t\t\t\t\t\t<div class=\"elementor-element elementor-element-263f71b elementor-widget elementor-widget-heading\" data-id=\"263f71b\" data-element_type=\"widget\" data-widget_type=\"heading.default\">\n\t\t\t\t<div class=\"elementor-widget-container\">\n\t\t\t\t\t<h2 class=\"elementor-heading-title elementor-size-default\">Mahalle pazarlar\u0131\n<\/h2>\t\t\t\t<\/div>\n\t\t\t\t<\/div>\n\t\t\t\t<div class=\"elementor-element elementor-element-4de1617 elementor-widget elementor-widget-spacer\" data-id=\"4de1617\" data-element_type=\"widget\" data-widget_type=\"spacer.default\">\n\t\t\t\t<div class=\"elementor-widget-container\">\n\t\t\t\t\t\t\t<div class=\"elementor-spacer\">\n\t\t\t<div class=\"elementor-spacer-inner\"><\/div>\n\t\t<\/div>\n\t\t\t\t\t\t<\/div>\n\t\t\t\t<\/div>\n\t\t\t\t<div class=\"elementor-element elementor-element-3f31b8a elementor-widget elementor-widget-heading\" data-id=\"3f31b8a\" data-element_type=\"widget\" data-widget_type=\"heading.default\">\n\t\t\t\t<div class=\"elementor-widget-container\">\n\t\t\t\t\t<h5 class=\"elementor-heading-title elementor-size-default\">Almanya genelinde haftal\u0131k 400'den fazla pazar\u0131n yer ald\u0131\u011f\u0131 bir pazar festivalini kutlad\u0131k. 14 May\u0131s'ta bundan b\u00f6yle her Cumartesi 10.00-16.00 saatleri aras\u0131nda kurulacak olan ilk S\u00fcdstern semt pazar\u0131na Ye\u015fil \u00c7ember kendi stand\u0131yla kat\u0131ld\u0131. Friedrichshain-Kreuzberg il\u00e7esi belediye ba\u015fkan\u0131 Clara Herrmann, \u00e7ok say\u0131da co\u015fkulu ziyaret\u00e7inin kat\u0131ld\u0131\u011f\u0131 pazar\u0131 ziyaret etti. Festivalde \u00e7ocuklar i\u00e7in e\u011flenceli oyunlar ve Fujiama Nightclub Urban Music grubunun canl\u0131 m\u00fczi\u011fi vard\u0131. Stand\u0131m\u0131zda ziyaret\u00e7iler \u00e7al\u0131\u015fmalar\u0131m\u0131z hakk\u0131nda daha fazla bilgi edinebildiler ve tohum toplar\u0131 yapabildiler.\n<\/h5>\t\t\t\t<\/div>\n\t\t\t\t<\/div>\n\t\t\t\t<div class=\"elementor-element elementor-element-cc8cf37 elementor-widget elementor-widget-spacer\" data-id=\"cc8cf37\" data-element_type=\"widget\" data-widget_type=\"spacer.default\">\n\t\t\t\t<div class=\"elementor-widget-container\">\n\t\t\t\t\t\t\t<div class=\"elementor-spacer\">\n\t\t\t<div class=\"elementor-spacer-inner\"><\/div>\n\t\t<\/div>\n\t\t\t\t\t\t<\/div>\n\t\t\t\t<\/div>\n\t\t\t\t\t<\/div>\n\t\t<\/div>\n\t\t\t\t\t<\/div>\n\t\t<\/section>\n\t\t\t\t<section class=\"elementor-section elementor-top-section elementor-element elementor-element-585b3c9 elementor-section-full_width elementor-section-content-middle qode_elementor_container_inner elementor-section-height-default elementor-section-height-default parallax_section_no\" data-id=\"585b3c9\" data-element_type=\"section\">\n\t\t\t\t\t\t<div class=\"elementor-container elementor-column-gap-default\">\n\t\t\t\t\t<div class=\"elementor-column elementor-col-50 elementor-top-column elementor-element elementor-element-50ea63a\" data-id=\"50ea63a\" data-element_type=\"column\">\n\t\t\t<div class=\"elementor-widget-wrap elementor-element-populated\">\n\t\t\t\t\t\t<div class=\"elementor-element elementor-element-b45b177 elementor-widget elementor-widget-image\" data-id=\"b45b177\" data-element_type=\"widget\" data-widget_type=\"image.default\">\n\t\t\t\t<div class=\"elementor-widget-container\">\n\t\t\t\t\t\t\t\t\t\t\t\t\t\t\t<img loading=\"lazy\" decoding=\"async\" width=\"768\" height=\"1024\" src=\"https:\/\/yesilcember.eu\/wp-content\/uploads\/2022\/07\/kindfest.jpeg\" class=\"attachment-large size-large wp-image-2685\" alt=\"\" srcset=\"https:\/\/yesilcember.eu\/wp-content\/uploads\/2022\/07\/kindfest.jpeg 768w, https:\/\/yesilcember.eu\/wp-content\/uploads\/2022\/07\/kindfest-225x300.jpeg 225w, https:\/\/yesilcember.eu\/wp-content\/uploads\/2022\/07\/kindfest-600x800.jpeg 600w, https:\/\/yesilcember.eu\/wp-content\/uploads\/2022\/07\/kindfest-700x933.jpeg 700w\" sizes=\"(max-width: 768px) 100vw, 768px\" \/>\t\t\t\t\t\t\t\t\t\t\t\t\t\t\t<\/div>\n\t\t\t\t<\/div>\n\t\t\t\t\t<\/div>\n\t\t<\/div>\n\t\t\t\t<div class=\"elementor-column elementor-col-50 elementor-top-column elementor-element elementor-element-14ece1e\" data-id=\"14ece1e\" data-element_type=\"column\">\n\t\t\t<div class=\"elementor-widget-wrap elementor-element-populated\">\n\t\t\t\t\t\t<div class=\"elementor-element elementor-element-8959a05 elementor-widget elementor-widget-heading\" data-id=\"8959a05\" data-element_type=\"widget\" data-widget_type=\"heading.default\">\n\t\t\t\t<div class=\"elementor-widget-container\">\n\t\t\t\t\t<h2 class=\"elementor-heading-title elementor-size-default\">Wrangelkiez oyun alan\u0131nda \u00c7evre Bayram\u0131\n<\/h2>\t\t\t\t<\/div>\n\t\t\t\t<\/div>\n\t\t\t\t<div class=\"elementor-element elementor-element-a29d087 elementor-widget elementor-widget-spacer\" data-id=\"a29d087\" data-element_type=\"widget\" data-widget_type=\"spacer.default\">\n\t\t\t\t<div class=\"elementor-widget-container\">\n\t\t\t\t\t\t\t<div class=\"elementor-spacer\">\n\t\t\t<div class=\"elementor-spacer-inner\"><\/div>\n\t\t<\/div>\n\t\t\t\t\t\t<\/div>\n\t\t\t\t<\/div>\n\t\t\t\t<div class=\"elementor-element elementor-element-61f3a49 elementor-widget elementor-widget-heading\" data-id=\"61f3a49\" data-element_type=\"widget\" data-widget_type=\"heading.default\">\n\t\t\t\t<div class=\"elementor-widget-container\">\n\t\t\t\t\t<h5 class=\"elementor-heading-title elementor-size-default\">Ye\u015fil \u00c7ember, 6 May\u0131s'ta Wrangelkiez'de \u00e7ocuklara ve gen\u00e7lere y\u00f6nelik d\u00fczenlenen \u00e7evre festivaline kat\u0131ld\u0131. Bu \u00e7evre \u015fenli\u011fine \u00e7evre sorunlar\u0131na ve s\u00fcrd\u00fcr\u00fclebilir ya\u015fama ilgi duyan her ya\u015ftan insan da geldi. Festivalde \u00e7ocuklar ve gen\u00e7lerle oyunlar oynad\u0131k ve hep birlikte tohum toplar\u0131 yapt\u0131k.\n<\/h5>\t\t\t\t<\/div>\n\t\t\t\t<\/div>\n\t\t\t\t<div class=\"elementor-element elementor-element-af4a36d elementor-widget elementor-widget-spacer\" data-id=\"af4a36d\" data-element_type=\"widget\" data-widget_type=\"spacer.default\">\n\t\t\t\t<div class=\"elementor-widget-container\">\n\t\t\t\t\t\t\t<div class=\"elementor-spacer\">\n\t\t\t<div class=\"elementor-spacer-inner\"><\/div>\n\t\t<\/div>\n\t\t\t\t\t\t<\/div>\n\t\t\t\t<\/div>\n\t\t\t\t\t<\/div>\n\t\t<\/div>\n\t\t\t\t\t<\/div>\n\t\t<\/section>\n\t\t\t\t<section class=\"elementor-section elementor-top-section elementor-element elementor-element-85849e5 elementor-section-full_width elementor-section-content-middle qode_elementor_container_inner elementor-section-height-default elementor-section-height-default parallax_section_no\" data-id=\"85849e5\" data-element_type=\"section\">\n\t\t\t\t\t\t<div class=\"elementor-container elementor-column-gap-default\">\n\t\t\t\t\t<div class=\"elementor-column elementor-col-50 elementor-top-column elementor-element elementor-element-b982c22\" data-id=\"b982c22\" data-element_type=\"column\">\n\t\t\t<div class=\"elementor-widget-wrap elementor-element-populated\">\n\t\t\t\t\t\t<div class=\"elementor-element elementor-element-0c0f5c6 elementor-widget elementor-widget-image\" data-id=\"0c0f5c6\" data-element_type=\"widget\" data-widget_type=\"image.default\">\n\t\t\t\t<div class=\"elementor-widget-container\">\n\t\t\t\t\t\t\t\t\t\t\t\t\t\t\t<img loading=\"lazy\" decoding=\"async\" width=\"1024\" height=\"768\" src=\"https:\/\/yesilcember.eu\/wp-content\/uploads\/2022\/07\/sperrmuell.jpeg\" class=\"attachment-large size-large wp-image-2688\" alt=\"\" srcset=\"https:\/\/yesilcember.eu\/wp-content\/uploads\/2022\/07\/sperrmuell.jpeg 1024w, https:\/\/yesilcember.eu\/wp-content\/uploads\/2022\/07\/sperrmuell-300x225.jpeg 300w, https:\/\/yesilcember.eu\/wp-content\/uploads\/2022\/07\/sperrmuell-768x576.jpeg 768w, https:\/\/yesilcember.eu\/wp-content\/uploads\/2022\/07\/sperrmuell-800x600.jpeg 800w, https:\/\/yesilcember.eu\/wp-content\/uploads\/2022\/07\/sperrmuell-700x525.jpeg 700w\" sizes=\"(max-width: 1024px) 100vw, 1024px\" \/>\t\t\t\t\t\t\t\t\t\t\t\t\t\t\t<\/div>\n\t\t\t\t<\/div>\n\t\t\t\t\t<\/div>\n\t\t<\/div>\n\t\t\t\t<div class=\"elementor-column elementor-col-50 elementor-top-column elementor-element elementor-element-f8ccbc9\" data-id=\"f8ccbc9\" data-element_type=\"column\">\n\t\t\t<div class=\"elementor-widget-wrap elementor-element-populated\">\n\t\t\t\t\t\t<div class=\"elementor-element elementor-element-5cc7a8f elementor-widget elementor-widget-heading\" data-id=\"5cc7a8f\" data-element_type=\"widget\" data-widget_type=\"heading.default\">\n\t\t\t\t<div class=\"elementor-widget-container\">\n\t\t\t\t\t<h2 class=\"elementor-heading-title elementor-size-default\">5 Mayis Hacimli Atik Pazar\u0131\n<\/h2>\t\t\t\t<\/div>\n\t\t\t\t<\/div>\n\t\t\t\t<div class=\"elementor-element elementor-element-9e658b5 elementor-widget elementor-widget-spacer\" data-id=\"9e658b5\" data-element_type=\"widget\" data-widget_type=\"spacer.default\">\n\t\t\t\t<div class=\"elementor-widget-container\">\n\t\t\t\t\t\t\t<div class=\"elementor-spacer\">\n\t\t\t<div class=\"elementor-spacer-inner\"><\/div>\n\t\t<\/div>\n\t\t\t\t\t\t<\/div>\n\t\t\t\t<\/div>\n\t\t\t\t<div class=\"elementor-element elementor-element-c7176c0 elementor-widget elementor-widget-heading\" data-id=\"c7176c0\" data-element_type=\"widget\" data-widget_type=\"heading.default\">\n\t\t\t\t<div class=\"elementor-widget-container\">\n\t\t\t\t\t<h5 class=\"elementor-heading-title elementor-size-default\">5 May\u0131s Neuk\u00f6lln Mahalle G\u00fcn\u00fc kapsam\u0131nda Ye\u015fil \u00c7ember, BSR ile i\u015fbirli\u011fi i\u00e7inde Neuk\u00f6lln'de b\u00fcy\u00fck, kullan\u0131lamaz at\u0131klar\u0131n bertaraf edilmek \u00fczere teslim edilebilece\u011fi hacimli bir at\u0131k pazar\u0131 d\u00fczenledi. Ayn\u0131 zamanda mahalle sakinleri birbirleriyle e\u015fya al\u0131\u015fveri\u015finde bulundu ve baz\u0131 e\u015fyalar\u0131n\u0131 da ihtiya\u00e7 sahipleri i\u00e7in pazar tezgahlar\u0131na b\u0131rakt\u0131. 5 May\u0131s Per\u015fembe g\u00fcn\u00fc 13.00-18.00 saatleri aras\u0131nda Neuk\u00f6lln'deki Nansenstra\u00dfe'deki bilgi tablolar\u0131nda sakinlere hacimli at\u0131klar\u0131n ve elektronik at\u0131klar\u0131n bertaraf\u0131 hakk\u0131nda bilgi verildi. Biz de \"Sch\u00f6n wie wir\" kampanyas\u0131n\u0131n deste\u011fiyle, etkinlikte \u00e7e\u015fitli at\u0131k ay\u0131rma ve at\u0131k \u00f6nleme t\u00fcrleri hakk\u0131nda bilgi verdik. Neuk\u00f6lln Belediye Ba\u015fkan\u0131 Martin Hikel, hacimli at\u0131k pazar\u0131n\u0131 ziyaret etti ve yerel sakinler ve BSR \u00e7al\u0131\u015fanlar\u0131yla konu\u015ftu. Say\u0131n Hikel stand\u0131m\u0131z\u0131 da ziyaret ederek \u00e7al\u0131\u015fmalar\u0131m\u0131z hakk\u0131nda bilgi ald\u0131.\n<\/h5>\t\t\t\t<\/div>\n\t\t\t\t<\/div>\n\t\t\t\t<div class=\"elementor-element elementor-element-b4be07d elementor-widget elementor-widget-spacer\" data-id=\"b4be07d\" data-element_type=\"widget\" data-widget_type=\"spacer.default\">\n\t\t\t\t<div class=\"elementor-widget-container\">\n\t\t\t\t\t\t\t<div class=\"elementor-spacer\">\n\t\t\t<div class=\"elementor-spacer-inner\"><\/div>\n\t\t<\/div>\n\t\t\t\t\t\t<\/div>\n\t\t\t\t<\/div>\n\t\t\t\t\t<\/div>\n\t\t<\/div>\n\t\t\t\t\t<\/div>\n\t\t<\/section>\n\t\t\t\t<section class=\"elementor-section elementor-top-section elementor-element elementor-element-edf20cd elementor-section-full_width elementor-section-content-middle qode_elementor_container_inner elementor-section-height-default elementor-section-height-default parallax_section_no\" data-id=\"edf20cd\" data-element_type=\"section\">\n\t\t\t\t\t\t<div class=\"elementor-container elementor-column-gap-default\">\n\t\t\t\t\t<div class=\"elementor-column elementor-col-50 elementor-top-column elementor-element elementor-element-ca35a8c\" data-id=\"ca35a8c\" data-element_type=\"column\">\n\t\t\t<div class=\"elementor-widget-wrap elementor-element-populated\">\n\t\t\t\t\t\t<div class=\"elementor-element elementor-element-341b6e2 elementor-widget elementor-widget-image\" data-id=\"341b6e2\" data-element_type=\"widget\" data-widget_type=\"image.default\">\n\t\t\t\t<div class=\"elementor-widget-container\">\n\t\t\t\t\t\t\t\t\t\t\t\t\t\t\t<img loading=\"lazy\" decoding=\"async\" width=\"768\" height=\"1024\" src=\"https:\/\/yesilcember.eu\/wp-content\/uploads\/2022\/07\/ramadanfest-1-768x1024.jpeg\" class=\"attachment-large size-large wp-image-2689\" alt=\"\" srcset=\"https:\/\/yesilcember.eu\/wp-content\/uploads\/2022\/07\/ramadanfest-1-768x1024.jpeg 768w, https:\/\/yesilcember.eu\/wp-content\/uploads\/2022\/07\/ramadanfest-1-225x300.jpeg 225w, https:\/\/yesilcember.eu\/wp-content\/uploads\/2022\/07\/ramadanfest-1-1152x1536.jpeg 1152w, https:\/\/yesilcember.eu\/wp-content\/uploads\/2022\/07\/ramadanfest-1-600x800.jpeg 600w, https:\/\/yesilcember.eu\/wp-content\/uploads\/2022\/07\/ramadanfest-1-700x933.jpeg 700w, https:\/\/yesilcember.eu\/wp-content\/uploads\/2022\/07\/ramadanfest-1.jpeg 1536w\" sizes=\"(max-width: 768px) 100vw, 768px\" \/>\t\t\t\t\t\t\t\t\t\t\t\t\t\t\t<\/div>\n\t\t\t\t<\/div>\n\t\t\t\t\t<\/div>\n\t\t<\/div>\n\t\t\t\t<div class=\"elementor-column elementor-col-50 elementor-top-column elementor-element elementor-element-9a52acc\" data-id=\"9a52acc\" data-element_type=\"column\">\n\t\t\t<div class=\"elementor-widget-wrap elementor-element-populated\">\n\t\t\t\t\t\t<div class=\"elementor-element elementor-element-5bc637e elementor-widget elementor-widget-heading\" data-id=\"5bc637e\" data-element_type=\"widget\" data-widget_type=\"heading.default\">\n\t\t\t\t<div class=\"elementor-widget-container\">\n\t\t\t\t\t<h2 class=\"elementor-heading-title elementor-size-default\">Ramazan Bayrami Kutlamas\u0131\n<\/h2>\t\t\t\t<\/div>\n\t\t\t\t<\/div>\n\t\t\t\t<div class=\"elementor-element elementor-element-312df5e elementor-widget elementor-widget-spacer\" data-id=\"312df5e\" data-element_type=\"widget\" data-widget_type=\"spacer.default\">\n\t\t\t\t<div class=\"elementor-widget-container\">\n\t\t\t\t\t\t\t<div class=\"elementor-spacer\">\n\t\t\t<div class=\"elementor-spacer-inner\"><\/div>\n\t\t<\/div>\n\t\t\t\t\t\t<\/div>\n\t\t\t\t<\/div>\n\t\t\t\t<div class=\"elementor-element elementor-element-faad792 elementor-widget elementor-widget-heading\" data-id=\"faad792\" data-element_type=\"widget\" data-widget_type=\"heading.default\">\n\t\t\t\t<div class=\"elementor-widget-container\">\n\t\t\t\t\t<h5 class=\"elementor-heading-title elementor-size-default\">2 Mayis\u2019ta Covid-19 \u00f6nlemleri nedeniyle uzun bir s\u00fcredir ara verdi\u011fimiz bayramla\u015fmalar\u0131m\u0131za yeniden ba\u015flad\u0131k. Kutlama s\u0131ras\u0131nda koronavir\u00fcs \u00f6ncesi do\u011fa gezilerimizi an\u0131msad\u0131k ve \u00f6n\u00fcm\u00fczdeki aylarda yeni geziler i\u00e7in planlar yapt\u0131k. Ayr\u0131ca Ye\u015fil \u00c7ember'den \u00e7ok say\u0131da g\u00f6n\u00fcll\u00fc ev yap\u0131m\u0131 re\u00e7el ve sarmalar\u0131 ziyafetimize getirdi. Ofisimizin \u00f6n\u00fcndeki g\u00fczel ye\u015fil bah\u00e7ede birlikte \u00e7ok g\u00fczel bir g\u00fcn ge\u00e7irdik.\n<\/h5>\t\t\t\t<\/div>\n\t\t\t\t<\/div>\n\t\t\t\t<div class=\"elementor-element elementor-element-04a4899 elementor-widget elementor-widget-spacer\" data-id=\"04a4899\" data-element_type=\"widget\" data-widget_type=\"spacer.default\">\n\t\t\t\t<div class=\"elementor-widget-container\">\n\t\t\t\t\t\t\t<div class=\"elementor-spacer\">\n\t\t\t<div class=\"elementor-spacer-inner\"><\/div>\n\t\t<\/div>\n\t\t\t\t\t\t<\/div>\n\t\t\t\t<\/div>\n\t\t\t\t\t<\/div>\n\t\t<\/div>\n\t\t\t\t\t<\/div>\n\t\t<\/section>\n\t\t\t\t<section class=\"elementor-section elementor-top-section elementor-element elementor-element-90d1145 elementor-section-full_width elementor-section-content-middle qode_elementor_container_inner elementor-section-height-default elementor-section-height-default parallax_section_no\" data-id=\"90d1145\" data-element_type=\"section\">\n\t\t\t\t\t\t<div class=\"elementor-container elementor-column-gap-default\">\n\t\t\t\t\t<div class=\"elementor-column elementor-col-50 elementor-top-column elementor-element elementor-element-b961339\" data-id=\"b961339\" data-element_type=\"column\">\n\t\t\t<div class=\"elementor-widget-wrap elementor-element-populated\">\n\t\t\t\t\t\t<div class=\"elementor-element elementor-element-662a869 elementor-widget elementor-widget-image\" data-id=\"662a869\" data-element_type=\"widget\" data-widget_type=\"image.default\">\n\t\t\t\t<div class=\"elementor-widget-container\">\n\t\t\t\t\t\t\t\t\t\t\t\t\t\t\t<img loading=\"lazy\" decoding=\"async\" width=\"1024\" height=\"768\" src=\"https:\/\/yesilcember.eu\/wp-content\/uploads\/2022\/07\/1mai-1024x768.jpeg\" class=\"attachment-large size-large wp-image-2690\" alt=\"\" srcset=\"https:\/\/yesilcember.eu\/wp-content\/uploads\/2022\/07\/1mai-1024x768.jpeg 1024w, https:\/\/yesilcember.eu\/wp-content\/uploads\/2022\/07\/1mai-300x225.jpeg 300w, https:\/\/yesilcember.eu\/wp-content\/uploads\/2022\/07\/1mai-768x576.jpeg 768w, https:\/\/yesilcember.eu\/wp-content\/uploads\/2022\/07\/1mai-1536x1152.jpeg 1536w, https:\/\/yesilcember.eu\/wp-content\/uploads\/2022\/07\/1mai-800x600.jpeg 800w, https:\/\/yesilcember.eu\/wp-content\/uploads\/2022\/07\/1mai-700x525.jpeg 700w, https:\/\/yesilcember.eu\/wp-content\/uploads\/2022\/07\/1mai.jpeg 2048w\" sizes=\"(max-width: 1024px) 100vw, 1024px\" \/>\t\t\t\t\t\t\t\t\t\t\t\t\t\t\t<\/div>\n\t\t\t\t<\/div>\n\t\t\t\t\t<\/div>\n\t\t<\/div>\n\t\t\t\t<div class=\"elementor-column elementor-col-50 elementor-top-column elementor-element elementor-element-4496fb3\" data-id=\"4496fb3\" data-element_type=\"column\">\n\t\t\t<div class=\"elementor-widget-wrap elementor-element-populated\">\n\t\t\t\t\t\t<div class=\"elementor-element elementor-element-03da1e4 elementor-widget elementor-widget-heading\" data-id=\"03da1e4\" data-element_type=\"widget\" data-widget_type=\"heading.default\">\n\t\t\t\t<div class=\"elementor-widget-container\">\n\t\t\t\t\t<h2 class=\"elementor-heading-title elementor-size-default\">1 Mayis\u2019ta Lessingh\u00f6he\u2019de kutlama\n<\/h2>\t\t\t\t<\/div>\n\t\t\t\t<\/div>\n\t\t\t\t<div class=\"elementor-element elementor-element-263f22c elementor-widget elementor-widget-spacer\" data-id=\"263f22c\" data-element_type=\"widget\" data-widget_type=\"spacer.default\">\n\t\t\t\t<div class=\"elementor-widget-container\">\n\t\t\t\t\t\t\t<div class=\"elementor-spacer\">\n\t\t\t<div class=\"elementor-spacer-inner\"><\/div>\n\t\t<\/div>\n\t\t\t\t\t\t<\/div>\n\t\t\t\t<\/div>\n\t\t\t\t<div class=\"elementor-element elementor-element-0803c25 elementor-widget elementor-widget-heading\" data-id=\"0803c25\" data-element_type=\"widget\" data-widget_type=\"heading.default\">\n\t\t\t\t<div class=\"elementor-widget-container\">\n\t\t\t\t\t<h5 class=\"elementor-heading-title elementor-size-default\">Emek\u00e7i Bayram\u0131'nda \"Birlikte Sayg\u0131yla\" mottosuyla \u00e7ocuklar, gen\u00e7ler ve aileler i\u00e7in semt \u015fenli\u011fi d\u00fczenlendi. Etkinlik Lessingh\u00f6he \u00e7ocuk ve gen\u00e7lik merkezinde ger\u00e7ekle\u015fti ve Rollberger Repair Cafe ile birlikte oradayd\u0131k. Kitap projeleri sunuldu ve bisiklet kurslar\u0131, \u00e7ocuklar i\u00e7in y\u00fcz boyama, \u00e7ark\u0131felek ve futbol turnuvalar\u0131 gibi etkinlikler d\u00fczenlendi. Stand\u0131m\u0131zda \u00e7al\u0131\u015fmalar\u0131m\u0131z\u0131 mahalleye sunduk ve daha s\u00fcrd\u00fcr\u00fclebilir bir ya\u015fam tarz\u0131 hakk\u0131nda bilgiler verdik. K\u00fc\u00e7\u00fck oyunlarla ziyaret\u00e7ileri \u00e7evrelerinden haberdar ettik ve yeni \u00e7evre g\u00f6n\u00fcll\u00fcleri kazand\u0131k.\n<\/h5>\t\t\t\t<\/div>\n\t\t\t\t<\/div>\n\t\t\t\t<div class=\"elementor-element elementor-element-7bf1a6a elementor-widget elementor-widget-spacer\" data-id=\"7bf1a6a\" data-element_type=\"widget\" data-widget_type=\"spacer.default\">\n\t\t\t\t<div class=\"elementor-widget-container\">\n\t\t\t\t\t\t\t<div class=\"elementor-spacer\">\n\t\t\t<div class=\"elementor-spacer-inner\"><\/div>\n\t\t<\/div>\n\t\t\t\t\t\t<\/div>\n\t\t\t\t<\/div>\n\t\t\t\t\t<\/div>\n\t\t<\/div>\n\t\t\t\t\t<\/div>\n\t\t<\/section>\n\t\t\t\t<section class=\"elementor-section elementor-top-section elementor-element elementor-element-8acb36c elementor-section-full_width elementor-section-content-middle qode_elementor_container_inner elementor-section-height-default elementor-section-height-default parallax_section_no\" data-id=\"8acb36c\" data-element_type=\"section\">\n\t\t\t\t\t\t<div class=\"elementor-container elementor-column-gap-default\">\n\t\t\t\t\t<div class=\"elementor-column elementor-col-50 elementor-top-column elementor-element elementor-element-afb55f9\" data-id=\"afb55f9\" data-element_type=\"column\">\n\t\t\t<div class=\"elementor-widget-wrap elementor-element-populated\">\n\t\t\t\t\t\t<div class=\"elementor-element elementor-element-75b12aa elementor-widget elementor-widget-image\" data-id=\"75b12aa\" data-element_type=\"widget\" data-widget_type=\"image.default\">\n\t\t\t\t<div class=\"elementor-widget-container\">\n\t\t\t\t\t\t\t\t\t\t\t\t\t\t\t<img loading=\"lazy\" decoding=\"async\" width=\"900\" height=\"632\" src=\"https:\/\/yesilcember.eu\/wp-content\/uploads\/2022\/07\/yesil-cember-news_lessinghoehe_gemeinsam-mit-respekt.jpg\" class=\"attachment-large size-large wp-image-2656\" alt=\"\" srcset=\"https:\/\/yesilcember.eu\/wp-content\/uploads\/2022\/07\/yesil-cember-news_lessinghoehe_gemeinsam-mit-respekt.jpg 900w, https:\/\/yesilcember.eu\/wp-content\/uploads\/2022\/07\/yesil-cember-news_lessinghoehe_gemeinsam-mit-respekt-300x211.jpg 300w, https:\/\/yesilcember.eu\/wp-content\/uploads\/2022\/07\/yesil-cember-news_lessinghoehe_gemeinsam-mit-respekt-768x539.jpg 768w, https:\/\/yesilcember.eu\/wp-content\/uploads\/2022\/07\/yesil-cember-news_lessinghoehe_gemeinsam-mit-respekt-700x492.jpg 700w\" sizes=\"(max-width: 900px) 100vw, 900px\" \/>\t\t\t\t\t\t\t\t\t\t\t\t\t\t\t<\/div>\n\t\t\t\t<\/div>\n\t\t\t\t\t<\/div>\n\t\t<\/div>\n\t\t\t\t<div class=\"elementor-column elementor-col-50 elementor-top-column elementor-element elementor-element-204af7f\" data-id=\"204af7f\" data-element_type=\"column\">\n\t\t\t<div class=\"elementor-widget-wrap elementor-element-populated\">\n\t\t\t\t\t\t<div class=\"elementor-element elementor-element-b8abffd elementor-widget elementor-widget-heading\" data-id=\"b8abffd\" data-element_type=\"widget\" data-widget_type=\"heading.default\">\n\t\t\t\t<div class=\"elementor-widget-container\">\n\t\t\t\t\t<h2 class=\"elementor-heading-title elementor-size-default\">Taz Analog\u2019un Besselpark`taki \u00e7evre etkinli\u011fi\n<\/h2>\t\t\t\t<\/div>\n\t\t\t\t<\/div>\n\t\t\t\t<div class=\"elementor-element elementor-element-9a54400 elementor-widget elementor-widget-spacer\" data-id=\"9a54400\" data-element_type=\"widget\" data-widget_type=\"spacer.default\">\n\t\t\t\t<div class=\"elementor-widget-container\">\n\t\t\t\t\t\t\t<div class=\"elementor-spacer\">\n\t\t\t<div class=\"elementor-spacer-inner\"><\/div>\n\t\t<\/div>\n\t\t\t\t\t\t<\/div>\n\t\t\t\t<\/div>\n\t\t\t\t<div class=\"elementor-element elementor-element-b72ecb2 elementor-widget elementor-widget-heading\" data-id=\"b72ecb2\" data-element_type=\"widget\" data-widget_type=\"heading.default\">\n\t\t\t\t<div class=\"elementor-widget-container\">\n\t\t\t\t\t<h5 class=\"elementor-heading-title elementor-size-default\">30 Nisan'da Taz Lab kapsam\u0131nda \"\u0130klim, S\u0131n\u0131f ve Sava\u015f\" mottosuyla siyaset, hareket veya bilimden temsilcilerle \u00e7e\u015fitli paneller d\u00fczenlendi. Panellerden birine kurucumuz ve genel m\u00fcd\u00fcr\u00fcm\u00fcz G\u00fclcan Nitsch davet edilirken, ekibimiz Taz binas\u0131n\u0131n \u00f6n\u00fcndeki analog etkinlikte bir\u00e7ok kurulu\u015fla birlikte ziyaret\u00e7ilere \u00e7al\u0131\u015fmalar\u0131m\u0131z hakk\u0131nda bilgi verdik ve onlarla tohum toplar\u0131 yapt\u0131k.\nBuraya t\u0131klayarak k\u0131sa bir video izleyebilir ve ayr\u0131nt\u0131l\u0131 bilgi edinebilirsin. \n<br>\n\n<a href=\"https:\/\/www.youtube.com\/watch?v=mVQ5edOAfmM\">\nhttps:\/\/www.youtube.com\/watch?v=mVQ5edOAfmM<\/a>\n\n<\/h5>\t\t\t\t<\/div>\n\t\t\t\t<\/div>\n\t\t\t\t<div class=\"elementor-element elementor-element-65294a9 elementor-widget elementor-widget-spacer\" data-id=\"65294a9\" data-element_type=\"widget\" data-widget_type=\"spacer.default\">\n\t\t\t\t<div class=\"elementor-widget-container\">\n\t\t\t\t\t\t\t<div class=\"elementor-spacer\">\n\t\t\t<div class=\"elementor-spacer-inner\"><\/div>\n\t\t<\/div>\n\t\t\t\t\t\t<\/div>\n\t\t\t\t<\/div>\n\t\t\t\t\t<\/div>\n\t\t<\/div>\n\t\t\t\t\t<\/div>\n\t\t<\/section>\n\t\t\t\t<section class=\"elementor-section elementor-top-section elementor-element elementor-element-32b98da elementor-section-full_width elementor-section-content-middle qode_elementor_container_inner elementor-section-height-default elementor-section-height-default parallax_section_no\" data-id=\"32b98da\" data-element_type=\"section\">\n\t\t\t\t\t\t<div class=\"elementor-container elementor-column-gap-default\">\n\t\t\t\t\t<div class=\"elementor-column elementor-col-50 elementor-top-column elementor-element elementor-element-f05591d\" data-id=\"f05591d\" data-element_type=\"column\">\n\t\t\t<div class=\"elementor-widget-wrap elementor-element-populated\">\n\t\t\t\t\t\t<div class=\"elementor-element elementor-element-abe476d elementor-widget elementor-widget-image\" data-id=\"abe476d\" data-element_type=\"widget\" data-widget_type=\"image.default\">\n\t\t\t\t<div class=\"elementor-widget-container\">\n\t\t\t\t\t\t\t\t\t\t\t\t\t\t\t<img loading=\"lazy\" decoding=\"async\" width=\"900\" height=\"632\" src=\"https:\/\/yesilcember.eu\/wp-content\/uploads\/2022\/07\/yesil-cember_demo_a100stoppen.jpg\" class=\"attachment-large size-large wp-image-2655\" alt=\"\" srcset=\"https:\/\/yesilcember.eu\/wp-content\/uploads\/2022\/07\/yesil-cember_demo_a100stoppen.jpg 900w, https:\/\/yesilcember.eu\/wp-content\/uploads\/2022\/07\/yesil-cember_demo_a100stoppen-300x211.jpg 300w, https:\/\/yesilcember.eu\/wp-content\/uploads\/2022\/07\/yesil-cember_demo_a100stoppen-768x539.jpg 768w, https:\/\/yesilcember.eu\/wp-content\/uploads\/2022\/07\/yesil-cember_demo_a100stoppen-700x492.jpg 700w\" sizes=\"(max-width: 900px) 100vw, 900px\" \/>\t\t\t\t\t\t\t\t\t\t\t\t\t\t\t<\/div>\n\t\t\t\t<\/div>\n\t\t\t\t\t<\/div>\n\t\t<\/div>\n\t\t\t\t<div class=\"elementor-column elementor-col-50 elementor-top-column elementor-element elementor-element-93d6c19\" data-id=\"93d6c19\" data-element_type=\"column\">\n\t\t\t<div class=\"elementor-widget-wrap elementor-element-populated\">\n\t\t\t\t\t\t<div class=\"elementor-element elementor-element-308bec1 elementor-widget elementor-widget-heading\" data-id=\"308bec1\" data-element_type=\"widget\" data-widget_type=\"heading.default\">\n\t\t\t\t<div class=\"elementor-widget-container\">\n\t\t\t\t\t<h2 class=\"elementor-heading-title elementor-size-default\">A100 Otoyolunun uzat\u0131lmas\u0131na kar\u015f\u0131 demoya kat\u0131ld\u0131k\n<\/h2>\t\t\t\t<\/div>\n\t\t\t\t<\/div>\n\t\t\t\t<div class=\"elementor-element elementor-element-107a856 elementor-widget elementor-widget-spacer\" data-id=\"107a856\" data-element_type=\"widget\" data-widget_type=\"spacer.default\">\n\t\t\t\t<div class=\"elementor-widget-container\">\n\t\t\t\t\t\t\t<div class=\"elementor-spacer\">\n\t\t\t<div class=\"elementor-spacer-inner\"><\/div>\n\t\t<\/div>\n\t\t\t\t\t\t<\/div>\n\t\t\t\t<\/div>\n\t\t\t\t<div class=\"elementor-element elementor-element-9500956 elementor-widget elementor-widget-heading\" data-id=\"9500956\" data-element_type=\"widget\" data-widget_type=\"heading.default\">\n\t\t\t\t<div class=\"elementor-widget-container\">\n\t\t\t\t\t<h5 class=\"elementor-heading-title elementor-size-default\">ADFC ve Changing Cities taraf\u0131ndan organize edilen g\u00f6steride, A100 otoyolunun s\u00f6k\u00fclmesinin iklim de\u011fi\u015fikli\u011fine edece\u011fi etkiye dikkat \u00e7ekmek amac\u0131yla biz de sahaya \u00e7\u0131kt\u0131k.\n8 Nisan\u2019da ger\u00e7ekle\u015fen turda, \u015fehir merkezindeki Luisenstrasse\u2019den ba\u015flayarak  Wilhelmstrasse ve Mehringdamm\u2019dan, Platz der Luftbr\u00fccke`ye, buradan Tempelhofer Damm, Oberlandstrasse, Grenzallee ve  Sonnenallee yoluyla Elsenbr\u00fccke\u2019ye ve Markgrafendamm \u00fczerinden Friedrichshain\u2019daki Laskerstra\u00dfe\u2019ye kadar pedallad\u0131k.\nE\u011fer sen de gelecekteki g\u00f6sterilerimize kat\u0131lmak istiyorsan, a\u015fa\u011f\u0131daki ba\u011flant\u0131dan ayr\u0131nt\u0131l\u0131 bilgilere ula\u015fabilirsin.\n\n<a href=\"https:\/\/www.a100stoppen.de\/\">https:\/\/www.a100stoppen.de\/<\/a>\n\n\n<\/h5>\t\t\t\t<\/div>\n\t\t\t\t<\/div>\n\t\t\t\t<div class=\"elementor-element elementor-element-b307f06 elementor-widget elementor-widget-spacer\" data-id=\"b307f06\" data-element_type=\"widget\" data-widget_type=\"spacer.default\">\n\t\t\t\t<div class=\"elementor-widget-container\">\n\t\t\t\t\t\t\t<div class=\"elementor-spacer\">\n\t\t\t<div class=\"elementor-spacer-inner\"><\/div>\n\t\t<\/div>\n\t\t\t\t\t\t<\/div>\n\t\t\t\t<\/div>\n\t\t\t\t\t<\/div>\n\t\t<\/div>\n\t\t\t\t\t<\/div>\n\t\t<\/section>\n\t\t\t\t<section class=\"elementor-section elementor-top-section elementor-element elementor-element-e2fa6c0 elementor-section-full_width elementor-section-content-middle qode_elementor_container_inner elementor-section-height-default elementor-section-height-default parallax_section_no\" data-id=\"e2fa6c0\" data-element_type=\"section\">\n\t\t\t\t\t\t<div class=\"elementor-container elementor-column-gap-default\">\n\t\t\t\t\t<div class=\"elementor-column elementor-col-50 elementor-top-column elementor-element elementor-element-7927675\" data-id=\"7927675\" data-element_type=\"column\">\n\t\t\t<div class=\"elementor-widget-wrap elementor-element-populated\">\n\t\t\t\t\t\t<div class=\"elementor-element elementor-element-732513d elementor-widget elementor-widget-image\" data-id=\"732513d\" data-element_type=\"widget\" data-widget_type=\"image.default\">\n\t\t\t\t<div class=\"elementor-widget-container\">\n\t\t\t\t\t\t\t\t\t\t\t\t\t\t\t<img loading=\"lazy\" decoding=\"async\" width=\"768\" height=\"1024\" src=\"https:\/\/yesilcember.eu\/wp-content\/uploads\/2022\/07\/fairtrade-1-768x1024.jpeg\" class=\"attachment-large size-large wp-image-2692\" alt=\"\" srcset=\"https:\/\/yesilcember.eu\/wp-content\/uploads\/2022\/07\/fairtrade-1-768x1024.jpeg 768w, https:\/\/yesilcember.eu\/wp-content\/uploads\/2022\/07\/fairtrade-1-225x300.jpeg 225w, https:\/\/yesilcember.eu\/wp-content\/uploads\/2022\/07\/fairtrade-1-1152x1536.jpeg 1152w, https:\/\/yesilcember.eu\/wp-content\/uploads\/2022\/07\/fairtrade-1-600x800.jpeg 600w, https:\/\/yesilcember.eu\/wp-content\/uploads\/2022\/07\/fairtrade-1-700x933.jpeg 700w, https:\/\/yesilcember.eu\/wp-content\/uploads\/2022\/07\/fairtrade-1.jpeg 1500w\" sizes=\"(max-width: 768px) 100vw, 768px\" \/>\t\t\t\t\t\t\t\t\t\t\t\t\t\t\t<\/div>\n\t\t\t\t<\/div>\n\t\t\t\t\t<\/div>\n\t\t<\/div>\n\t\t\t\t<div class=\"elementor-column elementor-col-50 elementor-top-column elementor-element elementor-element-31d2d67\" data-id=\"31d2d67\" data-element_type=\"column\">\n\t\t\t<div class=\"elementor-widget-wrap elementor-element-populated\">\n\t\t\t\t\t\t<div class=\"elementor-element elementor-element-3fd4b8f elementor-widget elementor-widget-heading\" data-id=\"3fd4b8f\" data-element_type=\"widget\" data-widget_type=\"heading.default\">\n\t\t\t\t<div class=\"elementor-widget-container\">\n\t\t\t\t\t<h2 class=\"elementor-heading-title elementor-size-default\">Beslenme ve adil ticaret at\u00f6lyemiz\n<\/h2>\t\t\t\t<\/div>\n\t\t\t\t<\/div>\n\t\t\t\t<div class=\"elementor-element elementor-element-858a651 elementor-widget elementor-widget-spacer\" data-id=\"858a651\" data-element_type=\"widget\" data-widget_type=\"spacer.default\">\n\t\t\t\t<div class=\"elementor-widget-container\">\n\t\t\t\t\t\t\t<div class=\"elementor-spacer\">\n\t\t\t<div class=\"elementor-spacer-inner\"><\/div>\n\t\t<\/div>\n\t\t\t\t\t\t<\/div>\n\t\t\t\t<\/div>\n\t\t\t\t<div class=\"elementor-element elementor-element-abcfe42 elementor-widget elementor-widget-heading\" data-id=\"abcfe42\" data-element_type=\"widget\" data-widget_type=\"heading.default\">\n\t\t\t\t<div class=\"elementor-widget-container\">\n\t\t\t\t\t<h5 class=\"elementor-heading-title elementor-size-default\">Berlin-Neuk\u00f6lln'de beslenme ve adil ticaret \u00fczerine bir \u00e7al\u0131\u015ftay ger\u00e7ekle\u015ftirdik. \u00c7al\u0131\u015ftayda \u00e7ocuklar, hayat\u0131m\u0131zda daha fazla s\u00fcrd\u00fcr\u00fclebilirli\u011fe do\u011fru at\u0131lan en k\u00fc\u00e7\u00fck ad\u0131m\u0131n bile gezegenimiz i\u00e7in \u00f6nemli oldu\u011funu oyun yoluyla \u00f6\u011frendiler. At\u00f6lye \u00e7al\u0131\u015fmas\u0131na paralel olarak kat\u0131l\u0131mc\u0131lar, Rollbergkiez'den mahalle sakinlerinin Tamir Kafemize gelip oradaki k\u0131r\u0131k nesneleri onard\u0131\u011f\u0131n\u0131 g\u00f6rd\u00fcler. G\u00fcn\u00fcn ard\u0131ndan organik malzemelerle haz\u0131rlanm\u0131\u015f lezzetli vegan yemeklerle hep birlikte iftar\u0131m\u0131z\u0131 yapt\u0131k.\n<\/h5>\t\t\t\t<\/div>\n\t\t\t\t<\/div>\n\t\t\t\t<div class=\"elementor-element elementor-element-d9000de elementor-widget elementor-widget-spacer\" data-id=\"d9000de\" data-element_type=\"widget\" data-widget_type=\"spacer.default\">\n\t\t\t\t<div class=\"elementor-widget-container\">\n\t\t\t\t\t\t\t<div class=\"elementor-spacer\">\n\t\t\t<div class=\"elementor-spacer-inner\"><\/div>\n\t\t<\/div>\n\t\t\t\t\t\t<\/div>\n\t\t\t\t<\/div>\n\t\t\t\t\t<\/div>\n\t\t<\/div>\n\t\t\t\t\t<\/div>\n\t\t<\/section>\n\t\t\t\t<\/div>\n\t\t","protected":false},"excerpt":{"rendered":"<p>Ge\u00e7mi\u015f Etkinliklerimiz \u00c7evre ve \u0130klim Adaleti Transatlantik Forumu 27 Ekim tarihinde Washington&#8217;da, ABD ve Almanya&#8217;da \u00e7evresel ve iklim adaleti konusunda \u00e7al\u0131\u015fmalar y\u00fcr\u00fcten organizat\u00f6r, aktivist, akademisyen ve politika uzmanlar\u0131n\u0131n kat\u0131l\u0131m\u0131yla ger\u00e7ekle\u015fen t\u00fcm g\u00fcn s\u00fcren etkinlik b\u00fcy\u00fck ilgi g\u00f6rd\u00fc. Medyada, iklim ile \u00e7evre eylemi fikirleri ve adalet&#8230;<\/p>\n","protected":false},"author":1,"featured_media":0,"parent":0,"menu_order":0,"comment_status":"closed","ping_status":"closed","template":"full_width.php","meta":{"footnotes":""},"class_list":["post-2789","page","type-page","status-publish","hentry"],"_links":{"self":[{"href":"https:\/\/yesilcember.eu\/tr\/wp-json\/wp\/v2\/pages\/2789","targetHints":{"allow":["GET"]}}],"collection":[{"href":"https:\/\/yesilcember.eu\/tr\/wp-json\/wp\/v2\/pages"}],"about":[{"href":"https:\/\/yesilcember.eu\/tr\/wp-json\/wp\/v2\/types\/page"}],"author":[{"embeddable":true,"href":"https:\/\/yesilcember.eu\/tr\/wp-json\/wp\/v2\/users\/1"}],"replies":[{"embeddable":true,"href":"https:\/\/yesilcember.eu\/tr\/wp-json\/wp\/v2\/comments?post=2789"}],"version-history":[{"count":0,"href":"https:\/\/yesilcember.eu\/tr\/wp-json\/wp\/v2\/pages\/2789\/revisions"}],"wp:attachment":[{"href":"https:\/\/yesilcember.eu\/tr\/wp-json\/wp\/v2\/media?parent=2789"}],"curies":[{"name":"wp","href":"https:\/\/api.w.org\/{rel}","templated":true}]}}