{"id":3196,"date":"2022-07-05T12:19:54","date_gmt":"2022-07-05T10:19:54","guid":{"rendered":"https:\/\/yesilcember.eu\/?page_id=3196"},"modified":"2022-10-06T13:42:31","modified_gmt":"2022-10-06T11:42:31","slug":"rollberg-mahallesinde-surdurulebilirligi-guclendiriyoruz","status":"publish","type":"page","link":"https:\/\/yesilcember.eu\/tr\/bitmis-projeler\/rollberg-mahallesinde-surdurulebilirligi-guclendiriyoruz\/","title":{"rendered":"Rollberg Mahallesinde S\u00fcrd\u00fcr\u00fclebilirli\u011fi G\u00fc\u00e7lendiriyoruz"},"content":{"rendered":"\t\t<div data-elementor-type=\"wp-page\" data-elementor-id=\"3196\" class=\"elementor elementor-3196 elementor-1279\">\n\t\t\t\t\t\t<section class=\"elementor-section elementor-top-section elementor-element elementor-element-3e7fd362 elementor-section-full_width qode_elementor_container_inner elementor-section-height-default elementor-section-height-default parallax_section_no\" data-id=\"3e7fd362\" data-element_type=\"section\">\n\t\t\t\t\t\t<div class=\"elementor-container elementor-column-gap-default\">\n\t\t\t\t\t<div class=\"elementor-column elementor-col-100 elementor-top-column elementor-element elementor-element-2b6ad0fd\" data-id=\"2b6ad0fd\" data-element_type=\"column\">\n\t\t\t<div class=\"elementor-widget-wrap elementor-element-populated\">\n\t\t\t\t\t\t<div class=\"elementor-element elementor-element-3f019b51 elementor-widget elementor-widget-heading\" data-id=\"3f019b51\" data-element_type=\"widget\" data-widget_type=\"heading.default\">\n\t\t\t\t<div class=\"elementor-widget-container\">\n\t\t\t\t\t<h1 class=\"elementor-heading-title elementor-size-default\">Rollberg Mahallesi'nde S\u00fcrd\u00fcr\u00fclebilirli\u011fin G\u00fc\u00e7lendirilmesi<\/h1>\t\t\t\t<\/div>\n\t\t\t\t<\/div>\n\t\t\t\t<div class=\"elementor-element elementor-element-aecc636 elementor-widget elementor-widget-heading\" data-id=\"aecc636\" data-element_type=\"widget\" data-widget_type=\"heading.default\">\n\t\t\t\t<div class=\"elementor-widget-container\">\n\t\t\t\t\t<h4 class=\"elementor-heading-title elementor-size-default\">\"Payla\u015f, takas, onar\u0131m - Rollberg II'de s\u00fcrd\u00fcr\u00fclebilirlik\" projesinde b\u00f6lge sakinlerinin ve yerel akt\u00f6rlerin s\u00fcrd\u00fcr\u00fclebilirlik ve iklim koruma bilinci g\u00fc\u00e7lendiriliyor. \u00d6zellikle, akt\u00f6rlerin d\u00fc\u015f\u00fck at\u0131kl\u0131 etkinlikler d\u00fczenleme konusundaki taahh\u00fctlerine, yeniden kullan\u0131labilir kaplar ve dan\u0131\u015fmanl\u0131k hizmetleri ile daha fazla destek verilmesi gerekmektedir.\n<\/h4>\t\t\t\t<\/div>\n\t\t\t\t<\/div>\n\t\t\t\t<div class=\"elementor-element elementor-element-58ade62 elementor-widget elementor-widget-spacer\" data-id=\"58ade62\" data-element_type=\"widget\" data-widget_type=\"spacer.default\">\n\t\t\t\t<div class=\"elementor-widget-container\">\n\t\t\t\t\t\t\t<div class=\"elementor-spacer\">\n\t\t\t<div class=\"elementor-spacer-inner\"><\/div>\n\t\t<\/div>\n\t\t\t\t\t\t<\/div>\n\t\t\t\t<\/div>\n\t\t\t\t\t<\/div>\n\t\t<\/div>\n\t\t\t\t\t<\/div>\n\t\t<\/section>\n\t\t\t\t<section class=\"elementor-section elementor-top-section elementor-element elementor-element-1eeb0d4b elementor-section-full_width elementor-section-content-middle qode_elementor_container_inner elementor-section-height-default elementor-section-height-default parallax_section_no\" data-id=\"1eeb0d4b\" data-element_type=\"section\">\n\t\t\t\t\t\t<div class=\"elementor-container elementor-column-gap-default\">\n\t\t\t\t\t<div class=\"elementor-column elementor-col-50 elementor-top-column elementor-element elementor-element-76986e26\" data-id=\"76986e26\" data-element_type=\"column\">\n\t\t\t<div class=\"elementor-widget-wrap elementor-element-populated\">\n\t\t\t\t\t\t<div class=\"elementor-element elementor-element-ca2b1b1 elementor-widget elementor-widget-bridge_image_slider_no_space\" data-id=\"ca2b1b1\" data-element_type=\"widget\" data-widget_type=\"bridge_image_slider_no_space.default\">\n\t\t\t\t<div class=\"elementor-widget-container\">\n\t\t\t\t\t<div class='qode_image_gallery_no_space light'>\n            <div class='qode_image_gallery_holder' style='height: 498px;'>\n                <ul ><li >\n                    <div style=\"height: 498px; width:658px;\"><img decoding=\"async\" itemprop=\"image\" src=\"https:\/\/yesilcember.eu\/wp-content\/uploads\/2022\/07\/yesil-cember_projekt_rollbergkiez04.jpg\" alt=\"\" \/><\/div><\/li><li >\n                    <div style=\"height: 498px; width:658px;\"><img decoding=\"async\" itemprop=\"image\" src=\"https:\/\/yesilcember.eu\/wp-content\/uploads\/2022\/07\/yesil-cember_projekt_rollbergkiez03.jpg\" alt=\"\" \/><\/div><\/li><li >\n                    <div style=\"height: 498px; width:658px;\"><img decoding=\"async\" itemprop=\"image\" src=\"https:\/\/yesilcember.eu\/wp-content\/uploads\/2022\/07\/yesil-cember_projekt_rollbergkiez_logo.png\" alt=\"\" \/><\/div><\/li><li >\n                    <div style=\"height: 498px; width:658px;\"><img decoding=\"async\" itemprop=\"image\" src=\"https:\/\/yesilcember.eu\/wp-content\/uploads\/2022\/07\/yesil-cember_projekt_rollbergkiez02.jpg\" alt=\"\" \/><\/div><\/li><li >\n                    <div style=\"height: 498px; width:658px;\"><img decoding=\"async\" itemprop=\"image\" src=\"https:\/\/yesilcember.eu\/wp-content\/uploads\/2022\/07\/yesil-cember_projekt_rollbergkiez06.jpg\" alt=\"\" \/><\/div><\/li><li >\n                    <div style=\"height: 498px; width:658px;\"><img decoding=\"async\" itemprop=\"image\" src=\"https:\/\/yesilcember.eu\/wp-content\/uploads\/2022\/07\/yesil-cember_projekt_rollbergkiez10.jpg\" alt=\"\" \/><\/div><\/li><\/ul>\n          <\/div>\n          <div class='controls'>\n              <a class='prev-slide' href='#'><span><i class='fa fa-angle-left'><\/i><\/span><\/a>\n              <a class='next-slide' href='#'><span><i class='fa fa-angle-right'><\/i><\/span><\/a>\n          <\/div>\n      <\/div>\t\t\t\t<\/div>\n\t\t\t\t<\/div>\n\t\t\t\t\t<\/div>\n\t\t<\/div>\n\t\t\t\t<div class=\"elementor-column elementor-col-50 elementor-top-column elementor-element elementor-element-745c312a\" data-id=\"745c312a\" data-element_type=\"column\">\n\t\t\t<div class=\"elementor-widget-wrap elementor-element-populated\">\n\t\t\t\t\t\t<div class=\"elementor-element elementor-element-2c9d03de elementor-widget elementor-widget-spacer\" data-id=\"2c9d03de\" data-element_type=\"widget\" data-widget_type=\"spacer.default\">\n\t\t\t\t<div class=\"elementor-widget-container\">\n\t\t\t\t\t\t\t<div class=\"elementor-spacer\">\n\t\t\t<div class=\"elementor-spacer-inner\"><\/div>\n\t\t<\/div>\n\t\t\t\t\t\t<\/div>\n\t\t\t\t<\/div>\n\t\t\t\t<div class=\"elementor-element elementor-element-7e5e2a7f elementor-widget elementor-widget-heading\" data-id=\"7e5e2a7f\" data-element_type=\"widget\" data-widget_type=\"heading.default\">\n\t\t\t\t<div class=\"elementor-widget-container\">\n\t\t\t\t\t<h5 class=\"elementor-heading-title elementor-size-default\">\"Payla\u015f, takas, onar\u0131m - Rollberg II'de s\u00fcrd\u00fcr\u00fclebilirlik\" projesinde b\u00f6lge sakinlerinin ve yerel akt\u00f6rlerin s\u00fcrd\u00fcr\u00fclebilirlik ve iklim koruma bilinci g\u00fc\u00e7lendiriliyor. \u00d6zellikle, akt\u00f6rlerin d\u00fc\u015f\u00fck at\u0131kl\u0131 etkinlikler d\u00fczenleme konusundaki taahh\u00fctlerine, yeniden kullan\u0131labilir kaplar ve dan\u0131\u015fmanl\u0131k hizmetleri ile daha fazla destek verilmesi gerekmektedir.\n<\/h5>\t\t\t\t<\/div>\n\t\t\t\t<\/div>\n\t\t\t\t\t<\/div>\n\t\t<\/div>\n\t\t\t\t\t<\/div>\n\t\t<\/section>\n\t\t\t\t<section class=\"elementor-section elementor-top-section elementor-element elementor-element-cd7b1bc elementor-section-full_width elementor-section-content-middle qode_elementor_container_inner elementor-section-height-default elementor-section-height-default parallax_section_no\" data-id=\"cd7b1bc\" data-element_type=\"section\">\n\t\t\t\t\t\t<div class=\"elementor-container elementor-column-gap-default\">\n\t\t\t\t\t<div class=\"elementor-column elementor-col-50 elementor-top-column elementor-element elementor-element-341012d\" data-id=\"341012d\" data-element_type=\"column\">\n\t\t\t<div class=\"elementor-widget-wrap elementor-element-populated\">\n\t\t\t\t\t\t<div class=\"elementor-element elementor-element-d5d7f25 elementor-widget elementor-widget-heading\" data-id=\"d5d7f25\" data-element_type=\"widget\" data-widget_type=\"heading.default\">\n\t\t\t\t<div class=\"elementor-widget-container\">\n\t\t\t\t\t<h5 class=\"elementor-heading-title elementor-size-default\">2018'den bu yana varl\u0131\u011f\u0131n\u0131 s\u00fcrd\u00fcren Tamir Kafe, g\u00f6n\u00fcll\u00fclerin deste\u011fiyle y\u00fcr\u00fct\u00fclmeye devam ediyor. Ayr\u0131ca, kendi kendine yard\u0131m\u0131 te\u015fvik etmek i\u00e7in kiralanabilecek bir mobil tamir stand\u0131m\u0131z da bulunmaktad\u0131r. Bir\u00e7ok kat\u0131l\u0131mc\u0131 faaliyetleri (\u00f6rne\u011fin bit pazarlar\u0131, tamir kafesinin deste\u011fi ve temizlik faaliyetleri) Rollberg mahallesinin s\u00fcrd\u00fcr\u00fclebilirlik ve iklim koruma konusundaki fark\u0131ndal\u0131\u011f\u0131n\u0131 te\u015fvik etmeyi ve g\u00fc\u00e7lendirmeyi ama\u00e7lamaktad\u0131r.<\/h5>\t\t\t\t<\/div>\n\t\t\t\t<\/div>\n\t\t\t\t<div class=\"elementor-element elementor-element-22188b0 elementor-widget elementor-widget-spacer\" data-id=\"22188b0\" data-element_type=\"widget\" data-widget_type=\"spacer.default\">\n\t\t\t\t<div class=\"elementor-widget-container\">\n\t\t\t\t\t\t\t<div class=\"elementor-spacer\">\n\t\t\t<div class=\"elementor-spacer-inner\"><\/div>\n\t\t<\/div>\n\t\t\t\t\t\t<\/div>\n\t\t\t\t<\/div>\n\t\t\t\t\t<\/div>\n\t\t<\/div>\n\t\t\t\t<div class=\"elementor-column elementor-col-50 elementor-top-column elementor-element elementor-element-f062b3f\" data-id=\"f062b3f\" data-element_type=\"column\">\n\t\t\t<div class=\"elementor-widget-wrap elementor-element-populated\">\n\t\t\t\t\t\t<div class=\"elementor-element elementor-element-e0934ab elementor-widget elementor-widget-bridge_image_slider_no_space\" data-id=\"e0934ab\" data-element_type=\"widget\" data-widget_type=\"bridge_image_slider_no_space.default\">\n\t\t\t\t<div class=\"elementor-widget-container\">\n\t\t\t\t\t<div class='qode_image_gallery_no_space light'>\n            <div class='qode_image_gallery_holder' style='height: 498px;'>\n                <ul ><li >\n                    <div style=\"height: 498px; width:658px;\"><img decoding=\"async\" itemprop=\"image\" src=\"https:\/\/yesilcember.eu\/wp-content\/uploads\/2022\/07\/yesil-cember_projekt_rollbergkiez08.jpg\" alt=\"\" \/><\/div><\/li><li >\n                    <div style=\"height: 498px; width:658px;\"><img decoding=\"async\" itemprop=\"image\" src=\"https:\/\/yesilcember.eu\/wp-content\/uploads\/2022\/07\/yesil-cember_projekt_rollbergkiez07.jpg\" alt=\"\" \/><\/div><\/li><li >\n                    <div style=\"height: 498px; width:658px;\"><img decoding=\"async\" itemprop=\"image\" src=\"https:\/\/yesilcember.eu\/wp-content\/uploads\/2022\/07\/yesil-cember_projekt_rollbergkiez09.jpg\" alt=\"\" \/><\/div><\/li><\/ul>\n          <\/div>\n          <div class='controls'>\n              <a class='prev-slide' href='#'><span><i class='fa fa-angle-left'><\/i><\/span><\/a>\n              <a class='next-slide' href='#'><span><i class='fa fa-angle-right'><\/i><\/span><\/a>\n          <\/div>\n      <\/div>\t\t\t\t<\/div>\n\t\t\t\t<\/div>\n\t\t\t\t\t<\/div>\n\t\t<\/div>\n\t\t\t\t\t<\/div>\n\t\t<\/section>\n\t\t\t\t<section class=\"elementor-section elementor-top-section elementor-element elementor-element-498430f elementor-section-full_width elementor-section-content-middle qode_elementor_container_inner elementor-section-height-default elementor-section-height-default parallax_section_no\" data-id=\"498430f\" data-element_type=\"section\">\n\t\t\t\t\t\t<div class=\"elementor-container elementor-column-gap-default\">\n\t\t\t\t\t<div class=\"elementor-column elementor-col-50 elementor-top-column elementor-element elementor-element-a2d8761\" data-id=\"a2d8761\" data-element_type=\"column\">\n\t\t\t<div class=\"elementor-widget-wrap elementor-element-populated\">\n\t\t\t\t\t\t<div class=\"elementor-element elementor-element-d43f802 elementor-widget elementor-widget-image\" data-id=\"d43f802\" data-element_type=\"widget\" data-widget_type=\"image.default\">\n\t\t\t\t<div class=\"elementor-widget-container\">\n\t\t\t\t\t\t\t\t\t\t\t\t\t\t\t<img fetchpriority=\"high\" decoding=\"async\" width=\"900\" height=\"682\" src=\"https:\/\/yesilcember.eu\/wp-content\/uploads\/2022\/07\/yesil-cember_projekt_rollbergkiez01.jpg\" class=\"attachment-large size-large wp-image-2658\" alt=\"\" srcset=\"https:\/\/yesilcember.eu\/wp-content\/uploads\/2022\/07\/yesil-cember_projekt_rollbergkiez01.jpg 900w, https:\/\/yesilcember.eu\/wp-content\/uploads\/2022\/07\/yesil-cember_projekt_rollbergkiez01-300x227.jpg 300w, https:\/\/yesilcember.eu\/wp-content\/uploads\/2022\/07\/yesil-cember_projekt_rollbergkiez01-768x582.jpg 768w, https:\/\/yesilcember.eu\/wp-content\/uploads\/2022\/07\/yesil-cember_projekt_rollbergkiez01-500x380.jpg 500w, https:\/\/yesilcember.eu\/wp-content\/uploads\/2022\/07\/yesil-cember_projekt_rollbergkiez01-700x530.jpg 700w\" sizes=\"(max-width: 900px) 100vw, 900px\" \/>\t\t\t\t\t\t\t\t\t\t\t\t\t\t\t<\/div>\n\t\t\t\t<\/div>\n\t\t\t\t\t<\/div>\n\t\t<\/div>\n\t\t\t\t<div class=\"elementor-column elementor-col-50 elementor-top-column elementor-element elementor-element-d787d74\" data-id=\"d787d74\" data-element_type=\"column\">\n\t\t\t<div class=\"elementor-widget-wrap elementor-element-populated\">\n\t\t\t\t\t\t<div class=\"elementor-element elementor-element-31e5909 elementor-widget elementor-widget-heading\" data-id=\"31e5909\" data-element_type=\"widget\" data-widget_type=\"heading.default\">\n\t\t\t\t<div class=\"elementor-widget-container\">\n\t\t\t\t\t<h5 class=\"elementor-heading-title elementor-size-default\">Bilin\u00e7li, sorumlu ve s\u00fcrd\u00fcr\u00fclebilir kaynak kullan\u0131m\u0131, t\u00fcketim ve israftan ka\u00e7\u0131nma, gen\u00e7ten ya\u015fl\u0131ya herkes i\u00e7in \u00e7evre isti\u015fareleri, e\u011fitim ve at\u00f6lye \u00e7al\u0131\u015fmalar\u0131 yoluyla \u00f6\u011fretilmektedir. Kat\u0131l\u0131mc\u0131lar, edindikleri bilgileri di\u011fer kullan\u0131c\u0131 gruplar\u0131na aktarmak \u00fczere e\u011fitilir. Rollberg s\u00fcrd\u00fcr\u00fclebilirlik a\u011f\u0131, s\u00fcrd\u00fcr\u00fclebilir ve profesyonel a\u011f olu\u015fturma ve bilgi al\u0131\u015fveri\u015fini m\u00fcmk\u00fcn k\u0131lmak i\u00e7in daha da geni\u015fletilecektir. Yerel sakinler de bu a\u011fa kat\u0131lmaya davet edilmektedir.<\/h5>\t\t\t\t<\/div>\n\t\t\t\t<\/div>\n\t\t\t\t<div class=\"elementor-element elementor-element-069882b elementor-widget elementor-widget-spacer\" data-id=\"069882b\" data-element_type=\"widget\" data-widget_type=\"spacer.default\">\n\t\t\t\t<div class=\"elementor-widget-container\">\n\t\t\t\t\t\t\t<div class=\"elementor-spacer\">\n\t\t\t<div class=\"elementor-spacer-inner\"><\/div>\n\t\t<\/div>\n\t\t\t\t\t\t<\/div>\n\t\t\t\t<\/div>\n\t\t\t\t<div class=\"elementor-element elementor-element-c571813 elementor-widget elementor-widget-heading\" data-id=\"c571813\" data-element_type=\"widget\" data-widget_type=\"heading.default\">\n\t\t\t\t<div class=\"elementor-widget-container\">\n\t\t\t\t\t<h5 class=\"elementor-heading-title elementor-size-default\"><a href=\"http:\/\/www.rollberg-quartier.de\/index.php\/39-quartiersmanagement-rollbergsiedlung\/projekte\/916-teilen-tauschen-reparieren\" target=\"_blank\">Proje hakk\u0131nda daha fazla bilgi i\u00e7in mahalle y\u00f6netimi Rollbergsiedlung'un web sitesine bak\u0131n\u0131z<\/a><\/h5>\t\t\t\t<\/div>\n\t\t\t\t<\/div>\n\t\t\t\t\t<\/div>\n\t\t<\/div>\n\t\t\t\t\t<\/div>\n\t\t<\/section>\n\t\t\t\t<section class=\"elementor-section elementor-top-section elementor-element elementor-element-ed26863 qode_elementor_container_inner elementor-section-full_width elementor-section-height-default elementor-section-height-default parallax_section_no\" data-id=\"ed26863\" data-element_type=\"section\">\n\t\t\t\t\t\t<div class=\"elementor-container elementor-column-gap-default\">\n\t\t\t\t\t<div class=\"elementor-column elementor-col-100 elementor-top-column elementor-element elementor-element-69c63a2\" data-id=\"69c63a2\" data-element_type=\"column\">\n\t\t\t<div class=\"elementor-widget-wrap elementor-element-populated\">\n\t\t\t\t\t\t<div class=\"elementor-element elementor-element-3fffff9a elementor-widget elementor-widget-spacer\" data-id=\"3fffff9a\" data-element_type=\"widget\" data-widget_type=\"spacer.default\">\n\t\t\t\t<div class=\"elementor-widget-container\">\n\t\t\t\t\t\t\t<div class=\"elementor-spacer\">\n\t\t\t<div class=\"elementor-spacer-inner\"><\/div>\n\t\t<\/div>\n\t\t\t\t\t\t<\/div>\n\t\t\t\t<\/div>\n\t\t\t\t<div class=\"elementor-element elementor-element-71e62be0 elementor-widget elementor-widget-spacer\" data-id=\"71e62be0\" data-element_type=\"widget\" data-widget_type=\"spacer.default\">\n\t\t\t\t<div class=\"elementor-widget-container\">\n\t\t\t\t\t\t\t<div class=\"elementor-spacer\">\n\t\t\t<div class=\"elementor-spacer-inner\"><\/div>\n\t\t<\/div>\n\t\t\t\t\t\t<\/div>\n\t\t\t\t<\/div>\n\t\t\t\t<div class=\"elementor-element elementor-element-5917de94 elementor-widget elementor-widget-bridge_button\" data-id=\"5917de94\" data-element_type=\"widget\" data-widget_type=\"bridge_button.default\">\n\t\t\t\t<div class=\"elementor-widget-container\">\n\t\t\t\t\t<a  itemprop=\"url\" href=\"\/tr\/projeler\/\" target=\"_self\"  class=\"qbutton  default\" style=\"\">Genel bak\u0131\u015fa geri d\u00f6n<\/a>\t\t\t\t<\/div>\n\t\t\t\t<\/div>\n\t\t\t\t\t<\/div>\n\t\t<\/div>\n\t\t\t\t\t<\/div>\n\t\t<\/section>\n\t\t\t\t<section class=\"elementor-section elementor-top-section elementor-element elementor-element-a4a7aac elementor-section-boxed elementor-section-height-default elementor-section-height-default parallax_section_no qode_elementor_container_no\" data-id=\"a4a7aac\" data-element_type=\"section\">\n\t\t\t\t\t\t<div class=\"elementor-container elementor-column-gap-default\">\n\t\t\t\t\t<div class=\"elementor-column elementor-col-100 elementor-top-column elementor-element elementor-element-6163339\" data-id=\"6163339\" data-element_type=\"column\">\n\t\t\t<div class=\"elementor-widget-wrap elementor-element-populated\">\n\t\t\t\t\t\t<div class=\"elementor-element elementor-element-ab48783 elementor-widget elementor-widget-spacer\" data-id=\"ab48783\" data-element_type=\"widget\" data-widget_type=\"spacer.default\">\n\t\t\t\t<div class=\"elementor-widget-container\">\n\t\t\t\t\t\t\t<div class=\"elementor-spacer\">\n\t\t\t<div class=\"elementor-spacer-inner\"><\/div>\n\t\t<\/div>\n\t\t\t\t\t\t<\/div>\n\t\t\t\t<\/div>\n\t\t\t\t\t<\/div>\n\t\t<\/div>\n\t\t\t\t\t<\/div>\n\t\t<\/section>\n\t\t\t\t<\/div>\n\t\t","protected":false},"excerpt":{"rendered":"<p>Rollberg Mahallesi&#8217;nde S\u00fcrd\u00fcr\u00fclebilirli\u011fin G\u00fc\u00e7lendirilmesi &#8220;Payla\u015f, takas, onar\u0131m &#8211; Rollberg II&#8217;de s\u00fcrd\u00fcr\u00fclebilirlik&#8221; projesinde b\u00f6lge sakinlerinin ve yerel akt\u00f6rlerin s\u00fcrd\u00fcr\u00fclebilirlik ve iklim koruma bilinci g\u00fc\u00e7lendiriliyor. \u00d6zellikle, akt\u00f6rlerin d\u00fc\u015f\u00fck at\u0131kl\u0131 etkinlikler d\u00fczenleme konusundaki taahh\u00fctlerine, yeniden kullan\u0131labilir kaplar ve dan\u0131\u015fmanl\u0131k hizmetleri ile daha fazla destek verilmesi gerekmektedir. &#8220;Payla\u015f, takas,&#8230;<\/p>\n","protected":false},"author":7,"featured_media":0,"parent":6595,"menu_order":0,"comment_status":"closed","ping_status":"closed","template":"full_width.php","meta":{"footnotes":""},"class_list":["post-3196","page","type-page","status-publish","hentry"],"_links":{"self":[{"href":"https:\/\/yesilcember.eu\/tr\/wp-json\/wp\/v2\/pages\/3196","targetHints":{"allow":["GET"]}}],"collection":[{"href":"https:\/\/yesilcember.eu\/tr\/wp-json\/wp\/v2\/pages"}],"about":[{"href":"https:\/\/yesilcember.eu\/tr\/wp-json\/wp\/v2\/types\/page"}],"author":[{"embeddable":true,"href":"https:\/\/yesilcember.eu\/tr\/wp-json\/wp\/v2\/users\/7"}],"replies":[{"embeddable":true,"href":"https:\/\/yesilcember.eu\/tr\/wp-json\/wp\/v2\/comments?post=3196"}],"version-history":[{"count":0,"href":"https:\/\/yesilcember.eu\/tr\/wp-json\/wp\/v2\/pages\/3196\/revisions"}],"up":[{"embeddable":true,"href":"https:\/\/yesilcember.eu\/tr\/wp-json\/wp\/v2\/pages\/6595"}],"wp:attachment":[{"href":"https:\/\/yesilcember.eu\/tr\/wp-json\/wp\/v2\/media?parent=3196"}],"curies":[{"name":"wp","href":"https:\/\/api.w.org\/{rel}","templated":true}]}}