{"id":3249,"date":"2022-07-25T18:45:30","date_gmt":"2022-07-25T16:45:30","guid":{"rendered":"https:\/\/yesilcember.eu\/?page_id=3249"},"modified":"2025-09-03T13:19:54","modified_gmt":"2025-09-03T11:19:54","slug":"gizlilik","status":"publish","type":"page","link":"https:\/\/yesilcember.eu\/tr\/gizlilik\/","title":{"rendered":"Gizlilik"},"content":{"rendered":"\t\t<div data-elementor-type=\"wp-page\" data-elementor-id=\"3249\" class=\"elementor elementor-3249 elementor-2313\">\n\t\t\t\t\t\t<section class=\"elementor-section elementor-top-section elementor-element elementor-element-31ee4b8 elementor-section-full_width qode_elementor_container_inner elementor-section-height-default elementor-section-height-default parallax_section_no\" data-id=\"31ee4b8\" data-element_type=\"section\">\n\t\t\t\t\t\t<div class=\"elementor-container elementor-column-gap-default\">\n\t\t\t\t\t<div class=\"elementor-column elementor-col-100 elementor-top-column elementor-element elementor-element-d0123be\" data-id=\"d0123be\" data-element_type=\"column\">\n\t\t\t<div class=\"elementor-widget-wrap\">\n\t\t\t\t\t\t\t<\/div>\n\t\t<\/div>\n\t\t\t\t\t<\/div>\n\t\t<\/section>\n\t\t\t\t<section class=\"elementor-section elementor-top-section elementor-element elementor-element-61e760e elementor-section-full_width qode_elementor_container_inner elementor-section-height-default elementor-section-height-default parallax_section_no\" data-id=\"61e760e\" data-element_type=\"section\">\n\t\t\t\t\t\t<div class=\"elementor-container elementor-column-gap-default\">\n\t\t\t\t\t<div class=\"elementor-column elementor-col-100 elementor-top-column elementor-element elementor-element-3f4f732\" data-id=\"3f4f732\" data-element_type=\"column\">\n\t\t\t<div class=\"elementor-widget-wrap elementor-element-populated\">\n\t\t\t\t\t\t<div class=\"elementor-element elementor-element-c02db75 elementor-widget elementor-widget-spacer\" data-id=\"c02db75\" data-element_type=\"widget\" data-widget_type=\"spacer.default\">\n\t\t\t\t<div class=\"elementor-widget-container\">\n\t\t\t\t\t\t\t<div class=\"elementor-spacer\">\n\t\t\t<div class=\"elementor-spacer-inner\"><\/div>\n\t\t<\/div>\n\t\t\t\t\t\t<\/div>\n\t\t\t\t<\/div>\n\t\t\t\t\t<\/div>\n\t\t<\/div>\n\t\t\t\t\t<\/div>\n\t\t<\/section>\n\t\t\t\t<section class=\"elementor-section elementor-top-section elementor-element elementor-element-008a457 elementor-section-boxed elementor-section-height-default elementor-section-height-default parallax_section_no qode_elementor_container_no\" data-id=\"008a457\" data-element_type=\"section\">\n\t\t\t\t\t\t<div class=\"elementor-container elementor-column-gap-default\">\n\t\t\t\t\t<div class=\"elementor-column elementor-col-100 elementor-top-column elementor-element elementor-element-b7bc267\" data-id=\"b7bc267\" data-element_type=\"column\">\n\t\t\t<div class=\"elementor-widget-wrap elementor-element-populated\">\n\t\t\t\t\t\t<div class=\"elementor-element elementor-element-7fde948 elementor-widget elementor-widget-text-editor\" data-id=\"7fde948\" data-element_type=\"widget\" data-widget_type=\"text-editor.default\">\n\t\t\t\t<div class=\"elementor-widget-container\">\n\t\t\t\t\t\t\t\t\t<h2>Gizlilik Politikas\u0131<\/h2><h3>Kapsam<\/h3><p>Bu gizlilik politikas\u0131, kullan\u0131c\u0131lar\u0131 bu web sitesinde (bundan b\u00f6yle &#8220;Teklif&#8221; olarak an\u0131lacakt\u0131r) sorumlu sa\u011flay\u0131c\u0131 [Ye\u015fil \u00c7ember &#8211; \u00f6kologisch interkulturell gGmbH | c\/o Global Village, Am Sudhaus 2, 12053 Berlin, info@yesilcember.eu] taraf\u0131ndan ki\u015fisel verilerin toplanmas\u0131 ve kullan\u0131lmas\u0131n\u0131n niteli\u011fi, kapsam\u0131 ve amac\u0131 hakk\u0131nda bilgilendirir.<\/p><h3>Veri koruman\u0131n yasal dayana\u011f\u0131<\/h3><p>Federal Veri Koruma Yasas\u0131 (BDSG) ve Telemedya Yasas\u0131&#8217;nda (TMG) bulunabilir.<\/p><h3>Verilere eri\u015fim\/ Sunucu g\u00fcnl\u00fck dosyalar\u0131<\/h3><p>Sa\u011flay\u0131c\u0131 (veya web alan\u0131 sa\u011flay\u0131c\u0131s\u0131), teklife yap\u0131lan her eri\u015fim hakk\u0131nda veri toplar (sunucu g\u00fcnl\u00fck dosyalar\u0131 olarak adland\u0131r\u0131l\u0131r). Eri\u015fim verileri \u015funlar\u0131 i\u00e7erir:<\/p><p>Eri\u015filen web sitesinin ad\u0131, dosya, eri\u015fim tarihi ve saati, aktar\u0131lan veri miktar\u0131, ba\u015far\u0131l\u0131 eri\u015fim bildirimi, taray\u0131c\u0131 t\u00fcr\u00fc ve s\u00fcr\u00fcm\u00fc, kullan\u0131c\u0131n\u0131n i\u015fletim sistemi, y\u00f6nlendiren URL (daha \u00f6nce ziyaret edilen sayfa), IP adresi ve talep eden sa\u011flay\u0131c\u0131.<\/p><p>Sa\u011flay\u0131c\u0131, g\u00fcnl\u00fck verilerini yaln\u0131zca teklifin i\u015fletimi, g\u00fcvenli\u011fi ve optimizasyonu amac\u0131yla istatistiksel de\u011ferlendirmeler i\u00e7in kullan\u0131r. Bununla birlikte, sa\u011flay\u0131c\u0131, somut belirtilere dayanarak yasa d\u0131\u015f\u0131 kullan\u0131ma ili\u015fkin hakl\u0131 bir \u015f\u00fcphe varsa, g\u00fcnl\u00fck verilerini daha sonra kontrol etme hakk\u0131n\u0131 sakl\u0131 tutar.<\/p><h3>Ki\u015fisel verilerin i\u015flenmesi<\/h3><p>Ki\u015fisel veriler, bir ki\u015finin kimli\u011finin belirlenebildi\u011fi, yani bir ki\u015fiye kadar izlenebilen bilgilerdir. Buna isim, e-posta adresi veya telefon numaras\u0131 dahildir. Ancak tercihler, hobiler, \u00fcyelikler veya bir ki\u015finin hangi web sitelerini g\u00f6r\u00fcnt\u00fcledi\u011fi hakk\u0131ndaki veriler de ki\u015fisel veri olarak say\u0131l\u0131r.<\/p><p>Ki\u015fisel veriler, sa\u011flay\u0131c\u0131 taraf\u0131ndan yaln\u0131zca yasalar\u0131n izin vermesi veya kullan\u0131c\u0131n\u0131n verilerin toplanmas\u0131na r\u0131za g\u00f6stermesi halinde toplan\u0131r, kullan\u0131l\u0131r ve aktar\u0131l\u0131r.<\/p><h3>\u0130leti\u015fim<\/h3><p>Sa\u011flay\u0131c\u0131 ile ileti\u015fime ge\u00e7ildi\u011finde (\u00f6rne\u011fin ileti\u015fim formu veya e-posta yoluyla), kullan\u0131c\u0131n\u0131n bilgileri sorgunun i\u015flenmesi amac\u0131yla ve takip eden sorular\u0131n ortaya \u00e7\u0131kmas\u0131 durumunda saklan\u0131r.<\/p><h3>Yorumlar ve katk\u0131lar<\/h3><p>Kullan\u0131c\u0131lar bloga yorum b\u0131rakt\u0131klar\u0131nda veya ba\u015fka katk\u0131larda bulunduklar\u0131nda IP adresleri saklan\u0131r. Bu, birisinin yorumlarda ve g\u00f6nderilerde yasad\u0131\u015f\u0131 i\u00e7erik yazmas\u0131 durumunda (hakaret, yasak siyasi propaganda vb.) sa\u011flay\u0131c\u0131n\u0131n g\u00fcvenli\u011fi i\u00e7in yap\u0131l\u0131r. Bu durumda, sa\u011flay\u0131c\u0131n\u0131n kendisi yorum veya g\u00f6nderi nedeniyle kovu\u015fturulabilir ve bu nedenle yazar\u0131n kimli\u011fiyle ilgilenir.<\/p><h3>\u00dc\u00e7\u00fcnc\u00fc taraf hizmetlerinin ve i\u00e7eri\u011finin entegrasyonu<\/h3><p>YouTube&#8217;dan videolar, Google Haritalar&#8217;dan haritalar, RSS beslemeleri veya di\u011fer web sitelerinden grafikler gibi \u00fc\u00e7\u00fcnc\u00fc taraf i\u00e7erikleri bu \u00e7evrimi\u00e7i teklife entegre edilmi\u015f olabilir. Bu her zaman, bu i\u00e7eri\u011fin sa\u011flay\u0131c\u0131lar\u0131n\u0131n (bundan b\u00f6yle &#8220;\u00fc\u00e7\u00fcnc\u00fc taraf sa\u011flay\u0131c\u0131lar&#8221; olarak an\u0131lacakt\u0131r) kullan\u0131c\u0131n\u0131n IP adresinden haberdar oldu\u011funu varsayar. IP adresi olmadan, i\u00e7eri\u011fi ilgili kullan\u0131c\u0131n\u0131n taray\u0131c\u0131s\u0131na g\u00f6nderemezlerdi. Bu nedenle IP adresi bu i\u00e7eri\u011fin sunumu i\u00e7in gereklidir. Yaln\u0131zca ilgili sa\u011flay\u0131c\u0131lar\u0131n i\u00e7eri\u011fi sunmak i\u00e7in yaln\u0131zca IP adresini kulland\u0131\u011f\u0131 i\u00e7eri\u011fi kullanmaya \u00e7al\u0131\u015f\u0131yoruz. Ancak, \u00fc\u00e7\u00fcnc\u00fc taraf sa\u011flay\u0131c\u0131lar\u0131n IP adresini, \u00f6rne\u011fin istatistiksel ama\u00e7lar i\u00e7in saklay\u0131p saklamad\u0131klar\u0131 konusunda bir etkimiz yoktur. Bu bizim taraf\u0131m\u0131zdan bilindi\u011fi \u00f6l\u00e7\u00fcde, kullan\u0131c\u0131lar\u0131 bu konuda bilgilendiririz.<\/p><h3>\u00c7erezler<\/h3><p>\u00c7erezler, kullan\u0131c\u0131n\u0131n eri\u015fim cihaz\u0131nda (PC, ak\u0131ll\u0131 telefon veya benzeri) cihazla ilgili belirli bilgilerin saklanmas\u0131n\u0131 m\u00fcmk\u00fcn k\u0131lan k\u00fc\u00e7\u00fck dosyalard\u0131r. Bir yandan web sitelerinin ve dolay\u0131s\u0131yla kullan\u0131c\u0131lar\u0131n kullan\u0131m kolayl\u0131\u011f\u0131na hizmet ederler (\u00f6rne\u011fin oturum a\u00e7ma verilerinin depolanmas\u0131). \u00d6te yandan, web sitesi kullan\u0131m\u0131 hakk\u0131nda istatistiksel veri toplamaya ve teklifi iyile\u015ftirmek amac\u0131yla analiz edebilmeye hizmet ederler. Kullan\u0131c\u0131lar \u00e7erezlerin kullan\u0131m\u0131n\u0131 etkileyebilir. \u00c7o\u011fu taray\u0131c\u0131da \u00e7erezlerin depolanmas\u0131n\u0131 k\u0131s\u0131tlama veya tamamen \u00f6nleme se\u00e7ene\u011fi vard\u0131r. Ancak \u00e7erezler olmadan kullan\u0131m\u0131n ve \u00f6zellikle kullan\u0131c\u0131 konforunun s\u0131n\u0131rl\u0131 olaca\u011f\u0131na dikkat \u00e7ekilmektedir.<\/p><p>\u015eirketlerden gelen bir\u00e7ok \u00e7evrimi\u00e7i reklam \u00e7erezini ABD sitesi http:\/\/www.aboutads.info\/choices\/ veya AB sitesi http:\/\/www.youronlinechoices.com\/uk\/your-ad-choices\/ \u00fczerinden y\u00f6netebilirsiniz.<\/p><h3>Kay\u0131t fonksiyonu<\/h3><p>Kay\u0131t s\u0131ras\u0131nda girilen veriler, teklifin kullan\u0131lmas\u0131 amac\u0131yla kullan\u0131l\u0131r. Kullan\u0131c\u0131lar, teklifin kapsam\u0131ndaki de\u011fi\u015fiklikler veya teknik ko\u015fullar gibi teklif veya kay\u0131tla ilgili bilgiler hakk\u0131nda e-posta yoluyla bilgilendirilebilir. Toplanan veriler kay\u0131t kapsam\u0131ndaki giri\u015f maskesinden g\u00f6r\u00fclebilir. Buna [\u0130S\u0130M, E-POSTA ADRES\u0130, DAH\u0130L\u0130 FORUM KULLANIMI \u0130\u00c7\u0130N IP ADRES\u0130] dahildir.<\/p><h3>Facebook Sosyal Eklentilerinin Kullan\u0131m\u0131<\/h3><p>Bu web sitesi, Facebook Ireland Ltd, 4 Grand Canal Square, Grand Canal Harbour, Dublin 2, \u0130rlanda (&#8220;Facebook&#8221;) taraf\u0131ndan i\u015fletilen facebook.com sosyal a\u011f\u0131n\u0131n sosyal eklentilerini (&#8220;Eklentiler&#8221;) kullanmaktad\u0131r. Eklentiler Facebook logolar\u0131ndan biriyle (mavi bir kutucuk \u00fczerinde beyaz &#8220;f&#8221;, &#8220;Be\u011fen&#8221;, &#8220;Be\u011fen&#8221; terimleri veya &#8220;ba\u015fparmak yukar\u0131&#8221; i\u015fareti) tan\u0131nabilir veya &#8220;Facebook Sosyal Eklentisi&#8221; eklentisiyle i\u015faretlenir. Facebook sosyal eklentilerinin listesi ve g\u00f6r\u00fcn\u00fcm\u00fc buradan g\u00f6r\u00fcnt\u00fclenebilir: https:\/\/developers.facebook.com\/docs\/plugins\/.<\/p><p>Bir kullan\u0131c\u0131 b\u00f6yle bir eklenti i\u00e7eren bu teklifin bir web sitesini arad\u0131\u011f\u0131nda, taray\u0131c\u0131s\u0131 Facebook sunucular\u0131yla do\u011frudan bir ba\u011flant\u0131 kurar. Eklentinin i\u00e7eri\u011fi Facebook taraf\u0131ndan do\u011frudan taray\u0131c\u0131n\u0131za iletilir ve daha sonra web sitesine entegre edilir. Bu nedenle sa\u011flay\u0131c\u0131n\u0131n Facebook&#8217;un bu eklenti yard\u0131m\u0131yla toplad\u0131\u011f\u0131 verilerin kapsam\u0131 \u00fczerinde hi\u00e7bir etkisi yoktur ve bu nedenle kullan\u0131c\u0131lar\u0131 kendi bilgi d\u00fczeyine g\u00f6re bilgilendirir:<\/p><p>Eklentileri entegre ederek Facebook, bir kullan\u0131c\u0131n\u0131n teklifin ilgili sayfas\u0131n\u0131 \u00e7a\u011f\u0131rd\u0131\u011f\u0131 bilgisini al\u0131r. Kullan\u0131c\u0131 Facebook&#8217;ta oturum a\u00e7m\u0131\u015fsa, Facebook ziyareti kullan\u0131c\u0131n\u0131n Facebook hesab\u0131na atayabilir. Kullan\u0131c\u0131lar, \u00f6rne\u011fin Be\u011fen d\u00fc\u011fmesine t\u0131klayarak veya bir yorum g\u00f6ndererek eklentilerle etkile\u015fime girerse, ilgili bilgiler do\u011frudan taray\u0131c\u0131lar\u0131ndan Facebook&#8217;a iletilir ve orada saklan\u0131r. Bir kullan\u0131c\u0131 Facebook&#8217;a \u00fcye de\u011filse, Facebook&#8217;un IP adresini \u00f6\u011frenmesi ve saklamas\u0131 olas\u0131l\u0131\u011f\u0131 hala vard\u0131r. Facebook&#8217;a g\u00f6re, Almanya&#8217;da yaln\u0131zca anonimle\u015ftirilmi\u015f bir IP adresi saklanmaktad\u0131r.<\/p><p>Veri toplaman\u0131n amac\u0131 ve kapsam\u0131 ile verilerin Facebook taraf\u0131ndan i\u015flenmesi ve kullan\u0131lmas\u0131n\u0131n yan\u0131 s\u0131ra kullan\u0131c\u0131lar\u0131n gizlili\u011fini korumaya y\u00f6nelik ilgili haklar ve ayar se\u00e7enekleri Facebook&#8217;un gizlilik politikas\u0131nda bulunabilir: https:\/\/www.facebook.com\/about\/privacy\/.<\/p><p>Bir kullan\u0131c\u0131 Facebook \u00fcyesiyse ve Facebook&#8217;un bu teklif arac\u0131l\u0131\u011f\u0131yla kendisi hakk\u0131nda veri toplamas\u0131n\u0131 ve bunlar\u0131 Facebook&#8217;ta depolanan \u00fcyelik verileriyle ili\u015fkilendirmesini istemiyorsa, web sitesini ziyaret etmeden \u00f6nce Facebook&#8217;tan \u00e7\u0131k\u0131\u015f yapmal\u0131d\u0131r. Verilerin reklam ama\u00e7l\u0131 kullan\u0131m\u0131na ili\u015fkin di\u011fer ayarlar ve itirazlar Facebook profil ayarlar\u0131nda m\u00fcmk\u00fcnd\u00fcr: https:\/\/www.facebook.com\/settings?tab=ads.<\/p><h3>\u0130ptal, de\u011fi\u015fiklik, d\u00fczeltme ve g\u00fcncellemeler<\/h3><p>Kullan\u0131c\u0131, talep \u00fczerine ve \u00fccretsiz olarak, kendisi hakk\u0131nda saklanan ki\u015fisel veriler hakk\u0131nda bilgi alma hakk\u0131na sahiptir. Buna ek olarak, kullan\u0131c\u0131, verilerin saklanmas\u0131na ili\u015fkin herhangi bir yasal zorunlulukla \u00e7eli\u015fmedi\u011fi s\u00fcrece, yanl\u0131\u015f verileri d\u00fczeltme, ki\u015fisel verilerini engelleme ve silme hakk\u0131na sahiptir.<\/p>\t\t\t\t\t\t\t\t<\/div>\n\t\t\t\t<\/div>\n\t\t\t\t\t<\/div>\n\t\t<\/div>\n\t\t\t\t\t<\/div>\n\t\t<\/section>\n\t\t\t\t<section class=\"elementor-section elementor-top-section elementor-element elementor-element-d3e19cc elementor-section-boxed elementor-section-height-default elementor-section-height-default parallax_section_no qode_elementor_container_no\" data-id=\"d3e19cc\" data-element_type=\"section\">\n\t\t\t\t\t\t<div class=\"elementor-container elementor-column-gap-default\">\n\t\t\t\t\t<div class=\"elementor-column elementor-col-100 elementor-top-column elementor-element elementor-element-66535a0\" data-id=\"66535a0\" data-element_type=\"column\">\n\t\t\t<div class=\"elementor-widget-wrap elementor-element-populated\">\n\t\t\t\t\t\t<div class=\"elementor-element elementor-element-3d9ad93 elementor-widget elementor-widget-spacer\" data-id=\"3d9ad93\" data-element_type=\"widget\" data-widget_type=\"spacer.default\">\n\t\t\t\t<div class=\"elementor-widget-container\">\n\t\t\t\t\t\t\t<div class=\"elementor-spacer\">\n\t\t\t<div class=\"elementor-spacer-inner\"><\/div>\n\t\t<\/div>\n\t\t\t\t\t\t<\/div>\n\t\t\t\t<\/div>\n\t\t\t\t\t<\/div>\n\t\t<\/div>\n\t\t\t\t\t<\/div>\n\t\t<\/section>\n\t\t\t\t<\/div>\n\t\t","protected":false},"excerpt":{"rendered":"<p>Gizlilik Politikas\u0131 Kapsam Bu gizlilik politikas\u0131, kullan\u0131c\u0131lar\u0131 bu web sitesinde (bundan b\u00f6yle &#8220;Teklif&#8221; olarak an\u0131lacakt\u0131r) sorumlu sa\u011flay\u0131c\u0131 [Ye\u015fil \u00c7ember &#8211; \u00f6kologisch interkulturell gGmbH | c\/o Global Village, Am Sudhaus 2, 12053 Berlin, info@yesilcember.eu] taraf\u0131ndan ki\u015fisel verilerin toplanmas\u0131 ve kullan\u0131lmas\u0131n\u0131n niteli\u011fi, kapsam\u0131 ve amac\u0131 hakk\u0131nda bilgilendirir&#8230;.<\/p>\n","protected":false},"author":7,"featured_media":0,"parent":0,"menu_order":0,"comment_status":"closed","ping_status":"closed","template":"full_width.php","meta":{"footnotes":""},"class_list":["post-3249","page","type-page","status-publish","hentry"],"_links":{"self":[{"href":"https:\/\/yesilcember.eu\/tr\/wp-json\/wp\/v2\/pages\/3249","targetHints":{"allow":["GET"]}}],"collection":[{"href":"https:\/\/yesilcember.eu\/tr\/wp-json\/wp\/v2\/pages"}],"about":[{"href":"https:\/\/yesilcember.eu\/tr\/wp-json\/wp\/v2\/types\/page"}],"author":[{"embeddable":true,"href":"https:\/\/yesilcember.eu\/tr\/wp-json\/wp\/v2\/users\/7"}],"replies":[{"embeddable":true,"href":"https:\/\/yesilcember.eu\/tr\/wp-json\/wp\/v2\/comments?post=3249"}],"version-history":[{"count":6,"href":"https:\/\/yesilcember.eu\/tr\/wp-json\/wp\/v2\/pages\/3249\/revisions"}],"predecessor-version":[{"id":6801,"href":"https:\/\/yesilcember.eu\/tr\/wp-json\/wp\/v2\/pages\/3249\/revisions\/6801"}],"wp:attachment":[{"href":"https:\/\/yesilcember.eu\/tr\/wp-json\/wp\/v2\/media?parent=3249"}],"curies":[{"name":"wp","href":"https:\/\/api.w.org\/{rel}","templated":true}]}}